{"id":14559,"date":"2024-12-03T08:21:50","date_gmt":"2024-12-03T08:21:50","guid":{"rendered":"https:\/\/tal.ch\/?page_id=14559"},"modified":"2026-04-16T06:04:26","modified_gmt":"2026-04-16T06:04:26","slug":"home-3","status":"publish","type":"page","link":"https:\/\/tal.ch\/en\/home-3\/","title":{"rendered":"Home"},"content":{"rendered":"\t\t<div data-elementor-type=\"wp-page\" data-elementor-id=\"14559\" class=\"elementor elementor-14559\" data-elementor-post-type=\"page\">\n\t\t\t\t<div class=\"elementor-element elementor-element-27d31a36 e-con-full e-flex wpr-particle-no wpr-jarallax-no wpr-parallax-no wpr-sticky-section-no wpr-equal-height-no e-con e-parent\" data-id=\"27d31a36\" data-element_type=\"container\" data-e-type=\"container\" data-settings=\"{&quot;background_background&quot;:&quot;classic&quot;}\">\n\t\t<a class=\"elementor-element elementor-element-9ba9fdf e-con-full e-flex wpr-particle-no wpr-jarallax-no wpr-parallax-no wpr-sticky-section-no wpr-equal-height-no e-con e-child\" data-id=\"9ba9fdf\" data-element_type=\"container\" data-e-type=\"container\" data-settings=\"{&quot;background_background&quot;:&quot;classic&quot;}\" link=\"https:\/\/tal.ch\/wp\/handpflege\" href=\"https:\/\/tal.ch\/en\/handcreme-fuer-trockene-haende-schweizer-handpflege-von-tal\/\">\n\t\t\t\t<div class=\"elementor-element elementor-element-2e7ae85 elementor-widget-mobile__width-inherit elementor-hidden-tablet elementor-widget elementor-widget-text-editor\" data-id=\"2e7ae85\" data-element_type=\"widget\" data-e-type=\"widget\" data-widget_type=\"text-editor.default\">\n\t\t\t\t\t\t\t\t\t<h4>MED<\/h4><h1>HANDPFLEGE<\/h1><p>Finden Sie die passende Handcreme f\u00fcr Ihr Hautbed\u00fcrfnis.<br \/>Rein, wirkungsvoll und mit nat\u00fcrlichen Schweizer Inhaltsstoffen.<\/p>\t\t\t\t\t\t\t\t<\/div>\n\t\t<div class=\"elementor-element elementor-element-70b0a7b e-con-full elementor-hidden-desktop elementor-hidden-mobile e-flex wpr-particle-no wpr-jarallax-no wpr-parallax-no wpr-sticky-section-no wpr-equal-height-no e-con e-child\" data-id=\"70b0a7b\" data-element_type=\"container\" data-e-type=\"container\" data-settings=\"{&quot;background_background&quot;:&quot;classic&quot;}\">\n\t\t\t\t<div class=\"elementor-element elementor-element-5968f92 elementor-hidden-desktop elementor-hidden-mobile elementor-widget elementor-widget-heading\" data-id=\"5968f92\" data-element_type=\"widget\" data-e-type=\"widget\" data-widget_type=\"heading.default\">\n\t\t\t\t\t<h4 class=\"elementor-heading-title elementor-size-default\">MED<\/h4>\t\t\t\t<\/div>\n\t\t\t\t<div class=\"elementor-element elementor-element-5eb980a elementor-hidden-desktop elementor-hidden-mobile elementor-widget elementor-widget-heading\" data-id=\"5eb980a\" data-element_type=\"widget\" data-e-type=\"widget\" data-widget_type=\"heading.default\">\n\t\t\t\t\t<h1 class=\"elementor-heading-title elementor-size-default\">HANDPFLEGE<\/h1>\t\t\t\t<\/div>\n\t\t\t\t<div class=\"elementor-element elementor-element-987651e elementor-hidden-desktop elementor-hidden-mobile elementor-widget elementor-widget-text-editor\" data-id=\"987651e\" data-element_type=\"widget\" data-e-type=\"widget\" data-widget_type=\"text-editor.default\">\n\t\t\t\t\t\t\t\t\t<p>Finden Sie die passende Handcreme f\u00fcr Ihr Hautbed\u00fcrfnis.<br \/>Rein, wirkungsvoll und mit nat\u00fcrlichen Schweizer Inhaltsstoffen.<\/p>\t\t\t\t\t\t\t\t<\/div>\n\t\t\t\t<\/div>\n\t\t\t\t<\/a>\n\t\t<a class=\"elementor-element elementor-element-57c274ac e-con-full e-flex wpr-particle-no wpr-jarallax-no wpr-parallax-no wpr-sticky-section-no wpr-equal-height-no e-con e-child\" data-id=\"57c274ac\" data-element_type=\"container\" data-e-type=\"container\" data-settings=\"{&quot;background_background&quot;:&quot;classic&quot;}\" link=\"https:\/\/tal.ch\/wp\/handpflege\" href=\"https:\/\/tal.ch\/en\/fusspflege-fuer-trockene-fuesse\/\">\n\t\t\t\t<div class=\"elementor-element elementor-element-4cab2fa elementor-widget-mobile__width-inherit elementor-hidden-tablet elementor-widget elementor-widget-text-editor\" data-id=\"4cab2fa\" data-element_type=\"widget\" data-e-type=\"widget\" data-widget_type=\"text-editor.default\">\n\t\t\t\t\t\t\t\t\t<h4>MED<\/h4><h1>FUSSPFLEGE<\/h1><p>Haben Sie trockene oder rissige F\u00fcsse?<br \/>Hier finden Sie die passende Fusscreme.<\/p>\t\t\t\t\t\t\t\t<\/div>\n\t\t<div class=\"elementor-element elementor-element-c3e9d61 e-con-full elementor-hidden-desktop elementor-hidden-mobile e-flex wpr-particle-no wpr-jarallax-no wpr-parallax-no wpr-sticky-section-no wpr-equal-height-no e-con e-child\" data-id=\"c3e9d61\" data-element_type=\"container\" data-e-type=\"container\" data-settings=\"{&quot;background_background&quot;:&quot;classic&quot;}\">\n\t\t\t\t<div class=\"elementor-element elementor-element-eeeca0b elementor-hidden-desktop elementor-hidden-mobile elementor-widget elementor-widget-heading\" data-id=\"eeeca0b\" data-element_type=\"widget\" data-e-type=\"widget\" data-widget_type=\"heading.default\">\n\t\t\t\t\t<h4 class=\"elementor-heading-title elementor-size-default\">MED<\/h4>\t\t\t\t<\/div>\n\t\t\t\t<div class=\"elementor-element elementor-element-1ee3b90 elementor-hidden-desktop elementor-hidden-mobile elementor-widget elementor-widget-heading\" data-id=\"1ee3b90\" data-element_type=\"widget\" data-e-type=\"widget\" data-widget_type=\"heading.default\">\n\t\t\t\t\t<h1 class=\"elementor-heading-title elementor-size-default\">FUSSPFLEGE<\/h1>\t\t\t\t<\/div>\n\t\t\t\t<div class=\"elementor-element elementor-element-0f9c193 elementor-hidden-desktop elementor-hidden-mobile elementor-widget elementor-widget-text-editor\" data-id=\"0f9c193\" data-element_type=\"widget\" data-e-type=\"widget\" data-widget_type=\"text-editor.default\">\n\t\t\t\t\t\t\t\t\t<p>Haben Sie trockene oder rissige F\u00fcsse?<br \/>Hier finden Sie die passende Fusscreme.<\/p>\t\t\t\t\t\t\t\t<\/div>\n\t\t\t\t<\/div>\n\t\t\t\t<\/a>\n\t\t<a class=\"elementor-element elementor-element-1f5237ae e-con-full e-flex wpr-particle-no wpr-jarallax-no wpr-parallax-no wpr-sticky-section-no wpr-equal-height-no e-con e-child\" data-id=\"1f5237ae\" data-element_type=\"container\" data-e-type=\"container\" data-settings=\"{&quot;background_background&quot;:&quot;classic&quot;}\" link=\"https:\/\/tal.ch\/wp\/handpflege\" href=\"https:\/\/tal.ch\/en\/gesichtspflege\/\">\n\t\t\t\t<div class=\"elementor-element elementor-element-ea6ee9 elementor-widget-mobile__width-inherit elementor-hidden-tablet elementor-widget elementor-widget-text-editor\" data-id=\"ea6ee9\" data-element_type=\"widget\" data-e-type=\"widget\" data-widget_type=\"text-editor.default\">\n\t\t\t\t\t\t\t\t\t<h4>ABSOLUE<\/h4><h1>GESICHTS\u00adPFLEGE<\/h1><p>Haben Sie trockene, unreine oder empfindliche Haut? Hier finden Sie Ihre Tagespflege, Nachtpflege und Spezialpflege.<\/p>\t\t\t\t\t\t\t\t<\/div>\n\t\t<div class=\"elementor-element elementor-element-e0d2be4 e-con-full elementor-hidden-desktop elementor-hidden-mobile e-flex wpr-particle-no wpr-jarallax-no wpr-parallax-no wpr-sticky-section-no wpr-equal-height-no e-con e-child\" data-id=\"e0d2be4\" data-element_type=\"container\" data-e-type=\"container\" data-settings=\"{&quot;background_background&quot;:&quot;classic&quot;}\">\n\t\t\t\t<div class=\"elementor-element elementor-element-9704f95 elementor-hidden-desktop elementor-hidden-mobile elementor-widget elementor-widget-heading\" data-id=\"9704f95\" data-element_type=\"widget\" data-e-type=\"widget\" data-widget_type=\"heading.default\">\n\t\t\t\t\t<h4 class=\"elementor-heading-title elementor-size-default\">MED<\/h4>\t\t\t\t<\/div>\n\t\t\t\t<div class=\"elementor-element elementor-element-de01e38 elementor-hidden-desktop elementor-hidden-mobile elementor-widget elementor-widget-heading\" data-id=\"de01e38\" data-element_type=\"widget\" data-e-type=\"widget\" data-widget_type=\"heading.default\">\n\t\t\t\t\t<h1 class=\"elementor-heading-title elementor-size-default\">GESICHTS\u00adPFLEGE<\/h1>\t\t\t\t<\/div>\n\t\t\t\t<div class=\"elementor-element elementor-element-9615a9a elementor-hidden-desktop elementor-hidden-mobile elementor-widget elementor-widget-text-editor\" data-id=\"9615a9a\" data-element_type=\"widget\" data-e-type=\"widget\" data-widget_type=\"text-editor.default\">\n\t\t\t\t\t\t\t\t\t<p>Haben Sie trockene, unreine oder empfindliche Haut? Hier finden Sie Ihre Tagespflege, Nachtpflege und Spezialpflege.<\/p>\t\t\t\t\t\t\t\t<\/div>\n\t\t\t\t<\/div>\n\t\t\t\t<\/a>\n\t\t\t\t<\/div>\n\t\t<div class=\"elementor-element elementor-element-55871c7 elementor-hidden-mobile e-flex e-con-boxed wpr-particle-no wpr-jarallax-no wpr-parallax-no wpr-sticky-section-no wpr-equal-height-no e-con e-parent\" data-id=\"55871c7\" data-element_type=\"container\" data-e-type=\"container\">\n\t\t\t\t\t<div class=\"e-con-inner\">\n\t\t\t\t<div class=\"elementor-element elementor-element-9c156f9 elementor-widget elementor-widget-spacer\" data-id=\"9c156f9\" data-element_type=\"widget\" data-e-type=\"widget\" data-widget_type=\"spacer.default\">\n\t\t\t\t\t\t\t<div class=\"elementor-spacer\">\n\t\t\t<div class=\"elementor-spacer-inner\"><\/div>\n\t\t<\/div>\n\t\t\t\t\t\t<\/div>\n\t\t\t\t\t<\/div>\n\t\t\t\t<\/div>\n\t\t<div class=\"elementor-element elementor-element-11458b3 e-con-full e-flex wpr-particle-no wpr-jarallax-no wpr-parallax-no wpr-sticky-section-no wpr-equal-height-no e-con e-parent\" data-id=\"11458b3\" data-element_type=\"container\" data-e-type=\"container\">\n\t\t<div class=\"elementor-element elementor-element-46a0958 e-con-full e-flex wpr-particle-no wpr-jarallax-no wpr-parallax-no wpr-sticky-section-no wpr-equal-height-no e-con e-child\" data-id=\"46a0958\" data-element_type=\"container\" data-e-type=\"container\">\n\t\t\t\t<div class=\"elementor-element elementor-element-c0244c8 elementor-widget elementor-widget-spacer\" data-id=\"c0244c8\" data-element_type=\"widget\" data-e-type=\"widget\" data-widget_type=\"spacer.default\">\n\t\t\t\t\t\t\t<div class=\"elementor-spacer\">\n\t\t\t<div class=\"elementor-spacer-inner\"><\/div>\n\t\t<\/div>\n\t\t\t\t\t\t<\/div>\n\t\t\t\t<div class=\"elementor-element elementor-element-cf20634 elementor-widget elementor-widget-heading\" data-id=\"cf20634\" data-element_type=\"widget\" data-e-type=\"widget\" data-widget_type=\"heading.default\">\n\t\t\t\t\t<h1 class=\"elementor-heading-title elementor-size-default\">Bew\u00e4hrte Schweizer Qualit\u00e4t <\/h1>\t\t\t\t<\/div>\n\t\t\t\t<div class=\"elementor-element elementor-element-cda61f6 elementor-widget elementor-widget-text-editor\" data-id=\"cda61f6\" data-element_type=\"widget\" data-e-type=\"widget\" data-widget_type=\"text-editor.default\">\n\t\t\t\t\t\t\t\t\t<p>Tal ist eine familiengef\u00fchrte Kosmetikmarke aus Graub\u00fcnden, die seit 1975 f\u00fcr qualitativ hochwertige Hautpflegeprodukte mit wissenschaftlich gepr\u00fcfter Wirksamkeit steht. Die Tal Hautpflege Produkte werden in K\u00fcblis entwickelt und in der Ostschweiz produziert. \n\nDie Unternehmung ist in zweiter Generation Inhabergef\u00fchrt und ist ISO 9001 : 2015 zertifiziert.<\/p>\t\t\t\t\t\t\t\t<\/div>\n\t\t\t\t<div class=\"elementor-element elementor-element-ef30ede elementor-widget elementor-widget-image\" data-id=\"ef30ede\" data-element_type=\"widget\" data-e-type=\"widget\" data-widget_type=\"image.default\">\n\t\t\t\t\t\t\t\t\t\t\t\t\t\t\t<img fetchpriority=\"high\" decoding=\"async\" width=\"800\" height=\"534\" src=\"https:\/\/tal.ch\/wp-content\/uploads\/2024\/05\/familie-1024x683.jpg\" class=\"attachment-large size-large wp-image-2072\" alt=\"\" srcset=\"https:\/\/tal.ch\/wp-content\/uploads\/2024\/05\/familie-1024x683.jpg 1024w, https:\/\/tal.ch\/wp-content\/uploads\/2024\/05\/familie-600x400.jpg 600w, https:\/\/tal.ch\/wp-content\/uploads\/2024\/05\/familie-300x200.jpg 300w, https:\/\/tal.ch\/wp-content\/uploads\/2024\/05\/familie-768x512.jpg 768w, https:\/\/tal.ch\/wp-content\/uploads\/2024\/05\/familie.jpg 1200w\" sizes=\"(max-width: 800px) 100vw, 800px\" \/>\t\t\t\t\t\t\t\t\t\t\t\t\t\t\t<\/div>\n\t\t\t\t<\/div>\n\t\t<div class=\"elementor-element elementor-element-01bd90e e-con-full elementor-hidden-mobile e-flex wpr-particle-no wpr-jarallax-no wpr-parallax-no wpr-sticky-section-no wpr-equal-height-no e-con e-child\" data-id=\"01bd90e\" data-element_type=\"container\" data-e-type=\"container\">\n\t\t\t\t<\/div>\n\t\t<div class=\"elementor-element elementor-element-96852ac e-con-full e-flex wpr-particle-no wpr-jarallax-no wpr-parallax-no wpr-sticky-section-no wpr-equal-height-no e-con e-child\" data-id=\"96852ac\" data-element_type=\"container\" data-e-type=\"container\">\n\t\t\t\t<div class=\"elementor-element elementor-element-430fd41 elementor-hidden-desktop elementor-hidden-tablet elementor-widget elementor-widget-spacer\" data-id=\"430fd41\" data-element_type=\"widget\" data-e-type=\"widget\" data-widget_type=\"spacer.default\">\n\t\t\t\t\t\t\t<div class=\"elementor-spacer\">\n\t\t\t<div class=\"elementor-spacer-inner\"><\/div>\n\t\t<\/div>\n\t\t\t\t\t\t<\/div>\n\t\t\t\t<div class=\"elementor-element elementor-element-49e1eaf elementor-widget__width-initial elementor-view-default elementor-position-block-start elementor-mobile-position-block-start elementor-widget elementor-widget-icon-box\" data-id=\"49e1eaf\" data-element_type=\"widget\" data-e-type=\"widget\" data-widget_type=\"icon-box.default\">\n\t\t\t\t\t\t\t<div class=\"elementor-icon-box-wrapper\">\n\n\t\t\t\t\t\t<div class=\"elementor-icon-box-icon\">\n\t\t\t\t<span  class=\"elementor-icon\">\n\t\t\t\t<svg xmlns=\"http:\/\/www.w3.org\/2000\/svg\" id=\"Ebene_1\" data-name=\"Ebene 1\" viewBox=\"0 0 140 140\"><defs><style>      .cls-1 {        fill: #000;        stroke-width: 0px;      }    <\/style><\/defs><path class=\"cls-1\" d=\"M13.44,65.96c5.22,6.27,11.04,11.99,15.98,18.49,5.08,6.68,10.3,13.15,14.84,20.26,4.23,6.62,12.61,12.62,15.11,18.62,1.56,2.79,3.5,7.94,1.29,16.36h38.6c-.5-14.75-1.93-15.41-1.2-17.56,12.25-36.1,10.27-16.69,15.4-49.84.55-3.54,3.22-6.3,4.85-9.46,2.53-4.91,15.61-32.64,2.81-32.09-5.48,2.87-6.07,9.6-8,14.99-2.9,8.11-5.01,9.98-11.17,15.92,1.05-5.7,2.55-11.28,3.71-16.96,1.13-5.55.64-5.6,1.58-11.19.79-4.76,1.92-9.5,1.82-14.35-.08-3.81.25-9.28-4.66-9.51-4.07-.46-5.12,3.44-6.12,6.61-1.43,4.57-2.4,9.23-3.41,13.91-2.09,9.75-3.07,13.86-6.73,23.13l-1.5-.28c.19-9.16.39-12.7.58-21.86.09-4.09.17-8.17.26-12.26.06-2.75.31-5.48.21-8.24-.14-3.77.47-8.57-3.58-10.32-.29-.12-.7-.24-1.19-.29-.6-.06-1.09.01-1.43.09-4.43,1.77-5.02,5.57-5.51,9.94-.59,5.36-1.36,10.68-2.12,16.01-1.57,11.03-1.88,16.57-3.2,27.63-.83-.08-1.64-.29-2.42-.59-3.05-8.65-4.44-12.32-5.21-21.46-.42-4.95-1.62-9.85-1.62-14.82,0-12-6.6-11.57-6.6-11.57-5.77,1.72-5.49,11.79-5.54,16.74-.02,1.73.7,13.66,2.54,26.06,1.56,10.55,1.36,22.82-5.25,31.5h-.2c-13.57-5.11-16.64-13.77-25.07-17.29-8.9-4.58-7.86,3.22-7.85,3.66ZM52.94,79.54c0-4.05,1.52-7.45,4.56-10.2,2.91-2.63,6.44-3.94,10.61-3.94,5.51,0,9.35,2.32,11.52,6.97,2.17-4.65,6.01-6.97,11.52-6.97,4.17,0,7.7,1.31,10.61,3.94,3.04,2.75,4.56,6.15,4.56,10.2,0,18.62-25.38,32.54-26.68,32.93-1.3-.39-26.68-14.31-26.68-32.93Z\"><\/path><\/svg>\t\t\t\t<\/span>\n\t\t\t<\/div>\n\t\t\t\n\t\t\t\t\t\t<div class=\"elementor-icon-box-content\">\n\n\t\t\t\t\t\t\t\t\t<h3 class=\"elementor-icon-box-title\">\n\t\t\t\t\t\t<span  >\n\t\t\t\t\t\t\tWirk&amp;shysamkeit \t\t\t\t\t\t<\/span>\n\t\t\t\t\t<\/h3>\n\t\t\t\t\n\t\t\t\t\t\t\t\t\t<p class=\"elementor-icon-box-description\">\n\t\t\t\t\t\tDie Hautpflege Produkte von Tal sind hochwirksam und wissenschaftlich gepr\u00fcft. Sp\u00fcren Sie den Unterschied auf Ihrer Haut. \t\t\t\t\t<\/p>\n\t\t\t\t\n\t\t\t<\/div>\n\t\t\t\n\t\t<\/div>\n\t\t\t\t\t\t<\/div>\n\t\t\t\t<div class=\"elementor-element elementor-element-9477363 elementor-widget elementor-widget-spacer\" data-id=\"9477363\" data-element_type=\"widget\" data-e-type=\"widget\" data-widget_type=\"spacer.default\">\n\t\t\t\t\t\t\t<div class=\"elementor-spacer\">\n\t\t\t<div class=\"elementor-spacer-inner\"><\/div>\n\t\t<\/div>\n\t\t\t\t\t\t<\/div>\n\t\t\t\t<div class=\"elementor-element elementor-element-3c19ebe elementor-hidden-desktop elementor-hidden-mobile elementor-widget elementor-widget-spacer\" data-id=\"3c19ebe\" data-element_type=\"widget\" data-e-type=\"widget\" data-widget_type=\"spacer.default\">\n\t\t\t\t\t\t\t<div class=\"elementor-spacer\">\n\t\t\t<div class=\"elementor-spacer-inner\"><\/div>\n\t\t<\/div>\n\t\t\t\t\t\t<\/div>\n\t\t\t\t<div class=\"elementor-element elementor-element-24de8d59 elementor-widget__width-initial elementor-view-default elementor-position-block-start elementor-mobile-position-block-start elementor-widget elementor-widget-icon-box\" data-id=\"24de8d59\" data-element_type=\"widget\" data-e-type=\"widget\" data-widget_type=\"icon-box.default\">\n\t\t\t\t\t\t\t<div class=\"elementor-icon-box-wrapper\">\n\n\t\t\t\t\t\t<div class=\"elementor-icon-box-icon\">\n\t\t\t\t<span  class=\"elementor-icon\">\n\t\t\t\t<svg xmlns=\"http:\/\/www.w3.org\/2000\/svg\" id=\"Ebene_1\" data-name=\"Ebene 1\" viewBox=\"0 0 157.78 140\"><defs><style>      .cls-1 {        fill: #000;        stroke-width: 0px;      }    <\/style><\/defs><path class=\"cls-1\" d=\"M36.58,97.62c0,23.32,18.9,42.22,42.23,42.22s42.22-18.9,42.22-42.22S82.67,37.89,78.81.04c-3.86,37.85-42.23,74.25-42.23,97.57ZM51.41,79.48c.88-.99,1.82-1.9,2.79-2.76-9.05,13.05-7.16,31.1,4.99,41.93,12.16,10.84,7.93,17.58-5.22,5.85-13.14-11.73-14.29-31.88-2.56-45.03Z\"><\/path><\/svg>\t\t\t\t<\/span>\n\t\t\t<\/div>\n\t\t\t\n\t\t\t\t\t\t<div class=\"elementor-icon-box-content\">\n\n\t\t\t\t\t\t\t\t\t<h3 class=\"elementor-icon-box-title\">\n\t\t\t\t\t\t<span  >\n\t\t\t\t\t\t\tReinheit \t\t\t\t\t\t<\/span>\n\t\t\t\t\t<\/h3>\n\t\t\t\t\n\t\t\t\t\t\t\t\t\t<p class=\"elementor-icon-box-description\">\n\t\t\t\t\t\tSp\u00fcren Sie die Reinheit auf Ihrer Haut. Dank den nat\u00fcrlichen Inhaltsstoffen aus der Schweizer Natur. Ohne sch\u00e4dliche Inhaltsstoffe, sanft zu Ihrer Haut. \t\t\t\t\t<\/p>\n\t\t\t\t\n\t\t\t<\/div>\n\t\t\t\n\t\t<\/div>\n\t\t\t\t\t\t<\/div>\n\t\t\t\t<\/div>\n\t\t<div class=\"elementor-element elementor-element-2509bc4 e-con-full e-flex wpr-particle-no wpr-jarallax-no wpr-parallax-no wpr-sticky-section-no wpr-equal-height-no e-con e-child\" data-id=\"2509bc4\" data-element_type=\"container\" data-e-type=\"container\">\n\t\t\t\t<div class=\"elementor-element elementor-element-d701a53 elementor-hidden-desktop elementor-hidden-tablet elementor-widget elementor-widget-spacer\" data-id=\"d701a53\" data-element_type=\"widget\" data-e-type=\"widget\" data-widget_type=\"spacer.default\">\n\t\t\t\t\t\t\t<div class=\"elementor-spacer\">\n\t\t\t<div class=\"elementor-spacer-inner\"><\/div>\n\t\t<\/div>\n\t\t\t\t\t\t<\/div>\n\t\t\t\t<div class=\"elementor-element elementor-element-8350818 elementor-widget__width-initial elementor-view-default elementor-position-block-start elementor-mobile-position-block-start elementor-widget elementor-widget-icon-box\" data-id=\"8350818\" data-element_type=\"widget\" data-e-type=\"widget\" data-widget_type=\"icon-box.default\">\n\t\t\t\t\t\t\t<div class=\"elementor-icon-box-wrapper\">\n\n\t\t\t\t\t\t<div class=\"elementor-icon-box-icon\">\n\t\t\t\t<span  class=\"elementor-icon\">\n\t\t\t\t<svg xmlns=\"http:\/\/www.w3.org\/2000\/svg\" id=\"Ebene_1\" data-name=\"Ebene 1\" viewBox=\"0 0 157.78 140\"><defs><style>      .cls-1, .cls-2 {        fill: #000;        stroke-width: 0px;      }      .cls-2 {        fill-rule: evenodd;      }    <\/style><\/defs><path class=\"cls-2\" d=\"M31.41,38.12c10.01-14.9,26.87-24.88,46.19-25.32,19.36-.45,36.7,8.78,47.39,23.26l.87,1.22c4.51,6.46,7.72,13.88,9.26,21.93l-7.72.17h-.24c-.47.05-.89.33-1.15.73-.28.49-.28,1.09,0,1.57l14.6,22h0l.12.2c.32.39.8.63,1.31.62.51-.01.99-.27,1.28-.69l.12-.2h0l13.56-22.65c.27-.49.24-1.09-.07-1.56-.27-.4-.71-.65-1.19-.68h-.23l-7.63.19C142.45,24.95,112.64-.65,77.3.18c-23.29.53-43.66,12.42-55.94,30.25h.01l-.05.08c-.11.15-.22.31-.32.46-1.1,1.79-1.24,4-.37,5.93.97,2.13,3.03,3.54,5.37,3.69,2.12.13,4.14-.81,5.41-2.46h0Z\"><\/path><path class=\"cls-2\" d=\"M126.17,102.24c-10.14,14.82-27.08,24.66-46.39,24.95-19.37.28-36.62-9.08-47.2-23.65l-.86-1.23c-4.45-6.49-7.6-13.94-9.07-22l7.72-.12h.24c.47-.04.89-.31,1.15-.72.29-.48.31-1.08.01-1.57l-14.42-22.12h0l-.12-.19c-.31-.4-.79-.64-1.3-.63-.51,0-.99.26-1.29.67l-.11.2h0L.77,78.37c-.27.49-.25,1.09.05,1.56.27.41.71.65,1.18.69h.24l7.63-.12c5.14,34.01,34.73,59.85,70.08,59.32,23.31-.35,43.76-12.07,56.18-29.79h0l.05-.08c.11-.15.22-.31.32-.46,1.11-1.77,1.29-3.99.43-5.92-.96-2.14-3.01-3.58-5.34-3.74-2.1-.14-4.14.77-5.42,2.42h0Z\"><\/path><path class=\"cls-2\" d=\"M70.21,57.64c.5.31,1.04.62,1.58.94,2.65,1.53,5.09,2.97,6.57,5.76.2.37.37.75.52,1.16.15-.4.33-.79.52-1.16,1.47-2.79,3.9-4.23,6.55-5.76.56-.32,1.09-.63,1.59-.94h-17.34ZM93.06,96.87c.01-1.41.02-2.81.05-4.22.01-.73.02-1.47-.01-2.2-.03-.53-.1-1.07-.24-1.57-1.53-5.64-9.99-4.84-13.46-11.43-.2-.37-.37-.75-.52-1.15-.15.39-.33.77-.52,1.15-3.48,6.59-11.94,5.79-13.47,11.43-.13.5-.2,1.04-.23,1.57-.04.73-.03,1.47-.01,2.2.03,1.41.04,2.81.05,4.22h28.35Z\"><\/path><path class=\"cls-2\" d=\"M56.44,33.44h44.89c1.95,0,3.54,1.6,3.54,3.54h0c0,1.95-1.59,3.54-3.54,3.54h-44.89c-1.95,0-3.54-1.59-3.54-3.54h0c0-1.94,1.59-3.54,3.54-3.54h0Z\"><\/path><path class=\"cls-1\" d=\"M62.22,40.1c0,.56-.01,1.12-.01,1.68-.01,1.81-.02,3.63-.05,5.42-.02.8-.03,1.6.01,2.41.04.7.13,1.4.32,2.08,1.42,5.23,5.04,7.32,8.07,9.06,2.36,1.35,4.43,2.54,5.59,4.75,1.39,2.62,1.39,6.28,0,8.89-1.17,2.21-3.24,3.41-5.59,4.77-3.03,1.75-6.65,3.82-8.07,9.06-.19.68-.27,1.37-.32,2.08-.04.81-.03,1.6-.01,2.4.03,1.79.04,3.61.05,5.43,0,.56.01,1.11.01,1.67h-4.15c0-.55,0-1.1-.01-1.66-.01-1.78-.02-3.54-.05-5.35-.02-.92-.03-1.83.01-2.72.07-1,.19-1.98.45-2.94,1.87-6.88,6.3-9.43,10.03-11.57,1.79-1.04,3.37-1.94,3.98-3.11.73-1.37.73-3.63,0-5.01-.61-1.17-2.19-2.07-3.98-3.1-3.73-2.14-8.17-4.69-10.03-11.57-.26-.96-.38-1.95-.45-2.94-.04-.89-.03-1.81-.01-2.73.03-1.8.04-3.58.05-5.35.01-.56.01-1.11.01-1.67h4.15Z\"><\/path><path class=\"cls-1\" d=\"M95.54,40.1c0,.56,0,1.12.01,1.68.01,1.81.02,3.63.05,5.42.02.8.03,1.6-.01,2.41-.04.7-.13,1.4-.32,2.08-1.43,5.23-5.04,7.32-8.07,9.06-2.36,1.35-4.43,2.54-5.61,4.75-1.37,2.62-1.37,6.28,0,8.89,1.18,2.21,3.25,3.41,5.61,4.77,3.03,1.75,6.64,3.82,8.07,9.06.19.68.27,1.37.32,2.08.04.81.03,1.6.01,2.4-.03,1.79-.04,3.61-.05,5.43-.01.56-.01,1.11-.01,1.67h4.16v-1.66c.01-1.78.02-3.54.07-5.35.02-.92.03-1.83-.02-2.72-.05-1-.19-1.98-.44-2.94-1.88-6.88-6.3-9.43-10.03-11.57-1.79-1.04-3.37-1.94-3.98-3.11-.73-1.37-.73-3.63,0-5.01.61-1.17,2.19-2.07,3.98-3.1,3.73-2.14,8.16-4.69,10.03-11.57.25-.96.38-1.95.44-2.94.05-.89.04-1.81.02-2.73-.04-1.8-.05-3.58-.07-5.35v-1.67h-4.16Z\"><\/path><path class=\"cls-2\" d=\"M56.44,99.37h44.89c1.95,0,3.54,1.6,3.54,3.54h0c0,1.95-1.59,3.54-3.54,3.54h-44.89c-1.95,0-3.54-1.59-3.54-3.54h0c0-1.94,1.59-3.54,3.54-3.54h0Z\"><\/path><\/svg>\t\t\t\t<\/span>\n\t\t\t<\/div>\n\t\t\t\n\t\t\t\t\t\t<div class=\"elementor-icon-box-content\">\n\n\t\t\t\t\t\t\t\t\t<h3 class=\"elementor-icon-box-title\">\n\t\t\t\t\t\t<span  >\n\t\t\t\t\t\t\tLangzeit&amp;shywirkung \t\t\t\t\t\t<\/span>\n\t\t\t\t\t<\/h3>\n\t\t\t\t\n\t\t\t\t\t\t\t\t\t<p class=\"elementor-icon-box-description\">\n\t\t\t\t\t\tDie einzigartige Langzeitwirkung (Multi-Moist-Complex) sorgt f\u00fcr weiche und zarte Haut - den ganzen Tag.\t\t\t\t\t<\/p>\n\t\t\t\t\n\t\t\t<\/div>\n\t\t\t\n\t\t<\/div>\n\t\t\t\t\t\t<\/div>\n\t\t\t\t<div class=\"elementor-element elementor-element-f4f67ed elementor-widget elementor-widget-spacer\" data-id=\"f4f67ed\" data-element_type=\"widget\" data-e-type=\"widget\" data-widget_type=\"spacer.default\">\n\t\t\t\t\t\t\t<div class=\"elementor-spacer\">\n\t\t\t<div class=\"elementor-spacer-inner\"><\/div>\n\t\t<\/div>\n\t\t\t\t\t\t<\/div>\n\t\t\t\t<div class=\"elementor-element elementor-element-68aea6b elementor-hidden-desktop elementor-hidden-mobile elementor-widget elementor-widget-spacer\" data-id=\"68aea6b\" data-element_type=\"widget\" data-e-type=\"widget\" data-widget_type=\"spacer.default\">\n\t\t\t\t\t\t\t<div class=\"elementor-spacer\">\n\t\t\t<div class=\"elementor-spacer-inner\"><\/div>\n\t\t<\/div>\n\t\t\t\t\t\t<\/div>\n\t\t\t\t<div class=\"elementor-element elementor-element-098f1c5 elementor-widget__width-initial elementor-view-default elementor-position-block-start elementor-mobile-position-block-start elementor-widget elementor-widget-icon-box\" data-id=\"098f1c5\" data-element_type=\"widget\" data-e-type=\"widget\" data-widget_type=\"icon-box.default\">\n\t\t\t\t\t\t\t<div class=\"elementor-icon-box-wrapper\">\n\n\t\t\t\t\t\t<div class=\"elementor-icon-box-icon\">\n\t\t\t\t<span  class=\"elementor-icon\">\n\t\t\t\t<svg xmlns=\"http:\/\/www.w3.org\/2000\/svg\" id=\"Ebene_1\" data-name=\"Ebene 1\" viewBox=\"0 0 157.78 140\"><defs><style>      .cls-1 {        fill: #000;        stroke-width: 0px;      }    <\/style><\/defs><path class=\"cls-1\" d=\"M78.88,139.96c-1.49,0-2.7-1.21-2.7-2.7v-12.41l-7.89,7.89c-.51.51-1.19.79-1.91.79s-1.4-.28-1.91-.79c-1.05-1.05-1.05-2.77,0-3.82l11.71-11.71v-14.06l-13.45,13.45c-.51.51-1.19.79-1.91.79s-1.4-.28-1.91-.79c-.51-.51-.79-1.19-.79-1.91s.28-1.4.79-1.91l17.27-17.27v-20.84l-18.05,10.42-6.32,23.59c-.32,1.18-1.39,2-2.61,2-.24,0-.47-.03-.7-.09-.7-.19-1.28-.63-1.64-1.26-.36-.62-.46-1.35-.27-2.05l4.92-18.37-12.17,7.03-4.29,16c-.32,1.18-1.39,2-2.61,2-.24,0-.47-.03-.7-.09-1.44-.39-2.3-1.87-1.91-3.31l2.89-10.78-10.75,6.2c-.42.24-.87.36-1.35.36-.96,0-1.86-.52-2.34-1.35-.36-.63-.46-1.35-.27-2.05.19-.7.63-1.28,1.26-1.64l10.75-6.2-10.78-2.89c-.7-.19-1.28-.63-1.64-1.26-.36-.62-.46-1.35-.27-2.05.32-1.18,1.39-2.01,2.61-2.01.23,0,.47.03.7.09l16,4.29,12.17-7.03-18.37-4.92c-1.44-.39-2.3-1.87-1.91-3.31.32-1.18,1.39-2,2.61-2,.23,0,.47.03.7.09l23.59,6.32,18.05-10.42-18.05-10.42-23.59,6.32c-.23.06-.47.09-.7.09-1.22,0-2.29-.82-2.61-2-.39-1.44.47-2.92,1.91-3.31l18.37-4.92-12.17-7.03-16,4.29c-.23.06-.47.09-.7.09-1.22,0-2.29-.82-2.61-2-.19-.7-.09-1.43.27-2.05.36-.62.94-1.07,1.64-1.26l10.78-2.89-10.75-6.2c-.62-.36-1.07-.94-1.26-1.64-.19-.7-.09-1.42.27-2.05.48-.83,1.38-1.35,2.34-1.35.47,0,.93.13,1.34.36l10.75,6.21-2.89-10.78c-.19-.7-.09-1.42.27-2.05.36-.62.94-1.07,1.64-1.26.23-.06.47-.09.7-.09,1.22,0,2.29.82,2.61,2l4.29,16,12.17,7.03-4.92-18.37c-.19-.7-.09-1.42.27-2.05.36-.62.94-1.07,1.64-1.26.23-.06.47-.09.7-.09,1.22,0,2.29.82,2.61,2l6.32,23.59,18.05,10.42v-20.84l-17.27-17.26c-1.05-1.05-1.05-2.77,0-3.82.51-.51,1.19-.79,1.91-.79s1.4.28,1.91.79l13.45,13.45v-14.06l-11.71-11.71c-1.05-1.05-1.05-2.77,0-3.82.51-.51,1.19-.79,1.91-.79s1.4.28,1.91.79l7.89,7.89V2.73c0-1.49,1.21-2.7,2.7-2.7s2.7,1.21,2.7,2.7v12.41l7.89-7.89c.51-.51,1.19-.79,1.91-.79s1.4.28,1.91.79c.51.51.79,1.19.79,1.91s-.28,1.4-.79,1.91l-11.71,11.71v14.06l13.45-13.45c.51-.51,1.19-.79,1.91-.79s1.4.28,1.91.79c1.05,1.05,1.05,2.77,0,3.82l-17.27,17.26v20.84l18.05-10.42,6.32-23.59c.32-1.18,1.39-2,2.61-2,.24,0,.47.03.7.09.7.19,1.28.63,1.64,1.26.36.62.46,1.35.27,2.05l-4.92,18.37,12.17-7.03,4.29-16c.32-1.18,1.39-2,2.6-2,.24,0,.47.03.7.09.7.19,1.28.63,1.64,1.26.36.63.46,1.35.27,2.05l-2.89,10.78,10.75-6.21c.42-.24.87-.36,1.35-.36.96,0,1.86.52,2.34,1.35.36.62.46,1.35.27,2.05-.19.7-.63,1.28-1.26,1.64l-10.75,6.2,10.78,2.89c.7.19,1.28.63,1.64,1.26.36.63.46,1.35.27,2.05-.32,1.18-1.39,2-2.61,2-.24,0-.47-.03-.7-.09l-16-4.29-12.17,7.03,18.37,4.92c1.44.39,2.3,1.87,1.91,3.31-.32,1.18-1.39,2.01-2.61,2.01-.23,0-.47-.03-.7-.09l-23.59-6.32-18.05,10.42,18.05,10.42,23.59-6.32c.23-.06.47-.09.7-.09,1.22,0,2.29.82,2.61,2,.19.7.09,1.43-.27,2.05-.36.62-.94,1.07-1.64,1.26l-18.37,4.92,12.17,7.03,16-4.29c.23-.06.47-.09.7-.09,1.22,0,2.29.82,2.61,2,.19.7.09,1.42-.27,2.05-.36.62-.94,1.07-1.64,1.26l-10.78,2.89,10.75,6.2c.63.36,1.07.94,1.26,1.64.19.7.09,1.42-.27,2.05-.48.83-1.38,1.35-2.34,1.35h0c-.47,0-.94-.13-1.35-.36l-10.75-6.2,2.89,10.78c.19.7.09,1.42-.27,2.05-.36.63-.94,1.07-1.64,1.26-.23.06-.47.09-.7.09-1.22,0-2.29-.82-2.61-2l-4.29-16-12.17-7.03,4.92,18.37c.19.7.09,1.43-.27,2.05-.36.62-.94,1.07-1.64,1.26-.23.06-.47.09-.7.09-1.22,0-2.29-.82-2.61-2l-6.32-23.59-18.05-10.42v20.84l17.27,17.27c.51.51.79,1.19.79,1.91s-.28,1.4-.79,1.91c-.51.51-1.19.79-1.91.79s-1.4-.28-1.91-.79l-13.45-13.45v14.06l11.71,11.71c.51.51.79,1.19.79,1.91s-.28,1.4-.79,1.91c-.51.51-1.19.79-1.91.79s-1.4-.28-1.91-.79l-7.89-7.89v12.41c0,1.49-1.21,2.7-2.7,2.7Z\"><\/path><\/svg>\t\t\t\t<\/span>\n\t\t\t<\/div>\n\t\t\t\n\t\t\t\t\t\t<div class=\"elementor-icon-box-content\">\n\n\t\t\t\t\t\t\t\t\t<h3 class=\"elementor-icon-box-title\">\n\t\t\t\t\t\t<span  >\n\t\t\t\t\t\t\tEinzig&amp;shyartigkeit \t\t\t\t\t\t<\/span>\n\t\t\t\t\t<\/h3>\n\t\t\t\t\n\t\t\t\t\t\t\t\t\t<p class=\"elementor-icon-box-description\">\n\t\t\t\t\t\tDie Hautpflege Produkte von Tal beinhalten die besten, nat\u00fcrlichen Inhaltstoffe aus der Schweizer Natur. Die in Graub\u00fcnden entwickelte Formel sorgt f\u00fcr wahre Hautwunder. \t\t\t\t\t<\/p>\n\t\t\t\t\n\t\t\t<\/div>\n\t\t\t\n\t\t<\/div>\n\t\t\t\t\t\t<\/div>\n\t\t\t\t<\/div>\n\t\t\t\t<\/div>\n\t\t<div class=\"elementor-element elementor-element-e524b3b e-flex e-con-boxed wpr-particle-no wpr-jarallax-no wpr-parallax-no wpr-sticky-section-no wpr-equal-height-no e-con e-parent\" data-id=\"e524b3b\" data-element_type=\"container\" data-e-type=\"container\">\n\t\t\t\t\t<div class=\"e-con-inner\">\n\t\t\t\t<div class=\"elementor-element elementor-element-5626155 elementor-widget elementor-widget-spacer\" data-id=\"5626155\" data-element_type=\"widget\" data-e-type=\"widget\" data-widget_type=\"spacer.default\">\n\t\t\t\t\t\t\t<div class=\"elementor-spacer\">\n\t\t\t<div class=\"elementor-spacer-inner\"><\/div>\n\t\t<\/div>\n\t\t\t\t\t\t<\/div>\n\t\t\t\t\t<\/div>\n\t\t\t\t<\/div>\n\t\t<div class=\"elementor-element elementor-element-c1d0371 elementor-hidden-desktop elementor-hidden-mobile e-flex e-con-boxed wpr-particle-no wpr-jarallax-no wpr-parallax-no wpr-sticky-section-no wpr-equal-height-no e-con e-parent\" data-id=\"c1d0371\" data-element_type=\"container\" data-e-type=\"container\">\n\t\t\t\t\t<div class=\"e-con-inner\">\n\t\t\t\t<div class=\"elementor-element elementor-element-6468944 elementor-widget elementor-widget-spacer\" data-id=\"6468944\" data-element_type=\"widget\" data-e-type=\"widget\" data-widget_type=\"spacer.default\">\n\t\t\t\t\t\t\t<div class=\"elementor-spacer\">\n\t\t\t<div class=\"elementor-spacer-inner\"><\/div>\n\t\t<\/div>\n\t\t\t\t\t\t<\/div>\n\t\t\t\t\t<\/div>\n\t\t\t\t<\/div>\n\t\t<div class=\"elementor-element elementor-element-edab312 e-con-full e-flex wpr-particle-no wpr-jarallax-no wpr-parallax-no wpr-sticky-section-no wpr-equal-height-no e-con e-parent\" data-id=\"edab312\" data-element_type=\"container\" data-e-type=\"container\" data-settings=\"{&quot;background_background&quot;:&quot;classic&quot;}\">\n\t\t\t\t<div class=\"elementor-element elementor-element-9986bd4 elementor-widget elementor-widget-spacer\" data-id=\"9986bd4\" data-element_type=\"widget\" data-e-type=\"widget\" data-widget_type=\"spacer.default\">\n\t\t\t\t\t\t\t<div class=\"elementor-spacer\">\n\t\t\t<div class=\"elementor-spacer-inner\"><\/div>\n\t\t<\/div>\n\t\t\t\t\t\t<\/div>\n\t\t\t\t<div class=\"elementor-element elementor-element-6c93cf9 elementor-widget elementor-widget-heading\" data-id=\"6c93cf9\" data-element_type=\"widget\" data-e-type=\"widget\" data-widget_type=\"heading.default\">\n\t\t\t\t\t<h1 class=\"elementor-heading-title elementor-size-default\">Nr. 1 Handcreme in Apotheken und Drogerien<\/h1>\t\t\t\t<\/div>\n\t\t\t\t<div class=\"elementor-element elementor-element-825e0a7 elementor-widget elementor-widget-spacer\" data-id=\"825e0a7\" data-element_type=\"widget\" data-e-type=\"widget\" data-widget_type=\"spacer.default\">\n\t\t\t\t\t\t\t<div class=\"elementor-spacer\">\n\t\t\t<div class=\"elementor-spacer-inner\"><\/div>\n\t\t<\/div>\n\t\t\t\t\t\t<\/div>\n\t\t\t\t<\/div>\n\t\t<div class=\"elementor-element elementor-element-bec7455 e-con-full e-flex wpr-particle-no wpr-jarallax-no wpr-parallax-no wpr-sticky-section-no wpr-equal-height-no e-con e-parent\" data-id=\"bec7455\" data-element_type=\"container\" data-e-type=\"container\" data-settings=\"{&quot;background_background&quot;:&quot;classic&quot;}\">\n\t\t<div class=\"elementor-element elementor-element-5132a49 e-con-full e-flex wpr-particle-no wpr-jarallax-no wpr-parallax-no wpr-sticky-section-no wpr-equal-height-no e-con e-child\" data-id=\"5132a49\" data-element_type=\"container\" data-e-type=\"container\">\n\t\t\t\t<div class=\"elementor-element elementor-element-5123ad4 elementor-widget elementor-widget-video\" data-id=\"5123ad4\" data-element_type=\"widget\" data-e-type=\"widget\" data-settings=\"{&quot;video_type&quot;:&quot;hosted&quot;,&quot;controls&quot;:&quot;yes&quot;}\" data-widget_type=\"video.default\">\n\t\t\t\t\t\t\t<div class=\"e-hosted-video elementor-wrapper elementor-open-inline\">\n\t\t\t\t\t<video class=\"elementor-video\" src=\"https:\/\/tal.ch\/wp\/wp-content\/uploads\/2024\/07\/PARSENN_LV_VO_RENE_DE_MUSIK_VIADUCT.mp4\" controls=\"\" preload=\"metadata\" controlsList=\"nodownload\" poster=\"https:\/\/tal.ch\/wp\/wp-content\/uploads\/2024\/10\/Nr1-Handcreme.jpg\"><\/video>\n\t\t\t\t<\/div>\n\t\t\t\t\t\t<\/div>\n\t\t\t\t<div class=\"elementor-element elementor-element-9575158 elementor-hidden-desktop elementor-hidden-mobile elementor-widget elementor-widget-text-editor\" data-id=\"9575158\" data-element_type=\"widget\" data-e-type=\"widget\" data-widget_type=\"text-editor.default\">\n\t\t\t\t\t\t\t\t\t<p>Tal ist die Nummer 1 Handcreme in Schweizer Apotheken und Drogerien. Seit vielen Jahren vertrauen tausende von Kundinnen und Kunden unserer Tal Handcreme. Vertrauen auch Sie darauf!<br \/>Die bew\u00e4hrte Formel hilft bei unterschiedlichen Hautbed\u00fcrfnissen. Sei es bei trockener, rissiger Haut, bei gesch\u00e4digter und gereizter Haut oder bei unreiner, empfindlicher Haut.<\/p><p>Warum ist die Tal Handcreme die Nummer 1 im Fachhandel? Weil wir uns leidenschaftlich daf\u00fcr einsetzen, die Bed\u00fcrfnisse unserer Kundinnen und Kunden zu erf\u00fcllen. Unsere speziell entwickelte Formel ist angereichert mit wertvollen Inhaltsstoffen, die Ihre Haut verw\u00f6hnen und geschmeidig machen. Dabei setzen wir auf hochwirksame, Schweizer Inhaltsstoffe, wie z.B. Edelweiss, Schachtelhalm-Extrakt, Traubenkern\u00f6l oder Bergquellwasser.\u00a0 Zudem setzen wir seit vielen Jahren auf die kompetente Beratung des Fachpersonals in den Schweizer Drogerien und Apotheken. Wer, wenn nicht das Fachpersonal, weiss, welche Handcreme f\u00fcr welches Hautbed\u00fcrfnis eingesetzt werden sollte. Daher freut es uns umso mehr, dass diese Fachkr\u00e4fte unsere Handcreme lieben und ihren Kunden weiterempfehlen.<\/p><p>Erleben Sie selbst, warum unsere Tal Handcreme von so vielen geliebt wird.<\/p>\t\t\t\t\t\t\t\t<\/div>\n\t\t\t\t<\/div>\n\t\t<div class=\"elementor-element elementor-element-29e7098 e-con-full elementor-hidden-tablet e-flex wpr-particle-no wpr-jarallax-no wpr-parallax-no wpr-sticky-section-no wpr-equal-height-no e-con e-child\" data-id=\"29e7098\" data-element_type=\"container\" data-e-type=\"container\">\n\t\t\t\t<div class=\"elementor-element elementor-element-8d48e7c elementor-hidden-desktop elementor-hidden-tablet elementor-widget elementor-widget-spacer\" data-id=\"8d48e7c\" data-element_type=\"widget\" data-e-type=\"widget\" data-widget_type=\"spacer.default\">\n\t\t\t\t\t\t\t<div class=\"elementor-spacer\">\n\t\t\t<div class=\"elementor-spacer-inner\"><\/div>\n\t\t<\/div>\n\t\t\t\t\t\t<\/div>\n\t\t\t\t<div class=\"elementor-element elementor-element-12824d1 elementor-widget elementor-widget-text-editor\" data-id=\"12824d1\" data-element_type=\"widget\" data-e-type=\"widget\" data-widget_type=\"text-editor.default\">\n\t\t\t\t\t\t\t\t\t<p>Tal ist die Nummer 1 Handcreme in Schweizer Apotheken und Drogerien. Seit vielen Jahren vertrauen tausende von Kundinnen und Kunden unserer Tal Handcreme. Vertrauen auch Sie darauf!<br \/>Die bew\u00e4hrte Formel hilft bei unterschiedlichen Hautbed\u00fcrfnissen. Sei es bei trockener, rissiger Haut, bei gesch\u00e4digter und gereizter Haut oder bei unreiner, empfindlicher Haut.<\/p><p>Warum ist die Tal Handcreme die Nummer 1 im Fachhandel? Weil wir uns leidenschaftlich daf\u00fcr einsetzen, die Bed\u00fcrfnisse unserer Kundinnen und Kunden zu erf\u00fcllen. Unsere speziell entwickelte Formel ist angereichert mit wertvollen Inhaltsstoffen, die Ihre Haut verw\u00f6hnen und geschmeidig machen. Dabei setzen wir auf hochwirksame, Schweizer Inhaltsstoffe, wie z.B. Edelweiss, Schachtelhalm-Extrakt, Traubenkern\u00f6l oder Bergquellwasser.\u00a0 Zudem setzen wir seit vielen Jahren auf die kompetente Beratung des Fachpersonals in den Schweizer Drogerien und Apotheken. Wer, wenn nicht das Fachpersonal, weiss, welche Handcreme f\u00fcr welches Hautbed\u00fcrfnis eingesetzt werden sollte. Daher freut es uns umso mehr, dass diese Fachkr\u00e4fte unsere Handcreme lieben und ihren Kunden weiterempfehlen.<\/p><p>Erleben Sie selbst, warum unsere Tal Handcreme von so vielen geliebt wird.<\/p>\t\t\t\t\t\t\t\t<\/div>\n\t\t\t\t<\/div>\n\t\t\t\t<\/div>\n\t\t<div class=\"elementor-element elementor-element-0f11948 e-con-full e-flex wpr-particle-no wpr-jarallax-no wpr-parallax-no wpr-sticky-section-no wpr-equal-height-no e-con e-parent\" data-id=\"0f11948\" data-element_type=\"container\" data-e-type=\"container\" data-settings=\"{&quot;background_background&quot;:&quot;classic&quot;}\">\n\t\t\t\t<div class=\"elementor-element elementor-element-daec5d7 elementor-widget elementor-widget-spacer\" data-id=\"daec5d7\" data-element_type=\"widget\" data-e-type=\"widget\" data-widget_type=\"spacer.default\">\n\t\t\t\t\t\t\t<div class=\"elementor-spacer\">\n\t\t\t<div class=\"elementor-spacer-inner\"><\/div>\n\t\t<\/div>\n\t\t\t\t\t\t<\/div>\n\t\t\t\t<\/div>\n\t\t<div class=\"elementor-element elementor-element-8204716 e-flex e-con-boxed wpr-particle-no wpr-jarallax-no wpr-parallax-no wpr-sticky-section-no wpr-equal-height-no e-con e-parent\" data-id=\"8204716\" data-element_type=\"container\" data-e-type=\"container\">\n\t\t\t\t\t<div class=\"e-con-inner\">\n\t\t\t\t<div class=\"elementor-element elementor-element-82c34a9 elementor-widget elementor-widget-spacer\" data-id=\"82c34a9\" data-element_type=\"widget\" data-e-type=\"widget\" data-widget_type=\"spacer.default\">\n\t\t\t\t\t\t\t<div class=\"elementor-spacer\">\n\t\t\t<div class=\"elementor-spacer-inner\"><\/div>\n\t\t<\/div>\n\t\t\t\t\t\t<\/div>\n\t\t\t\t<div class=\"elementor-element elementor-element-59a81c1 elementor-widget elementor-widget-heading\" data-id=\"59a81c1\" data-element_type=\"widget\" data-e-type=\"widget\" data-widget_type=\"heading.default\">\n\t\t\t\t\t<h1 class=\"elementor-heading-title elementor-size-default\">Vom Fachpersonal empfohlen<\/h1>\t\t\t\t<\/div>\n\t\t\t\t<div class=\"elementor-element elementor-element-98f72f5 elementor-widget elementor-widget-spacer\" data-id=\"98f72f5\" data-element_type=\"widget\" data-e-type=\"widget\" data-widget_type=\"spacer.default\">\n\t\t\t\t\t\t\t<div class=\"elementor-spacer\">\n\t\t\t<div class=\"elementor-spacer-inner\"><\/div>\n\t\t<\/div>\n\t\t\t\t\t\t<\/div>\n\t\t\t\t\t<\/div>\n\t\t\t\t<\/div>\n\t\t<div class=\"elementor-element elementor-element-c6052be e-con-full e-flex wpr-particle-no wpr-jarallax-no wpr-parallax-no wpr-sticky-section-no wpr-equal-height-no e-con e-parent\" data-id=\"c6052be\" data-element_type=\"container\" data-e-type=\"container\">\n\t\t<div class=\"elementor-element elementor-element-06f2096 e-con-full e-flex wpr-particle-no wpr-jarallax-no wpr-parallax-no wpr-sticky-section-no wpr-equal-height-no e-con e-child\" data-id=\"06f2096\" data-element_type=\"container\" data-e-type=\"container\">\n\t\t\t\t<div class=\"elementor-element elementor-element-aac94f4 elementor-widget elementor-widget-video\" data-id=\"aac94f4\" data-element_type=\"widget\" data-e-type=\"widget\" data-settings=\"{&quot;video_type&quot;:&quot;hosted&quot;,&quot;controls&quot;:&quot;yes&quot;}\" data-widget_type=\"video.default\">\n\t\t\t\t\t\t\t<div class=\"e-hosted-video elementor-wrapper elementor-open-inline\">\n\t\t\t\t\t<video class=\"elementor-video\" src=\"https:\/\/tal.ch\/wp\/wp-content\/uploads\/2024\/02\/Tal-MED-Repair-Empfehlung-von-Fiona-Heierli-Apothekerin-ETH.mp4\" controls=\"\" preload=\"metadata\" controlsList=\"nodownload\" poster=\"https:\/\/tal.ch\/wp\/wp-content\/uploads\/2024\/06\/Med-Repair-Vorschau.jpg\"><\/video>\n\t\t\t\t<\/div>\n\t\t\t\t\t\t<\/div>\n\t\t\t\t<div class=\"elementor-element elementor-element-abafc56 elementor-hidden-desktop elementor-hidden-tablet elementor-widget elementor-widget-spacer\" data-id=\"abafc56\" data-element_type=\"widget\" data-e-type=\"widget\" data-widget_type=\"spacer.default\">\n\t\t\t\t\t\t\t<div class=\"elementor-spacer\">\n\t\t\t<div class=\"elementor-spacer-inner\"><\/div>\n\t\t<\/div>\n\t\t\t\t\t\t<\/div>\n\t\t\t\t<\/div>\n\t\t<div class=\"elementor-element elementor-element-127786d e-con-full e-flex wpr-particle-no wpr-jarallax-no wpr-parallax-no wpr-sticky-section-no wpr-equal-height-no e-con e-child\" data-id=\"127786d\" data-element_type=\"container\" data-e-type=\"container\">\n\t\t\t\t<div class=\"elementor-element elementor-element-f3fce6d elementor-widget elementor-widget-video\" data-id=\"f3fce6d\" data-element_type=\"widget\" data-e-type=\"widget\" data-settings=\"{&quot;video_type&quot;:&quot;hosted&quot;,&quot;controls&quot;:&quot;yes&quot;}\" data-widget_type=\"video.default\">\n\t\t\t\t\t\t\t<div class=\"e-hosted-video elementor-wrapper elementor-open-inline\">\n\t\t\t\t\t<video class=\"elementor-video\" src=\"https:\/\/tal.ch\/wp\/wp-content\/uploads\/2024\/02\/Tal-MED-Dermatopic-Empfehlung-von-Barbara-Freiermuth-Drogistin-HF.mp4\" controls=\"\" preload=\"metadata\" controlsList=\"nodownload\" poster=\"https:\/\/tal.ch\/wp\/wp-content\/uploads\/2024\/06\/Dermatopic-Vorschau.jpg\"><\/video>\n\t\t\t\t<\/div>\n\t\t\t\t\t\t<\/div>\n\t\t\t\t<div class=\"elementor-element elementor-element-eed6592 elementor-hidden-desktop elementor-hidden-tablet elementor-widget elementor-widget-spacer\" data-id=\"eed6592\" data-element_type=\"widget\" data-e-type=\"widget\" data-widget_type=\"spacer.default\">\n\t\t\t\t\t\t\t<div class=\"elementor-spacer\">\n\t\t\t<div class=\"elementor-spacer-inner\"><\/div>\n\t\t<\/div>\n\t\t\t\t\t\t<\/div>\n\t\t\t\t<\/div>\n\t\t<div class=\"elementor-element elementor-element-59efded e-con-full e-flex wpr-particle-no wpr-jarallax-no wpr-parallax-no wpr-sticky-section-no wpr-equal-height-no e-con e-child\" data-id=\"59efded\" data-element_type=\"container\" data-e-type=\"container\">\n\t\t\t\t<div class=\"elementor-element elementor-element-df1c2c8 elementor-widget elementor-widget-video\" data-id=\"df1c2c8\" data-element_type=\"widget\" data-e-type=\"widget\" data-settings=\"{&quot;video_type&quot;:&quot;hosted&quot;,&quot;controls&quot;:&quot;yes&quot;}\" data-widget_type=\"video.default\">\n\t\t\t\t\t\t\t<div class=\"e-hosted-video elementor-wrapper elementor-open-inline\">\n\t\t\t\t\t<video class=\"elementor-video\" src=\"https:\/\/tal.ch\/wp\/wp-content\/uploads\/2024\/02\/Tal-MED-Protect-Empfehlung-von-Angela-Winkler-Drogistin.mp4\" controls=\"\" preload=\"metadata\" controlsList=\"nodownload\" poster=\"https:\/\/tal.ch\/wp\/wp-content\/uploads\/2024\/06\/Protect-Vorschau.jpg\"><\/video>\n\t\t\t\t<\/div>\n\t\t\t\t\t\t<\/div>\n\t\t\t\t<\/div>\n\t\t\t\t<\/div>\n\t\t<div class=\"elementor-element elementor-element-8a65f3d e-flex e-con-boxed wpr-particle-no wpr-jarallax-no wpr-parallax-no wpr-sticky-section-no wpr-equal-height-no e-con e-parent\" data-id=\"8a65f3d\" data-element_type=\"container\" data-e-type=\"container\">\n\t\t\t\t\t<div class=\"e-con-inner\">\n\t\t\t\t<div class=\"elementor-element elementor-element-bd62516 elementor-widget elementor-widget-spacer\" data-id=\"bd62516\" data-element_type=\"widget\" data-e-type=\"widget\" data-widget_type=\"spacer.default\">\n\t\t\t\t\t\t\t<div class=\"elementor-spacer\">\n\t\t\t<div class=\"elementor-spacer-inner\"><\/div>\n\t\t<\/div>\n\t\t\t\t\t\t<\/div>\n\t\t\t\t\t<\/div>\n\t\t\t\t<\/div>\n\t\t<div class=\"elementor-element elementor-element-89d5ea7 e-con-full e-flex wpr-particle-no wpr-jarallax-no wpr-parallax-no wpr-sticky-section-no wpr-equal-height-no e-con e-parent\" data-id=\"89d5ea7\" data-element_type=\"container\" data-e-type=\"container\" data-settings=\"{&quot;background_background&quot;:&quot;classic&quot;}\">\n\t\t\t\t<div class=\"elementor-element elementor-element-8f43b13 elementor-widget elementor-widget-heading\" data-id=\"8f43b13\" data-element_type=\"widget\" data-e-type=\"widget\" data-widget_type=\"heading.default\">\n\t\t\t\t\t<h2 class=\"elementor-heading-title elementor-size-default\">Von Kundinnen und Kunden geliebt<\/h2>\t\t\t\t<\/div>\n\t\t\t\t<div class=\"elementor-element elementor-element-56e4059 elementor-testimonial--skin-default elementor-testimonial--layout-image_inline elementor-testimonial--align-center elementor-arrows-yes elementor-pagination-type-bullets elementor-widget elementor-widget-testimonial-carousel\" data-id=\"56e4059\" data-element_type=\"widget\" data-e-type=\"widget\" data-settings=\"{&quot;show_arrows&quot;:&quot;yes&quot;,&quot;pagination&quot;:&quot;bullets&quot;,&quot;speed&quot;:500,&quot;autoplay&quot;:&quot;yes&quot;,&quot;autoplay_speed&quot;:5000,&quot;loop&quot;:&quot;yes&quot;,&quot;pause_on_hover&quot;:&quot;yes&quot;,&quot;pause_on_interaction&quot;:&quot;yes&quot;,&quot;space_between&quot;:{&quot;unit&quot;:&quot;px&quot;,&quot;size&quot;:10,&quot;sizes&quot;:[]},&quot;space_between_tablet&quot;:{&quot;unit&quot;:&quot;px&quot;,&quot;size&quot;:10,&quot;sizes&quot;:[]},&quot;space_between_mobile&quot;:{&quot;unit&quot;:&quot;px&quot;,&quot;size&quot;:10,&quot;sizes&quot;:[]}}\" data-widget_type=\"testimonial-carousel.default\">\n\t\t\t\t\t\t\t\t\t\t<div class=\"elementor-main-swiper swiper\" role=\"region\" aria-roledescription=\"carousel\" aria-label=\"Slider\">\n\t\t\t\t<div class=\"swiper-wrapper\">\n\t\t\t\t\t\t\t\t\t\t\t<div class=\"swiper-slide\" role=\"group\" aria-roledescription=\"slide\">\n\t\t\t\t\t\t\t\t\t<div class=\"elementor-testimonial\">\n\t\t\t\t\t\t\t<div class=\"elementor-testimonial__content\">\n\t\t\t\t\t<div class=\"elementor-testimonial__text\">\n\t\t\t\t\t\tDie Produkte von Tal sind der absolute Hammer! Die Langzeitwirkung und die sofortige Hilfe bei rissiger Haut sch\u00e4tze ich seit vielen Jahren und kann ich nur empfehlen!\t\t\t\t\t<\/div>\n\t\t\t\t\t\t\t\t\t<\/div>\n\t\t\t\t\t\t<div class=\"elementor-testimonial__footer\">\n\t\t\t\t\t\t\t\t<cite class=\"elementor-testimonial__cite\"><span class=\"elementor-testimonial__name\">Tanja C. aus H.<\/span><span class=\"elementor-testimonial__title\">Kundin<\/span><\/cite>\t\t\t<\/div>\n\t\t<\/div>\n\t\t\t\t\t\t\t\t<\/div>\n\t\t\t\t\t\t\t\t\t\t\t<div class=\"swiper-slide\" role=\"group\" aria-roledescription=\"slide\">\n\t\t\t\t\t\t\t\t\t<div class=\"elementor-testimonial\">\n\t\t\t\t\t\t\t<div class=\"elementor-testimonial__content\">\n\t\t\t\t\t<div class=\"elementor-testimonial__text\">\n\t\t\t\t\t\tBereits meine Mutter war von der Wirkung der Tal-Produkte begeistert. Diese Begeisterung teile ich und ich nutze t\u00e4glich die Tal MED Repair Handcreme von Tal.\t\t\t\t\t<\/div>\n\t\t\t\t\t\t\t\t\t<\/div>\n\t\t\t\t\t\t<div class=\"elementor-testimonial__footer\">\n\t\t\t\t\t\t\t\t<cite class=\"elementor-testimonial__cite\"><span class=\"elementor-testimonial__name\">Anna S. aus S.<\/span><span class=\"elementor-testimonial__title\">Kundin<\/span><\/cite>\t\t\t<\/div>\n\t\t<\/div>\n\t\t\t\t\t\t\t\t<\/div>\n\t\t\t\t\t\t\t\t\t\t\t<div class=\"swiper-slide\" role=\"group\" aria-roledescription=\"slide\">\n\t\t\t\t\t\t\t\t\t<div class=\"elementor-testimonial\">\n\t\t\t\t\t\t\t<div class=\"elementor-testimonial__content\">\n\t\t\t\t\t<div class=\"elementor-testimonial__text\">\n\t\t\t\t\t\tAls Mann bin ich nicht so leicht von Kosmetikprodukten zu begeistern. Doch als meine Frau mir eine Tal Fusscreme vom Wocheneinkauf mitgebracht hat und ich diese \u00fcber einige Tage getestet habe, war ich vom Produkt \u00fcberzeugt.\t\t\t\t\t<\/div>\n\t\t\t\t\t\t\t\t\t<\/div>\n\t\t\t\t\t\t<div class=\"elementor-testimonial__footer\">\n\t\t\t\t\t\t\t\t<cite class=\"elementor-testimonial__cite\"><span class=\"elementor-testimonial__name\">Peter C. aus V.<\/span><span class=\"elementor-testimonial__title\">Kunde<\/span><\/cite>\t\t\t<\/div>\n\t\t<\/div>\n\t\t\t\t\t\t\t\t<\/div>\n\t\t\t\t\t\t\t\t\t<\/div>\n\t\t\t\t\t\t\t\t\t\t\t\t\t\t\t<div class=\"elementor-swiper-button elementor-swiper-button-prev\" role=\"button\" tabindex=\"0\" aria-label=\"Voriger\">\n\t\t\t\t\t\t\t<svg aria-hidden=\"true\" class=\"e-font-icon-svg e-eicon-chevron-left\" viewBox=\"0 0 1000 1000\" xmlns=\"http:\/\/www.w3.org\/2000\/svg\"><path d=\"M646 125C629 125 613 133 604 142L308 442C296 454 292 471 292 487 292 504 296 521 308 533L604 854C617 867 629 875 646 875 663 875 679 871 692 858 704 846 713 829 713 812 713 796 708 779 692 767L438 487 692 225C700 217 708 204 708 187 708 171 704 154 692 142 675 129 663 125 646 125Z\"><\/path><\/svg>\t\t\t\t\t\t<\/div>\n\t\t\t\t\t\t<div class=\"elementor-swiper-button elementor-swiper-button-next\" role=\"button\" tabindex=\"0\" aria-label=\"N\u00e4chster\">\n\t\t\t\t\t\t\t<svg aria-hidden=\"true\" class=\"e-font-icon-svg e-eicon-chevron-right\" viewBox=\"0 0 1000 1000\" xmlns=\"http:\/\/www.w3.org\/2000\/svg\"><path d=\"M696 533C708 521 713 504 713 487 713 471 708 454 696 446L400 146C388 133 375 125 354 125 338 125 325 129 313 142 300 154 292 171 292 187 292 204 296 221 308 233L563 492 304 771C292 783 288 800 288 817 288 833 296 850 308 863 321 871 338 875 354 875 371 875 388 867 400 854L696 533Z\"><\/path><\/svg>\t\t\t\t\t\t<\/div>\n\t\t\t\t\t\t\t\t\t\t\t\t\t\t\t\t<div class=\"swiper-pagination\"><\/div>\n\t\t\t\t\t\t\t\t\t\t\t\t<\/div>\n\t\t\t\t\t\t\t\t<\/div>\n\t\t\t\t<\/div>\n\t\t<div class=\"elementor-element elementor-element-43c0975 e-flex e-con-boxed wpr-particle-no wpr-jarallax-no wpr-parallax-no wpr-sticky-section-no wpr-equal-height-no e-con e-parent\" data-id=\"43c0975\" data-element_type=\"container\" data-e-type=\"container\">\n\t\t\t\t\t<div class=\"e-con-inner\">\n\t\t\t\t<div class=\"elementor-element elementor-element-2fe81b0 elementor-widget elementor-widget-spacer\" data-id=\"2fe81b0\" data-element_type=\"widget\" data-e-type=\"widget\" data-widget_type=\"spacer.default\">\n\t\t\t\t\t\t\t<div class=\"elementor-spacer\">\n\t\t\t<div class=\"elementor-spacer-inner\"><\/div>\n\t\t<\/div>\n\t\t\t\t\t\t<\/div>\n\t\t\t\t\t<\/div>\n\t\t\t\t<\/div>\n\t\t<div class=\"elementor-element elementor-element-7c9a4c0 elementor-hidden-desktop elementor-hidden-mobile e-flex e-con-boxed wpr-particle-no wpr-jarallax-no wpr-parallax-no wpr-sticky-section-no wpr-equal-height-no e-con e-parent\" data-id=\"7c9a4c0\" data-element_type=\"container\" data-e-type=\"container\" data-settings=\"{&quot;background_background&quot;:&quot;classic&quot;}\">\n\t\t\t\t\t<div class=\"e-con-inner\">\n\t\t\t\t<div class=\"elementor-element elementor-element-75f833e elementor-widget elementor-widget-video\" data-id=\"75f833e\" data-element_type=\"widget\" data-e-type=\"widget\" data-settings=\"{&quot;video_type&quot;:&quot;hosted&quot;,&quot;controls&quot;:&quot;yes&quot;}\" data-widget_type=\"video.default\">\n\t\t\t\t\t\t\t<div class=\"e-hosted-video elementor-wrapper elementor-open-inline\">\n\t\t\t\t\t<video class=\"elementor-video\" src=\"https:\/\/tal.ch\/wp\/wp-content\/uploads\/2024\/05\/Tal-Grand-Resort.mp4\" controls=\"\" preload=\"metadata\" controlsList=\"nodownload\" poster=\"https:\/\/tal.ch\/wp\/wp-content\/uploads\/2024\/10\/Medizinisches-zentrum.jpg\"><\/video>\n\t\t\t\t<\/div>\n\t\t\t\t\t\t<\/div>\n\t\t\t\t<div class=\"elementor-element elementor-element-6375f98 elementor-widget elementor-widget-icon-box\" data-id=\"6375f98\" data-element_type=\"widget\" data-e-type=\"widget\" data-widget_type=\"icon-box.default\">\n\t\t\t\t\t\t\t<div class=\"elementor-icon-box-wrapper\">\n\n\t\t\t\n\t\t\t\t\t\t<div class=\"elementor-icon-box-content\">\n\n\t\t\t\t\t\t\t\t\t<h3 class=\"elementor-icon-box-title\">\n\t\t\t\t\t\t<span  >\n\t\t\t\t\t\t\tGepr\u00fcfte Wirksamkeit\t\t\t\t\t\t<\/span>\n\t\t\t\t\t<\/h3>\n\t\t\t\t\n\t\t\t\t\t\t\t\t\t<p class=\"elementor-icon-box-description\">\n\t\t\t\t\t\tTal Hautpflege Produkte enthalten ausschliesslich Pflanzenextrakte von h\u00f6chster Qualit\u00e4t und gepr\u00fcfter Wirksamkeit, kombiniert mit dem neusten Stand der Wissenschaft, um Produkte von herausragender Qualit\u00e4t zu schaffen. Diese Kombination aus Natur und Technologie ist Teil der einzigartigen Tal-Formel, die seit \u00fcber 50 Jahren Kundinnen und Kunden in der Schweiz begeistern. Immer mehr Dermatologinnen und Dermatologen empfehlen Ihren Kunden unsere Produkte. Dies macht uns stolz und best\u00e4rkt uns in unserem Handeln, hochqualitativ, nat\u00fcrliche und wirksame Hautpflegeprodukte zu einem fairen Preis anzubieten.\t\t\t\t\t<\/p>\n\t\t\t\t\n\t\t\t<\/div>\n\t\t\t\n\t\t<\/div>\n\t\t\t\t\t\t<\/div>\n\t\t\t\t\t<\/div>\n\t\t\t\t<\/div>\n\t\t<div class=\"elementor-element elementor-element-da67af0 elementor-hidden-desktop elementor-hidden-mobile e-flex e-con-boxed wpr-particle-no wpr-jarallax-no wpr-parallax-no wpr-sticky-section-no wpr-equal-height-no e-con e-parent\" data-id=\"da67af0\" data-element_type=\"container\" data-e-type=\"container\" data-settings=\"{&quot;background_background&quot;:&quot;classic&quot;}\">\n\t\t\t\t\t<div class=\"e-con-inner\">\n\t\t\t\t<div class=\"elementor-element elementor-element-a4e7fec elementor-widget elementor-widget-image\" data-id=\"a4e7fec\" data-element_type=\"widget\" data-e-type=\"widget\" data-widget_type=\"image.default\">\n\t\t\t\t\t\t\t\t\t\t\t\t\t\t\t<img decoding=\"async\" width=\"1200\" height=\"700\" src=\"https:\/\/tal.ch\/wp-content\/uploads\/2024\/05\/edelweiss.jpg\" class=\"attachment-full size-full wp-image-1801\" alt=\"\" srcset=\"https:\/\/tal.ch\/wp-content\/uploads\/2024\/05\/edelweiss.jpg 1200w, https:\/\/tal.ch\/wp-content\/uploads\/2024\/05\/edelweiss-600x350.jpg 600w, https:\/\/tal.ch\/wp-content\/uploads\/2024\/05\/edelweiss-300x175.jpg 300w, https:\/\/tal.ch\/wp-content\/uploads\/2024\/05\/edelweiss-1024x597.jpg 1024w, https:\/\/tal.ch\/wp-content\/uploads\/2024\/05\/edelweiss-768x448.jpg 768w\" sizes=\"(max-width: 1200px) 100vw, 1200px\" \/>\t\t\t\t\t\t\t\t\t\t\t\t\t\t\t<\/div>\n\t\t\t\t<div class=\"elementor-element elementor-element-16d9c15 elementor-widget elementor-widget-icon-box\" data-id=\"16d9c15\" data-element_type=\"widget\" data-e-type=\"widget\" data-widget_type=\"icon-box.default\">\n\t\t\t\t\t\t\t<div class=\"elementor-icon-box-wrapper\">\n\n\t\t\t\n\t\t\t\t\t\t<div class=\"elementor-icon-box-content\">\n\n\t\t\t\t\t\t\t\t\t<h3 class=\"elementor-icon-box-title\">\n\t\t\t\t\t\t<span  >\n\t\t\t\t\t\t\tNachhaltigkeit\t\t\t\t\t\t<\/span>\n\t\t\t\t\t<\/h3>\n\t\t\t\t\n\t\t\t\t\t\t\t\t\t<p class=\"elementor-icon-box-description\">\n\t\t\t\t\t\tBei Tal ist Nachhaltigkeit ein zentraler Bestandteil unseres Handelns und eine treibende Kraft hinter unserer Mission. Als innovative Familienunternehmung aus Graub\u00fcnden f\u00fchlen wir uns dem Schutz unserer Umwelt verpflichtet.\n\nUnser Handeln basiert auf einem umweltfreundlichen Umgang mit Ressourcen. Deshalb beziehen wir viele unserer nat\u00fcrlichen Inhaltsstoffe direkt aus der Schweiz. Durch kurze Transportwege minimieren wir unseren \u00f6kologischen Fussabdruck und ber\u00fccksichtigen dabei regionale Lieferanten.\n\nWir glauben fest daran, dass Sch\u00f6nheit nicht auf Kosten unserer Umwelt gehen sollte. Bei Tal verpflichten wir uns, Sch\u00f6nheit und Nachhaltigkeit in Einklang zu bringen, damit Sie nicht nur Ihrer Haut, sondern auch unserem Planeten Gutes tun k\u00f6nnen.\t\t\t\t\t<\/p>\n\t\t\t\t\n\t\t\t<\/div>\n\t\t\t\n\t\t<\/div>\n\t\t\t\t\t\t<\/div>\n\t\t\t\t\t<\/div>\n\t\t\t\t<\/div>\n\t\t<div class=\"elementor-element elementor-element-0f3cb5d elementor-hidden-desktop elementor-hidden-mobile e-flex e-con-boxed wpr-particle-no wpr-jarallax-no wpr-parallax-no wpr-sticky-section-no wpr-equal-height-no e-con e-parent\" data-id=\"0f3cb5d\" data-element_type=\"container\" data-e-type=\"container\" data-settings=\"{&quot;background_background&quot;:&quot;classic&quot;}\">\n\t\t\t\t\t<div class=\"e-con-inner\">\n\t\t\t\t<div class=\"elementor-element elementor-element-8ef0c12 elementor-widget elementor-widget-video\" data-id=\"8ef0c12\" data-element_type=\"widget\" data-e-type=\"widget\" data-settings=\"{&quot;video_type&quot;:&quot;hosted&quot;,&quot;controls&quot;:&quot;yes&quot;}\" data-widget_type=\"video.default\">\n\t\t\t\t\t\t\t<div class=\"e-hosted-video elementor-wrapper elementor-open-inline\">\n\t\t\t\t\t<video class=\"elementor-video\" src=\"https:\/\/tal.ch\/wp\/wp-content\/uploads\/2024\/05\/Tal-Imagefilm.mp4\" controls=\"\" preload=\"metadata\" controlsList=\"nodownload\" poster=\"https:\/\/tal.ch\/wp\/wp-content\/uploads\/2024\/07\/Poster-Tal-Image.jpg\"><\/video>\n\t\t\t\t<\/div>\n\t\t\t\t\t\t<\/div>\n\t\t\t\t<div class=\"elementor-element elementor-element-d2d5f01 elementor-widget elementor-widget-icon-box\" data-id=\"d2d5f01\" data-element_type=\"widget\" data-e-type=\"widget\" data-widget_type=\"icon-box.default\">\n\t\t\t\t\t\t\t<div class=\"elementor-icon-box-wrapper\">\n\n\t\t\t\n\t\t\t\t\t\t<div class=\"elementor-icon-box-content\">\n\n\t\t\t\t\t\t\t\t\t<h3 class=\"elementor-icon-box-title\">\n\t\t\t\t\t\t<span  >\n\t\t\t\t\t\t\tWarum Tal?\t\t\t\t\t\t<\/span>\n\t\t\t\t\t<\/h3>\n\t\t\t\t\n\t\t\t\t\t\t\t\t\t<p class=\"elementor-icon-box-description\">\n\t\t\t\t\t\tWir sind eine Kosmetikmarke aus Graub\u00fcnden, die sich seit dem Jahr 1975 der Hautpflege verschrieben und darauf spezialisiert hat. Wir sind der festen \u00dcberzeugung, dass eine gesunde, sch\u00f6ne Haut zu mehr Lebensqualit\u00e4t f\u00fchrt. Wir helfen Ihnen dabei, sich wohler in Ihrer Haut zu f\u00fchlen. Tal Hautpflege beinhaltet viele nat\u00fcrliche Inhaltsstoffe aus der Schweizer Natur und wird in der Schweiz produziert. Daher sind die Transportwege kurz, was die Umwelt schont. Bei der Herstellung der Produkte achten wir auf die Umweltvertr\u00e4glichkeit. Tal bietet viele Hautpflegeprodukte f\u00fcr unterschiedliche Hautbed\u00fcrfnisse und Hauttypen.\t\t\t\t\t<\/p>\n\t\t\t\t\n\t\t\t<\/div>\n\t\t\t\n\t\t<\/div>\n\t\t\t\t\t\t<\/div>\n\t\t\t\t\t<\/div>\n\t\t\t\t<\/div>\n\t\t<div class=\"elementor-element elementor-element-df5993e e-flex e-con-boxed wpr-particle-no wpr-jarallax-no wpr-parallax-no wpr-sticky-section-no wpr-equal-height-no e-con e-parent\" data-id=\"df5993e\" data-element_type=\"container\" data-e-type=\"container\">\n\t\t\t\t\t<div class=\"e-con-inner\">\n\t\t\t\t<div class=\"elementor-element elementor-element-b85b5f1 elementor-widget elementor-widget-spacer\" data-id=\"b85b5f1\" data-element_type=\"widget\" data-e-type=\"widget\" data-widget_type=\"spacer.default\">\n\t\t\t\t\t\t\t<div class=\"elementor-spacer\">\n\t\t\t<div class=\"elementor-spacer-inner\"><\/div>\n\t\t<\/div>\n\t\t\t\t\t\t<\/div>\n\t\t\t\t\t<\/div>\n\t\t\t\t<\/div>\n\t\t<div class=\"elementor-element elementor-element-4cfa756 e-con-full elementor-hidden-tablet e-flex wpr-particle-no wpr-jarallax-no wpr-parallax-no wpr-sticky-section-no wpr-equal-height-no e-con e-parent\" data-id=\"4cfa756\" data-element_type=\"container\" data-e-type=\"container\" data-settings=\"{&quot;background_background&quot;:&quot;classic&quot;}\">\n\t\t<div class=\"elementor-element elementor-element-830f6a1 e-con-full e-flex wpr-particle-no wpr-jarallax-no wpr-parallax-no wpr-sticky-section-no wpr-equal-height-no e-con e-child\" data-id=\"830f6a1\" data-element_type=\"container\" data-e-type=\"container\" data-settings=\"{&quot;background_background&quot;:&quot;classic&quot;}\">\n\t\t\t\t<div class=\"elementor-element elementor-element-861b9a7 elementor-widget elementor-widget-icon-box\" data-id=\"861b9a7\" data-element_type=\"widget\" data-e-type=\"widget\" data-widget_type=\"icon-box.default\">\n\t\t\t\t\t\t\t<div class=\"elementor-icon-box-wrapper\">\n\n\t\t\t\n\t\t\t\t\t\t<div class=\"elementor-icon-box-content\">\n\n\t\t\t\t\t\t\t\t\t<h3 class=\"elementor-icon-box-title\">\n\t\t\t\t\t\t<span  >\n\t\t\t\t\t\t\tGepr\u00fcfte Wirksamkeit\t\t\t\t\t\t<\/span>\n\t\t\t\t\t<\/h3>\n\t\t\t\t\n\t\t\t\t\t\t\t\t\t<p class=\"elementor-icon-box-description\">\n\t\t\t\t\t\tTal Hautpflege Produkte enthalten ausschliesslich Pflanzenextrakte von h\u00f6chster Qualit\u00e4t und gepr\u00fcfter Wirksamkeit, kombiniert mit dem neusten Stand der Wissenschaft, um Produkte von herausragender Qualit\u00e4t zu schaffen. Diese Kombination aus Natur und Technologie ist Teil der einzigartigen Tal-Formel, die seit \u00fcber 50 Jahren Kundinnen und Kunden in der Schweiz begeistern. Immer mehr Dermatologinnen und Dermatologen empfehlen Ihren Kunden unsere Produkte. Dies macht uns stolz und best\u00e4rkt uns in unserem Handeln, hochqualitativ, nat\u00fcrliche und wirksame Hautpflegeprodukte zu einem fairen Preis anzubieten.\t\t\t\t\t<\/p>\n\t\t\t\t\n\t\t\t<\/div>\n\t\t\t\n\t\t<\/div>\n\t\t\t\t\t\t<\/div>\n\t\t\t\t<\/div>\n\t\t<div class=\"elementor-element elementor-element-f8967ed e-con-full e-flex wpr-particle-no wpr-jarallax-no wpr-parallax-no wpr-sticky-section-no wpr-equal-height-no e-con e-child\" data-id=\"f8967ed\" data-element_type=\"container\" data-e-type=\"container\" data-settings=\"{&quot;background_background&quot;:&quot;classic&quot;}\">\n\t\t\t\t<div class=\"elementor-element elementor-element-355ef3a elementor-widget elementor-widget-video\" data-id=\"355ef3a\" data-element_type=\"widget\" data-e-type=\"widget\" data-settings=\"{&quot;video_type&quot;:&quot;hosted&quot;,&quot;controls&quot;:&quot;yes&quot;}\" data-widget_type=\"video.default\">\n\t\t\t\t\t\t\t<div class=\"e-hosted-video elementor-wrapper elementor-open-inline\">\n\t\t\t\t\t<video class=\"elementor-video\" src=\"https:\/\/tal.ch\/wp\/wp-content\/uploads\/2024\/05\/Tal-Grand-Resort.mp4\" controls=\"\" preload=\"auto\" controlsList=\"nodownload\" poster=\"https:\/\/tal.ch\/wp\/wp-content\/uploads\/2024\/10\/Medizinisches-zentrum.jpg\"><\/video>\n\t\t\t\t<\/div>\n\t\t\t\t\t\t<\/div>\n\t\t\t\t<\/div>\n\t\t\t\t<\/div>\n\t\t<div class=\"elementor-element elementor-element-1d803a2 e-con-full elementor-hidden-tablet e-flex wpr-particle-no wpr-jarallax-no wpr-parallax-no wpr-sticky-section-no wpr-equal-height-no e-con e-parent\" data-id=\"1d803a2\" data-element_type=\"container\" data-e-type=\"container\" data-settings=\"{&quot;background_background&quot;:&quot;classic&quot;}\">\n\t\t<div class=\"elementor-element elementor-element-1c5a344 e-con-full e-flex wpr-particle-no wpr-jarallax-no wpr-parallax-no wpr-sticky-section-no wpr-equal-height-no e-con e-child\" data-id=\"1c5a344\" data-element_type=\"container\" data-e-type=\"container\" data-settings=\"{&quot;background_background&quot;:&quot;classic&quot;}\">\n\t\t\t\t<div class=\"elementor-element elementor-element-7ababe8 elementor-widget elementor-widget-image\" data-id=\"7ababe8\" data-element_type=\"widget\" data-e-type=\"widget\" data-widget_type=\"image.default\">\n\t\t\t\t\t\t\t\t\t\t\t\t\t\t\t<img decoding=\"async\" width=\"1200\" height=\"700\" src=\"https:\/\/tal.ch\/wp-content\/uploads\/2024\/05\/edelweiss.jpg\" class=\"attachment-full size-full wp-image-1801\" alt=\"\" srcset=\"https:\/\/tal.ch\/wp-content\/uploads\/2024\/05\/edelweiss.jpg 1200w, https:\/\/tal.ch\/wp-content\/uploads\/2024\/05\/edelweiss-600x350.jpg 600w, https:\/\/tal.ch\/wp-content\/uploads\/2024\/05\/edelweiss-300x175.jpg 300w, https:\/\/tal.ch\/wp-content\/uploads\/2024\/05\/edelweiss-1024x597.jpg 1024w, https:\/\/tal.ch\/wp-content\/uploads\/2024\/05\/edelweiss-768x448.jpg 768w\" sizes=\"(max-width: 1200px) 100vw, 1200px\" \/>\t\t\t\t\t\t\t\t\t\t\t\t\t\t\t<\/div>\n\t\t\t\t<\/div>\n\t\t<div class=\"elementor-element elementor-element-e5fa75f e-con-full e-flex wpr-particle-no wpr-jarallax-no wpr-parallax-no wpr-sticky-section-no wpr-equal-height-no e-con e-child\" data-id=\"e5fa75f\" data-element_type=\"container\" data-e-type=\"container\" data-settings=\"{&quot;background_background&quot;:&quot;classic&quot;}\">\n\t\t\t\t<div class=\"elementor-element elementor-element-174ad49 elementor-widget elementor-widget-icon-box\" data-id=\"174ad49\" data-element_type=\"widget\" data-e-type=\"widget\" data-widget_type=\"icon-box.default\">\n\t\t\t\t\t\t\t<div class=\"elementor-icon-box-wrapper\">\n\n\t\t\t\n\t\t\t\t\t\t<div class=\"elementor-icon-box-content\">\n\n\t\t\t\t\t\t\t\t\t<h3 class=\"elementor-icon-box-title\">\n\t\t\t\t\t\t<span  >\n\t\t\t\t\t\t\tNachhaltigkeit\t\t\t\t\t\t<\/span>\n\t\t\t\t\t<\/h3>\n\t\t\t\t\n\t\t\t\t\t\t\t\t\t<p class=\"elementor-icon-box-description\">\n\t\t\t\t\t\tBei Tal ist Nachhaltigkeit ein zentraler Bestandteil unseres Handelns und eine treibende Kraft hinter unserer Mission. Als innovative Familienunternehmung aus Graub\u00fcnden f\u00fchlen wir uns dem Schutz unserer Umwelt verpflichtet.\n\nUnser Handeln basiert auf einem umweltfreundlichen Umgang mit Ressourcen. Deshalb beziehen wir viele unserer nat\u00fcrlichen Inhaltsstoffe direkt aus der Schweiz. Durch kurze Transportwege minimieren wir unseren \u00f6kologischen Fussabdruck und ber\u00fccksichtigen dabei regionale Lieferanten.\n\nWir glauben fest daran, dass Sch\u00f6nheit nicht auf Kosten unserer Umwelt gehen sollte. Bei Tal verpflichten wir uns, Sch\u00f6nheit und Nachhaltigkeit in Einklang zu bringen, damit Sie nicht nur Ihrer Haut, sondern auch unserem Planeten Gutes tun k\u00f6nnen.\t\t\t\t\t<\/p>\n\t\t\t\t\n\t\t\t<\/div>\n\t\t\t\n\t\t<\/div>\n\t\t\t\t\t\t<\/div>\n\t\t\t\t<\/div>\n\t\t\t\t<\/div>\n\t\t<div class=\"elementor-element elementor-element-9db32f5 e-con-full elementor-hidden-tablet e-flex wpr-particle-no wpr-jarallax-no wpr-parallax-no wpr-sticky-section-no wpr-equal-height-no e-con e-parent\" data-id=\"9db32f5\" data-element_type=\"container\" data-e-type=\"container\" data-settings=\"{&quot;background_background&quot;:&quot;classic&quot;}\">\n\t\t<div class=\"elementor-element elementor-element-89bf225 e-con-full e-flex wpr-particle-no wpr-jarallax-no wpr-parallax-no wpr-sticky-section-no wpr-equal-height-no e-con e-child\" data-id=\"89bf225\" data-element_type=\"container\" data-e-type=\"container\" data-settings=\"{&quot;background_background&quot;:&quot;classic&quot;}\">\n\t\t\t\t<div class=\"elementor-element elementor-element-41f52dc elementor-widget elementor-widget-icon-box\" data-id=\"41f52dc\" data-element_type=\"widget\" data-e-type=\"widget\" data-widget_type=\"icon-box.default\">\n\t\t\t\t\t\t\t<div class=\"elementor-icon-box-wrapper\">\n\n\t\t\t\n\t\t\t\t\t\t<div class=\"elementor-icon-box-content\">\n\n\t\t\t\t\t\t\t\t\t<h3 class=\"elementor-icon-box-title\">\n\t\t\t\t\t\t<span  >\n\t\t\t\t\t\t\tWarum Tal?\t\t\t\t\t\t<\/span>\n\t\t\t\t\t<\/h3>\n\t\t\t\t\n\t\t\t\t\t\t\t\t\t<p class=\"elementor-icon-box-description\">\n\t\t\t\t\t\tWir sind eine Kosmetikmarke aus Graub\u00fcnden, die sich seit dem Jahr 1975 der Hautpflege verschrieben und darauf spezialisiert hat. Wir sind der festen \u00dcberzeugung, dass eine gesunde, sch\u00f6ne Haut zu mehr Lebensqualit\u00e4t f\u00fchrt. Wir helfen Ihnen dabei, sich wohler in Ihrer Haut zu f\u00fchlen. Tal Hautpflege beinhaltet viele nat\u00fcrliche Inhaltsstoffe aus der Schweizer Natur und wird in der Schweiz produziert. Daher sind die Transportwege kurz, was die Umwelt schont. Bei der Herstellung der Produkte achten wir auf die Umweltvertr\u00e4glichkeit. Tal bietet viele Hautpflegeprodukte f\u00fcr unterschiedliche Hautbed\u00fcrfnisse und Hauttypen.\t\t\t\t\t<\/p>\n\t\t\t\t\n\t\t\t<\/div>\n\t\t\t\n\t\t<\/div>\n\t\t\t\t\t\t<\/div>\n\t\t\t\t<\/div>\n\t\t<div class=\"elementor-element elementor-element-22fe0ed e-con-full e-flex wpr-particle-no wpr-jarallax-no wpr-parallax-no wpr-sticky-section-no wpr-equal-height-no e-con e-child\" data-id=\"22fe0ed\" data-element_type=\"container\" data-e-type=\"container\" data-settings=\"{&quot;background_background&quot;:&quot;classic&quot;}\">\n\t\t\t\t<div class=\"elementor-element elementor-element-c77db19 elementor-widget elementor-widget-video\" data-id=\"c77db19\" data-element_type=\"widget\" data-e-type=\"widget\" data-settings=\"{&quot;video_type&quot;:&quot;hosted&quot;,&quot;controls&quot;:&quot;yes&quot;}\" data-widget_type=\"video.default\">\n\t\t\t\t\t\t\t<div class=\"e-hosted-video elementor-wrapper elementor-open-inline\">\n\t\t\t\t\t<video class=\"elementor-video\" src=\"https:\/\/tal.ch\/wp\/wp-content\/uploads\/2024\/05\/Tal-Imagefilm.mp4\" controls=\"\" preload=\"metadata\" controlsList=\"nodownload\" poster=\"https:\/\/tal.ch\/wp\/wp-content\/uploads\/2024\/07\/Poster-Tal-Image.jpg\"><\/video>\n\t\t\t\t<\/div>\n\t\t\t\t\t\t<\/div>\n\t\t\t\t<\/div>\n\t\t\t\t<\/div>\n\t\t<div class=\"elementor-element elementor-element-6899e8b e-flex e-con-boxed wpr-particle-no wpr-jarallax-no wpr-parallax-no wpr-sticky-section-no wpr-equal-height-no e-con e-parent\" data-id=\"6899e8b\" data-element_type=\"container\" data-e-type=\"container\">\n\t\t\t\t\t<div class=\"e-con-inner\">\n\t\t\t\t<div class=\"elementor-element elementor-element-99b1692 elementor-hidden-mobile elementor-hidden-tablet elementor-widget elementor-widget-spacer\" data-id=\"99b1692\" data-element_type=\"widget\" data-e-type=\"widget\" data-widget_type=\"spacer.default\">\n\t\t\t\t\t\t\t<div class=\"elementor-spacer\">\n\t\t\t<div class=\"elementor-spacer-inner\"><\/div>\n\t\t<\/div>\n\t\t\t\t\t\t<\/div>\n\t\t\t\t<div class=\"elementor-element elementor-element-a42c070 elementor-hidden-mobile elementor-hidden-tablet elementor-widget elementor-widget-spacer\" data-id=\"a42c070\" data-element_type=\"widget\" data-e-type=\"widget\" data-widget_type=\"spacer.default\">\n\t\t\t\t\t\t\t<div class=\"elementor-spacer\">\n\t\t\t<div class=\"elementor-spacer-inner\"><\/div>\n\t\t<\/div>\n\t\t\t\t\t\t<\/div>\n\t\t\t\t<div class=\"elementor-element elementor-element-bb12549 elementor-widget elementor-widget-heading\" data-id=\"bb12549\" data-element_type=\"widget\" data-e-type=\"widget\" data-widget_type=\"heading.default\">\n\t\t\t\t\t<h1 class=\"elementor-heading-title elementor-size-default\">Das dermatologische Handkonzept<\/h1>\t\t\t\t<\/div>\n\t\t\t\t<div class=\"elementor-element elementor-element-960d242 elementor-widget elementor-widget-spacer\" data-id=\"960d242\" data-element_type=\"widget\" data-e-type=\"widget\" data-widget_type=\"spacer.default\">\n\t\t\t\t\t\t\t<div class=\"elementor-spacer\">\n\t\t\t<div class=\"elementor-spacer-inner\"><\/div>\n\t\t<\/div>\n\t\t\t\t\t\t<\/div>\n\t\t\t\t\t<\/div>\n\t\t\t\t<\/div>\n\t\t<div class=\"elementor-element elementor-element-7c6445a e-con-full e-flex wpr-particle-no wpr-jarallax-no wpr-parallax-no wpr-sticky-section-no wpr-equal-height-no e-con e-parent\" data-id=\"7c6445a\" data-element_type=\"container\" data-e-type=\"container\">\n\t\t<a class=\"elementor-element elementor-element-6217088 e-con-full e-flex wpr-particle-no wpr-jarallax-no wpr-parallax-no wpr-sticky-section-no wpr-equal-height-no e-con e-child\" data-id=\"6217088\" data-element_type=\"container\" data-e-type=\"container\" data-settings=\"{&quot;background_background&quot;:&quot;classic&quot;}\" href=\"https:\/\/tal.ch\/en\/med-repair\/\">\n\t\t\t\t<div class=\"elementor-element elementor-element-1fa1217 elementor-widget elementor-widget-image\" data-id=\"1fa1217\" data-element_type=\"widget\" data-e-type=\"widget\" data-widget_type=\"image.default\">\n\t\t\t\t\t\t\t\t\t\t\t\t\t\t\t<img decoding=\"async\" width=\"370\" height=\"600\" src=\"https:\/\/tal.ch\/wp-content\/uploads\/2024\/06\/Concept-Repair.png\" class=\"attachment-large size-large wp-image-3105\" alt=\"\" srcset=\"https:\/\/tal.ch\/wp-content\/uploads\/2024\/06\/Concept-Repair.png 370w, https:\/\/tal.ch\/wp-content\/uploads\/2024\/06\/Concept-Repair-185x300.png 185w\" sizes=\"(max-width: 370px) 100vw, 370px\" \/>\t\t\t\t\t\t\t\t\t\t\t\t\t\t\t<\/div>\n\t\t\t\t<div class=\"elementor-element elementor-element-aaf837e elementor-widget elementor-widget-text-editor\" data-id=\"aaf837e\" data-element_type=\"widget\" data-e-type=\"widget\" data-widget_type=\"text-editor.default\">\n\t\t\t\t\t\t\t\t\t<h4>TAL MED<\/h4>\n<h1>REPAIR<\/h1>\nDie original Handcreme von Tal f\u00fcr trockene und rissige Haut.\t\t\t\t\t\t\t\t<\/div>\n\t\t\t\t<div class=\"elementor-element elementor-element-65b13a4 elementor-widget elementor-widget-spacer\" data-id=\"65b13a4\" data-element_type=\"widget\" data-e-type=\"widget\" data-widget_type=\"spacer.default\">\n\t\t\t\t\t\t\t<div class=\"elementor-spacer\">\n\t\t\t<div class=\"elementor-spacer-inner\"><\/div>\n\t\t<\/div>\n\t\t\t\t\t\t<\/div>\n\t\t\t\t<\/a>\n\t\t<a class=\"elementor-element elementor-element-0e6fd5f e-con-full e-flex wpr-particle-no wpr-jarallax-no wpr-parallax-no wpr-sticky-section-no wpr-equal-height-no e-con e-child\" data-id=\"0e6fd5f\" data-element_type=\"container\" data-e-type=\"container\" data-settings=\"{&quot;background_background&quot;:&quot;classic&quot;}\" href=\"https:\/\/tal.ch\/en\/med-dermatopic\/\">\n\t\t\t\t<div class=\"elementor-element elementor-element-10f4872 elementor-widget elementor-widget-image\" data-id=\"10f4872\" data-element_type=\"widget\" data-e-type=\"widget\" data-widget_type=\"image.default\">\n\t\t\t\t\t\t\t\t\t\t\t\t\t\t\t<img loading=\"lazy\" decoding=\"async\" width=\"370\" height=\"600\" src=\"https:\/\/tal.ch\/wp-content\/uploads\/2024\/06\/Concept-Dermatopic.png\" class=\"attachment-large size-large wp-image-3107\" alt=\"\" srcset=\"https:\/\/tal.ch\/wp-content\/uploads\/2024\/06\/Concept-Dermatopic.png 370w, https:\/\/tal.ch\/wp-content\/uploads\/2024\/06\/Concept-Dermatopic-185x300.png 185w\" sizes=\"(max-width: 370px) 100vw, 370px\" \/>\t\t\t\t\t\t\t\t\t\t\t\t\t\t\t<\/div>\n\t\t\t\t<div class=\"elementor-element elementor-element-0b8c7e6 elementor-widget elementor-widget-text-editor\" data-id=\"0b8c7e6\" data-element_type=\"widget\" data-e-type=\"widget\" data-widget_type=\"text-editor.default\">\n\t\t\t\t\t\t\t\t\t<h4>TAL MED<\/h4>\n<h1>DERMA&shy;TOPIC<\/h1>\nDie beruhigende Handcreme von Tal f\u00fcr besonders empfindliche Haut.\t\t\t\t\t\t\t\t<\/div>\n\t\t\t\t<div class=\"elementor-element elementor-element-1e0dc8c elementor-widget elementor-widget-spacer\" data-id=\"1e0dc8c\" data-element_type=\"widget\" data-e-type=\"widget\" data-widget_type=\"spacer.default\">\n\t\t\t\t\t\t\t<div class=\"elementor-spacer\">\n\t\t\t<div class=\"elementor-spacer-inner\"><\/div>\n\t\t<\/div>\n\t\t\t\t\t\t<\/div>\n\t\t\t\t<\/a>\n\t\t<a class=\"elementor-element elementor-element-e906f9f e-con-full e-flex wpr-particle-no wpr-jarallax-no wpr-parallax-no wpr-sticky-section-no wpr-equal-height-no e-con e-child\" data-id=\"e906f9f\" data-element_type=\"container\" data-e-type=\"container\" data-settings=\"{&quot;background_background&quot;:&quot;classic&quot;}\" href=\"https:\/\/tal.ch\/en\/med-protect\/\">\n\t\t\t\t<div class=\"elementor-element elementor-element-9130504 elementor-widget elementor-widget-image\" data-id=\"9130504\" data-element_type=\"widget\" data-e-type=\"widget\" data-widget_type=\"image.default\">\n\t\t\t\t\t\t\t\t\t\t\t\t\t\t\t<img loading=\"lazy\" decoding=\"async\" width=\"370\" height=\"600\" src=\"https:\/\/tal.ch\/wp-content\/uploads\/2024\/06\/Concept-Protect.png\" class=\"attachment-large size-large wp-image-3114\" alt=\"\" srcset=\"https:\/\/tal.ch\/wp-content\/uploads\/2024\/06\/Concept-Protect.png 370w, https:\/\/tal.ch\/wp-content\/uploads\/2024\/06\/Concept-Protect-185x300.png 185w\" sizes=\"(max-width: 370px) 100vw, 370px\" \/>\t\t\t\t\t\t\t\t\t\t\t\t\t\t\t<\/div>\n\t\t\t\t<div class=\"elementor-element elementor-element-b94ba3b elementor-widget elementor-widget-text-editor\" data-id=\"b94ba3b\" data-element_type=\"widget\" data-e-type=\"widget\" data-widget_type=\"text-editor.default\">\n\t\t\t\t\t\t\t\t\t<h4>TAL MED<\/h4><h1>PROTECT<\/h1><p>Die Sch\u00fctzende Handcreme f\u00fcr H\u00e4nde, die viel mit Wasser in Kontakt kommen.<\/p>\t\t\t\t\t\t\t\t<\/div>\n\t\t\t\t<div class=\"elementor-element elementor-element-128458c elementor-widget elementor-widget-spacer\" data-id=\"128458c\" data-element_type=\"widget\" data-e-type=\"widget\" data-widget_type=\"spacer.default\">\n\t\t\t\t\t\t\t<div class=\"elementor-spacer\">\n\t\t\t<div class=\"elementor-spacer-inner\"><\/div>\n\t\t<\/div>\n\t\t\t\t\t\t<\/div>\n\t\t\t\t<\/a>\n\t\t\t\t<\/div>\n\t\t<div class=\"elementor-element elementor-element-98439b4 e-flex e-con-boxed wpr-particle-no wpr-jarallax-no wpr-parallax-no wpr-sticky-section-no wpr-equal-height-no e-con e-parent\" data-id=\"98439b4\" data-element_type=\"container\" data-e-type=\"container\">\n\t\t\t\t\t<div class=\"e-con-inner\">\n\t\t\t\t<div class=\"elementor-element elementor-element-baf9a6a elementor-widget elementor-widget-spacer\" data-id=\"baf9a6a\" data-element_type=\"widget\" data-e-type=\"widget\" data-widget_type=\"spacer.default\">\n\t\t\t\t\t\t\t<div class=\"elementor-spacer\">\n\t\t\t<div class=\"elementor-spacer-inner\"><\/div>\n\t\t<\/div>\n\t\t\t\t\t\t<\/div>\n\t\t\t\t\t<\/div>\n\t\t\t\t<\/div>\n\t\t<div class=\"elementor-element elementor-element-84223d2 e-con-full e-flex wpr-particle-no wpr-jarallax-no wpr-parallax-no wpr-sticky-section-no wpr-equal-height-no e-con e-parent\" data-id=\"84223d2\" data-element_type=\"container\" data-e-type=\"container\">\n\t\t\t\t<div class=\"elementor-element elementor-element-d2afbab elementor-widget elementor-widget-heading\" data-id=\"d2afbab\" data-element_type=\"widget\" data-e-type=\"widget\" data-widget_type=\"heading.default\">\n\t\t\t\t\t<h1 class=\"elementor-heading-title elementor-size-default\">Blog<\/h1>\t\t\t\t<\/div>\n\t\t\t\t<div class=\"elementor-element elementor-element-8410d79 elementor-widget elementor-widget-spacer\" data-id=\"8410d79\" data-element_type=\"widget\" data-e-type=\"widget\" data-widget_type=\"spacer.default\">\n\t\t\t\t\t\t\t<div class=\"elementor-spacer\">\n\t\t\t<div class=\"elementor-spacer-inner\"><\/div>\n\t\t<\/div>\n\t\t\t\t\t\t<\/div>\n\t\t\t\t<\/div>\n\t\t<div class=\"elementor-element elementor-element-7533720 e-con-full e-flex wpr-particle-no wpr-jarallax-no wpr-parallax-no wpr-sticky-section-no wpr-equal-height-no e-con e-parent\" data-id=\"7533720\" data-element_type=\"container\" data-e-type=\"container\">\n\t\t\t\t<div class=\"elementor-element elementor-element-ff6a446 elementor-widget__width-inherit e-transform elementor-grid-3 elementor-grid-tablet-2 elementor-grid-mobile-1 elementor-posts--thumbnail-top elementor-widget elementor-widget-posts\" data-id=\"ff6a446\" data-element_type=\"widget\" data-e-type=\"widget\" data-settings=\"{&quot;classic_row_gap&quot;:{&quot;unit&quot;:&quot;px&quot;,&quot;size&quot;:15,&quot;sizes&quot;:[]},&quot;classic_row_gap_mobile&quot;:{&quot;unit&quot;:&quot;px&quot;,&quot;size&quot;:20,&quot;sizes&quot;:[]},&quot;classic_columns&quot;:&quot;3&quot;,&quot;classic_columns_tablet&quot;:&quot;2&quot;,&quot;classic_columns_mobile&quot;:&quot;1&quot;,&quot;classic_row_gap_tablet&quot;:{&quot;unit&quot;:&quot;px&quot;,&quot;size&quot;:&quot;&quot;,&quot;sizes&quot;:[]},&quot;_transform_scaleX_effect_hover&quot;:{&quot;unit&quot;:&quot;px&quot;,&quot;size&quot;:&quot;&quot;,&quot;sizes&quot;:[]},&quot;_transform_scaleX_effect_hover_tablet&quot;:{&quot;unit&quot;:&quot;px&quot;,&quot;size&quot;:&quot;&quot;,&quot;sizes&quot;:[]},&quot;_transform_scaleX_effect_hover_mobile&quot;:{&quot;unit&quot;:&quot;px&quot;,&quot;size&quot;:&quot;&quot;,&quot;sizes&quot;:[]},&quot;_transform_scaleY_effect_hover&quot;:{&quot;unit&quot;:&quot;px&quot;,&quot;size&quot;:&quot;&quot;,&quot;sizes&quot;:[]},&quot;_transform_scaleY_effect_hover_tablet&quot;:{&quot;unit&quot;:&quot;px&quot;,&quot;size&quot;:&quot;&quot;,&quot;sizes&quot;:[]},&quot;_transform_scaleY_effect_hover_mobile&quot;:{&quot;unit&quot;:&quot;px&quot;,&quot;size&quot;:&quot;&quot;,&quot;sizes&quot;:[]}}\" data-widget_type=\"posts.classic\">\n\t\t\t\t<div class=\"elementor-widget-container\">\n\t\t\t\t\t\t\t<div class=\"elementor-posts-container elementor-posts elementor-posts--skin-classic elementor-grid\" role=\"list\">\n\t\t\t\t<article class=\"elementor-post elementor-grid-item post-16721 post type-post status-publish format-standard has-post-thumbnail hentry category-uncategorized\" role=\"listitem\">\n\t\t\t\t<a class=\"elementor-post__thumbnail__link\" href=\"https:\/\/tal.ch\/en\/haende-schuetzen-beim-putzen\/\" tabindex=\"-1\" >\n\t\t\t<div class=\"elementor-post__thumbnail\"><img loading=\"lazy\" decoding=\"async\" width=\"300\" height=\"200\" src=\"https:\/\/tal.ch\/wp-content\/uploads\/2026\/05\/Tal-Fruehlingsputz-und-was-es-mit-den-Handen-macht-300x200.jpeg\" class=\"attachment-medium size-medium wp-image-16742\" alt=\"\" srcset=\"https:\/\/tal.ch\/wp-content\/uploads\/2026\/05\/Tal-Fruehlingsputz-und-was-es-mit-den-Handen-macht-300x200.jpeg 300w, https:\/\/tal.ch\/wp-content\/uploads\/2026\/05\/Tal-Fruehlingsputz-und-was-es-mit-den-Handen-macht-1024x683.jpeg 1024w, https:\/\/tal.ch\/wp-content\/uploads\/2026\/05\/Tal-Fruehlingsputz-und-was-es-mit-den-Handen-macht-768x512.jpeg 768w, https:\/\/tal.ch\/wp-content\/uploads\/2026\/05\/Tal-Fruehlingsputz-und-was-es-mit-den-Handen-macht-1536x1024.jpeg 1536w, https:\/\/tal.ch\/wp-content\/uploads\/2026\/05\/Tal-Fruehlingsputz-und-was-es-mit-den-Handen-macht-2048x1365.jpeg 2048w, https:\/\/tal.ch\/wp-content\/uploads\/2026\/05\/Tal-Fruehlingsputz-und-was-es-mit-den-Handen-macht-18x12.jpeg 18w, https:\/\/tal.ch\/wp-content\/uploads\/2026\/05\/Tal-Fruehlingsputz-und-was-es-mit-den-Handen-macht-600x400.jpeg 600w\" sizes=\"(max-width: 300px) 100vw, 300px\" \/><\/div>\n\t\t<\/a>\n\t\t\t\t<div class=\"elementor-post__text\">\n\t\t\t\t<h3 class=\"elementor-post__title\">\n\t\t\t<a href=\"https:\/\/tal.ch\/en\/haende-schuetzen-beim-putzen\/\" >\n\t\t\t\tSauberes Zuhause, strapazierte H\u00e4nde? Was beim Putzen wirklich passiert\t\t\t<\/a>\n\t\t<\/h3>\n\t\t\t\t<\/div>\n\t\t\t\t<\/article>\n\t\t\t\t<article class=\"elementor-post elementor-grid-item post-16677 post type-post status-publish format-standard has-post-thumbnail hentry category-uncategorized tag-fusspflege-fruehling tag-fusspflege-tipps tag-fusspflege-urea tag-mikrobiom-haut tag-trockene-fuesse\" role=\"listitem\">\n\t\t\t\t<a class=\"elementor-post__thumbnail__link\" href=\"https:\/\/tal.ch\/en\/fruehlingszeit-ist-fusszeit\/\" tabindex=\"-1\" >\n\t\t\t<div class=\"elementor-post__thumbnail\"><img loading=\"lazy\" decoding=\"async\" width=\"300\" height=\"200\" src=\"https:\/\/tal.ch\/wp-content\/uploads\/2026\/04\/Tal-Fuss-Familie-Low-Res_YB_7290-300x200.jpg\" class=\"attachment-medium size-medium wp-image-16679\" alt=\"Tal MED Fusslinie\" srcset=\"https:\/\/tal.ch\/wp-content\/uploads\/2026\/04\/Tal-Fuss-Familie-Low-Res_YB_7290-300x200.jpg 300w, https:\/\/tal.ch\/wp-content\/uploads\/2026\/04\/Tal-Fuss-Familie-Low-Res_YB_7290-1024x682.jpg 1024w, https:\/\/tal.ch\/wp-content\/uploads\/2026\/04\/Tal-Fuss-Familie-Low-Res_YB_7290-768x512.jpg 768w, https:\/\/tal.ch\/wp-content\/uploads\/2026\/04\/Tal-Fuss-Familie-Low-Res_YB_7290-1536x1024.jpg 1536w, https:\/\/tal.ch\/wp-content\/uploads\/2026\/04\/Tal-Fuss-Familie-Low-Res_YB_7290-18x12.jpg 18w, https:\/\/tal.ch\/wp-content\/uploads\/2026\/04\/Tal-Fuss-Familie-Low-Res_YB_7290-600x400.jpg 600w, https:\/\/tal.ch\/wp-content\/uploads\/2026\/04\/Tal-Fuss-Familie-Low-Res_YB_7290.jpg 2000w\" sizes=\"(max-width: 300px) 100vw, 300px\" \/><\/div>\n\t\t<\/a>\n\t\t\t\t<div class=\"elementor-post__text\">\n\t\t\t\t<h3 class=\"elementor-post__title\">\n\t\t\t<a href=\"https:\/\/tal.ch\/en\/fruehlingszeit-ist-fusszeit\/\" >\n\t\t\t\tFr\u00fchlingszeit ist Fusszeit\t\t\t<\/a>\n\t\t<\/h3>\n\t\t\t\t<\/div>\n\t\t\t\t<\/article>\n\t\t\t\t<article class=\"elementor-post elementor-grid-item post-16555 post type-post status-publish format-standard has-post-thumbnail hentry category-uncategorized\" role=\"listitem\">\n\t\t\t\t<a class=\"elementor-post__thumbnail__link\" href=\"https:\/\/tal.ch\/en\/hautbarriere-und-mikrobiom\/\" tabindex=\"-1\" >\n\t\t\t<div class=\"elementor-post__thumbnail\"><img loading=\"lazy\" decoding=\"async\" width=\"300\" height=\"200\" src=\"https:\/\/tal.ch\/wp-content\/uploads\/2026\/03\/Tal-Skincare-Hautbarriere-300x200.jpeg\" class=\"attachment-medium size-medium wp-image-16563\" alt=\"\" srcset=\"https:\/\/tal.ch\/wp-content\/uploads\/2026\/03\/Tal-Skincare-Hautbarriere-300x200.jpeg 300w, https:\/\/tal.ch\/wp-content\/uploads\/2026\/03\/Tal-Skincare-Hautbarriere-1024x683.jpeg 1024w, https:\/\/tal.ch\/wp-content\/uploads\/2026\/03\/Tal-Skincare-Hautbarriere-768x512.jpeg 768w, https:\/\/tal.ch\/wp-content\/uploads\/2026\/03\/Tal-Skincare-Hautbarriere-1536x1024.jpeg 1536w, https:\/\/tal.ch\/wp-content\/uploads\/2026\/03\/Tal-Skincare-Hautbarriere-2048x1365.jpeg 2048w, https:\/\/tal.ch\/wp-content\/uploads\/2026\/03\/Tal-Skincare-Hautbarriere-18x12.jpeg 18w, https:\/\/tal.ch\/wp-content\/uploads\/2026\/03\/Tal-Skincare-Hautbarriere-600x400.jpeg 600w\" sizes=\"(max-width: 300px) 100vw, 300px\" \/><\/div>\n\t\t<\/a>\n\t\t\t\t<div class=\"elementor-post__text\">\n\t\t\t\t<h3 class=\"elementor-post__title\">\n\t\t\t<a href=\"https:\/\/tal.ch\/en\/hautbarriere-und-mikrobiom\/\" >\n\t\t\t\tHautbarriere und Mikrobiom: Warum gesunde Haut bei ihrer Schutzschicht beginnt\t\t\t<\/a>\n\t\t<\/h3>\n\t\t\t\t<\/div>\n\t\t\t\t<\/article>\n\t\t\t\t<\/div>\n\t\t\n\t\t\t\t\t\t<\/div>\n\t\t\t\t<\/div>\n\t\t\t\t<\/div>\n\t\t<div class=\"elementor-element elementor-element-0d7b5b2 e-flex e-con-boxed wpr-particle-no wpr-jarallax-no wpr-parallax-no wpr-sticky-section-no wpr-equal-height-no e-con e-parent\" data-id=\"0d7b5b2\" data-element_type=\"container\" data-e-type=\"container\">\n\t\t\t\t\t<div class=\"e-con-inner\">\n\t\t\t\t<div class=\"elementor-element elementor-element-2e4ac9a elementor-widget elementor-widget-spacer\" data-id=\"2e4ac9a\" data-element_type=\"widget\" data-e-type=\"widget\" data-widget_type=\"spacer.default\">\n\t\t\t\t\t\t\t<div class=\"elementor-spacer\">\n\t\t\t<div class=\"elementor-spacer-inner\"><\/div>\n\t\t<\/div>\n\t\t\t\t\t\t<\/div>\n\t\t\t\t\t<\/div>\n\t\t\t\t<\/div>\n\t\t<div class=\"elementor-element elementor-element-18973d51 e-con-full e-flex wpr-particle-no wpr-jarallax-no wpr-parallax-no wpr-sticky-section-no wpr-equal-height-no e-con e-parent\" data-id=\"18973d51\" data-element_type=\"container\" data-e-type=\"container\" data-settings=\"{&quot;background_background&quot;:&quot;classic&quot;}\">\n\t\t\t\t<div class=\"elementor-element elementor-element-506ccb58 elementor-widget elementor-widget-heading\" data-id=\"506ccb58\" data-element_type=\"widget\" data-e-type=\"widget\" data-widget_type=\"heading.default\">\n\t\t\t\t\t<h1 class=\"elementor-heading-title elementor-size-default\">Abonniere unseren Newsletter<\/h1>\t\t\t\t<\/div>\n\t\t\t\t<div class=\"elementor-element elementor-element-dd7c575 elementor-hidden-desktop elementor-hidden-tablet elementor-widget elementor-widget-spacer\" data-id=\"dd7c575\" data-element_type=\"widget\" data-e-type=\"widget\" data-widget_type=\"spacer.default\">\n\t\t\t\t\t\t\t<div class=\"elementor-spacer\">\n\t\t\t<div class=\"elementor-spacer-inner\"><\/div>\n\t\t<\/div>\n\t\t\t\t\t\t<\/div>\n\t\t\t\t<div class=\"elementor-element elementor-element-381f92d1 elementor-widget elementor-widget-text-editor\" data-id=\"381f92d1\" data-element_type=\"widget\" data-e-type=\"widget\" data-widget_type=\"text-editor.default\">\n\t\t\t\t\t\t\t\t\t<p>Keine Neuigkeiten und News mehr verpassen.<\/p>\t\t\t\t\t\t\t\t<\/div>\n\t\t\t\t<div class=\"elementor-element elementor-element-22d0033b elementor-widget__width-initial elementor-widget-tablet__width-inherit elementor-button-align-stretch elementor-widget elementor-widget-form\" data-id=\"22d0033b\" data-element_type=\"widget\" data-e-type=\"widget\" data-settings=\"{&quot;step_next_label&quot;:&quot;N\\u00e4chster&quot;,&quot;step_previous_label&quot;:&quot;Voriger&quot;,&quot;button_width&quot;:&quot;20&quot;,&quot;button_width_tablet&quot;:&quot;50&quot;,&quot;step_type&quot;:&quot;number_text&quot;,&quot;step_icon_shape&quot;:&quot;circle&quot;}\" data-widget_type=\"form.default\">\n\t\t\t\t\t\t\t<form class=\"elementor-form\" method=\"post\" name=\"WorkShop\" aria-label=\"WorkShop\">\n\t\t\t<input type=\"hidden\" name=\"post_id\" value=\"14559\"\/>\n\t\t\t<input type=\"hidden\" name=\"form_id\" value=\"22d0033b\"\/>\n\t\t\t<input type=\"hidden\" name=\"referer_title\" value=\"Home - Tal\" \/>\n\n\t\t\t\t\t\t\t<input type=\"hidden\" name=\"queried_id\" value=\"14559\"\/>\n\t\t\t\n\t\t\t<div class=\"elementor-form-fields-wrapper elementor-labels-\">\n\t\t\t\t\t\t\t\t<div class=\"elementor-field-type-email elementor-field-group elementor-column elementor-field-group-email elementor-col-40 elementor-md-100 elementor-field-required\">\n\t\t\t\t\t\t\t\t\t\t\t\t<label for=\"form-field-email\" class=\"elementor-field-label elementor-screen-only\">\n\t\t\t\t\t\t\t\tEmail\t\t\t\t\t\t\t<\/label>\n\t\t\t\t\t\t\t\t\t\t\t\t\t\t<input size=\"1\" type=\"email\" name=\"form_fields[email]\" id=\"form-field-email\" class=\"elementor-field elementor-size-lg  elementor-field-textual\" placeholder=\"E-Mailadresse\" required=\"required\">\n\t\t\t\t\t\t\t\t\t\t\t<\/div>\n\t\t\t\t\t\t\t\t<div class=\"elementor-field-type-text elementor-field-group elementor-column elementor-field-group-field_238d59d elementor-col-40 elementor-md-100\">\n\t\t\t\t\t\t\t\t\t\t\t\t<label for=\"form-field-field_238d59d\" class=\"elementor-field-label elementor-screen-only\">\n\t\t\t\t\t\t\t\tName\t\t\t\t\t\t\t<\/label>\n\t\t\t\t\t\t\t\t\t\t\t\t\t\t<input size=\"1\" type=\"text\" name=\"form_fields[field_238d59d]\" id=\"form-field-field_238d59d\" class=\"elementor-field elementor-size-lg  elementor-field-textual\" placeholder=\"Name\">\n\t\t\t\t\t\t\t\t\t\t\t<\/div>\n\t\t\t\t\t\t\t\t<div class=\"elementor-field-group elementor-column elementor-field-type-submit elementor-col-20 e-form__buttons elementor-md-50\">\n\t\t\t\t\t<button class=\"elementor-button elementor-size-md elementor-animation-grow\" type=\"submit\">\n\t\t\t\t\t\t<span class=\"elementor-button-content-wrapper\">\n\t\t\t\t\t\t\t\t\t\t\t\t\t\t\t\t\t\t\t\t\t\t<span class=\"elementor-button-text\">Abonnieren<\/span>\n\t\t\t\t\t\t\t\t\t\t\t\t\t<\/span>\n\t\t\t\t\t<\/button>\n\t\t\t\t<\/div>\n\t\t\t<\/div>\n\t\t<\/form>\n\t\t\t\t\t\t<\/div>\n\t\t\t\t<\/div>\n\t\t<div class=\"elementor-element elementor-element-190b6a7 elementor-hidden-mobile elementor-hidden-tablet e-flex e-con-boxed wpr-particle-no wpr-jarallax-no wpr-parallax-no wpr-sticky-section-no wpr-equal-height-no e-con e-parent\" data-id=\"190b6a7\" data-element_type=\"container\" data-e-type=\"container\">\n\t\t\t\t\t<div class=\"e-con-inner\">\n\t\t\t\t<div class=\"elementor-element elementor-element-48a65d3 elementor-widget elementor-widget-spacer\" data-id=\"48a65d3\" data-element_type=\"widget\" data-e-type=\"widget\" data-widget_type=\"spacer.default\">\n\t\t\t\t\t\t\t<div class=\"elementor-spacer\">\n\t\t\t<div class=\"elementor-spacer-inner\"><\/div>\n\t\t<\/div>\n\t\t\t\t\t\t<\/div>\n\t\t\t\t\t<\/div>\n\t\t\t\t<\/div>\n\t\t\t\t<\/div>\n\t\t","protected":false},"excerpt":{"rendered":"<p>MED HAND CARE Find the right hand cream for your skin's needs: pure, effective and with natural Swiss ingredients. MED HAND CARE Find the right hand cream for your skin needs. pure, effective and with natural Swiss ingredients. MED FOOT CARE If you have dry or cracked feet, you will find the right foot cream here. MED FOOT CARE If you have dry or cracked feet, you will find the right foot cream here. ABSOLUTE FACE CARE Do you have dry, blemished or sensitive skin? Find your day care, night care and speciality care here. MED FACIAL CARE Do you have dry, blemished or sensitive skin? Find your day care, night care and speciality care here. Proven Swiss quality Tal is a family-run cosmetics brand from Graub\u00fcnden that has been synonymous with high-quality skin care products with scientifically proven effectiveness since 1975. Tal skin care products are developed in K\u00fcblis and produced in eastern Switzerland. The company is owner-managed in the second generation and is ISO 9001 : 2015 certified. Effectiveness The skin care products from Tal are highly effective and scientifically tested. Feel the difference on your skin. Purity Feel the purity on your skin. Thanks to the natural ingredients from Swiss nature. Without harmful ingredients, gentle on your skin. Long-lasting effect The unique long-lasting effect (Multi-Moist-Complex) ensures soft and smooth skin - all day long. Uniqueness The skin care products from Tal contain the best natural ingredients from Swiss nature. The formula developed in Graub\u00fcnden creates true skin wonders. No. 1 hand cream in pharmacies and drugstores https:\/\/tal.ch\/wp\/wp-content\/uploads\/2024\/07\/PARSENN_LV_VO_RENE_DE_MUSIK_VIADUCT.mp4 Tal is the number 1 hand cream in Swiss pharmacies and drugstores. Thousands of customers have trusted our Tal hand cream for many years. The tried and tested formula helps with a variety of skin needs. Be it dry, cracked skin, damaged and irritated skin or impure, sensitive skin. Why is Tal hand cream the number 1 in specialised retail? Because we are passionate about meeting the needs of our customers. Our specially developed formula is enriched with valuable ingredients that pamper and soften your skin. We rely on highly effective Swiss ingredients such as edelweiss, horsetail extract, grape seed oil and mountain spring water.  We have also relied on the expert advice of specialist staff in Swiss drugstores and pharmacies for many years. Who, if not the specialist staff, knows which hand cream should be used for which skin needs? We are therefore all the more pleased that these professionals love our hand cream and recommend it to their customers. See for yourself why our Tal hand cream is loved by so many. Tal is the number 1 hand cream in Swiss pharmacies and drugstores. Thousands of customers have trusted our Tal hand cream for many years. The proven formula helps with different skin needs. Be it dry, cracked skin, damaged and irritated skin or impure, sensitive skin. Why is Tal hand cream the number 1 in specialised retail? Because we are passionate about meeting the needs of our customers. Our specially developed formula is enriched with valuable ingredients that pamper and soften your skin. We rely on highly effective Swiss ingredients such as edelweiss, horsetail extract, grape seed oil and mountain spring water.  We have also relied on the expert advice of specialist staff in Swiss drugstores and pharmacies for many years. Who, if not the specialist staff, knows which hand cream should be used for which skin needs? We are therefore all the more pleased that these professionals love our hand cream and recommend it to their customers. See for yourself why our Tal hand cream is loved by so many. Recommended by professionals https:\/\/tal.ch\/wp\/wp-content\/uploads\/2024\/02\/Tal-MED-Repair-Empfehlung-von-Fiona-Heierli-Apothekerin-ETH.mp4 https:\/\/tal.ch\/wp\/wp-content\/uploads\/2024\/02\/Tal-MED-Dermatopic-Empfehlung-von-Barbara-Freiermuth-Drogistin-HF.mp4 https:\/\/tal.ch\/wp\/wp-content\/uploads\/2024\/02\/Tal-MED-Protect-Empfehlung-von-Angela-Winkler-Drogistin.mp4 Loved by customers Tal products are absolutely amazing! I have appreciated the long-term effect and the immediate help for chapped skin for many years and can only recommend them! Tanja C. from H.Customer My mother was already enthusiastic about the effect of Tal products. I share this enthusiasm and use Tal MED Repair Hand Cream every day. Anna S. from S.Customer As a man, I am not easily enthused by cosmetic products. But when my wife brought me a Tal foot cream from the weekly shop and I tested it for a few days, I was convinced by the product. Peter C. from V.Kunde Previous Next https:\/\/tal.ch\/wp\/wp-content\/uploads\/2024\/05\/Tal-Grand-Resort.mp4 Proven effectiveness Tal skin care products contain only plant extracts of the highest quality and proven effectiveness, combined with state-of-the-art science to create products of outstanding quality. This combination of nature and technology is part of the unique Tal formula that has been delighting customers in Switzerland for over 50 years. More and more dermatologists are recommending our products to their customers. This makes us proud and reinforces our commitment to offering high-quality, natural and effective skincare products at a fair price. Sustainability At Tal, sustainability is a central component of our actions and a driving force behind our mission. As an innovative family business from Graub\u00fcnden, we are committed to protecting our environment. Our actions are based on the environmentally friendly use of resources. That is why we source many of our natural ingredients directly from Switzerland. We minimise our ecological footprint through short transport routes and take regional suppliers into account. We firmly believe that beauty should not come at the expense of our environment. At Tal, we are committed to harmonising beauty and sustainability so that you can do good not only for your skin, but also for our planet. https:\/\/tal.ch\/wp\/wp-content\/uploads\/2024\/05\/Tal-Imagefilm.mp4 Why Tal? We are a cosmetics brand from Graub\u00fcnden that has been dedicated to and specialised in skincare since 1975. We firmly believe that healthy, beautiful skin leads to a better quality of life. We help you to feel more comfortable in your skin. Tal skincare contains many natural ingredients from Swiss nature and is produced in Switzerland. Transport distances are therefore short, which is good for the environment. We pay attention to environmental compatibility when manufacturing the products. Tal offers many skin care products for different skin needs and skin types. Tested effectiveness Tal skincare products contain only plant extracts of the highest quality and proven effectiveness, combined with the latest scientific knowledge to create products of outstanding quality. This combination of nature and technology is part of the unique Tal formula that has been delighting customers in Switzerland for over 50 years. More and more dermatologists are recommending<\/p>","protected":false},"author":1,"featured_media":0,"parent":0,"menu_order":29,"comment_status":"closed","ping_status":"closed","template":"","meta":{"footnotes":""},"tags":[],"class_list":["post-14559","page","type-page","status-publish","hentry"],"yoast_head":"<!-- This site is optimized with the Yoast SEO plugin v27.4 - https:\/\/yoast.com\/product\/yoast-seo-wordpress\/ -->\n<title>Home - Tal<\/title>\n<meta name=\"robots\" content=\"index, follow, max-snippet:-1, max-image-preview:large, max-video-preview:-1\" \/>\n<link rel=\"canonical\" href=\"https:\/\/tal.ch\/en\/home-3\/\" \/>\n<meta property=\"og:locale\" content=\"en_GB\" \/>\n<meta property=\"og:type\" content=\"article\" \/>\n<meta property=\"og:title\" content=\"Home - Tal\" \/>\n<meta property=\"og:description\" content=\"MED HANDPFLEGE Finden Sie die passende Handcreme f\u00fcr Ihr Hautbed\u00fcrfnis.Rein, wirkungsvoll und mit nat\u00fcrlichen Schweizer Inhaltsstoffen. MED HANDPFLEGE Finden Sie die passende Handcreme f\u00fcr Ihr Hautbed\u00fcrfnis.Rein, wirkungsvoll und mit nat\u00fcrlichen Schweizer Inhaltsstoffen. MED FUSSPFLEGE Haben Sie trockene oder rissige F\u00fcsse?Hier finden Sie die passende Fusscreme. MED FUSSPFLEGE Haben Sie trockene oder rissige F\u00fcsse?Hier finden Sie die passende Fusscreme. ABSOLUE GESICHTS\u00adPFLEGE Haben Sie trockene, unreine oder empfindliche Haut? Hier finden Sie Ihre Tagespflege, Nachtpflege und Spezialpflege. MED GESICHTS\u00adPFLEGE Haben Sie trockene, unreine oder empfindliche Haut? Hier finden Sie Ihre Tagespflege, Nachtpflege und Spezialpflege. Bew\u00e4hrte Schweizer Qualit\u00e4t Tal ist eine familiengef\u00fchrte Kosmetikmarke aus Graub\u00fcnden, die seit 1975 f\u00fcr qualitativ hochwertige Hautpflegeprodukte mit wissenschaftlich gepr\u00fcfter Wirksamkeit steht. Die Tal Hautpflege Produkte werden in K\u00fcblis entwickelt und in der Ostschweiz produziert. Die Unternehmung ist in zweiter Generation Inhabergef\u00fchrt und ist ISO 9001 : 2015 zertifiziert. Wirk&#038;shysamkeit Die Hautpflege Produkte von Tal sind hochwirksam und wissenschaftlich gepr\u00fcft. Sp\u00fcren Sie den Unterschied auf Ihrer Haut. Reinheit Sp\u00fcren Sie die Reinheit auf Ihrer Haut. Dank den nat\u00fcrlichen Inhaltsstoffen aus der Schweizer Natur. Ohne sch\u00e4dliche Inhaltsstoffe, sanft zu Ihrer Haut. Langzeit&#038;shywirkung Die einzigartige Langzeitwirkung (Multi-Moist-Complex) sorgt f\u00fcr weiche und zarte Haut &#8211; den ganzen Tag. Einzig&#038;shyartigkeit Die Hautpflege Produkte von Tal beinhalten die besten, nat\u00fcrlichen Inhaltstoffe aus der Schweizer Natur. Die in Graub\u00fcnden entwickelte Formel sorgt f\u00fcr wahre Hautwunder. Nr. 1 Handcreme in Apotheken und Drogerien https:\/\/tal.ch\/wp\/wp-content\/uploads\/2024\/07\/PARSENN_LV_VO_RENE_DE_MUSIK_VIADUCT.mp4 Tal ist die Nummer 1 Handcreme in Schweizer Apotheken und Drogerien. Seit vielen Jahren vertrauen tausende von Kundinnen und Kunden unserer Tal Handcreme. Vertrauen auch Sie darauf!Die bew\u00e4hrte Formel hilft bei unterschiedlichen Hautbed\u00fcrfnissen. Sei es bei trockener, rissiger Haut, bei gesch\u00e4digter und gereizter Haut oder bei unreiner, empfindlicher Haut. Warum ist die Tal Handcreme die Nummer 1 im Fachhandel? Weil wir uns leidenschaftlich daf\u00fcr einsetzen, die Bed\u00fcrfnisse unserer Kundinnen und Kunden zu erf\u00fcllen. Unsere speziell entwickelte Formel ist angereichert mit wertvollen Inhaltsstoffen, die Ihre Haut verw\u00f6hnen und geschmeidig machen. Dabei setzen wir auf hochwirksame, Schweizer Inhaltsstoffe, wie z.B. Edelweiss, Schachtelhalm-Extrakt, Traubenkern\u00f6l oder Bergquellwasser.\u00a0 Zudem setzen wir seit vielen Jahren auf die kompetente Beratung des Fachpersonals in den Schweizer Drogerien und Apotheken. Wer, wenn nicht das Fachpersonal, weiss, welche Handcreme f\u00fcr welches Hautbed\u00fcrfnis eingesetzt werden sollte. Daher freut es uns umso mehr, dass diese Fachkr\u00e4fte unsere Handcreme lieben und ihren Kunden weiterempfehlen. Erleben Sie selbst, warum unsere Tal Handcreme von so vielen geliebt wird. Tal ist die Nummer 1 Handcreme in Schweizer Apotheken und Drogerien. Seit vielen Jahren vertrauen tausende von Kundinnen und Kunden unserer Tal Handcreme. Vertrauen auch Sie darauf!Die bew\u00e4hrte Formel hilft bei unterschiedlichen Hautbed\u00fcrfnissen. Sei es bei trockener, rissiger Haut, bei gesch\u00e4digter und gereizter Haut oder bei unreiner, empfindlicher Haut. Warum ist die Tal Handcreme die Nummer 1 im Fachhandel? Weil wir uns leidenschaftlich daf\u00fcr einsetzen, die Bed\u00fcrfnisse unserer Kundinnen und Kunden zu erf\u00fcllen. Unsere speziell entwickelte Formel ist angereichert mit wertvollen Inhaltsstoffen, die Ihre Haut verw\u00f6hnen und geschmeidig machen. Dabei setzen wir auf hochwirksame, Schweizer Inhaltsstoffe, wie z.B. Edelweiss, Schachtelhalm-Extrakt, Traubenkern\u00f6l oder Bergquellwasser.\u00a0 Zudem setzen wir seit vielen Jahren auf die kompetente Beratung des Fachpersonals in den Schweizer Drogerien und Apotheken. Wer, wenn nicht das Fachpersonal, weiss, welche Handcreme f\u00fcr welches Hautbed\u00fcrfnis eingesetzt werden sollte. Daher freut es uns umso mehr, dass diese Fachkr\u00e4fte unsere Handcreme lieben und ihren Kunden weiterempfehlen. Erleben Sie selbst, warum unsere Tal Handcreme von so vielen geliebt wird. Vom Fachpersonal empfohlen https:\/\/tal.ch\/wp\/wp-content\/uploads\/2024\/02\/Tal-MED-Repair-Empfehlung-von-Fiona-Heierli-Apothekerin-ETH.mp4 https:\/\/tal.ch\/wp\/wp-content\/uploads\/2024\/02\/Tal-MED-Dermatopic-Empfehlung-von-Barbara-Freiermuth-Drogistin-HF.mp4 https:\/\/tal.ch\/wp\/wp-content\/uploads\/2024\/02\/Tal-MED-Protect-Empfehlung-von-Angela-Winkler-Drogistin.mp4 Von Kundinnen und Kunden geliebt Die Produkte von Tal sind der absolute Hammer! Die Langzeitwirkung und die sofortige Hilfe bei rissiger Haut sch\u00e4tze ich seit vielen Jahren und kann ich nur empfehlen! Tanja C. aus H.Kundin Bereits meine Mutter war von der Wirkung der Tal-Produkte begeistert. Diese Begeisterung teile ich und ich nutze t\u00e4glich die Tal MED Repair Handcreme von Tal. Anna S. aus S.Kundin Als Mann bin ich nicht so leicht von Kosmetikprodukten zu begeistern. Doch als meine Frau mir eine Tal Fusscreme vom Wocheneinkauf mitgebracht hat und ich diese \u00fcber einige Tage getestet habe, war ich vom Produkt \u00fcberzeugt. Peter C. aus V.Kunde Voriger N\u00e4chster https:\/\/tal.ch\/wp\/wp-content\/uploads\/2024\/05\/Tal-Grand-Resort.mp4 Gepr\u00fcfte Wirksamkeit Tal Hautpflege Produkte enthalten ausschliesslich Pflanzenextrakte von h\u00f6chster Qualit\u00e4t und gepr\u00fcfter Wirksamkeit, kombiniert mit dem neusten Stand der Wissenschaft, um Produkte von herausragender Qualit\u00e4t zu schaffen. Diese Kombination aus Natur und Technologie ist Teil der einzigartigen Tal-Formel, die seit \u00fcber 50 Jahren Kundinnen und Kunden in der Schweiz begeistern. Immer mehr Dermatologinnen und Dermatologen empfehlen Ihren Kunden unsere Produkte. Dies macht uns stolz und best\u00e4rkt uns in unserem Handeln, hochqualitativ, nat\u00fcrliche und wirksame Hautpflegeprodukte zu einem fairen Preis anzubieten. Nachhaltigkeit Bei Tal ist Nachhaltigkeit ein zentraler Bestandteil unseres Handelns und eine treibende Kraft hinter unserer Mission. Als innovative Familienunternehmung aus Graub\u00fcnden f\u00fchlen wir uns dem Schutz unserer Umwelt verpflichtet. Unser Handeln basiert auf einem umweltfreundlichen Umgang mit Ressourcen. Deshalb beziehen wir viele unserer nat\u00fcrlichen Inhaltsstoffe direkt aus der Schweiz. Durch kurze Transportwege minimieren wir unseren \u00f6kologischen Fussabdruck und ber\u00fccksichtigen dabei regionale Lieferanten. Wir glauben fest daran, dass Sch\u00f6nheit nicht auf Kosten unserer Umwelt gehen sollte. Bei Tal verpflichten wir uns, Sch\u00f6nheit und Nachhaltigkeit in Einklang zu bringen, damit Sie nicht nur Ihrer Haut, sondern auch unserem Planeten Gutes tun k\u00f6nnen. https:\/\/tal.ch\/wp\/wp-content\/uploads\/2024\/05\/Tal-Imagefilm.mp4 Warum Tal? Wir sind eine Kosmetikmarke aus Graub\u00fcnden, die sich seit dem Jahr 1975 der Hautpflege verschrieben und darauf spezialisiert hat. Wir sind der festen \u00dcberzeugung, dass eine gesunde, sch\u00f6ne Haut zu mehr Lebensqualit\u00e4t f\u00fchrt. Wir helfen Ihnen dabei, sich wohler in Ihrer Haut zu f\u00fchlen. Tal Hautpflege beinhaltet viele nat\u00fcrliche Inhaltsstoffe aus der Schweizer Natur und wird in der Schweiz produziert. Daher sind die Transportwege kurz, was die Umwelt schont. Bei der Herstellung der Produkte achten wir auf die Umweltvertr\u00e4glichkeit. Tal bietet viele Hautpflegeprodukte f\u00fcr unterschiedliche Hautbed\u00fcrfnisse und Hauttypen. Gepr\u00fcfte Wirksamkeit Tal Hautpflege Produkte enthalten ausschliesslich Pflanzenextrakte von h\u00f6chster Qualit\u00e4t und gepr\u00fcfter Wirksamkeit, kombiniert mit dem neusten Stand der Wissenschaft, um Produkte von herausragender Qualit\u00e4t zu schaffen. Diese Kombination aus Natur und Technologie ist Teil der einzigartigen Tal-Formel, die seit \u00fcber 50 Jahren Kundinnen und Kunden in der Schweiz begeistern. Immer mehr Dermatologinnen und Dermatologen empfehlen\" \/>\n<meta property=\"og:url\" content=\"https:\/\/tal.ch\/en\/home-3\/\" \/>\n<meta property=\"og:site_name\" content=\"Tal\" \/>\n<meta property=\"article:publisher\" content=\"https:\/\/www.facebook.com\/tal.schweiz\/\" \/>\n<meta property=\"article:modified_time\" content=\"2026-04-16T06:04:26+00:00\" \/>\n<meta property=\"og:image\" content=\"https:\/\/tal.ch\/wp-content\/uploads\/2024\/05\/familie.jpg\" \/>\n\t<meta property=\"og:image:width\" content=\"1200\" \/>\n\t<meta property=\"og:image:height\" content=\"800\" \/>\n\t<meta property=\"og:image:type\" content=\"image\/jpeg\" \/>\n<meta name=\"twitter:card\" content=\"summary_large_image\" \/>\n<meta name=\"twitter:label1\" content=\"Estimated reading time\" \/>\n\t<meta name=\"twitter:data1\" content=\"6 minutes\" \/>\n<script type=\"application\/ld+json\" class=\"yoast-schema-graph\">{\"@context\":\"https:\\\/\\\/schema.org\",\"@graph\":[{\"@type\":\"WebPage\",\"@id\":\"https:\\\/\\\/tal.ch\\\/home-3\\\/\",\"url\":\"https:\\\/\\\/tal.ch\\\/home-3\\\/\",\"name\":\"Home - Tal\",\"isPartOf\":{\"@id\":\"https:\\\/\\\/tal.ch\\\/#website\"},\"primaryImageOfPage\":{\"@id\":\"https:\\\/\\\/tal.ch\\\/home-3\\\/#primaryimage\"},\"image\":{\"@id\":\"https:\\\/\\\/tal.ch\\\/home-3\\\/#primaryimage\"},\"thumbnailUrl\":\"https:\\\/\\\/tal.ch\\\/wp-content\\\/uploads\\\/2024\\\/05\\\/familie-1024x683.jpg\",\"datePublished\":\"2024-12-03T08:21:50+00:00\",\"dateModified\":\"2026-04-16T06:04:26+00:00\",\"breadcrumb\":{\"@id\":\"https:\\\/\\\/tal.ch\\\/home-3\\\/#breadcrumb\"},\"inLanguage\":\"en-GB\",\"potentialAction\":[{\"@type\":\"ReadAction\",\"target\":[\"https:\\\/\\\/tal.ch\\\/home-3\\\/\"]}]},{\"@type\":\"ImageObject\",\"inLanguage\":\"en-GB\",\"@id\":\"https:\\\/\\\/tal.ch\\\/home-3\\\/#primaryimage\",\"url\":\"https:\\\/\\\/tal.ch\\\/wp-content\\\/uploads\\\/2024\\\/05\\\/familie-1024x683.jpg\",\"contentUrl\":\"https:\\\/\\\/tal.ch\\\/wp-content\\\/uploads\\\/2024\\\/05\\\/familie-1024x683.jpg\"},{\"@type\":\"BreadcrumbList\",\"@id\":\"https:\\\/\\\/tal.ch\\\/home-3\\\/#breadcrumb\",\"itemListElement\":[{\"@type\":\"ListItem\",\"position\":1,\"name\":\"Startseite\",\"item\":\"https:\\\/\\\/tal.ch\\\/\"},{\"@type\":\"ListItem\",\"position\":2,\"name\":\"Home\"}]},{\"@type\":\"WebSite\",\"@id\":\"https:\\\/\\\/tal.ch\\\/#website\",\"url\":\"https:\\\/\\\/tal.ch\\\/\",\"name\":\"Tal\",\"description\":\"Pflanzenextrakte von h\u00f6chster Qualit\u00e4t\",\"publisher\":{\"@id\":\"https:\\\/\\\/tal.ch\\\/#organization\"},\"potentialAction\":[{\"@type\":\"SearchAction\",\"target\":{\"@type\":\"EntryPoint\",\"urlTemplate\":\"https:\\\/\\\/tal.ch\\\/?s={search_term_string}\"},\"query-input\":{\"@type\":\"PropertyValueSpecification\",\"valueRequired\":true,\"valueName\":\"search_term_string\"}}],\"inLanguage\":\"en-GB\"},{\"@type\":\"Organization\",\"@id\":\"https:\\\/\\\/tal.ch\\\/#organization\",\"name\":\"Tal\",\"url\":\"https:\\\/\\\/tal.ch\\\/\",\"logo\":{\"@type\":\"ImageObject\",\"inLanguage\":\"en-GB\",\"@id\":\"https:\\\/\\\/tal.ch\\\/#\\\/schema\\\/logo\\\/image\\\/\",\"url\":\"https:\\\/\\\/tal.ch\\\/wp-content\\\/uploads\\\/2024\\\/02\\\/Logo-Tal.png\",\"contentUrl\":\"https:\\\/\\\/tal.ch\\\/wp-content\\\/uploads\\\/2024\\\/02\\\/Logo-Tal.png\",\"width\":100,\"height\":157,\"caption\":\"Tal\"},\"image\":{\"@id\":\"https:\\\/\\\/tal.ch\\\/#\\\/schema\\\/logo\\\/image\\\/\"},\"sameAs\":[\"https:\\\/\\\/www.facebook.com\\\/tal.schweiz\\\/\"]}]}<\/script>\n<!-- \/ Yoast SEO plugin. -->","yoast_head_json":{"title":"Home - Valley","robots":{"index":"index","follow":"follow","max-snippet":"max-snippet:-1","max-image-preview":"max-image-preview:large","max-video-preview":"max-video-preview:-1"},"canonical":"https:\/\/tal.ch\/en\/home-3\/","og_locale":"en_GB","og_type":"article","og_title":"Home - Tal","og_description":"MED HANDPFLEGE Finden Sie die passende Handcreme f\u00fcr Ihr Hautbed\u00fcrfnis.Rein, wirkungsvoll und mit nat\u00fcrlichen Schweizer Inhaltsstoffen. MED HANDPFLEGE Finden Sie die passende Handcreme f\u00fcr Ihr Hautbed\u00fcrfnis.Rein, wirkungsvoll und mit nat\u00fcrlichen Schweizer Inhaltsstoffen. MED FUSSPFLEGE Haben Sie trockene oder rissige F\u00fcsse?Hier finden Sie die passende Fusscreme. MED FUSSPFLEGE Haben Sie trockene oder rissige F\u00fcsse?Hier finden Sie die passende Fusscreme. ABSOLUE GESICHTS\u00adPFLEGE Haben Sie trockene, unreine oder empfindliche Haut? Hier finden Sie Ihre Tagespflege, Nachtpflege und Spezialpflege. MED GESICHTS\u00adPFLEGE Haben Sie trockene, unreine oder empfindliche Haut? Hier finden Sie Ihre Tagespflege, Nachtpflege und Spezialpflege. Bew\u00e4hrte Schweizer Qualit\u00e4t Tal ist eine familiengef\u00fchrte Kosmetikmarke aus Graub\u00fcnden, die seit 1975 f\u00fcr qualitativ hochwertige Hautpflegeprodukte mit wissenschaftlich gepr\u00fcfter Wirksamkeit steht. Die Tal Hautpflege Produkte werden in K\u00fcblis entwickelt und in der Ostschweiz produziert. Die Unternehmung ist in zweiter Generation Inhabergef\u00fchrt und ist ISO 9001 : 2015 zertifiziert. Wirk&#038;shysamkeit Die Hautpflege Produkte von Tal sind hochwirksam und wissenschaftlich gepr\u00fcft. Sp\u00fcren Sie den Unterschied auf Ihrer Haut. Reinheit Sp\u00fcren Sie die Reinheit auf Ihrer Haut. Dank den nat\u00fcrlichen Inhaltsstoffen aus der Schweizer Natur. Ohne sch\u00e4dliche Inhaltsstoffe, sanft zu Ihrer Haut. Langzeit&#038;shywirkung Die einzigartige Langzeitwirkung (Multi-Moist-Complex) sorgt f\u00fcr weiche und zarte Haut &#8211; den ganzen Tag. Einzig&#038;shyartigkeit Die Hautpflege Produkte von Tal beinhalten die besten, nat\u00fcrlichen Inhaltstoffe aus der Schweizer Natur. Die in Graub\u00fcnden entwickelte Formel sorgt f\u00fcr wahre Hautwunder. Nr. 1 Handcreme in Apotheken und Drogerien https:\/\/tal.ch\/wp\/wp-content\/uploads\/2024\/07\/PARSENN_LV_VO_RENE_DE_MUSIK_VIADUCT.mp4 Tal ist die Nummer 1 Handcreme in Schweizer Apotheken und Drogerien. Seit vielen Jahren vertrauen tausende von Kundinnen und Kunden unserer Tal Handcreme. Vertrauen auch Sie darauf!Die bew\u00e4hrte Formel hilft bei unterschiedlichen Hautbed\u00fcrfnissen. Sei es bei trockener, rissiger Haut, bei gesch\u00e4digter und gereizter Haut oder bei unreiner, empfindlicher Haut. Warum ist die Tal Handcreme die Nummer 1 im Fachhandel? Weil wir uns leidenschaftlich daf\u00fcr einsetzen, die Bed\u00fcrfnisse unserer Kundinnen und Kunden zu erf\u00fcllen. Unsere speziell entwickelte Formel ist angereichert mit wertvollen Inhaltsstoffen, die Ihre Haut verw\u00f6hnen und geschmeidig machen. Dabei setzen wir auf hochwirksame, Schweizer Inhaltsstoffe, wie z.B. Edelweiss, Schachtelhalm-Extrakt, Traubenkern\u00f6l oder Bergquellwasser.\u00a0 Zudem setzen wir seit vielen Jahren auf die kompetente Beratung des Fachpersonals in den Schweizer Drogerien und Apotheken. Wer, wenn nicht das Fachpersonal, weiss, welche Handcreme f\u00fcr welches Hautbed\u00fcrfnis eingesetzt werden sollte. Daher freut es uns umso mehr, dass diese Fachkr\u00e4fte unsere Handcreme lieben und ihren Kunden weiterempfehlen. Erleben Sie selbst, warum unsere Tal Handcreme von so vielen geliebt wird. Tal ist die Nummer 1 Handcreme in Schweizer Apotheken und Drogerien. Seit vielen Jahren vertrauen tausende von Kundinnen und Kunden unserer Tal Handcreme. Vertrauen auch Sie darauf!Die bew\u00e4hrte Formel hilft bei unterschiedlichen Hautbed\u00fcrfnissen. Sei es bei trockener, rissiger Haut, bei gesch\u00e4digter und gereizter Haut oder bei unreiner, empfindlicher Haut. Warum ist die Tal Handcreme die Nummer 1 im Fachhandel? Weil wir uns leidenschaftlich daf\u00fcr einsetzen, die Bed\u00fcrfnisse unserer Kundinnen und Kunden zu erf\u00fcllen. Unsere speziell entwickelte Formel ist angereichert mit wertvollen Inhaltsstoffen, die Ihre Haut verw\u00f6hnen und geschmeidig machen. Dabei setzen wir auf hochwirksame, Schweizer Inhaltsstoffe, wie z.B. Edelweiss, Schachtelhalm-Extrakt, Traubenkern\u00f6l oder Bergquellwasser.\u00a0 Zudem setzen wir seit vielen Jahren auf die kompetente Beratung des Fachpersonals in den Schweizer Drogerien und Apotheken. Wer, wenn nicht das Fachpersonal, weiss, welche Handcreme f\u00fcr welches Hautbed\u00fcrfnis eingesetzt werden sollte. Daher freut es uns umso mehr, dass diese Fachkr\u00e4fte unsere Handcreme lieben und ihren Kunden weiterempfehlen. Erleben Sie selbst, warum unsere Tal Handcreme von so vielen geliebt wird. Vom Fachpersonal empfohlen https:\/\/tal.ch\/wp\/wp-content\/uploads\/2024\/02\/Tal-MED-Repair-Empfehlung-von-Fiona-Heierli-Apothekerin-ETH.mp4 https:\/\/tal.ch\/wp\/wp-content\/uploads\/2024\/02\/Tal-MED-Dermatopic-Empfehlung-von-Barbara-Freiermuth-Drogistin-HF.mp4 https:\/\/tal.ch\/wp\/wp-content\/uploads\/2024\/02\/Tal-MED-Protect-Empfehlung-von-Angela-Winkler-Drogistin.mp4 Von Kundinnen und Kunden geliebt Die Produkte von Tal sind der absolute Hammer! Die Langzeitwirkung und die sofortige Hilfe bei rissiger Haut sch\u00e4tze ich seit vielen Jahren und kann ich nur empfehlen! Tanja C. aus H.Kundin Bereits meine Mutter war von der Wirkung der Tal-Produkte begeistert. Diese Begeisterung teile ich und ich nutze t\u00e4glich die Tal MED Repair Handcreme von Tal. Anna S. aus S.Kundin Als Mann bin ich nicht so leicht von Kosmetikprodukten zu begeistern. Doch als meine Frau mir eine Tal Fusscreme vom Wocheneinkauf mitgebracht hat und ich diese \u00fcber einige Tage getestet habe, war ich vom Produkt \u00fcberzeugt. Peter C. aus V.Kunde Voriger N\u00e4chster https:\/\/tal.ch\/wp\/wp-content\/uploads\/2024\/05\/Tal-Grand-Resort.mp4 Gepr\u00fcfte Wirksamkeit Tal Hautpflege Produkte enthalten ausschliesslich Pflanzenextrakte von h\u00f6chster Qualit\u00e4t und gepr\u00fcfter Wirksamkeit, kombiniert mit dem neusten Stand der Wissenschaft, um Produkte von herausragender Qualit\u00e4t zu schaffen. Diese Kombination aus Natur und Technologie ist Teil der einzigartigen Tal-Formel, die seit \u00fcber 50 Jahren Kundinnen und Kunden in der Schweiz begeistern. Immer mehr Dermatologinnen und Dermatologen empfehlen Ihren Kunden unsere Produkte. Dies macht uns stolz und best\u00e4rkt uns in unserem Handeln, hochqualitativ, nat\u00fcrliche und wirksame Hautpflegeprodukte zu einem fairen Preis anzubieten. Nachhaltigkeit Bei Tal ist Nachhaltigkeit ein zentraler Bestandteil unseres Handelns und eine treibende Kraft hinter unserer Mission. Als innovative Familienunternehmung aus Graub\u00fcnden f\u00fchlen wir uns dem Schutz unserer Umwelt verpflichtet. Unser Handeln basiert auf einem umweltfreundlichen Umgang mit Ressourcen. Deshalb beziehen wir viele unserer nat\u00fcrlichen Inhaltsstoffe direkt aus der Schweiz. Durch kurze Transportwege minimieren wir unseren \u00f6kologischen Fussabdruck und ber\u00fccksichtigen dabei regionale Lieferanten. Wir glauben fest daran, dass Sch\u00f6nheit nicht auf Kosten unserer Umwelt gehen sollte. Bei Tal verpflichten wir uns, Sch\u00f6nheit und Nachhaltigkeit in Einklang zu bringen, damit Sie nicht nur Ihrer Haut, sondern auch unserem Planeten Gutes tun k\u00f6nnen. https:\/\/tal.ch\/wp\/wp-content\/uploads\/2024\/05\/Tal-Imagefilm.mp4 Warum Tal? Wir sind eine Kosmetikmarke aus Graub\u00fcnden, die sich seit dem Jahr 1975 der Hautpflege verschrieben und darauf spezialisiert hat. Wir sind der festen \u00dcberzeugung, dass eine gesunde, sch\u00f6ne Haut zu mehr Lebensqualit\u00e4t f\u00fchrt. Wir helfen Ihnen dabei, sich wohler in Ihrer Haut zu f\u00fchlen. Tal Hautpflege beinhaltet viele nat\u00fcrliche Inhaltsstoffe aus der Schweizer Natur und wird in der Schweiz produziert. Daher sind die Transportwege kurz, was die Umwelt schont. Bei der Herstellung der Produkte achten wir auf die Umweltvertr\u00e4glichkeit. Tal bietet viele Hautpflegeprodukte f\u00fcr unterschiedliche Hautbed\u00fcrfnisse und Hauttypen. Gepr\u00fcfte Wirksamkeit Tal Hautpflege Produkte enthalten ausschliesslich Pflanzenextrakte von h\u00f6chster Qualit\u00e4t und gepr\u00fcfter Wirksamkeit, kombiniert mit dem neusten Stand der Wissenschaft, um Produkte von herausragender Qualit\u00e4t zu schaffen. Diese Kombination aus Natur und Technologie ist Teil der einzigartigen Tal-Formel, die seit \u00fcber 50 Jahren Kundinnen und Kunden in der Schweiz begeistern. Immer mehr Dermatologinnen und Dermatologen empfehlen","og_url":"https:\/\/tal.ch\/en\/home-3\/","og_site_name":"Tal","article_publisher":"https:\/\/www.facebook.com\/tal.schweiz\/","article_modified_time":"2026-04-16T06:04:26+00:00","og_image":[{"width":1200,"height":800,"url":"https:\/\/tal.ch\/wp-content\/uploads\/2024\/05\/familie.jpg","type":"image\/jpeg"}],"twitter_card":"summary_large_image","twitter_misc":{"Estimated reading time":"6 minutes"},"schema":{"@context":"https:\/\/schema.org","@graph":[{"@type":"WebPage","@id":"https:\/\/tal.ch\/home-3\/","url":"https:\/\/tal.ch\/home-3\/","name":"Home - Valley","isPartOf":{"@id":"https:\/\/tal.ch\/#website"},"primaryImageOfPage":{"@id":"https:\/\/tal.ch\/home-3\/#primaryimage"},"image":{"@id":"https:\/\/tal.ch\/home-3\/#primaryimage"},"thumbnailUrl":"https:\/\/tal.ch\/wp-content\/uploads\/2024\/05\/familie-1024x683.jpg","datePublished":"2024-12-03T08:21:50+00:00","dateModified":"2026-04-16T06:04:26+00:00","breadcrumb":{"@id":"https:\/\/tal.ch\/home-3\/#breadcrumb"},"inLanguage":"en-GB","potentialAction":[{"@type":"ReadAction","target":["https:\/\/tal.ch\/home-3\/"]}]},{"@type":"ImageObject","inLanguage":"en-GB","@id":"https:\/\/tal.ch\/home-3\/#primaryimage","url":"https:\/\/tal.ch\/wp-content\/uploads\/2024\/05\/familie-1024x683.jpg","contentUrl":"https:\/\/tal.ch\/wp-content\/uploads\/2024\/05\/familie-1024x683.jpg"},{"@type":"BreadcrumbList","@id":"https:\/\/tal.ch\/home-3\/#breadcrumb","itemListElement":[{"@type":"ListItem","position":1,"name":"Startseite","item":"https:\/\/tal.ch\/"},{"@type":"ListItem","position":2,"name":"Home"}]},{"@type":"WebSite","@id":"https:\/\/tal.ch\/#website","url":"https:\/\/tal.ch\/","name":"Valley","description":"Plant extracts of the highest quality","publisher":{"@id":"https:\/\/tal.ch\/#organization"},"potentialAction":[{"@type":"SearchAction","target":{"@type":"EntryPoint","urlTemplate":"https:\/\/tal.ch\/?s={search_term_string}"},"query-input":{"@type":"PropertyValueSpecification","valueRequired":true,"valueName":"search_term_string"}}],"inLanguage":"en-GB"},{"@type":"Organization","@id":"https:\/\/tal.ch\/#organization","name":"Valley","url":"https:\/\/tal.ch\/","logo":{"@type":"ImageObject","inLanguage":"en-GB","@id":"https:\/\/tal.ch\/#\/schema\/logo\/image\/","url":"https:\/\/tal.ch\/wp-content\/uploads\/2024\/02\/Logo-Tal.png","contentUrl":"https:\/\/tal.ch\/wp-content\/uploads\/2024\/02\/Logo-Tal.png","width":100,"height":157,"caption":"Tal"},"image":{"@id":"https:\/\/tal.ch\/#\/schema\/logo\/image\/"},"sameAs":["https:\/\/www.facebook.com\/tal.schweiz\/"]}]}},"_links":{"self":[{"href":"https:\/\/tal.ch\/en\/wp-json\/wp\/v2\/pages\/14559","targetHints":{"allow":["GET"]}}],"collection":[{"href":"https:\/\/tal.ch\/en\/wp-json\/wp\/v2\/pages"}],"about":[{"href":"https:\/\/tal.ch\/en\/wp-json\/wp\/v2\/types\/page"}],"author":[{"embeddable":true,"href":"https:\/\/tal.ch\/en\/wp-json\/wp\/v2\/users\/1"}],"replies":[{"embeddable":true,"href":"https:\/\/tal.ch\/en\/wp-json\/wp\/v2\/comments?post=14559"}],"version-history":[{"count":6,"href":"https:\/\/tal.ch\/en\/wp-json\/wp\/v2\/pages\/14559\/revisions"}],"predecessor-version":[{"id":14735,"href":"https:\/\/tal.ch\/en\/wp-json\/wp\/v2\/pages\/14559\/revisions\/14735"}],"wp:attachment":[{"href":"https:\/\/tal.ch\/en\/wp-json\/wp\/v2\/media?parent=14559"}],"wp:term":[{"taxonomy":"post_tag","embeddable":true,"href":"https:\/\/tal.ch\/en\/wp-json\/wp\/v2\/tags?post=14559"}],"curies":[{"name":"wp","href":"https:\/\/api.w.org\/{rel}","templated":true}]}}