{"id":15515,"date":"2025-04-01T09:38:49","date_gmt":"2025-04-01T09:38:49","guid":{"rendered":"https:\/\/tal.ch\/?page_id=15515"},"modified":"2026-04-16T06:04:33","modified_gmt":"2026-04-16T06:04:33","slug":"patrick-buchs","status":"publish","type":"page","link":"https:\/\/tal.ch\/en\/patrick-buchs\/","title":{"rendered":"Patrick Buchs"},"content":{"rendered":"<div data-elementor-type=\"wp-page\" data-elementor-id=\"15515\" class=\"elementor elementor-15515\" data-elementor-post-type=\"page\">\n\t\t\t\t<div class=\"elementor-element elementor-element-5c9a351 e-flex e-con-boxed wpr-particle-no wpr-jarallax-no wpr-parallax-no wpr-sticky-section-no wpr-equal-height-no e-con e-parent\" data-id=\"5c9a351\" data-element_type=\"container\" data-e-type=\"container\">\n\t\t\t\t\t<div class=\"e-con-inner\">\n\t\t\t\t<div class=\"elementor-element elementor-element-ea767c1 elementor-widget elementor-widget-spacer\" data-id=\"ea767c1\" data-element_type=\"widget\" data-e-type=\"widget\" data-widget_type=\"spacer.default\">\n\t\t\t\t\t\t\t<div class=\"elementor-spacer\">\n\t\t\t<div class=\"elementor-spacer-inner\"><\/div>\n\t\t<\/div>\n\t\t\t\t\t\t<\/div>\n\t\t\t\t\t<\/div>\n\t\t\t\t<\/div>\n\t\t<div class=\"elementor-element elementor-element-1cd01fa e-flex e-con-boxed wpr-particle-no wpr-jarallax-no wpr-parallax-no wpr-sticky-section-no wpr-equal-height-no e-con e-parent\" data-id=\"1cd01fa\" data-element_type=\"container\" data-e-type=\"container\">\n\t\t\t\t\t<div class=\"e-con-inner\">\n\t\t<div class=\"elementor-element elementor-element-8f9b0ae e-con-full e-flex wpr-particle-no wpr-jarallax-no wpr-parallax-no wpr-sticky-section-no wpr-equal-height-no e-con e-child\" data-id=\"8f9b0ae\" data-element_type=\"container\" data-e-type=\"container\">\n\t\t\t\t<div class=\"elementor-element elementor-element-5bb9304 elementor-widget elementor-widget-image\" data-id=\"5bb9304\" data-element_type=\"widget\" data-e-type=\"widget\" data-widget_type=\"image.default\">\n\t\t\t\t\t\t\t\t\t\t\t\t\t\t\t<img fetchpriority=\"high\" decoding=\"async\" width=\"500\" height=\"600\" src=\"https:\/\/tal.ch\/wp-content\/uploads\/2025\/04\/08-Buchs-Patrick-203-500-x-600.png\" class=\"attachment-full size-full wp-image-15530\" alt=\"\" srcset=\"https:\/\/tal.ch\/wp-content\/uploads\/2025\/04\/08-Buchs-Patrick-203-500-x-600.png 500w, https:\/\/tal.ch\/wp-content\/uploads\/2025\/04\/08-Buchs-Patrick-203-500-x-600-250x300.png 250w, https:\/\/tal.ch\/wp-content\/uploads\/2025\/04\/08-Buchs-Patrick-203-500-x-600-10x12.png 10w\" sizes=\"(max-width: 500px) 100vw, 500px\" \/>\t\t\t\t\t\t\t\t\t\t\t\t\t\t\t<\/div>\n\t\t\t\t<div class=\"elementor-element elementor-element-8c46fbd elementor-widget elementor-widget-text-editor\" data-id=\"8c46fbd\" data-element_type=\"widget\" data-e-type=\"widget\" data-widget_type=\"text-editor.default\">\n\t\t\t\t\t\t\t\t\t<p><strong>Patrick Buchs<br \/><\/strong><span style=\"text-align: var(--text-align); font-size: 1rem;\">Swiss certified chemist HF, owner<\/span><\/p><p><a href=\"https:\/\/falkendrogerie.ch\/\" target=\"_blank\" rel=\"noopener\">Falken drugstore St. Gallen<\/a><\/p>\t\t\t\t\t\t\t\t<\/div>\n\t\t\t\t<\/div>\n\t\t<div class=\"elementor-element elementor-element-4908ee0 e-con-full e-flex wpr-particle-no wpr-jarallax-no wpr-parallax-no wpr-sticky-section-no wpr-equal-height-no e-con e-child\" data-id=\"4908ee0\" data-element_type=\"container\" data-e-type=\"container\">\n\t\t\t\t<div class=\"elementor-element elementor-element-575dab5 elementor-widget elementor-widget-text-editor\" data-id=\"575dab5\" data-element_type=\"widget\" data-e-type=\"widget\" data-widget_type=\"text-editor.default\">\n\t\t\t\t\t\t\t\t\t<p><strong>What do you think Tal stands for?<\/strong><br>For me, Tal stands for Swiss cosmetic products from a traditional family business in Graub\u00fcnden. I have known the brand since my apprenticeship and value it as a reliable partner for high-quality care products.<\/p>\n<p><strong>What do you think makes Tal special?<\/strong><br>What I particularly like about Tal is the fine fragrance and the excellent quality of the products. You immediately realise that experience and care have gone into every formulation.<\/p>\n<p><strong>Which valley product is working particularly well for you?<\/strong><br>The small, handy 30ml tube of Tal hand cream works particularly well for us - it fits in any handbag or sports bag and is the perfect companion for travelling.<\/p>\n<p><strong>What feedback do you receive from your customers about Tal products?<\/strong><br>Our customers particularly praise the fact that Tal Hand Cream is quickly absorbed without being greasy and provides excellent care even for chapped skin.<\/p>\t\t\t\t\t\t\t\t<\/div>\n\t\t\t\t<\/div>\n\t\t\t\t\t<\/div>\n\t\t\t\t<\/div>\n\t\t<div class=\"elementor-element elementor-element-8610fe4 e-flex e-con-boxed wpr-particle-no wpr-jarallax-no wpr-parallax-no wpr-sticky-section-no wpr-equal-height-no e-con e-parent\" data-id=\"8610fe4\" data-element_type=\"container\" data-e-type=\"container\">\n\t\t\t\t\t<div class=\"e-con-inner\">\n\t\t\t\t<div class=\"elementor-element elementor-element-e8aa85f elementor-widget elementor-widget-spacer\" data-id=\"e8aa85f\" data-element_type=\"widget\" data-e-type=\"widget\" data-widget_type=\"spacer.default\">\n\t\t\t\t\t\t\t<div class=\"elementor-spacer\">\n\t\t\t<div class=\"elementor-spacer-inner\"><\/div>\n\t\t<\/div>\n\t\t\t\t\t\t<\/div>\n\t\t\t\t\t<\/div>\n\t\t\t\t<\/div>\n\t\t\t\t<\/div>","protected":false},"excerpt":{"rendered":"<p>Patrick BuchsFederally qualified chemist HF, owner of Falken Drogerie St. Gallen What do you think Tal stands for? For me, Tal stands for Swiss cosmetic products from a traditional family business in Graub\u00fcnden. I have known the brand since my apprenticeship and value it as a reliable partner for high-quality skincare products. What do you think makes Tal special? What I particularly like about Tal is the fine fragrance and the excellent quality of the products. You immediately realise that experience and care have gone into every formulation. Which Tal product works particularly well for you? The small, handy 30ml tube of Tal hand cream works particularly well for us - it fits in any handbag or sports bag and is the perfect companion for travelling. What feedback do you get from your customers about Tal products? Our customers particularly praise the fact that Tal hand cream is quickly absorbed without being greasy and provides excellent care even for chapped skin.<\/p>","protected":false},"author":2,"featured_media":0,"parent":0,"menu_order":41,"comment_status":"closed","ping_status":"closed","template":"elementor_header_footer","meta":{"footnotes":""},"tags":[],"class_list":["post-15515","page","type-page","status-publish","hentry"],"yoast_head":"<!-- This site is optimized with the Yoast SEO plugin v27.4 - https:\/\/yoast.com\/product\/yoast-seo-wordpress\/ -->\n<title>Patrick Buchs - Tal<\/title>\n<meta name=\"robots\" content=\"index, follow, max-snippet:-1, max-image-preview:large, max-video-preview:-1\" \/>\n<link rel=\"canonical\" href=\"https:\/\/tal.ch\/en\/patrick-buchs\/\" \/>\n<meta property=\"og:locale\" content=\"en_GB\" \/>\n<meta property=\"og:type\" content=\"article\" \/>\n<meta property=\"og:title\" content=\"Patrick Buchs - Tal\" \/>\n<meta property=\"og:description\" content=\"Patrick BuchsEidg. Dipl. Drogist HF, Inhaber Falken Drogerie St. Gallen Wof\u00fcr steht Tal Ihrer Meinung nach?Tal steht f\u00fcr mich f\u00fcr Schweizer Kosmetikprodukte aus einem traditionsreichen Familienbetrieb im B\u00fcndnerland. Ich kenne die Marke bereits seit meiner Lehrzeit und sch\u00e4tze sie als verl\u00e4sslichen Partner f\u00fcr hochwertige Pflegeprodukte. Was macht Tal Ihrer Meinung nach besonders?Besonders begeistert mich an Tal der feine Duft und die ausgezeichnete Qualit\u00e4t der Produkte. Man merkt sofort, dass hier Erfahrung und Sorgfalt in jeder Formulierung stecken. Welches Tal-Produkt l\u00e4uft bei Ihnen besonders gut?Bei uns l\u00e4uft die kleine, handliche 30ml-Tube der Tal Handcreme besonders gut \u2013 sie passt in jede Hand- oder Sporttasche und ist der perfekte Begleiter f\u00fcr unterwegs. Welche R\u00fcckmeldungen erhalten Sie von Ihren Kundinnen und Kunden zu Tal-Produkten?Unsere Kundinnen und Kunden loben vor allem, dass die Tal Handcreme schnell einzieht, ohne zu fetten, und selbst bei rissiger Haut hervorragende Pflege bietet.\" \/>\n<meta property=\"og:url\" content=\"https:\/\/tal.ch\/en\/patrick-buchs\/\" \/>\n<meta property=\"og:site_name\" content=\"Tal\" \/>\n<meta property=\"article:publisher\" content=\"https:\/\/www.facebook.com\/tal.schweiz\/\" \/>\n<meta property=\"article:modified_time\" content=\"2026-04-16T06:04:33+00:00\" \/>\n<meta property=\"og:image\" content=\"https:\/\/tal.ch\/wp-content\/uploads\/2025\/04\/08-Buchs-Patrick-203-500-x-600.png\" \/>\n\t<meta property=\"og:image:width\" content=\"500\" \/>\n\t<meta property=\"og:image:height\" content=\"600\" \/>\n\t<meta property=\"og:image:type\" content=\"image\/png\" \/>\n<meta name=\"twitter:card\" content=\"summary_large_image\" \/>\n<meta name=\"twitter:label1\" content=\"Estimated reading time\" \/>\n\t<meta name=\"twitter:data1\" content=\"2 minutes\" \/>\n<script type=\"application\/ld+json\" class=\"yoast-schema-graph\">{\"@context\":\"https:\\\/\\\/schema.org\",\"@graph\":[{\"@type\":\"WebPage\",\"@id\":\"https:\\\/\\\/tal.ch\\\/patrick-buchs\\\/\",\"url\":\"https:\\\/\\\/tal.ch\\\/patrick-buchs\\\/\",\"name\":\"Patrick Buchs - Tal\",\"isPartOf\":{\"@id\":\"https:\\\/\\\/tal.ch\\\/#website\"},\"primaryImageOfPage\":{\"@id\":\"https:\\\/\\\/tal.ch\\\/patrick-buchs\\\/#primaryimage\"},\"image\":{\"@id\":\"https:\\\/\\\/tal.ch\\\/patrick-buchs\\\/#primaryimage\"},\"thumbnailUrl\":\"https:\\\/\\\/tal.ch\\\/wp-content\\\/uploads\\\/2025\\\/04\\\/08-Buchs-Patrick-203-500-x-600.png\",\"datePublished\":\"2025-04-01T09:38:49+00:00\",\"dateModified\":\"2026-04-16T06:04:33+00:00\",\"breadcrumb\":{\"@id\":\"https:\\\/\\\/tal.ch\\\/patrick-buchs\\\/#breadcrumb\"},\"inLanguage\":\"en-GB\",\"potentialAction\":[{\"@type\":\"ReadAction\",\"target\":[\"https:\\\/\\\/tal.ch\\\/patrick-buchs\\\/\"]}]},{\"@type\":\"ImageObject\",\"inLanguage\":\"en-GB\",\"@id\":\"https:\\\/\\\/tal.ch\\\/patrick-buchs\\\/#primaryimage\",\"url\":\"https:\\\/\\\/tal.ch\\\/wp-content\\\/uploads\\\/2025\\\/04\\\/08-Buchs-Patrick-203-500-x-600.png\",\"contentUrl\":\"https:\\\/\\\/tal.ch\\\/wp-content\\\/uploads\\\/2025\\\/04\\\/08-Buchs-Patrick-203-500-x-600.png\"},{\"@type\":\"BreadcrumbList\",\"@id\":\"https:\\\/\\\/tal.ch\\\/patrick-buchs\\\/#breadcrumb\",\"itemListElement\":[{\"@type\":\"ListItem\",\"position\":1,\"name\":\"Startseite\",\"item\":\"https:\\\/\\\/tal.ch\\\/\"},{\"@type\":\"ListItem\",\"position\":2,\"name\":\"Patrick Buchs\"}]},{\"@type\":\"WebSite\",\"@id\":\"https:\\\/\\\/tal.ch\\\/#website\",\"url\":\"https:\\\/\\\/tal.ch\\\/\",\"name\":\"Tal\",\"description\":\"Pflanzenextrakte von h\u00f6chster Qualit\u00e4t\",\"publisher\":{\"@id\":\"https:\\\/\\\/tal.ch\\\/#organization\"},\"potentialAction\":[{\"@type\":\"SearchAction\",\"target\":{\"@type\":\"EntryPoint\",\"urlTemplate\":\"https:\\\/\\\/tal.ch\\\/?s={search_term_string}\"},\"query-input\":{\"@type\":\"PropertyValueSpecification\",\"valueRequired\":true,\"valueName\":\"search_term_string\"}}],\"inLanguage\":\"en-GB\"},{\"@type\":\"Organization\",\"@id\":\"https:\\\/\\\/tal.ch\\\/#organization\",\"name\":\"Tal\",\"url\":\"https:\\\/\\\/tal.ch\\\/\",\"logo\":{\"@type\":\"ImageObject\",\"inLanguage\":\"en-GB\",\"@id\":\"https:\\\/\\\/tal.ch\\\/#\\\/schema\\\/logo\\\/image\\\/\",\"url\":\"https:\\\/\\\/tal.ch\\\/wp-content\\\/uploads\\\/2024\\\/02\\\/Logo-Tal.png\",\"contentUrl\":\"https:\\\/\\\/tal.ch\\\/wp-content\\\/uploads\\\/2024\\\/02\\\/Logo-Tal.png\",\"width\":100,\"height\":157,\"caption\":\"Tal\"},\"image\":{\"@id\":\"https:\\\/\\\/tal.ch\\\/#\\\/schema\\\/logo\\\/image\\\/\"},\"sameAs\":[\"https:\\\/\\\/www.facebook.com\\\/tal.schweiz\\\/\"]}]}<\/script>\n<!-- \/ Yoast SEO plugin. -->","yoast_head_json":{"title":"Patrick Buchs - Tal","robots":{"index":"index","follow":"follow","max-snippet":"max-snippet:-1","max-image-preview":"max-image-preview:large","max-video-preview":"max-video-preview:-1"},"canonical":"https:\/\/tal.ch\/en\/patrick-buchs\/","og_locale":"en_GB","og_type":"article","og_title":"Patrick Buchs - Tal","og_description":"Patrick BuchsEidg. Dipl. Drogist HF, Inhaber Falken Drogerie St. Gallen Wof\u00fcr steht Tal Ihrer Meinung nach?Tal steht f\u00fcr mich f\u00fcr Schweizer Kosmetikprodukte aus einem traditionsreichen Familienbetrieb im B\u00fcndnerland. Ich kenne die Marke bereits seit meiner Lehrzeit und sch\u00e4tze sie als verl\u00e4sslichen Partner f\u00fcr hochwertige Pflegeprodukte. Was macht Tal Ihrer Meinung nach besonders?Besonders begeistert mich an Tal der feine Duft und die ausgezeichnete Qualit\u00e4t der Produkte. Man merkt sofort, dass hier Erfahrung und Sorgfalt in jeder Formulierung stecken. Welches Tal-Produkt l\u00e4uft bei Ihnen besonders gut?Bei uns l\u00e4uft die kleine, handliche 30ml-Tube der Tal Handcreme besonders gut \u2013 sie passt in jede Hand- oder Sporttasche und ist der perfekte Begleiter f\u00fcr unterwegs. Welche R\u00fcckmeldungen erhalten Sie von Ihren Kundinnen und Kunden zu Tal-Produkten?Unsere Kundinnen und Kunden loben vor allem, dass die Tal Handcreme schnell einzieht, ohne zu fetten, und selbst bei rissiger Haut hervorragende Pflege bietet.","og_url":"https:\/\/tal.ch\/en\/patrick-buchs\/","og_site_name":"Tal","article_publisher":"https:\/\/www.facebook.com\/tal.schweiz\/","article_modified_time":"2026-04-16T06:04:33+00:00","og_image":[{"width":500,"height":600,"url":"https:\/\/tal.ch\/wp-content\/uploads\/2025\/04\/08-Buchs-Patrick-203-500-x-600.png","type":"image\/png"}],"twitter_card":"summary_large_image","twitter_misc":{"Estimated reading time":"2 minutes"},"schema":{"@context":"https:\/\/schema.org","@graph":[{"@type":"WebPage","@id":"https:\/\/tal.ch\/patrick-buchs\/","url":"https:\/\/tal.ch\/patrick-buchs\/","name":"Patrick Buchs - Tal","isPartOf":{"@id":"https:\/\/tal.ch\/#website"},"primaryImageOfPage":{"@id":"https:\/\/tal.ch\/patrick-buchs\/#primaryimage"},"image":{"@id":"https:\/\/tal.ch\/patrick-buchs\/#primaryimage"},"thumbnailUrl":"https:\/\/tal.ch\/wp-content\/uploads\/2025\/04\/08-Buchs-Patrick-203-500-x-600.png","datePublished":"2025-04-01T09:38:49+00:00","dateModified":"2026-04-16T06:04:33+00:00","breadcrumb":{"@id":"https:\/\/tal.ch\/patrick-buchs\/#breadcrumb"},"inLanguage":"en-GB","potentialAction":[{"@type":"ReadAction","target":["https:\/\/tal.ch\/patrick-buchs\/"]}]},{"@type":"ImageObject","inLanguage":"en-GB","@id":"https:\/\/tal.ch\/patrick-buchs\/#primaryimage","url":"https:\/\/tal.ch\/wp-content\/uploads\/2025\/04\/08-Buchs-Patrick-203-500-x-600.png","contentUrl":"https:\/\/tal.ch\/wp-content\/uploads\/2025\/04\/08-Buchs-Patrick-203-500-x-600.png"},{"@type":"BreadcrumbList","@id":"https:\/\/tal.ch\/patrick-buchs\/#breadcrumb","itemListElement":[{"@type":"ListItem","position":1,"name":"Startseite","item":"https:\/\/tal.ch\/"},{"@type":"ListItem","position":2,"name":"Patrick Buchs"}]},{"@type":"WebSite","@id":"https:\/\/tal.ch\/#website","url":"https:\/\/tal.ch\/","name":"Valley","description":"Plant extracts of the highest quality","publisher":{"@id":"https:\/\/tal.ch\/#organization"},"potentialAction":[{"@type":"SearchAction","target":{"@type":"EntryPoint","urlTemplate":"https:\/\/tal.ch\/?s={search_term_string}"},"query-input":{"@type":"PropertyValueSpecification","valueRequired":true,"valueName":"search_term_string"}}],"inLanguage":"en-GB"},{"@type":"Organization","@id":"https:\/\/tal.ch\/#organization","name":"Valley","url":"https:\/\/tal.ch\/","logo":{"@type":"ImageObject","inLanguage":"en-GB","@id":"https:\/\/tal.ch\/#\/schema\/logo\/image\/","url":"https:\/\/tal.ch\/wp-content\/uploads\/2024\/02\/Logo-Tal.png","contentUrl":"https:\/\/tal.ch\/wp-content\/uploads\/2024\/02\/Logo-Tal.png","width":100,"height":157,"caption":"Tal"},"image":{"@id":"https:\/\/tal.ch\/#\/schema\/logo\/image\/"},"sameAs":["https:\/\/www.facebook.com\/tal.schweiz\/"]}]}},"_links":{"self":[{"href":"https:\/\/tal.ch\/en\/wp-json\/wp\/v2\/pages\/15515","targetHints":{"allow":["GET"]}}],"collection":[{"href":"https:\/\/tal.ch\/en\/wp-json\/wp\/v2\/pages"}],"about":[{"href":"https:\/\/tal.ch\/en\/wp-json\/wp\/v2\/types\/page"}],"author":[{"embeddable":true,"href":"https:\/\/tal.ch\/en\/wp-json\/wp\/v2\/users\/2"}],"replies":[{"embeddable":true,"href":"https:\/\/tal.ch\/en\/wp-json\/wp\/v2\/comments?post=15515"}],"version-history":[{"count":28,"href":"https:\/\/tal.ch\/en\/wp-json\/wp\/v2\/pages\/15515\/revisions"}],"predecessor-version":[{"id":15650,"href":"https:\/\/tal.ch\/en\/wp-json\/wp\/v2\/pages\/15515\/revisions\/15650"}],"wp:attachment":[{"href":"https:\/\/tal.ch\/en\/wp-json\/wp\/v2\/media?parent=15515"}],"wp:term":[{"taxonomy":"post_tag","embeddable":true,"href":"https:\/\/tal.ch\/en\/wp-json\/wp\/v2\/tags?post=15515"}],"curies":[{"name":"wp","href":"https:\/\/api.w.org\/{rel}","templated":true}]}}