{"id":2102,"date":"2024-05-15T06:34:32","date_gmt":"2024-05-15T06:34:32","guid":{"rendered":"https:\/\/tal.ch\/wp\/?page_id=2102"},"modified":"2026-04-16T06:04:31","modified_gmt":"2026-04-16T06:04:31","slug":"home-2","status":"publish","type":"page","link":"https:\/\/tal.ch\/en\/home-2\/","title":{"rendered":"Home"},"content":{"rendered":"\t\t<div data-elementor-type=\"wp-page\" data-elementor-id=\"2102\" class=\"elementor elementor-2102\" data-elementor-post-type=\"page\">\n\t\t\t\t<div class=\"elementor-element elementor-element-27d31a36 e-con-full e-flex wpr-particle-no wpr-jarallax-no wpr-parallax-no wpr-sticky-section-no wpr-equal-height-no e-con e-parent\" data-id=\"27d31a36\" data-element_type=\"container\" data-e-type=\"container\" data-settings=\"{&quot;background_background&quot;:&quot;classic&quot;}\">\n\t\t<div class=\"elementor-element elementor-element-57c274ac e-con-full e-flex wpr-particle-no wpr-jarallax-no wpr-parallax-no wpr-sticky-section-no wpr-equal-height-no e-con e-child\" data-id=\"57c274ac\" data-element_type=\"container\" data-e-type=\"container\" data-settings=\"{&quot;background_background&quot;:&quot;classic&quot;}\">\n\t\t\t\t<div class=\"elementor-element elementor-element-669c2989 elementor-widget elementor-widget-heading\" data-id=\"669c2989\" data-element_type=\"widget\" data-e-type=\"widget\" data-widget_type=\"heading.default\">\n\t\t\t\t\t<h2 class=\"elementor-heading-title elementor-size-default\">Handcreme<\/h2>\t\t\t\t<\/div>\n\t\t\t\t<div class=\"elementor-element elementor-element-ea6ee9 elementor-widget__width-initial elementor-widget elementor-widget-text-editor\" data-id=\"ea6ee9\" data-element_type=\"widget\" data-e-type=\"widget\" data-widget_type=\"text-editor.default\">\n\t\t\t\t\t\t\t\t\t<p>Finden Sie die passende Handcreme f\u00fcr Ihr Hautbed\u00fcrfnis.<br \/>Rein, wirkungsvoll und mit nat\u00fcrlichen Schweizer Inhaltsstoffen.<\/p>\t\t\t\t\t\t\t\t<\/div>\n\t\t\t\t<div class=\"elementor-element elementor-element-56374f5 elementor-align-center elementor-widget elementor-widget-button\" data-id=\"56374f5\" data-element_type=\"widget\" data-e-type=\"widget\" data-widget_type=\"button.default\">\n\t\t\t\t\t\t\t\t\t\t<a class=\"elementor-button elementor-button-link elementor-size-lg elementor-animation-grow\" href=\"#\">\n\t\t\t\t\t\t<span class=\"elementor-button-content-wrapper\">\n\t\t\t\t\t\t\t\t\t<span class=\"elementor-button-text\">Weitere Infos &gt;<\/span>\n\t\t\t\t\t<\/span>\n\t\t\t\t\t<\/a>\n\t\t\t\t\t\t\t\t<\/div>\n\t\t\t\t<\/div>\n\t\t\t\t<\/div>\n\t\t<div class=\"elementor-element elementor-element-d08893f e-con-full e-flex wpr-particle-no wpr-jarallax-no wpr-parallax-no wpr-sticky-section-no wpr-equal-height-no e-con e-parent\" data-id=\"d08893f\" data-element_type=\"container\" data-e-type=\"container\" data-settings=\"{&quot;background_background&quot;:&quot;classic&quot;}\">\n\t\t<div class=\"elementor-element elementor-element-ba87991 e-con-full e-flex wpr-particle-no wpr-jarallax-no wpr-parallax-no wpr-sticky-section-no wpr-equal-height-no e-con e-child\" data-id=\"ba87991\" data-element_type=\"container\" data-e-type=\"container\" data-settings=\"{&quot;background_background&quot;:&quot;classic&quot;}\">\n\t\t\t\t<div class=\"elementor-element elementor-element-4428a8c elementor-widget elementor-widget-heading\" data-id=\"4428a8c\" data-element_type=\"widget\" data-e-type=\"widget\" data-widget_type=\"heading.default\">\n\t\t\t\t\t<h2 class=\"elementor-heading-title elementor-size-default\">Fusscreme<br><\/h2>\t\t\t\t<\/div>\n\t\t\t\t<div class=\"elementor-element elementor-element-e93cc86 elementor-widget elementor-widget-text-editor\" data-id=\"e93cc86\" data-element_type=\"widget\" data-e-type=\"widget\" data-widget_type=\"text-editor.default\">\n\t\t\t\t\t\t\t\t\t<p>Haben Sie trockene oder rissige F\u00fcsse?<br \/>Hier finden Sie die passende Fusscreme.<\/p>\t\t\t\t\t\t\t\t<\/div>\n\t\t\t\t<div class=\"elementor-element elementor-element-cda3c4c elementor-align-center elementor-widget elementor-widget-button\" data-id=\"cda3c4c\" data-element_type=\"widget\" data-e-type=\"widget\" data-widget_type=\"button.default\">\n\t\t\t\t\t\t\t\t\t\t<a class=\"elementor-button elementor-button-link elementor-size-lg elementor-animation-grow\" href=\"#\">\n\t\t\t\t\t\t<span class=\"elementor-button-content-wrapper\">\n\t\t\t\t\t\t\t\t\t<span class=\"elementor-button-text\">Weitere Infos &gt;<\/span>\n\t\t\t\t\t<\/span>\n\t\t\t\t\t<\/a>\n\t\t\t\t\t\t\t\t<\/div>\n\t\t\t\t<\/div>\n\t\t\t\t<\/div>\n\t\t<div class=\"elementor-element elementor-element-91401ad e-con-full e-flex wpr-particle-no wpr-jarallax-no wpr-parallax-no wpr-sticky-section-no wpr-equal-height-no e-con e-parent\" data-id=\"91401ad\" data-element_type=\"container\" data-e-type=\"container\" data-settings=\"{&quot;background_background&quot;:&quot;classic&quot;}\">\n\t\t<div class=\"elementor-element elementor-element-59b136a e-con-full e-flex wpr-particle-no wpr-jarallax-no wpr-parallax-no wpr-sticky-section-no wpr-equal-height-no e-con e-child\" data-id=\"59b136a\" data-element_type=\"container\" data-e-type=\"container\" data-settings=\"{&quot;background_background&quot;:&quot;classic&quot;}\">\n\t\t\t\t<div class=\"elementor-element elementor-element-4e3e733 elementor-widget elementor-widget-heading\" data-id=\"4e3e733\" data-element_type=\"widget\" data-e-type=\"widget\" data-widget_type=\"heading.default\">\n\t\t\t\t\t<h2 class=\"elementor-heading-title elementor-size-default\">Gesichtscreme<br><\/h2>\t\t\t\t<\/div>\n\t\t\t\t<div class=\"elementor-element elementor-element-a91d355 elementor-widget elementor-widget-text-editor\" data-id=\"a91d355\" data-element_type=\"widget\" data-e-type=\"widget\" data-widget_type=\"text-editor.default\">\n\t\t\t\t\t\t\t\t\t<p>Haben Sie trockene, unreine oder empfindliche Haut?<br>Suchen Sie eine Gesichtspflege gegen Skin Burnout?<br>Hier finden Sie Ihre Tagespflege, Nachtpflege und Spezialpflege.<\/p>\t\t\t\t\t\t\t\t<\/div>\n\t\t\t\t<div class=\"elementor-element elementor-element-764f0e1 elementor-align-center elementor-widget elementor-widget-button\" data-id=\"764f0e1\" data-element_type=\"widget\" data-e-type=\"widget\" data-widget_type=\"button.default\">\n\t\t\t\t\t\t\t\t\t\t<a class=\"elementor-button elementor-button-link elementor-size-lg elementor-animation-grow\" href=\"#\">\n\t\t\t\t\t\t<span class=\"elementor-button-content-wrapper\">\n\t\t\t\t\t\t\t\t\t<span class=\"elementor-button-text\">Weitere Infos &gt;<\/span>\n\t\t\t\t\t<\/span>\n\t\t\t\t\t<\/a>\n\t\t\t\t\t\t\t\t<\/div>\n\t\t\t\t<\/div>\n\t\t\t\t<\/div>\n\t\t<div class=\"elementor-element elementor-element-417ae1a2 e-flex e-con-boxed wpr-particle-no wpr-jarallax-no wpr-parallax-no wpr-sticky-section-no wpr-equal-height-no e-con e-parent\" data-id=\"417ae1a2\" data-element_type=\"container\" data-e-type=\"container\" data-settings=\"{&quot;background_background&quot;:&quot;classic&quot;}\">\n\t\t\t\t\t<div class=\"e-con-inner\">\n\t\t<div class=\"elementor-element elementor-element-2d82263a e-con-full e-flex wpr-particle-no wpr-jarallax-no wpr-parallax-no wpr-sticky-section-no wpr-equal-height-no e-con e-child\" data-id=\"2d82263a\" data-element_type=\"container\" data-e-type=\"container\">\n\t\t\t\t<div class=\"elementor-element elementor-element-4572c042 elementor-invisible elementor-widget elementor-widget-image\" data-id=\"4572c042\" data-element_type=\"widget\" data-e-type=\"widget\" data-settings=\"{&quot;_animation&quot;:&quot;fadeIn&quot;}\" data-widget_type=\"image.default\">\n\t\t\t\t\t\t\t\t\t\t\t\t\t\t\t<img fetchpriority=\"high\" decoding=\"async\" width=\"800\" height=\"534\" src=\"https:\/\/tal.ch\/wp-content\/uploads\/2024\/05\/02-1024x683.jpg\" class=\"attachment-large size-large wp-image-1399\" alt=\"\" srcset=\"https:\/\/tal.ch\/wp-content\/uploads\/2024\/05\/02-1024x683.jpg 1024w, https:\/\/tal.ch\/wp-content\/uploads\/2024\/05\/02-600x400.jpg 600w, https:\/\/tal.ch\/wp-content\/uploads\/2024\/05\/02-300x200.jpg 300w, https:\/\/tal.ch\/wp-content\/uploads\/2024\/05\/02-768x512.jpg 768w, https:\/\/tal.ch\/wp-content\/uploads\/2024\/05\/02.jpg 1200w\" sizes=\"(max-width: 800px) 100vw, 800px\" \/>\t\t\t\t\t\t\t\t\t\t\t\t\t\t\t<\/div>\n\t\t\t\t<div class=\"elementor-element elementor-element-33502686 elementor-invisible elementor-widget elementor-widget-image\" data-id=\"33502686\" data-element_type=\"widget\" data-e-type=\"widget\" data-settings=\"{&quot;_animation&quot;:&quot;fadeIn&quot;,&quot;_animation_delay&quot;:200}\" data-widget_type=\"image.default\">\n\t\t\t\t\t\t\t\t\t\t\t\t\t\t\t<img decoding=\"async\" width=\"800\" height=\"800\" src=\"https:\/\/tal.ch\/wp-content\/uploads\/2024\/05\/04-1024x1024.jpg\" class=\"attachment-large size-large wp-image-1395\" alt=\"\" srcset=\"https:\/\/tal.ch\/wp-content\/uploads\/2024\/05\/04-1024x1024.jpg 1024w, https:\/\/tal.ch\/wp-content\/uploads\/2024\/05\/04-300x300.jpg 300w, https:\/\/tal.ch\/wp-content\/uploads\/2024\/05\/04-100x100.jpg 100w, https:\/\/tal.ch\/wp-content\/uploads\/2024\/05\/04-600x600.jpg 600w, https:\/\/tal.ch\/wp-content\/uploads\/2024\/05\/04-150x150.jpg 150w, https:\/\/tal.ch\/wp-content\/uploads\/2024\/05\/04-768x768.jpg 768w, https:\/\/tal.ch\/wp-content\/uploads\/2024\/05\/04-700x700.jpg 700w, https:\/\/tal.ch\/wp-content\/uploads\/2024\/05\/04.jpg 1200w\" sizes=\"(max-width: 800px) 100vw, 800px\" \/>\t\t\t\t\t\t\t\t\t\t\t\t\t\t\t<\/div>\n\t\t\t\t<\/div>\n\t\t<div class=\"elementor-element elementor-element-75521327 e-con-full e-flex wpr-particle-no wpr-jarallax-no wpr-parallax-no wpr-sticky-section-no wpr-equal-height-no e-con e-child\" data-id=\"75521327\" data-element_type=\"container\" data-e-type=\"container\">\n\t\t\t\t<div class=\"elementor-element elementor-element-4debb7b4 elementor-invisible elementor-widget elementor-widget-image\" data-id=\"4debb7b4\" data-element_type=\"widget\" data-e-type=\"widget\" data-settings=\"{&quot;_animation&quot;:&quot;fadeIn&quot;,&quot;_animation_delay&quot;:400}\" data-widget_type=\"image.default\">\n\t\t\t\t\t\t\t\t\t\t\t\t\t\t\t<img decoding=\"async\" width=\"800\" height=\"800\" src=\"https:\/\/tal.ch\/wp-content\/uploads\/2024\/05\/01-1024x1024.jpg\" class=\"attachment-large size-large wp-image-1393\" alt=\"\" srcset=\"https:\/\/tal.ch\/wp-content\/uploads\/2024\/05\/01-1024x1024.jpg 1024w, https:\/\/tal.ch\/wp-content\/uploads\/2024\/05\/01-300x300.jpg 300w, https:\/\/tal.ch\/wp-content\/uploads\/2024\/05\/01-100x100.jpg 100w, https:\/\/tal.ch\/wp-content\/uploads\/2024\/05\/01-600x600.jpg 600w, https:\/\/tal.ch\/wp-content\/uploads\/2024\/05\/01-150x150.jpg 150w, https:\/\/tal.ch\/wp-content\/uploads\/2024\/05\/01-768x768.jpg 768w, https:\/\/tal.ch\/wp-content\/uploads\/2024\/05\/01-700x700.jpg 700w, https:\/\/tal.ch\/wp-content\/uploads\/2024\/05\/01.jpg 1200w\" sizes=\"(max-width: 800px) 100vw, 800px\" \/>\t\t\t\t\t\t\t\t\t\t\t\t\t\t\t<\/div>\n\t\t\t\t<div class=\"elementor-element elementor-element-1d0bc04b elementor-invisible elementor-widget elementor-widget-image\" data-id=\"1d0bc04b\" data-element_type=\"widget\" data-e-type=\"widget\" data-settings=\"{&quot;_animation&quot;:&quot;fadeIn&quot;,&quot;_animation_delay&quot;:600}\" data-widget_type=\"image.default\">\n\t\t\t\t\t\t\t\t\t\t\t\t\t\t\t<img loading=\"lazy\" decoding=\"async\" width=\"800\" height=\"534\" src=\"https:\/\/tal.ch\/wp-content\/uploads\/2024\/05\/03-1024x683.jpg\" class=\"attachment-large size-large wp-image-1403\" alt=\"\" srcset=\"https:\/\/tal.ch\/wp-content\/uploads\/2024\/05\/03-1024x683.jpg 1024w, https:\/\/tal.ch\/wp-content\/uploads\/2024\/05\/03-600x400.jpg 600w, https:\/\/tal.ch\/wp-content\/uploads\/2024\/05\/03-300x200.jpg 300w, https:\/\/tal.ch\/wp-content\/uploads\/2024\/05\/03-768x512.jpg 768w, https:\/\/tal.ch\/wp-content\/uploads\/2024\/05\/03.jpg 1200w\" sizes=\"(max-width: 800px) 100vw, 800px\" \/>\t\t\t\t\t\t\t\t\t\t\t\t\t\t\t<\/div>\n\t\t\t\t<\/div>\n\t\t<div class=\"elementor-element elementor-element-c4d323a e-con-full e-flex wpr-particle-no wpr-jarallax-no wpr-parallax-no wpr-sticky-section-no wpr-equal-height-no e-con e-child\" data-id=\"c4d323a\" data-element_type=\"container\" data-e-type=\"container\">\n\t\t\t\t<div class=\"elementor-element elementor-element-c34988c elementor-widget elementor-widget-heading\" data-id=\"c34988c\" data-element_type=\"widget\" data-e-type=\"widget\" data-widget_type=\"heading.default\">\n\t\t\t\t\t<h2 class=\"elementor-heading-title elementor-size-default\">Nr. 1 in Apotheken und Drogerien <\/h2>\t\t\t\t<\/div>\n\t\t\t\t<div class=\"elementor-element elementor-element-11eea673 elementor-cta--layout-image-right elementor-cta--valign-middle elementor-cta--mobile-layout-image-above elementor-cta--skin-classic elementor-animated-content elementor-widget elementor-widget-call-to-action\" data-id=\"11eea673\" data-element_type=\"widget\" data-e-type=\"widget\" data-widget_type=\"call-to-action.default\">\n\t\t\t\t\t\t\t<div class=\"elementor-cta\">\n\t\t\t\t\t\t\t<div class=\"elementor-cta__content\">\n\t\t\t\t\n\t\t\t\t\n\t\t\t\t\t\t\t\t\t<span class=\"elementor-cta__description elementor-cta__content-item elementor-content-item\">\n\t\t\t\t\t\tTal ist die Nummer 1 Handcreme in Schweizer Apotheken und Drogerien. Seit vielen Jahren vertrauen tausende von Kundinnen und Kunden unserer Tal Handcreme. Vertrauen auch Sie darauf!<br><br>\n...und das aus gutem Grund. Die bew\u00e4hrte Formel hilft bei unterschiedlichen Hautbed\u00fcrfnissen. Sei es bei trockener, rissiger Haut, bei gesch\u00e4digter und gereizter Haut oder bei unreiner, empfindlicher Haut.\u00a0\n<br><br>\nWarum ist die Tal Handcreme die Nummer 1 im Fachhandel? Weil wir uns leidenschaftlich daf\u00fcr einsetzen, die Bed\u00fcrfnisse unserer Kunden zu erf\u00fcllen. Unsere speziell entwickelte Formel ist angereichert mit wertvollen Inhaltsstoffen, die Ihre Haut verw\u00f6hnen und geschmeidig\n<br><br>\nmachen. Dabei setzen wir auf hochwirksame, Schweizer Inhaltsstoffe, wie z.B. Edelweiss, Schachtelhalm-Extrakt, Traubenkern\u00f6l, Bergquellwasser.\u00a0\n<br><br>\nZudem setzen wir seit vielen Jahren auf die kompetente Beratung des Fachpersonals in den Schweizer Drogerien und Apotheken. Wer, wenn nicht das Fachpersonal, weiss, welche Handcreme f\u00fcr welches Hautbed\u00fcrfnis eingesetzt werden sollte. Daher freut es uns umso mehr, dass diese Fachkr\u00e4fte unsere Handcreme lieben und ihren Kunden weiterempfehlen.\u00a0\n<br><br>\nErleben Sie selbst, warum unsere Tal Handcreme von so vielen geliebt wird.\u00a0\t\t\t\t\t<\/span>\n\t\t\t\t\n\t\t\t\t\t\t\t<\/div>\n\t\t\t\t\t\t<\/div>\n\t\t\t\t\t\t<\/div>\n\t\t\t\t<\/div>\n\t\t\t\t\t<\/div>\n\t\t\t\t<\/div>\n\t\t<div class=\"elementor-element elementor-element-42fc38df e-flex e-con-boxed wpr-particle-no wpr-jarallax-no wpr-parallax-no wpr-sticky-section-no wpr-equal-height-no e-con e-parent\" data-id=\"42fc38df\" data-element_type=\"container\" data-e-type=\"container\" data-settings=\"{&quot;background_background&quot;:&quot;classic&quot;}\">\n\t\t\t\t\t<div class=\"e-con-inner\">\n\t\t<div class=\"elementor-element elementor-element-5a1b6877 e-con-full e-flex wpr-particle-no wpr-jarallax-no wpr-parallax-no wpr-sticky-section-no wpr-equal-height-no e-con e-child\" data-id=\"5a1b6877\" data-element_type=\"container\" data-e-type=\"container\">\n\t\t\t\t<div class=\"elementor-element elementor-element-6dc552f7 elementor-widget elementor-widget-heading\" data-id=\"6dc552f7\" data-element_type=\"widget\" data-e-type=\"widget\" data-widget_type=\"heading.default\">\n\t\t\t\t\t<h1 class=\"elementor-heading-title elementor-size-default\">Bew\u00e4hrte Schweizer Qualit\u00e4t <\/h1>\t\t\t\t<\/div>\n\t\t\t\t<div class=\"elementor-element elementor-element-cda61f6 elementor-widget elementor-widget-text-editor\" data-id=\"cda61f6\" data-element_type=\"widget\" data-e-type=\"widget\" data-widget_type=\"text-editor.default\">\n\t\t\t\t\t\t\t\t\t<p><span data-contrast=\"auto\">Tal ist eine familiengef\u00fchrte Kosmetikmarke aus Graub\u00fcnden, die seit 1975 f\u00fcr qualitativ hochwertige Hautpflegeprodukte mit wissenschaftlich gepr\u00fcfter Wirksamkeit steht. Die Tal Hautpflege Produkte werden in K\u00fcblis entwickelt und in der Ostschweiz produziert.<\/span><span data-ccp-props=\"{&quot;201341983&quot;:0,&quot;335559740&quot;:259}\">\u00a0<\/span><\/p><p><span data-contrast=\"auto\">Die Unternehmung ist in zweiter Generation Inhabergef\u00fchrt und ist ISO\u00a0<\/span>9001 : 2015<span data-contrast=\"auto\"> zertifiziert.<\/span><span data-ccp-props=\"{&quot;201341983&quot;:0,&quot;335559740&quot;:259}\">\u00a0<\/span><\/p>\t\t\t\t\t\t\t\t<\/div>\n\t\t\t\t<div class=\"elementor-element elementor-element-ef30ede elementor-widget elementor-widget-image\" data-id=\"ef30ede\" data-element_type=\"widget\" data-e-type=\"widget\" data-widget_type=\"image.default\">\n\t\t\t\t\t\t\t\t\t\t\t\t\t\t\t<img loading=\"lazy\" decoding=\"async\" width=\"800\" height=\"534\" src=\"https:\/\/tal.ch\/wp-content\/uploads\/2024\/05\/familie-1024x683.jpg\" class=\"attachment-large size-large wp-image-2072\" alt=\"\" srcset=\"https:\/\/tal.ch\/wp-content\/uploads\/2024\/05\/familie-1024x683.jpg 1024w, https:\/\/tal.ch\/wp-content\/uploads\/2024\/05\/familie-600x400.jpg 600w, https:\/\/tal.ch\/wp-content\/uploads\/2024\/05\/familie-300x200.jpg 300w, https:\/\/tal.ch\/wp-content\/uploads\/2024\/05\/familie-768x512.jpg 768w, https:\/\/tal.ch\/wp-content\/uploads\/2024\/05\/familie.jpg 1200w\" sizes=\"(max-width: 800px) 100vw, 800px\" \/>\t\t\t\t\t\t\t\t\t\t\t\t\t\t\t<\/div>\n\t\t\t\t<\/div>\n\t\t<div class=\"elementor-element elementor-element-5b0d33d4 e-con-full e-flex wpr-particle-no wpr-jarallax-no wpr-parallax-no wpr-sticky-section-no wpr-equal-height-no e-con e-child\" data-id=\"5b0d33d4\" data-element_type=\"container\" data-e-type=\"container\">\n\t\t\t\t<div class=\"elementor-element elementor-element-44047d3f elementor-widget__width-initial elementor-view-default elementor-position-block-start elementor-mobile-position-block-start elementor-widget elementor-widget-icon-box\" data-id=\"44047d3f\" data-element_type=\"widget\" data-e-type=\"widget\" data-widget_type=\"icon-box.default\">\n\t\t\t\t\t\t\t<div class=\"elementor-icon-box-wrapper\">\n\n\t\t\t\t\t\t<div class=\"elementor-icon-box-icon\">\n\t\t\t\t<span  class=\"elementor-icon\">\n\t\t\t\t<svg aria-hidden=\"true\" class=\"e-font-icon-svg e-far-laugh\" viewBox=\"0 0 496 512\" xmlns=\"http:\/\/www.w3.org\/2000\/svg\"><path d=\"M248 8C111 8 0 119 0 256s111 248 248 248 248-111 248-248S385 8 248 8zm141.4 389.4c-37.8 37.8-88 58.6-141.4 58.6s-103.6-20.8-141.4-58.6S48 309.4 48 256s20.8-103.6 58.6-141.4S194.6 56 248 56s103.6 20.8 141.4 58.6S448 202.6 448 256s-20.8 103.6-58.6 141.4zM328 224c17.7 0 32-14.3 32-32s-14.3-32-32-32-32 14.3-32 32 14.3 32 32 32zm-160 0c17.7 0 32-14.3 32-32s-14.3-32-32-32-32 14.3-32 32 14.3 32 32 32zm194.4 64H133.6c-8.2 0-14.5 7-13.5 15 7.5 59.2 58.9 105 121.1 105h13.6c62.2 0 113.6-45.8 121.1-105 1-8-5.3-15-13.5-15z\"><\/path><\/svg>\t\t\t\t<\/span>\n\t\t\t<\/div>\n\t\t\t\n\t\t\t\t\t\t<div class=\"elementor-icon-box-content\">\n\n\t\t\t\t\t\t\t\t\t<h3 class=\"elementor-icon-box-title\">\n\t\t\t\t\t\t<span  >\n\t\t\t\t\t\t\tWirksamkeit \t\t\t\t\t\t<\/span>\n\t\t\t\t\t<\/h3>\n\t\t\t\t\n\t\t\t\t\t\t\t\t\t<p class=\"elementor-icon-box-description\">\n\t\t\t\t\t\tDie Hautpflege Produkte von Tal sind hochwirksam und wissenschaftlich gepr\u00fcft. Sp\u00fcren Sie den Unterschied auf Ihrer Haut. \t\t\t\t\t<\/p>\n\t\t\t\t\n\t\t\t<\/div>\n\t\t\t\n\t\t<\/div>\n\t\t\t\t\t\t<\/div>\n\t\t\t\t<div class=\"elementor-element elementor-element-2e1b41c5 elementor-widget__width-initial elementor-view-default elementor-position-block-start elementor-mobile-position-block-start elementor-widget elementor-widget-icon-box\" data-id=\"2e1b41c5\" data-element_type=\"widget\" data-e-type=\"widget\" data-widget_type=\"icon-box.default\">\n\t\t\t\t\t\t\t<div class=\"elementor-icon-box-wrapper\">\n\n\t\t\t\t\t\t<div class=\"elementor-icon-box-icon\">\n\t\t\t\t<span  class=\"elementor-icon\">\n\t\t\t\t<svg aria-hidden=\"true\" class=\"e-font-icon-svg e-fas-long-arrow-alt-right\" viewBox=\"0 0 448 512\" xmlns=\"http:\/\/www.w3.org\/2000\/svg\"><path d=\"M313.941 216H12c-6.627 0-12 5.373-12 12v56c0 6.627 5.373 12 12 12h301.941v46.059c0 21.382 25.851 32.09 40.971 16.971l86.059-86.059c9.373-9.373 9.373-24.569 0-33.941l-86.059-86.059c-15.119-15.119-40.971-4.411-40.971 16.971V216z\"><\/path><\/svg>\t\t\t\t<\/span>\n\t\t\t<\/div>\n\t\t\t\n\t\t\t\t\t\t<div class=\"elementor-icon-box-content\">\n\n\t\t\t\t\t\t\t\t\t<h3 class=\"elementor-icon-box-title\">\n\t\t\t\t\t\t<span  >\n\t\t\t\t\t\t\tLangzeitwirkung \t\t\t\t\t\t<\/span>\n\t\t\t\t\t<\/h3>\n\t\t\t\t\n\t\t\t\t\t\t\t\t\t<p class=\"elementor-icon-box-description\">\n\t\t\t\t\t\tDie einzigartige Langzeitwirkung (Multi-Moist-Complex) sorgt f\u00fcr weiche und zarte Haut - den ganzen Tag. \t\t\t\t\t<\/p>\n\t\t\t\t\n\t\t\t<\/div>\n\t\t\t\n\t\t<\/div>\n\t\t\t\t\t\t<\/div>\n\t\t\t\t<div class=\"elementor-element elementor-element-24de8d59 elementor-widget__width-initial elementor-view-default elementor-position-block-start elementor-mobile-position-block-start elementor-widget elementor-widget-icon-box\" data-id=\"24de8d59\" data-element_type=\"widget\" data-e-type=\"widget\" data-widget_type=\"icon-box.default\">\n\t\t\t\t\t\t\t<div class=\"elementor-icon-box-wrapper\">\n\n\t\t\t\t\t\t<div class=\"elementor-icon-box-icon\">\n\t\t\t\t<span  class=\"elementor-icon\">\n\t\t\t\t<svg aria-hidden=\"true\" class=\"e-font-icon-svg e-fas-check\" viewBox=\"0 0 512 512\" xmlns=\"http:\/\/www.w3.org\/2000\/svg\"><path d=\"M173.898 439.404l-166.4-166.4c-9.997-9.997-9.997-26.206 0-36.204l36.203-36.204c9.997-9.998 26.207-9.998 36.204 0L192 312.69 432.095 72.596c9.997-9.997 26.207-9.997 36.204 0l36.203 36.204c9.997 9.997 9.997 26.206 0 36.204l-294.4 294.401c-9.998 9.997-26.207 9.997-36.204-.001z\"><\/path><\/svg>\t\t\t\t<\/span>\n\t\t\t<\/div>\n\t\t\t\n\t\t\t\t\t\t<div class=\"elementor-icon-box-content\">\n\n\t\t\t\t\t\t\t\t\t<h3 class=\"elementor-icon-box-title\">\n\t\t\t\t\t\t<span  >\n\t\t\t\t\t\t\tReinheit \t\t\t\t\t\t<\/span>\n\t\t\t\t\t<\/h3>\n\t\t\t\t\n\t\t\t\t\t\t\t\t\t<p class=\"elementor-icon-box-description\">\n\t\t\t\t\t\tSp\u00fcren Sie die Reinheit auf Ihrer Haut. Dank den nat\u00fcrlichen Inhaltsstoffen aus der Schweizer Natur. Ohne sch\u00e4dliche Inhaltsstoffe, sanft zu Ihrer Haut. \t\t\t\t\t<\/p>\n\t\t\t\t\n\t\t\t<\/div>\n\t\t\t\n\t\t<\/div>\n\t\t\t\t\t\t<\/div>\n\t\t\t\t<div class=\"elementor-element elementor-element-243a7e84 elementor-widget__width-initial elementor-view-default elementor-position-block-start elementor-mobile-position-block-start elementor-widget elementor-widget-icon-box\" data-id=\"243a7e84\" data-element_type=\"widget\" data-e-type=\"widget\" data-widget_type=\"icon-box.default\">\n\t\t\t\t\t\t\t<div class=\"elementor-icon-box-wrapper\">\n\n\t\t\t\t\t\t<div class=\"elementor-icon-box-icon\">\n\t\t\t\t<span  class=\"elementor-icon\">\n\t\t\t\t<svg aria-hidden=\"true\" class=\"e-font-icon-svg e-far-hand-pointer\" viewBox=\"0 0 448 512\" xmlns=\"http:\/\/www.w3.org\/2000\/svg\"><path d=\"M358.182 179.361c-19.493-24.768-52.679-31.945-79.872-19.098-15.127-15.687-36.182-22.487-56.595-19.629V67c0-36.944-29.736-67-66.286-67S89.143 30.056 89.143 67v161.129c-19.909-7.41-43.272-5.094-62.083 8.872-29.355 21.795-35.793 63.333-14.55 93.152l109.699 154.001C134.632 501.59 154.741 512 176 512h178.286c30.802 0 57.574-21.5 64.557-51.797l27.429-118.999A67.873 67.873 0 0 0 448 326v-84c0-46.844-46.625-79.273-89.818-62.639zM80.985 279.697l27.126 38.079c8.995 12.626 29.031 6.287 29.031-9.283V67c0-25.12 36.571-25.16 36.571 0v175c0 8.836 7.163 16 16 16h6.857c8.837 0 16-7.164 16-16v-35c0-25.12 36.571-25.16 36.571 0v35c0 8.836 7.163 16 16 16H272c8.837 0 16-7.164 16-16v-21c0-25.12 36.571-25.16 36.571 0v21c0 8.836 7.163 16 16 16h6.857c8.837 0 16-7.164 16-16 0-25.121 36.571-25.16 36.571 0v84c0 1.488-.169 2.977-.502 4.423l-27.43 119.001c-1.978 8.582-9.29 14.576-17.782 14.576H176c-5.769 0-11.263-2.878-14.697-7.697l-109.712-154c-14.406-20.223 14.994-42.818 29.394-22.606zM176.143 400v-96c0-8.837 6.268-16 14-16h6c7.732 0 14 7.163 14 16v96c0 8.837-6.268 16-14 16h-6c-7.733 0-14-7.163-14-16zm75.428 0v-96c0-8.837 6.268-16 14-16h6c7.732 0 14 7.163 14 16v96c0 8.837-6.268 16-14 16h-6c-7.732 0-14-7.163-14-16zM327 400v-96c0-8.837 6.268-16 14-16h6c7.732 0 14 7.163 14 16v96c0 8.837-6.268 16-14 16h-6c-7.732 0-14-7.163-14-16z\"><\/path><\/svg>\t\t\t\t<\/span>\n\t\t\t<\/div>\n\t\t\t\n\t\t\t\t\t\t<div class=\"elementor-icon-box-content\">\n\n\t\t\t\t\t\t\t\t\t<h3 class=\"elementor-icon-box-title\">\n\t\t\t\t\t\t<span  >\n\t\t\t\t\t\t\tEinzigartigkeit \t\t\t\t\t\t<\/span>\n\t\t\t\t\t<\/h3>\n\t\t\t\t\n\t\t\t\t\t\t\t\t\t<p class=\"elementor-icon-box-description\">\n\t\t\t\t\t\tDie Hautpflege Produkte von Tal beinhalten die besten, nat\u00fcrlichen Inhaltstoffe aus der Schweizer Natur. Die in Graub\u00fcnden entwickelte Formel sorgt f\u00fcr wahre Hautwunder. \t\t\t\t\t<\/p>\n\t\t\t\t\n\t\t\t<\/div>\n\t\t\t\n\t\t<\/div>\n\t\t\t\t\t\t<\/div>\n\t\t\t\t<\/div>\n\t\t\t\t\t<\/div>\n\t\t\t\t<\/div>\n\t\t<div class=\"elementor-element elementor-element-e42f10a e-con-full e-flex wpr-particle-no wpr-jarallax-no wpr-parallax-no wpr-sticky-section-no wpr-equal-height-no e-con e-parent\" data-id=\"e42f10a\" data-element_type=\"container\" data-e-type=\"container\" data-settings=\"{&quot;background_background&quot;:&quot;classic&quot;}\">\n\t\t<div class=\"elementor-element elementor-element-469d8d1 e-con-full e-flex wpr-particle-no wpr-jarallax-no wpr-parallax-no wpr-sticky-section-no wpr-equal-height-no e-con e-child\" data-id=\"469d8d1\" data-element_type=\"container\" data-e-type=\"container\">\n\t\t<div class=\"elementor-element elementor-element-90c8cdb e-con-full e-flex wpr-particle-no wpr-jarallax-no wpr-parallax-no wpr-sticky-section-no wpr-equal-height-no e-con e-child\" data-id=\"90c8cdb\" data-element_type=\"container\" data-e-type=\"container\">\n\t\t\t\t<div class=\"elementor-element elementor-element-81f8dfe elementor-widget elementor-widget-icon-box\" data-id=\"81f8dfe\" data-element_type=\"widget\" data-e-type=\"widget\" data-widget_type=\"icon-box.default\">\n\t\t\t\t\t\t\t<div class=\"elementor-icon-box-wrapper\">\n\n\t\t\t\n\t\t\t\t\t\t<div class=\"elementor-icon-box-content\">\n\n\t\t\t\t\t\t\t\t\t<h3 class=\"elementor-icon-box-title\">\n\t\t\t\t\t\t<span  >\n\t\t\t\t\t\t\tWarum Tal?\t\t\t\t\t\t<\/span>\n\t\t\t\t\t<\/h3>\n\t\t\t\t\n\t\t\t\t\t\t\t\t\t<p class=\"elementor-icon-box-description\">\n\t\t\t\t\t\tGraub\u00fcnden, welcher sich seit dem Jahr 1975 der Hautpflege verschrieben \u2013 und sich darauf spezialisiert hat. Wir sind der festen \u00dcberzeugung, dass eine gesunde, sch\u00f6ne Haut, zu mehr Lebensqualit\u00e4t f\u00fchrt. Wir helfen Ihnen dabei, sich wohler in Ihrer Haut zu f\u00fchlen.\u00a0\n<BR><BR>\nTal Hautpflege beinhaltet viele nat\u00fcrliche Inhaltsstoffe aus der Schweizer Natur und wird in der Schweiz produziert. Daher sind die Transportwege zur Herstellung kurz, was die Umwelt schont.\u00a0\nBei der Herstellung der Produkte achten wir auf die Umwelt&shy;vertr\u00e4glichkeit.\u00a0\n<BR><BR>\nTal bietet viel Hautpflege f\u00fcr unterschiedliche Hautbed\u00fcrfnisse und f\u00fcr unterschiedliche Hauttypen.\u00a0\n\n\n\t\t\t\t\t<\/p>\n\t\t\t\t\n\t\t\t<\/div>\n\t\t\t\n\t\t<\/div>\n\t\t\t\t\t\t<\/div>\n\t\t\t\t<\/div>\n\t\t<div class=\"elementor-element elementor-element-2bd2e53 e-con-full e-flex wpr-particle-no wpr-jarallax-no wpr-parallax-no wpr-sticky-section-no wpr-equal-height-no e-con e-child\" data-id=\"2bd2e53\" data-element_type=\"container\" data-e-type=\"container\" data-settings=\"{&quot;background_background&quot;:&quot;classic&quot;}\">\n\t\t\t\t<\/div>\n\t\t\t\t<\/div>\n\t\t<div class=\"elementor-element elementor-element-afb1f2a e-con-full e-flex wpr-particle-no wpr-jarallax-no wpr-parallax-no wpr-sticky-section-no wpr-equal-height-no e-con e-child\" data-id=\"afb1f2a\" data-element_type=\"container\" data-e-type=\"container\">\n\t\t<div class=\"elementor-element elementor-element-2b2a6d9 e-con-full e-flex wpr-particle-no wpr-jarallax-no wpr-parallax-no wpr-sticky-section-no wpr-equal-height-no e-con e-child\" data-id=\"2b2a6d9\" data-element_type=\"container\" data-e-type=\"container\" data-settings=\"{&quot;background_background&quot;:&quot;classic&quot;}\">\n\t\t\t\t<\/div>\n\t\t<div class=\"elementor-element elementor-element-d5f67d9 e-con-full e-flex wpr-particle-no wpr-jarallax-no wpr-parallax-no wpr-sticky-section-no wpr-equal-height-no e-con e-child\" data-id=\"d5f67d9\" data-element_type=\"container\" data-e-type=\"container\">\n\t\t\t\t<div class=\"elementor-element elementor-element-1b9a0a3 elementor-widget elementor-widget-icon-box\" data-id=\"1b9a0a3\" data-element_type=\"widget\" data-e-type=\"widget\" data-widget_type=\"icon-box.default\">\n\t\t\t\t\t\t\t<div class=\"elementor-icon-box-wrapper\">\n\n\t\t\t\n\t\t\t\t\t\t<div class=\"elementor-icon-box-content\">\n\n\t\t\t\t\t\t\t\t\t<h3 class=\"elementor-icon-box-title\">\n\t\t\t\t\t\t<span  >\n\t\t\t\t\t\t\tNachhaltigkeit\t\t\t\t\t\t<\/span>\n\t\t\t\t\t<\/h3>\n\t\t\t\t\n\t\t\t\t\t\t\t\t\t<p class=\"elementor-icon-box-description\">\n\t\t\t\t\t\tDie Parsenn-Produkte AG begegnet der Umwelt stets mit gr\u00f6sstem Respekt. Seit 45 Jahren haben wir starke Kompetenz bei den Themen Sch\u00f6nheit und Gesundheit aufgebaut. Konsequent wurde der Kernbereich Hautpflege mit attraktiven Produkt&shy;entwicklungen und Erweiterungen arrondiert. Wir sind stolz, dass die hohe Qualit\u00e4t unserer innovativen Produkte seit Jahrzehnten vom Markt anerkannt werden.\n<BR><BR>\n\u00abVon den verwendeten Substanzen und Ingredienzen, \u00fcber Verpackung hin zur Logistik und Partnerschaften vor Ort: Wir f\u00fchlen uns dem nachhaltigen Unternehmertum verpflichtet.\u00bb\n<BR><BR>\nCEO Oliver L\u00fcscher\t\t\t\t\t<\/p>\n\t\t\t\t\n\t\t\t<\/div>\n\t\t\t\n\t\t<\/div>\n\t\t\t\t\t\t<\/div>\n\t\t\t\t<\/div>\n\t\t\t\t<\/div>\n\t\t\t\t<\/div>\n\t\t<div class=\"elementor-element elementor-element-8610fe4 e-flex e-con-boxed wpr-particle-no wpr-jarallax-no wpr-parallax-no wpr-sticky-section-no wpr-equal-height-no e-con e-parent\" data-id=\"8610fe4\" data-element_type=\"container\" data-e-type=\"container\">\n\t\t\t\t\t<div class=\"e-con-inner\">\n\t\t\t\t<div class=\"elementor-element elementor-element-e8aa85f elementor-widget elementor-widget-spacer\" data-id=\"e8aa85f\" data-element_type=\"widget\" data-e-type=\"widget\" data-widget_type=\"spacer.default\">\n\t\t\t\t\t\t\t<div class=\"elementor-spacer\">\n\t\t\t<div class=\"elementor-spacer-inner\"><\/div>\n\t\t<\/div>\n\t\t\t\t\t\t<\/div>\n\t\t\t\t\t<\/div>\n\t\t\t\t<\/div>\n\t\t<div class=\"elementor-element elementor-element-20d30a9 e-con-full e-flex wpr-particle-no wpr-jarallax-no wpr-parallax-no wpr-sticky-section-no wpr-equal-height-no e-con e-parent\" data-id=\"20d30a9\" data-element_type=\"container\" data-e-type=\"container\" data-settings=\"{&quot;background_background&quot;:&quot;classic&quot;}\">\n\t\t\t\t<div class=\"elementor-element elementor-element-56e4059 elementor-testimonial--skin-default elementor-testimonial--layout-image_inline elementor-testimonial--align-center elementor-arrows-yes elementor-pagination-type-bullets elementor-widget elementor-widget-testimonial-carousel\" data-id=\"56e4059\" data-element_type=\"widget\" data-e-type=\"widget\" data-settings=\"{&quot;show_arrows&quot;:&quot;yes&quot;,&quot;pagination&quot;:&quot;bullets&quot;,&quot;speed&quot;:500,&quot;autoplay&quot;:&quot;yes&quot;,&quot;autoplay_speed&quot;:5000,&quot;loop&quot;:&quot;yes&quot;,&quot;pause_on_hover&quot;:&quot;yes&quot;,&quot;pause_on_interaction&quot;:&quot;yes&quot;,&quot;space_between&quot;:{&quot;unit&quot;:&quot;px&quot;,&quot;size&quot;:10,&quot;sizes&quot;:[]},&quot;space_between_tablet&quot;:{&quot;unit&quot;:&quot;px&quot;,&quot;size&quot;:10,&quot;sizes&quot;:[]},&quot;space_between_mobile&quot;:{&quot;unit&quot;:&quot;px&quot;,&quot;size&quot;:10,&quot;sizes&quot;:[]}}\" data-widget_type=\"testimonial-carousel.default\">\n\t\t\t\t\t\t\t\t\t\t<div class=\"elementor-main-swiper swiper\" role=\"region\" aria-roledescription=\"carousel\" aria-label=\"Slides\">\n\t\t\t\t<div class=\"swiper-wrapper\">\n\t\t\t\t\t\t\t\t\t\t\t<div class=\"swiper-slide\" role=\"group\" aria-roledescription=\"slide\">\n\t\t\t\t\t\t\t\t\t<div class=\"elementor-testimonial\">\n\t\t\t\t\t\t\t<div class=\"elementor-testimonial__content\">\n\t\t\t\t\t<div class=\"elementor-testimonial__text\">\n\t\t\t\t\t\tLorem ipsum dolor sit amet, consectetur adipiscing elit. Ut elit tellus, luctus nec ullamcorper mattis, pulvinar dapibus leo.\t\t\t\t\t<\/div>\n\t\t\t\t\t\t\t\t\t<\/div>\n\t\t\t\t\t\t<div class=\"elementor-testimonial__footer\">\n\t\t\t\t\t\t\t\t\t<div class=\"elementor-testimonial__image\">\n\t\t\t\t\t\t<img decoding=\"async\" src=\"https:\/\/tal.ch\/wp\/wp-content\/plugins\/elementor\/assets\/images\/placeholder.png\" alt=\"John Doe\">\n\t\t\t\t\t\t\t\t\t\t\t<\/div>\n\t\t\t\t\t\t\t\t<cite class=\"elementor-testimonial__cite\"><span class=\"elementor-testimonial__name\">John Doe<\/span><span class=\"elementor-testimonial__title\">CEO<\/span><\/cite>\t\t\t<\/div>\n\t\t<\/div>\n\t\t\t\t\t\t\t\t<\/div>\n\t\t\t\t\t\t\t\t\t\t\t<div class=\"swiper-slide\" role=\"group\" aria-roledescription=\"slide\">\n\t\t\t\t\t\t\t\t\t<div class=\"elementor-testimonial\">\n\t\t\t\t\t\t\t<div class=\"elementor-testimonial__content\">\n\t\t\t\t\t<div class=\"elementor-testimonial__text\">\n\t\t\t\t\t\tLorem ipsum dolor sit amet, consectetur adipiscing elit. Ut elit tellus, luctus nec ullamcorper mattis, pulvinar dapibus leo.\t\t\t\t\t<\/div>\n\t\t\t\t\t\t\t\t\t<\/div>\n\t\t\t\t\t\t<div class=\"elementor-testimonial__footer\">\n\t\t\t\t\t\t\t\t\t<div class=\"elementor-testimonial__image\">\n\t\t\t\t\t\t<img decoding=\"async\" src=\"https:\/\/tal.ch\/wp\/wp-content\/plugins\/elementor\/assets\/images\/placeholder.png\" alt=\"John Doe\">\n\t\t\t\t\t\t\t\t\t\t\t<\/div>\n\t\t\t\t\t\t\t\t<cite class=\"elementor-testimonial__cite\"><span class=\"elementor-testimonial__name\">John Doe<\/span><span class=\"elementor-testimonial__title\">CEO<\/span><\/cite>\t\t\t<\/div>\n\t\t<\/div>\n\t\t\t\t\t\t\t\t<\/div>\n\t\t\t\t\t\t\t\t\t\t\t<div class=\"swiper-slide\" role=\"group\" aria-roledescription=\"slide\">\n\t\t\t\t\t\t\t\t\t<div class=\"elementor-testimonial\">\n\t\t\t\t\t\t\t<div class=\"elementor-testimonial__content\">\n\t\t\t\t\t<div class=\"elementor-testimonial__text\">\n\t\t\t\t\t\tLorem ipsum dolor sit amet, consectetur adipiscing elit. Ut elit tellus, luctus nec ullamcorper mattis, pulvinar dapibus leo.\t\t\t\t\t<\/div>\n\t\t\t\t\t\t\t\t\t<\/div>\n\t\t\t\t\t\t<div class=\"elementor-testimonial__footer\">\n\t\t\t\t\t\t\t\t\t<div class=\"elementor-testimonial__image\">\n\t\t\t\t\t\t<img decoding=\"async\" src=\"https:\/\/tal.ch\/wp\/wp-content\/plugins\/elementor\/assets\/images\/placeholder.png\" alt=\"John Doe\">\n\t\t\t\t\t\t\t\t\t\t\t<\/div>\n\t\t\t\t\t\t\t\t<cite class=\"elementor-testimonial__cite\"><span class=\"elementor-testimonial__name\">John Doe<\/span><span class=\"elementor-testimonial__title\">CEO<\/span><\/cite>\t\t\t<\/div>\n\t\t<\/div>\n\t\t\t\t\t\t\t\t<\/div>\n\t\t\t\t\t\t\t\t\t<\/div>\n\t\t\t\t\t\t\t\t\t\t\t\t\t\t\t<div class=\"elementor-swiper-button elementor-swiper-button-prev\" role=\"button\" tabindex=\"0\" aria-label=\"Previous\">\n\t\t\t\t\t\t\t<svg aria-hidden=\"true\" class=\"e-font-icon-svg e-eicon-chevron-left\" viewBox=\"0 0 1000 1000\" xmlns=\"http:\/\/www.w3.org\/2000\/svg\"><path d=\"M646 125C629 125 613 133 604 142L308 442C296 454 292 471 292 487 292 504 296 521 308 533L604 854C617 867 629 875 646 875 663 875 679 871 692 858 704 846 713 829 713 812 713 796 708 779 692 767L438 487 692 225C700 217 708 204 708 187 708 171 704 154 692 142 675 129 663 125 646 125Z\"><\/path><\/svg>\t\t\t\t\t\t<\/div>\n\t\t\t\t\t\t<div class=\"elementor-swiper-button elementor-swiper-button-next\" role=\"button\" tabindex=\"0\" aria-label=\"Next\">\n\t\t\t\t\t\t\t<svg aria-hidden=\"true\" class=\"e-font-icon-svg e-eicon-chevron-right\" viewBox=\"0 0 1000 1000\" xmlns=\"http:\/\/www.w3.org\/2000\/svg\"><path d=\"M696 533C708 521 713 504 713 487 713 471 708 454 696 446L400 146C388 133 375 125 354 125 338 125 325 129 313 142 300 154 292 171 292 187 292 204 296 221 308 233L563 492 304 771C292 783 288 800 288 817 288 833 296 850 308 863 321 871 338 875 354 875 371 875 388 867 400 854L696 533Z\"><\/path><\/svg>\t\t\t\t\t\t<\/div>\n\t\t\t\t\t\t\t\t\t\t\t\t\t\t\t\t<div class=\"swiper-pagination\"><\/div>\n\t\t\t\t\t\t\t\t\t\t\t\t<\/div>\n\t\t\t\t\t\t\t\t<\/div>\n\t\t\t\t<\/div>\n\t\t<div class=\"elementor-element elementor-element-3ebd136 e-con-full e-flex wpr-particle-no wpr-jarallax-no wpr-parallax-no wpr-sticky-section-no wpr-equal-height-no e-con e-parent\" data-id=\"3ebd136\" data-element_type=\"container\" data-e-type=\"container\" data-settings=\"{&quot;background_background&quot;:&quot;classic&quot;}\">\n\t\t<div class=\"elementor-element elementor-element-cec45dd e-con-full e-flex wpr-particle-no wpr-jarallax-no wpr-parallax-no wpr-sticky-section-no wpr-equal-height-no e-con e-child\" data-id=\"cec45dd\" data-element_type=\"container\" data-e-type=\"container\">\n\t\t\t\t<div class=\"elementor-element elementor-element-aac94f4 elementor-widget elementor-widget-video\" data-id=\"aac94f4\" data-element_type=\"widget\" data-e-type=\"widget\" data-settings=\"{&quot;video_type&quot;:&quot;hosted&quot;,&quot;controls&quot;:&quot;yes&quot;}\" data-widget_type=\"video.default\">\n\t\t\t\t\t\t\t<div class=\"e-hosted-video elementor-wrapper elementor-open-inline\">\n\t\t\t\t\t<video class=\"elementor-video\" src=\"https:\/\/tal.ch\/wp\/wp-content\/uploads\/2024\/02\/Tal-MED-Repair-Empfehlung-von-Fiona-Heierli-Apothekerin-ETH.mp4\" controls=\"\" preload=\"metadata\" controlsList=\"nodownload\"><\/video>\n\t\t\t\t<\/div>\n\t\t\t\t\t\t<\/div>\n\t\t\t\t<\/div>\n\t\t<div class=\"elementor-element elementor-element-da75228 e-con-full e-flex wpr-particle-no wpr-jarallax-no wpr-parallax-no wpr-sticky-section-no wpr-equal-height-no e-con e-child\" data-id=\"da75228\" data-element_type=\"container\" data-e-type=\"container\">\n\t\t\t\t<div class=\"elementor-element elementor-element-60f9cd2 elementor-widget elementor-widget-text-editor\" data-id=\"60f9cd2\" data-element_type=\"widget\" data-e-type=\"widget\" data-widget_type=\"text-editor.default\">\n\t\t\t\t\t\t\t\t\t<span style=\"color: #ffffff;\">Meinungen \nzu\nden Produkten von Tal <\/span>\t\t\t\t\t\t\t\t<\/div>\n\t\t\t\t<\/div>\n\t\t<div class=\"elementor-element elementor-element-f259d73 e-con-full e-flex wpr-particle-no wpr-jarallax-no wpr-parallax-no wpr-sticky-section-no wpr-equal-height-no e-con e-child\" data-id=\"f259d73\" data-element_type=\"container\" data-e-type=\"container\">\n\t\t\t\t<div class=\"elementor-element elementor-element-f3fce6d elementor-widget elementor-widget-video\" data-id=\"f3fce6d\" data-element_type=\"widget\" data-e-type=\"widget\" data-settings=\"{&quot;video_type&quot;:&quot;hosted&quot;,&quot;controls&quot;:&quot;yes&quot;}\" data-widget_type=\"video.default\">\n\t\t\t\t\t\t\t<div class=\"e-hosted-video elementor-wrapper elementor-open-inline\">\n\t\t\t\t\t<video class=\"elementor-video\" src=\"https:\/\/tal.ch\/wp\/wp-content\/uploads\/2024\/02\/Tal-MED-Dermatopic-Empfehlung-von-Barbara-Freiermuth-Drogistin-HF.mp4\" controls=\"\" preload=\"metadata\" controlsList=\"nodownload\"><\/video>\n\t\t\t\t<\/div>\n\t\t\t\t\t\t<\/div>\n\t\t\t\t<\/div>\n\t\t<div class=\"elementor-element elementor-element-d972bde e-con-full e-flex wpr-particle-no wpr-jarallax-no wpr-parallax-no wpr-sticky-section-no wpr-equal-height-no e-con e-child\" data-id=\"d972bde\" data-element_type=\"container\" data-e-type=\"container\">\n\t\t\t\t<div class=\"elementor-element elementor-element-df1c2c8 elementor-widget elementor-widget-video\" data-id=\"df1c2c8\" data-element_type=\"widget\" data-e-type=\"widget\" data-settings=\"{&quot;video_type&quot;:&quot;hosted&quot;,&quot;controls&quot;:&quot;yes&quot;}\" data-widget_type=\"video.default\">\n\t\t\t\t\t\t\t<div class=\"e-hosted-video elementor-wrapper elementor-open-inline\">\n\t\t\t\t\t<video class=\"elementor-video\" src=\"https:\/\/tal.ch\/wp\/wp-content\/uploads\/2024\/02\/Tal-MED-Protect-Empfehlung-von-Angela-Winkler-Drogistin.mp4\" controls=\"\" preload=\"metadata\" controlsList=\"nodownload\"><\/video>\n\t\t\t\t<\/div>\n\t\t\t\t\t\t<\/div>\n\t\t\t\t<\/div>\n\t\t\t\t<\/div>\n\t\t<div class=\"elementor-element elementor-element-b4ffdec e-flex e-con-boxed wpr-particle-no wpr-jarallax-no wpr-parallax-no wpr-sticky-section-no wpr-equal-height-no e-con e-parent\" data-id=\"b4ffdec\" data-element_type=\"container\" data-e-type=\"container\" data-settings=\"{&quot;background_background&quot;:&quot;classic&quot;}\">\n\t\t\t\t\t<div class=\"e-con-inner\">\n\t\t\t\t<div class=\"elementor-element elementor-element-d44544d elementor-widget elementor-widget-heading\" data-id=\"d44544d\" data-element_type=\"widget\" data-e-type=\"widget\" data-widget_type=\"heading.default\">\n\t\t\t\t\t<h2 class=\"elementor-heading-title elementor-size-default\">Blog<\/h2>\t\t\t\t<\/div>\n\t\t\t\t\t<\/div>\n\t\t\t\t<\/div>\n\t\t<div class=\"elementor-element elementor-element-7bdd701 e-flex e-con-boxed wpr-particle-no wpr-jarallax-no wpr-parallax-no wpr-sticky-section-no wpr-equal-height-no e-con e-parent\" data-id=\"7bdd701\" data-element_type=\"container\" data-e-type=\"container\">\n\t\t\t\t\t<div class=\"e-con-inner\">\n\t\t\t\t<div class=\"elementor-element elementor-element-bb66735 elementor-grid-3 elementor-grid-tablet-2 elementor-grid-mobile-1 elementor-posts--thumbnail-top elementor-widget elementor-widget-posts\" data-id=\"bb66735\" data-element_type=\"widget\" data-e-type=\"widget\" data-settings=\"{&quot;classic_columns&quot;:&quot;3&quot;,&quot;classic_columns_tablet&quot;:&quot;2&quot;,&quot;classic_columns_mobile&quot;:&quot;1&quot;,&quot;classic_row_gap&quot;:{&quot;unit&quot;:&quot;px&quot;,&quot;size&quot;:35,&quot;sizes&quot;:[]},&quot;classic_row_gap_tablet&quot;:{&quot;unit&quot;:&quot;px&quot;,&quot;size&quot;:&quot;&quot;,&quot;sizes&quot;:[]},&quot;classic_row_gap_mobile&quot;:{&quot;unit&quot;:&quot;px&quot;,&quot;size&quot;:&quot;&quot;,&quot;sizes&quot;:[]}}\" data-widget_type=\"posts.classic\">\n\t\t\t\t<div class=\"elementor-widget-container\">\n\t\t\t\t\t\t\t<div class=\"elementor-posts-container elementor-posts elementor-posts--skin-classic elementor-grid\" role=\"list\">\n\t\t\t\t<article class=\"elementor-post elementor-grid-item post-16677 post type-post status-publish format-standard has-post-thumbnail hentry category-uncategorized tag-fusspflege-fruehling tag-fusspflege-tipps tag-fusspflege-urea tag-mikrobiom-haut tag-trockene-fuesse\" role=\"listitem\">\n\t\t\t\t<a class=\"elementor-post__thumbnail__link\" href=\"https:\/\/tal.ch\/en\/fruehlingszeit-ist-fusszeit\/\" tabindex=\"-1\" >\n\t\t\t<div class=\"elementor-post__thumbnail\"><img loading=\"lazy\" decoding=\"async\" width=\"300\" height=\"200\" src=\"https:\/\/tal.ch\/wp-content\/uploads\/2026\/04\/Tal-Fuss-Familie-Low-Res_YB_7290-300x200.jpg\" class=\"attachment-medium size-medium wp-image-16679\" alt=\"Tal MED Fusslinie\" srcset=\"https:\/\/tal.ch\/wp-content\/uploads\/2026\/04\/Tal-Fuss-Familie-Low-Res_YB_7290-300x200.jpg 300w, https:\/\/tal.ch\/wp-content\/uploads\/2026\/04\/Tal-Fuss-Familie-Low-Res_YB_7290-1024x682.jpg 1024w, https:\/\/tal.ch\/wp-content\/uploads\/2026\/04\/Tal-Fuss-Familie-Low-Res_YB_7290-768x512.jpg 768w, https:\/\/tal.ch\/wp-content\/uploads\/2026\/04\/Tal-Fuss-Familie-Low-Res_YB_7290-1536x1024.jpg 1536w, https:\/\/tal.ch\/wp-content\/uploads\/2026\/04\/Tal-Fuss-Familie-Low-Res_YB_7290-18x12.jpg 18w, https:\/\/tal.ch\/wp-content\/uploads\/2026\/04\/Tal-Fuss-Familie-Low-Res_YB_7290-600x400.jpg 600w, https:\/\/tal.ch\/wp-content\/uploads\/2026\/04\/Tal-Fuss-Familie-Low-Res_YB_7290.jpg 2000w\" sizes=\"(max-width: 300px) 100vw, 300px\" \/><\/div>\n\t\t<\/a>\n\t\t\t\t<div class=\"elementor-post__text\">\n\t\t\t\t<h3 class=\"elementor-post__title\">\n\t\t\t<a href=\"https:\/\/tal.ch\/en\/fruehlingszeit-ist-fusszeit\/\" >\n\t\t\t\tFr\u00fchlingszeit ist Fusszeit\t\t\t<\/a>\n\t\t<\/h3>\n\t\t\t\t<div class=\"elementor-post__meta-data\">\n\t\t\t\t\t<span class=\"elementor-post-date\">\n\t\t\tApril 24, 2026\t\t<\/span>\n\t\t\t\t<span class=\"elementor-post-avatar\">\n\t\t\tNo Comments\t\t<\/span>\n\t\t\t\t<\/div>\n\t\t\t\t<div class=\"elementor-post__excerpt\">\n\t\t\t<p>Fusspflege im Fr\u00fchling: Tipps f\u00fcr gesunde und gepflegte F\u00fcsse Sobald die Temperaturen steigen, kommen Sandalen, Sneaker und offene Schuhe zur\u00fcck. Damit r\u00fccken auch die F\u00fcsse wieder in den Fokus. Nach dem Winter zeigen sich jedoch oft trockene, raue oder rissige Hautstellen. Jetzt ist der richtige Zeitpunkt, um gezielt auf Fusspflege im Fr\u00fchling zu setzen und die Haut optimal vorzubereiten. Warum F\u00fcsse im Fr\u00fchling besondere Pflege brauchen Geschlossene Schuhe, trockene Heizungsluft und wenig Bewegung haben im Winter ihre Spuren hinterlassen. Die Haut verliert Feuchtigkeit und die nat\u00fcrliche Schutzbarriere wird geschw\u00e4cht. Gerade jetzt braucht sie intensive Feuchtigkeit und gezielten Schutz, um wieder geschmeidig zu werden. Der Tal Fuss Pflegeschaum unterst\u00fctzt genau diesen Prozess. Mit 10 % Urea versorgt er die Haut tiefenwirksam mit Feuchtigkeit, w\u00e4hrend Ringelblume und ausgew\u00e4hlte Alpenkr\u00e4uter beruhigend und pflegend wirken. Die leichte Schaumtextur zieht schnell ein und l\u00e4sst sich einfach in den Alltag integrieren. Das Gleichgewicht der Haut: Warum das Mikrobiom wichtig ist Auf unserer Haut lebt eine Vielzahl von Mikroorganismen, die gemeinsam das sogenannte Mikrobiom bilden. Dieses nat\u00fcrliche Gleichgewicht sch\u00fctzt die Haut und tr\u00e4gt dazu bei, dass sie gesund bleibt. Wird es gest\u00f6rt, kann die Haut schneller austrocknen oder empfindlicher reagieren. Gerade bei den F\u00fcssen ist dieses Gleichgewicht besonders gefordert. W\u00e4rme, Feuchtigkeit und das Tragen von geschlossenen Schuhen schaffen Bedingungen, in denen sich Mikroorganismen st\u00e4rker vermehren k\u00f6nnen. Eine gezielte Pflege unterst\u00fctzt die Haut dabei, ihre nat\u00fcrliche Balance zu bewahren. Der Tal Schuh Deo Spray tr\u00e4gt dazu bei, unangenehme Ger\u00fcche zu neutralisieren und geruchsverursachende Mikroorganismen zu hemmen. So bleibt die Frische erhalten, ohne die Haut unn\u00f6tig zu belasten. Pflege, die sich Ihrem Alltag anpasst Viele Menschen w\u00fcnschen sich eine Fusspflege, die wirksam ist und gleichzeitig unkompliziert in den Alltag passt. Leichte Texturen, die schnell einziehen und kein klebriges Gef\u00fchl hinterlassen, erleichtern die regelm\u00e4ssige Anwendung. Gleichzeitig sorgen bew\u00e4hrte Wirkstoffe wie Urea daf\u00fcr, dass die Haut nachhaltig mit Feuchtigkeit versorgt wird. Fazit: Der richtige Zeitpunkt ist jetzt Der Fr\u00fchling ist die ideale Gelegenheit, Ihren F\u00fcssen wieder mehr Aufmerksamkeit zu schenken. Mit der richtigen Pflege lassen sich trockene Stellen reduzieren und die Haut wird wieder geschmeidig. Wer fr\u00fch damit beginnt, schafft die beste Grundlage f\u00fcr gesunde und gepflegte F\u00fcsse \u2013 bereit f\u00fcr alles, was die warme Jahreszeit mit sich bringt.<\/p>\n\t\t<\/div>\n\t\t\n\t\t<a class=\"elementor-post__read-more\" href=\"https:\/\/tal.ch\/en\/fruehlingszeit-ist-fusszeit\/\" aria-label=\"Read more about Fr\u00fchlingszeit ist Fusszeit\" tabindex=\"-1\" >\n\t\t\tWeiterlesen \u00bb\t\t<\/a>\n\n\t\t\t\t<\/div>\n\t\t\t\t<\/article>\n\t\t\t\t<article class=\"elementor-post elementor-grid-item post-16555 post type-post status-publish format-standard has-post-thumbnail hentry category-uncategorized\" role=\"listitem\">\n\t\t\t\t<a class=\"elementor-post__thumbnail__link\" href=\"https:\/\/tal.ch\/en\/hautbarriere-und-mikrobiom\/\" tabindex=\"-1\" >\n\t\t\t<div class=\"elementor-post__thumbnail\"><img loading=\"lazy\" decoding=\"async\" width=\"300\" height=\"200\" src=\"https:\/\/tal.ch\/wp-content\/uploads\/2026\/03\/Tal-Skincare-Hautbarriere-300x200.jpeg\" class=\"attachment-medium size-medium wp-image-16563\" alt=\"\" srcset=\"https:\/\/tal.ch\/wp-content\/uploads\/2026\/03\/Tal-Skincare-Hautbarriere-300x200.jpeg 300w, https:\/\/tal.ch\/wp-content\/uploads\/2026\/03\/Tal-Skincare-Hautbarriere-1024x683.jpeg 1024w, https:\/\/tal.ch\/wp-content\/uploads\/2026\/03\/Tal-Skincare-Hautbarriere-768x512.jpeg 768w, https:\/\/tal.ch\/wp-content\/uploads\/2026\/03\/Tal-Skincare-Hautbarriere-1536x1024.jpeg 1536w, https:\/\/tal.ch\/wp-content\/uploads\/2026\/03\/Tal-Skincare-Hautbarriere-2048x1365.jpeg 2048w, https:\/\/tal.ch\/wp-content\/uploads\/2026\/03\/Tal-Skincare-Hautbarriere-18x12.jpeg 18w, https:\/\/tal.ch\/wp-content\/uploads\/2026\/03\/Tal-Skincare-Hautbarriere-600x400.jpeg 600w\" sizes=\"(max-width: 300px) 100vw, 300px\" \/><\/div>\n\t\t<\/a>\n\t\t\t\t<div class=\"elementor-post__text\">\n\t\t\t\t<h3 class=\"elementor-post__title\">\n\t\t\t<a href=\"https:\/\/tal.ch\/en\/hautbarriere-und-mikrobiom\/\" >\n\t\t\t\tHautbarriere und Mikrobiom: Warum gesunde Haut bei ihrer Schutzschicht beginnt\t\t\t<\/a>\n\t\t<\/h3>\n\t\t\t\t<div class=\"elementor-post__meta-data\">\n\t\t\t\t\t<span class=\"elementor-post-date\">\n\t\t\tMarch 20, 2026\t\t<\/span>\n\t\t\t\t<span class=\"elementor-post-avatar\">\n\t\t\tNo Comments\t\t<\/span>\n\t\t\t\t<\/div>\n\t\t\t\t<div class=\"elementor-post__excerpt\">\n\t\t\t<p>Hautbarriere und Mikrobiom: gesunde Haut beginnt bei ihrer Schutzschicht Trockene, rissige Haut an H\u00e4nden oder F\u00fcssen wird oft einfach mit \u201ezu wenig Feuchtigkeit\u201c erkl\u00e4rt. Doch das greift zu kurz. Entscheidend ist die Hautbarriere \u2013 und ihr Zusammenspiel mit dem Hautmikrobiom. Nur wenn beide im Gleichgewicht sind, bleibt die Haut langfristig gesund, widerstandsf\u00e4hig und gepflegt. Warum die Hautbarriere so wichtig ist Die Hautbarriere ist die \u00e4usserste Schutzschicht der Haut. Sie funktioniert wie ein unsichtbares Schutzschild: Sie h\u00e4lt Feuchtigkeit in der Haut und sch\u00fctzt gleichzeitig vor \u00e4usseren Einfl\u00fcssen wie Keimen, Reibung oder Umweltstress. Ist diese Barriere intakt, bleibt auch das Hautmilieu stabil. Genau dieses Milieu braucht das Hautmikrobiom \u2013 also die nat\u00fcrlichen Mikroorganismen auf unserer Haut \u2013, um seine Schutzfunktion zu erf\u00fcllen. Das Mikrobiom: Unsichtbarer Schutz der Haut Auf unserer Haut leben Milliarden Mikroorganismen, die eine wichtige Aufgabe haben: Sie sch\u00fctzen vor sch\u00e4dlichen Keimen, unterst\u00fctzen das Immunsystem und helfen, Entz\u00fcndungen zu regulieren. Doch dieses System ist empfindlich. Sobald die Hautbarriere geschw\u00e4cht wird, etwa durch h\u00e4ufiges H\u00e4ndewaschen, Desinfektion oder ein feuchtes Klima in Schuhen, ger\u00e4t auch das Mikrobiom aus dem Gleichgewicht. Die Folgen sind sp\u00fcrbar: trockene, raue Haut Spannungsgef\u00fchle Risse oder Irritationen H\u00e4nde und F\u00fcsse: Besonders anf\u00e4llige Zonen H\u00e4nde und F\u00fcsse sind t\u00e4glich extremen Belastungen ausgesetzt. Die H\u00e4nde werden st\u00e4ndig gewaschen und desinfiziert, w\u00e4hrend die F\u00fcsse oft in einem warmen, feuchten Umfeld eingeschlossen sind. Beides greift die Hautbarriere an \u2013 und damit auch das Mikrobiom. Deshalb brauchen genau diese Bereiche eine Pflege, die mehr kann als nur Feuchtigkeit spenden. Wie Tal Produkte die Hautbarriere gezielt st\u00e4rken Die Tal Produkte setzen genau dort an, wo moderne Hautpflege ansetzen sollte: bei der Reparatur und Stabilisierung der Hautbarriere. Tal MED Repair Die Tal MED Repair Handcreme kombiniert Lipide, Feuchtigkeit und pH-regulierende Inhaltsstoffe wie Lactate und milde S\u00e4uren. Dadurch wird nicht nur die Hautbarriere gest\u00e4rkt, sondern auch der nat\u00fcrliche S\u00e4ureschutzmantel stabilisiert. Dies ist eine wichtige Voraussetzung f\u00fcr ein gesundes Mikrobiom. Jetzt entdecken Tal MED Dermatopic \u2013 Fokus auf Barriereaufbau Diese Formulierung enth\u00e4lt Ceramide, die als zentrale Bausteine der Hautbarriere gelten. Sie helfen, die Struktur der Haut zu reparieren und langfristig zu stabilisieren. In Kombination mit beruhigenden Inhaltsstoffen wie Beta-Glucan entsteht ein Umfeld, in dem sich das Mikrobiom erholen und stabilisieren kann. Jetzt entdecken Tal MED Protect \u2013 Sch\u00fctzt und f\u00f6rdert die Hautbarriere Tal MED Protect wurde entwickelt, um die Hautbarriere im Alltag gezielt zu sch\u00fctzen \u2013 besonders bei h\u00e4ufigem H\u00e4ndewaschen, K\u00e4lte oder Kontakt mit Wasser.\u00a0Die Formulierung st\u00e4rkt den nat\u00fcrlichen Schutzfilm der Haut mit Lipiden und Feuchtigkeit, sodass sie widerstandsf\u00e4hig und geschmeidig bleibt.\u00a0Inhaltsstoffe wie Niacinamide und Panthenol unterst\u00fctzen zus\u00e4tzlich die Regeneration und beruhigen gestresste Haut.\u00a0So bleibt das Hautmilieu stabil \u2013 eine zentrale Voraussetzung f\u00fcr ein gesundes Mikrobiom. Tal MED Protect erg\u00e4nzt die Pflege ideal, indem es die Hautbarriere sch\u00fctzt, bevor sie \u00fcberhaupt aus dem Gleichgewicht ger\u00e4t. Hier klicken Tal Fuss Pflege Balsam \u2013 Mikrobiom im Gleichgewicht Gerade bei den F\u00fcssen spielt das Gleichgewicht der Mikroorganismen eine zentrale Rolle. Der Balsam enth\u00e4lt Bifida Ferment, einen modernen postbiotischen Wirkstoff, der die Hautbarriere st\u00e4rkt und die Hautregeneration unterst\u00fctzt. In Kombination mit Urea und pH-regulierenden S\u00e4uren wird das Hautmilieu gezielt stabilisiert. Jetzt entdecken Warum das langfristig entscheidend ist Eine starke Hautbarriere ist mehr als nur Schutz. Sie schafft die Grundlage f\u00fcr ein stabiles Hautmikrobiom \u2013 und damit f\u00fcr gesunde Haut. Unsere Produkte von Tal gehen genau diesen Weg: Sie behandeln nicht nur Symptome wie Trockenheit, sondern unterst\u00fctzen die Haut dabei, ihr nat\u00fcrliches Gleichgewicht wiederzufinden. Fazit Gesunde Haut beginnt nicht bei der Oberfl\u00e4che, sondern in ihrer Struktur. Wer H\u00e4nde und F\u00fcsse nachhaltig pflegen m\u00f6chte, sollte auf Produkte setzen, die die Hautbarriere st\u00e4rken und das Mikrobiom respektieren. Denn am Ende gilt: Eine stabile Hautbarriere ist die Basis f\u00fcr ein gesundes Mikrobiom \u2013 und damit f\u00fcr sichtbar gesunde Haut.<\/p>\n\t\t<\/div>\n\t\t\n\t\t<a class=\"elementor-post__read-more\" href=\"https:\/\/tal.ch\/en\/hautbarriere-und-mikrobiom\/\" aria-label=\"Read more about Hautbarriere und Mikrobiom: Warum gesunde Haut bei ihrer Schutzschicht beginnt\" tabindex=\"-1\" >\n\t\t\tWeiterlesen \u00bb\t\t<\/a>\n\n\t\t\t\t<\/div>\n\t\t\t\t<\/article>\n\t\t\t\t<article class=\"elementor-post elementor-grid-item post-16461 post type-post status-publish format-standard has-post-thumbnail hentry category-uncategorized\" role=\"listitem\">\n\t\t\t\t<a class=\"elementor-post__thumbnail__link\" href=\"https:\/\/tal.ch\/en\/hautschutz-statt-hautpflege\/\" tabindex=\"-1\" >\n\t\t\t<div class=\"elementor-post__thumbnail\"><img loading=\"lazy\" decoding=\"async\" width=\"300\" height=\"169\" src=\"https:\/\/tal.ch\/wp-content\/uploads\/2026\/02\/Bild-Protect-Quer-mit-Schnee-2-300x169.png\" class=\"attachment-medium size-medium wp-image-16463\" alt=\"\" srcset=\"https:\/\/tal.ch\/wp-content\/uploads\/2026\/02\/Bild-Protect-Quer-mit-Schnee-2-300x169.png 300w, https:\/\/tal.ch\/wp-content\/uploads\/2026\/02\/Bild-Protect-Quer-mit-Schnee-2-1024x576.png 1024w, https:\/\/tal.ch\/wp-content\/uploads\/2026\/02\/Bild-Protect-Quer-mit-Schnee-2-768x432.png 768w, https:\/\/tal.ch\/wp-content\/uploads\/2026\/02\/Bild-Protect-Quer-mit-Schnee-2-1536x864.png 1536w, https:\/\/tal.ch\/wp-content\/uploads\/2026\/02\/Bild-Protect-Quer-mit-Schnee-2-18x10.png 18w, https:\/\/tal.ch\/wp-content\/uploads\/2026\/02\/Bild-Protect-Quer-mit-Schnee-2-600x338.png 600w, https:\/\/tal.ch\/wp-content\/uploads\/2026\/02\/Bild-Protect-Quer-mit-Schnee-2.png 2000w\" sizes=\"(max-width: 300px) 100vw, 300px\" \/><\/div>\n\t\t<\/a>\n\t\t\t\t<div class=\"elementor-post__text\">\n\t\t\t\t<h3 class=\"elementor-post__title\">\n\t\t\t<a href=\"https:\/\/tal.ch\/en\/hautschutz-statt-hautpflege\/\" >\n\t\t\t\tHautpflege alleine reicht oft nicht! Warum ist der Schutz entscheidend?\t\t\t<\/a>\n\t\t<\/h3>\n\t\t\t\t<div class=\"elementor-post__meta-data\">\n\t\t\t\t\t<span class=\"elementor-post-date\">\n\t\t\tFebruary 17, 2026\t\t<\/span>\n\t\t\t\t<span class=\"elementor-post-avatar\">\n\t\t\tNo Comments\t\t<\/span>\n\t\t\t\t<\/div>\n\t\t\t\t<div class=\"elementor-post__excerpt\">\n\t\t\t<p>Hautpflege alleine reicht oft nicht! Warum ist der Schutz entscheidend? Viele Menschen pflegen ihre H\u00e4nde regelm\u00e4ssig. Sie verwenden Handcreme, achten auf Feuchtigkeit und versuchen, trockene Haut zu vermeiden. Trotzdem entsteht gerade bei K\u00e4lte, Wind und N\u00e4sse oft ein bekanntes Gef\u00fchl: Die Haut spannt, wird rau oder empfindlich. Der Grund daf\u00fcr liegt nicht nur in fehlender Pflege \u2013 sondern im fehlenden Schutz. Pflege und Schutz erf\u00fcllen unterschiedliche Aufgaben Pflege und Schutz werden oft als dasselbe verstanden. Tats\u00e4chlich erf\u00fcllen sie jedoch zwei unterschiedliche Funktionen. Pflege unterst\u00fctzt die Regeneration der Haut. Sie hilft, verlorene Feuchtigkeit zu ersetzen und die Haut wieder geschmeidig zu machen. Schutz hingegen verhindert, dass die Haut \u00fcberhaupt geschw\u00e4cht wird. Er bildet eine Barriere gegen \u00e4ussere Einfl\u00fcsse wie K\u00e4lte, Wind, Wasser oder trockene Luft. Diese Unterscheidung ist entscheidend. Denn wenn die Haut st\u00e4ndig belastet wird, reicht Pflege allein oft nicht aus. Was mit der Haut bei K\u00e4lte und N\u00e4sse passiert Unsere Haut besitzt eine nat\u00fcrliche Schutzbarriere. Diese sorgt daf\u00fcr, dass Feuchtigkeit in der Haut bleibt und sch\u00e4dliche Einfl\u00fcsse draussen bleiben. Bei K\u00e4lte und N\u00e4sse wird diese Barriere jedoch geschw\u00e4cht. K\u00e4lte reduziert die Durchblutung der Haut und verlangsamt ihre Regenerationsf\u00e4higkeit. Gleichzeitig entzieht trockene Luft der Haut Feuchtigkeit. H\u00e4ufiger Kontakt mit Wasser, wie beim H\u00e4ndewaschen oder Arbeiten im Freien, verst\u00e4rkt diesen Effekt zus\u00e4tzlich. Die Folge: Die Haut verliert ihre nat\u00fcrliche Schutzfunktion. Sie wird empfindlicher, trockener und anf\u00e4lliger f\u00fcr Sch\u00e4den. Genau hier wird klar, warum Schutz entscheidend ist. Warum ein Schutzfilm eine zentrale Rolle spielt Ein wirksamer Hautschutz basiert auf einem einfachen Prinzip: der Unterst\u00fctzung der nat\u00fcrlichen Hautbarriere durch einen Schutzfilm. Ein solcher Schutzfilm wirkt wie eine zus\u00e4tzliche Schicht auf der Hautoberfl\u00e4che. Er hilft dabei,\u00a0Feuchtigkeitsverlust zu reduzieren\u00a0die Haut vor K\u00e4lte und Wind zu sch\u00fctzen\u00a0die Belastung durch Wasser und N\u00e4sse zu verringern\u00a0die nat\u00fcrliche Schutzfunktion der Haut zu stabilisieren.\u00a0Im Gegensatz zu reiner Pflege wirkt dieser Schutz pr\u00e4ventiv. Die Haut bleibt widerstandsf\u00e4higer und kann ihre nat\u00fcrliche Funktion besser erf\u00fcllen. Besonders wichtig bei regelm\u00e4ssiger Belastung Hautschutz ist vor allem dann relevant, wenn H\u00e4nde regelm\u00e4ssig \u00e4usseren Einfl\u00fcssen ausgesetzt sind. Dazu geh\u00f6ren Situationen wie: Arbeiten im Freien bei K\u00e4lte und Wind h\u00e4ufiger Kontakt mit Wasser T\u00e4tigkeiten in der Natur kalte oder trockene Umgebungen In diesen Situationen ist die Haut nicht nur auf Pflege angewiesen, sondern vor allem auf Schutz. Der Unterschied, den gezielter Schutz machen kann Gesunde Haut entsteht nicht erst durch Reparatur \u2013 sondern durch Pr\u00e4vention. Wenn die Haut fr\u00fchzeitig gesch\u00fctzt wird, bleibt ihre nat\u00fcrliche Barriere stabil. Sie bleibt geschmeidiger, widerstandsf\u00e4higer und weniger anf\u00e4llig f\u00fcr Sch\u00e4den. Genau hier setzt ein moderner Hautschutz an: Er unterst\u00fctzt die Haut dabei, ihre Schutzfunktion zu bewahren \u2013 selbst unter anspruchsvollen Bedingungen. Die Tal MED Protect wurde genau f\u00fcr diesen Zweck entwickelt. Sie bildet einen sch\u00fctzenden Film auf der Haut, der vor K\u00e4lte, N\u00e4sse und \u00e4usseren Belastungen sch\u00fctzt, ohne die nat\u00fcrliche Funktion der Haut zu beeintr\u00e4chtigen. Denn wirkliche Hautgesundheit beginnt nicht erst mit der Pflege \u2013 sondern mit dem Schutz<\/p>\n\t\t<\/div>\n\t\t\n\t\t<a class=\"elementor-post__read-more\" href=\"https:\/\/tal.ch\/en\/hautschutz-statt-hautpflege\/\" aria-label=\"Read more about Hautpflege alleine reicht oft nicht! Warum ist der Schutz entscheidend?\" tabindex=\"-1\" >\n\t\t\tWeiterlesen \u00bb\t\t<\/a>\n\n\t\t\t\t<\/div>\n\t\t\t\t<\/article>\n\t\t\t\t<\/div>\n\t\t\n\t\t\t\t<div class=\"e-load-more-anchor\" data-page=\"1\" data-max-page=\"9\" data-next-page=\"https:\/\/tal.ch\/en\/wp-json\/wp\/v2\/pages\/2102\/page\/2\/\"><\/div>\n\t\t\t\t<nav class=\"elementor-pagination\" aria-label=\"Pagination\">\n\t\t\t<span class=\"page-numbers prev\">&laquo; Voriger<\/span>\n<a class=\"page-numbers next\" href=\"https:\/\/tal.ch\/en\/wp-json\/wp\/v2\/pages\/2102\/page\/2\/\">N\u00e4chster &raquo;<\/a>\t\t<\/nav>\n\t\t\t\t\t\t<\/div>\n\t\t\t\t<\/div>\n\t\t\t\t<div class=\"elementor-element elementor-element-39f87ab elementor-widget elementor-widget-spacer\" data-id=\"39f87ab\" data-element_type=\"widget\" data-e-type=\"widget\" data-widget_type=\"spacer.default\">\n\t\t\t\t\t\t\t<div class=\"elementor-spacer\">\n\t\t\t<div class=\"elementor-spacer-inner\"><\/div>\n\t\t<\/div>\n\t\t\t\t\t\t<\/div>\n\t\t\t\t\t<\/div>\n\t\t\t\t<\/div>\n\t\t<div class=\"elementor-element elementor-element-18973d51 e-flex e-con-boxed wpr-particle-no wpr-jarallax-no wpr-parallax-no wpr-sticky-section-no wpr-equal-height-no e-con e-parent\" data-id=\"18973d51\" data-element_type=\"container\" data-e-type=\"container\" data-settings=\"{&quot;background_background&quot;:&quot;classic&quot;}\">\n\t\t\t\t\t<div class=\"e-con-inner\">\n\t\t\t\t<div class=\"elementor-element elementor-element-506ccb58 elementor-widget elementor-widget-heading\" data-id=\"506ccb58\" data-element_type=\"widget\" data-e-type=\"widget\" data-widget_type=\"heading.default\">\n\t\t\t\t\t<h1 class=\"elementor-heading-title elementor-size-default\">Abonniere unseren Newsletter<\/h1>\t\t\t\t<\/div>\n\t\t\t\t<div class=\"elementor-element elementor-element-381f92d1 elementor-widget elementor-widget-text-editor\" data-id=\"381f92d1\" data-element_type=\"widget\" data-e-type=\"widget\" data-widget_type=\"text-editor.default\">\n\t\t\t\t\t\t\t\t\t<p>Keine Neuigkeiten und News mehr verpassen.<\/p>\t\t\t\t\t\t\t\t<\/div>\n\t\t\t\t<div class=\"elementor-element elementor-element-22d0033b elementor-widget__width-initial elementor-widget-tablet__width-inherit elementor-tablet-button-align-stretch elementor-button-align-stretch elementor-widget elementor-widget-form\" data-id=\"22d0033b\" data-element_type=\"widget\" data-e-type=\"widget\" data-settings=\"{&quot;step_next_label&quot;:&quot;Next&quot;,&quot;step_previous_label&quot;:&quot;Previous&quot;,&quot;button_width&quot;:&quot;20&quot;,&quot;button_width_tablet&quot;:&quot;100&quot;,&quot;step_type&quot;:&quot;number_text&quot;,&quot;step_icon_shape&quot;:&quot;circle&quot;}\" data-widget_type=\"form.default\">\n\t\t\t\t\t\t\t<form class=\"elementor-form\" method=\"post\" name=\"WorkShop\" aria-label=\"WorkShop\">\n\t\t\t<input type=\"hidden\" name=\"post_id\" value=\"2102\"\/>\n\t\t\t<input type=\"hidden\" name=\"form_id\" value=\"22d0033b\"\/>\n\t\t\t<input type=\"hidden\" name=\"referer_title\" value=\"Home - Tal\" \/>\n\n\t\t\t\t\t\t\t<input type=\"hidden\" name=\"queried_id\" value=\"2102\"\/>\n\t\t\t\n\t\t\t<div class=\"elementor-form-fields-wrapper elementor-labels-\">\n\t\t\t\t\t\t\t\t<div class=\"elementor-field-type-email elementor-field-group elementor-column elementor-field-group-email elementor-col-40 elementor-md-100 elementor-field-required\">\n\t\t\t\t\t\t\t\t\t\t\t\t<label for=\"form-field-email\" class=\"elementor-field-label elementor-screen-only\">\n\t\t\t\t\t\t\t\tEmail\t\t\t\t\t\t\t<\/label>\n\t\t\t\t\t\t\t\t\t\t\t\t\t\t<input size=\"1\" type=\"email\" name=\"form_fields[email]\" id=\"form-field-email\" class=\"elementor-field elementor-size-lg  elementor-field-textual\" placeholder=\"Your email\" required=\"required\">\n\t\t\t\t\t\t\t\t\t\t\t<\/div>\n\t\t\t\t\t\t\t\t<div class=\"elementor-field-type-text elementor-field-group elementor-column elementor-field-group-field_238d59d elementor-col-40 elementor-md-100\">\n\t\t\t\t\t\t\t\t\t\t\t\t<label for=\"form-field-field_238d59d\" class=\"elementor-field-label elementor-screen-only\">\n\t\t\t\t\t\t\t\tName\t\t\t\t\t\t\t<\/label>\n\t\t\t\t\t\t\t\t\t\t\t\t\t\t<input size=\"1\" type=\"text\" name=\"form_fields[field_238d59d]\" id=\"form-field-field_238d59d\" class=\"elementor-field elementor-size-lg  elementor-field-textual\" placeholder=\"Your Name\">\n\t\t\t\t\t\t\t\t\t\t\t<\/div>\n\t\t\t\t\t\t\t\t<div class=\"elementor-field-group elementor-column elementor-field-type-submit elementor-col-20 e-form__buttons elementor-md-100\">\n\t\t\t\t\t<button class=\"elementor-button elementor-size-lg elementor-animation-grow\" type=\"submit\">\n\t\t\t\t\t\t<span class=\"elementor-button-content-wrapper\">\n\t\t\t\t\t\t\t\t\t\t\t\t\t\t\t\t\t\t\t\t\t\t<span class=\"elementor-button-text\">Subscribe<\/span>\n\t\t\t\t\t\t\t\t\t\t\t\t\t<\/span>\n\t\t\t\t\t<\/button>\n\t\t\t\t<\/div>\n\t\t\t<\/div>\n\t\t<\/form>\n\t\t\t\t\t\t<\/div>\n\t\t\t\t\t<\/div>\n\t\t\t\t<\/div>\n\t\t\t\t<\/div>\n\t\t","protected":false},"excerpt":{"rendered":"<p>Hand cream Find the right hand cream for your skin needs - pure, effective and with natural Swiss ingredients. More info &gt; Foot cream If you have dry or cracked feet, you will find the right foot cream here. More info &gt; Face cream If you have dry, blemished or sensitive skin and are looking for a face cream to combat skin burnout, you will find your day care, night care and speciality care here. More info &gt; No. 1 in pharmacies and drugstores Tal is the No. 1 hand cream in Swiss pharmacies and drugstores. Thousands of customers have trusted our Tal hand cream for many years. You can trust it too! ...and for good reason. The proven formula helps with different skin needs. Be it dry, cracked skin, damaged and irritated skin or impure, sensitive skin.  Why is Tal hand cream number 1 in the specialised trade? Because we are passionate about meeting the needs of our customers. Our specially developed formula is enriched with valuable ingredients that pamper and soften your skin. We rely on highly effective Swiss ingredients such as edelweiss, horsetail extract, grape seed oil and mountain spring water.  We have also relied on the expert advice of specialised staff in Swiss drugstores and pharmacies for many years. Who, if not the specialist staff, knows which hand cream should be used for which skin needs? We are therefore all the more pleased that these professionals love our hand cream and recommend it to their customers.  See for yourself why our Tal hand cream is loved by so many.  Proven Swiss quality Tal is a family-run cosmetics brand from Graub\u00fcnden that has been synonymous with high-quality skin care products with scientifically proven effectiveness since 1975. Tal skincare products are developed in K\u00fcblis and produced in eastern Switzerland.  The company is owner-managed in the second generation and is ISO 9001 : 2015 certified.  Effectiveness Tal skincare products are highly effective and scientifically tested. Feel the difference on your skin. Long-term effect The unique long-term effect (Multi-Moist-Complex) ensures soft and supple skin - all day long. Purity Feel the purity on your skin. Thanks to the natural ingredients from Swiss nature. Without harmful ingredients, gentle on your skin. Uniqueness The skin care products from Tal contain the best natural ingredients from Swiss nature. The formula developed in Graub\u00fcnden creates true skin wonders. Why Tal? Graub\u00fcnden, which has been dedicated to - and specialised in - skin care since 1975. We firmly believe that healthy, beautiful skin leads to a better quality of life. We help you to feel more comfortable in your skin.  Tal skincare contains many natural ingredients from Swiss nature and is produced in Switzerland. This means that the transport routes for production are short, which protects the environment.  We pay attention to environmental compatibility when manufacturing the products.  Tal offers a wide range of skin care products for different skin needs and for different skin types.  Sustainability Parsenn-Produkte AG always treats the environment with the utmost respect. For 45 years, we have built up strong expertise in the areas of beauty and health. The core area of skin care has been consistently rounded off with attractive product developments and expansions. We are proud that the high quality of our innovative products has been recognised by the market for decades. \"From the substances and ingredients used, to packaging, logistics and local partnerships: We are committed to sustainable entrepreneurship.\" CEO Oliver L\u00fcscher Lorem ipsum dolor sit amet, consectetur adipiscing elit. Ut elit tellus, luctus nec ullamcorper mattis, pulvinar dapibus leo. John DoeCEO Lorem ipsum dolor sit amet, consectetur adipiscing elit. Ut elit tellus, luctus nec ullamcorper mattis, pulvinar dapibus leo. John DoeCEO Lorem ipsum dolor sit amet, consectetur adipiscing elit. Ut elit tellus, luctus nec ullamcorper mattis, pulvinar dapibus leo. John DoeCEO Previous Next https:\/\/tal.ch\/wp-content\/uploads\/2024\/02\/Tal-MED-Repair-Empfehlung-von-Fiona-Heierli-Apothekerin-ETH.mp4Meinungen to the products of Tal https:\/\/tal.ch\/wp-content\/uploads\/2024\/02\/Tal-MED-Dermatopic-Empfehlung-von-Barbara-Freiermuth-Drogistin-HF.mp4https:\/\/tal.ch\/wp-content\/uploads\/2024\/02\/Tal-MED-Protect-Empfehlung-von-Angela-Winkler-Drogistin.mp4 Blog Subscribe to our newsletter Never miss news and updates.<\/p>","protected":false},"author":1,"featured_media":0,"parent":0,"menu_order":32,"comment_status":"closed","ping_status":"closed","template":"elementor_header_footer","meta":{"footnotes":""},"tags":[],"class_list":["post-2102","page","type-page","status-publish","hentry"],"yoast_head":"<!-- This site is optimized with the Yoast SEO plugin v27.4 - https:\/\/yoast.com\/product\/yoast-seo-wordpress\/ -->\n<title>Home - Tal<\/title>\n<meta name=\"robots\" content=\"index, follow, max-snippet:-1, max-image-preview:large, max-video-preview:-1\" \/>\n<link rel=\"canonical\" href=\"https:\/\/tal.ch\/en\/home-2\/\" \/>\n<meta property=\"og:locale\" content=\"en_GB\" \/>\n<meta property=\"og:type\" content=\"article\" \/>\n<meta property=\"og:title\" content=\"Home - Tal\" \/>\n<meta property=\"og:description\" content=\"Handcreme Finden Sie die passende Handcreme f\u00fcr Ihr Hautbed\u00fcrfnis.Rein, wirkungsvoll und mit nat\u00fcrlichen Schweizer Inhaltsstoffen. Weitere Infos &gt; Fusscreme Haben Sie trockene oder rissige F\u00fcsse?Hier finden Sie die passende Fusscreme. Weitere Infos &gt; Gesichtscreme Haben Sie trockene, unreine oder empfindliche Haut?Suchen Sie eine Gesichtspflege gegen Skin Burnout?Hier finden Sie Ihre Tagespflege, Nachtpflege und Spezialpflege. Weitere Infos &gt; Nr. 1 in Apotheken und Drogerien Tal ist die Nummer 1 Handcreme in Schweizer Apotheken und Drogerien. Seit vielen Jahren vertrauen tausende von Kundinnen und Kunden unserer Tal Handcreme. Vertrauen auch Sie darauf! &#8230;und das aus gutem Grund. Die bew\u00e4hrte Formel hilft bei unterschiedlichen Hautbed\u00fcrfnissen. Sei es bei trockener, rissiger Haut, bei gesch\u00e4digter und gereizter Haut oder bei unreiner, empfindlicher Haut.\u00a0 Warum ist die Tal Handcreme die Nummer 1 im Fachhandel? Weil wir uns leidenschaftlich daf\u00fcr einsetzen, die Bed\u00fcrfnisse unserer Kunden zu erf\u00fcllen. Unsere speziell entwickelte Formel ist angereichert mit wertvollen Inhaltsstoffen, die Ihre Haut verw\u00f6hnen und geschmeidig machen. Dabei setzen wir auf hochwirksame, Schweizer Inhaltsstoffe, wie z.B. Edelweiss, Schachtelhalm-Extrakt, Traubenkern\u00f6l, Bergquellwasser.\u00a0 Zudem setzen wir seit vielen Jahren auf die kompetente Beratung des Fachpersonals in den Schweizer Drogerien und Apotheken. Wer, wenn nicht das Fachpersonal, weiss, welche Handcreme f\u00fcr welches Hautbed\u00fcrfnis eingesetzt werden sollte. Daher freut es uns umso mehr, dass diese Fachkr\u00e4fte unsere Handcreme lieben und ihren Kunden weiterempfehlen.\u00a0 Erleben Sie selbst, warum unsere Tal Handcreme von so vielen geliebt wird.\u00a0 Bew\u00e4hrte Schweizer Qualit\u00e4t Tal ist eine familiengef\u00fchrte Kosmetikmarke aus Graub\u00fcnden, die seit 1975 f\u00fcr qualitativ hochwertige Hautpflegeprodukte mit wissenschaftlich gepr\u00fcfter Wirksamkeit steht. Die Tal Hautpflege Produkte werden in K\u00fcblis entwickelt und in der Ostschweiz produziert.\u00a0 Die Unternehmung ist in zweiter Generation Inhabergef\u00fchrt und ist ISO\u00a09001 : 2015 zertifiziert.\u00a0 Wirksamkeit Die Hautpflege Produkte von Tal sind hochwirksam und wissenschaftlich gepr\u00fcft. Sp\u00fcren Sie den Unterschied auf Ihrer Haut. Langzeitwirkung Die einzigartige Langzeitwirkung (Multi-Moist-Complex) sorgt f\u00fcr weiche und zarte Haut &#8211; den ganzen Tag. Reinheit Sp\u00fcren Sie die Reinheit auf Ihrer Haut. Dank den nat\u00fcrlichen Inhaltsstoffen aus der Schweizer Natur. Ohne sch\u00e4dliche Inhaltsstoffe, sanft zu Ihrer Haut. Einzigartigkeit Die Hautpflege Produkte von Tal beinhalten die besten, nat\u00fcrlichen Inhaltstoffe aus der Schweizer Natur. Die in Graub\u00fcnden entwickelte Formel sorgt f\u00fcr wahre Hautwunder. Warum Tal? Graub\u00fcnden, welcher sich seit dem Jahr 1975 der Hautpflege verschrieben \u2013 und sich darauf spezialisiert hat. Wir sind der festen \u00dcberzeugung, dass eine gesunde, sch\u00f6ne Haut, zu mehr Lebensqualit\u00e4t f\u00fchrt. Wir helfen Ihnen dabei, sich wohler in Ihrer Haut zu f\u00fchlen.\u00a0 Tal Hautpflege beinhaltet viele nat\u00fcrliche Inhaltsstoffe aus der Schweizer Natur und wird in der Schweiz produziert. Daher sind die Transportwege zur Herstellung kurz, was die Umwelt schont.\u00a0 Bei der Herstellung der Produkte achten wir auf die Umwelt&shy;vertr\u00e4glichkeit.\u00a0 Tal bietet viel Hautpflege f\u00fcr unterschiedliche Hautbed\u00fcrfnisse und f\u00fcr unterschiedliche Hauttypen.\u00a0 Nachhaltigkeit Die Parsenn-Produkte AG begegnet der Umwelt stets mit gr\u00f6sstem Respekt. Seit 45 Jahren haben wir starke Kompetenz bei den Themen Sch\u00f6nheit und Gesundheit aufgebaut. Konsequent wurde der Kernbereich Hautpflege mit attraktiven Produkt&shy;entwicklungen und Erweiterungen arrondiert. Wir sind stolz, dass die hohe Qualit\u00e4t unserer innovativen Produkte seit Jahrzehnten vom Markt anerkannt werden. \u00abVon den verwendeten Substanzen und Ingredienzen, \u00fcber Verpackung hin zur Logistik und Partnerschaften vor Ort: Wir f\u00fchlen uns dem nachhaltigen Unternehmertum verpflichtet.\u00bb CEO Oliver L\u00fcscher Lorem ipsum dolor sit amet, consectetur adipiscing elit. Ut elit tellus, luctus nec ullamcorper mattis, pulvinar dapibus leo. John DoeCEO Lorem ipsum dolor sit amet, consectetur adipiscing elit. Ut elit tellus, luctus nec ullamcorper mattis, pulvinar dapibus leo. John DoeCEO Lorem ipsum dolor sit amet, consectetur adipiscing elit. Ut elit tellus, luctus nec ullamcorper mattis, pulvinar dapibus leo. John DoeCEO Voriger N\u00e4chster https:\/\/tal.ch\/wp-content\/uploads\/2024\/02\/Tal-MED-Repair-Empfehlung-von-Fiona-Heierli-Apothekerin-ETH.mp4Meinungen zu den Produkten von Tal https:\/\/tal.ch\/wp-content\/uploads\/2024\/02\/Tal-MED-Dermatopic-Empfehlung-von-Barbara-Freiermuth-Drogistin-HF.mp4https:\/\/tal.ch\/wp-content\/uploads\/2024\/02\/Tal-MED-Protect-Empfehlung-von-Angela-Winkler-Drogistin.mp4 Blog Abonniere unseren Newsletter Keine Neuigkeiten und News mehr verpassen.\" \/>\n<meta property=\"og:url\" content=\"https:\/\/tal.ch\/en\/home-2\/\" \/>\n<meta property=\"og:site_name\" content=\"Tal\" \/>\n<meta property=\"article:publisher\" content=\"https:\/\/www.facebook.com\/tal.schweiz\/\" \/>\n<meta property=\"article:modified_time\" content=\"2026-04-16T06:04:31+00:00\" \/>\n<meta property=\"og:image\" content=\"https:\/\/tal.ch\/wp-content\/uploads\/2024\/05\/02.jpg\" \/>\n\t<meta property=\"og:image:width\" content=\"1200\" \/>\n\t<meta property=\"og:image:height\" content=\"800\" \/>\n\t<meta property=\"og:image:type\" content=\"image\/jpeg\" \/>\n<meta name=\"twitter:card\" content=\"summary_large_image\" \/>\n<meta name=\"twitter:label1\" content=\"Estimated reading time\" \/>\n\t<meta name=\"twitter:data1\" content=\"6 minutes\" \/>\n<script type=\"application\/ld+json\" class=\"yoast-schema-graph\">{\"@context\":\"https:\\\/\\\/schema.org\",\"@graph\":[{\"@type\":\"WebPage\",\"@id\":\"https:\\\/\\\/tal.ch\\\/home-2\\\/\",\"url\":\"https:\\\/\\\/tal.ch\\\/home-2\\\/\",\"name\":\"Home - Tal\",\"isPartOf\":{\"@id\":\"https:\\\/\\\/tal.ch\\\/#website\"},\"primaryImageOfPage\":{\"@id\":\"https:\\\/\\\/tal.ch\\\/home-2\\\/#primaryimage\"},\"image\":{\"@id\":\"https:\\\/\\\/tal.ch\\\/home-2\\\/#primaryimage\"},\"thumbnailUrl\":\"https:\\\/\\\/tal.ch\\\/wp-content\\\/uploads\\\/2024\\\/05\\\/02-1024x683.jpg\",\"datePublished\":\"2024-05-15T06:34:32+00:00\",\"dateModified\":\"2026-04-16T06:04:31+00:00\",\"breadcrumb\":{\"@id\":\"https:\\\/\\\/tal.ch\\\/home-2\\\/#breadcrumb\"},\"inLanguage\":\"en-GB\",\"potentialAction\":[{\"@type\":\"ReadAction\",\"target\":[\"https:\\\/\\\/tal.ch\\\/home-2\\\/\"]}]},{\"@type\":\"ImageObject\",\"inLanguage\":\"en-GB\",\"@id\":\"https:\\\/\\\/tal.ch\\\/home-2\\\/#primaryimage\",\"url\":\"https:\\\/\\\/tal.ch\\\/wp-content\\\/uploads\\\/2024\\\/05\\\/02-1024x683.jpg\",\"contentUrl\":\"https:\\\/\\\/tal.ch\\\/wp-content\\\/uploads\\\/2024\\\/05\\\/02-1024x683.jpg\"},{\"@type\":\"BreadcrumbList\",\"@id\":\"https:\\\/\\\/tal.ch\\\/home-2\\\/#breadcrumb\",\"itemListElement\":[{\"@type\":\"ListItem\",\"position\":1,\"name\":\"Startseite\",\"item\":\"https:\\\/\\\/tal.ch\\\/\"},{\"@type\":\"ListItem\",\"position\":2,\"name\":\"Home\"}]},{\"@type\":\"WebSite\",\"@id\":\"https:\\\/\\\/tal.ch\\\/#website\",\"url\":\"https:\\\/\\\/tal.ch\\\/\",\"name\":\"Tal\",\"description\":\"Pflanzenextrakte von h\u00f6chster Qualit\u00e4t\",\"publisher\":{\"@id\":\"https:\\\/\\\/tal.ch\\\/#organization\"},\"potentialAction\":[{\"@type\":\"SearchAction\",\"target\":{\"@type\":\"EntryPoint\",\"urlTemplate\":\"https:\\\/\\\/tal.ch\\\/?s={search_term_string}\"},\"query-input\":{\"@type\":\"PropertyValueSpecification\",\"valueRequired\":true,\"valueName\":\"search_term_string\"}}],\"inLanguage\":\"en-GB\"},{\"@type\":\"Organization\",\"@id\":\"https:\\\/\\\/tal.ch\\\/#organization\",\"name\":\"Tal\",\"url\":\"https:\\\/\\\/tal.ch\\\/\",\"logo\":{\"@type\":\"ImageObject\",\"inLanguage\":\"en-GB\",\"@id\":\"https:\\\/\\\/tal.ch\\\/#\\\/schema\\\/logo\\\/image\\\/\",\"url\":\"https:\\\/\\\/tal.ch\\\/wp-content\\\/uploads\\\/2024\\\/02\\\/Logo-Tal.png\",\"contentUrl\":\"https:\\\/\\\/tal.ch\\\/wp-content\\\/uploads\\\/2024\\\/02\\\/Logo-Tal.png\",\"width\":100,\"height\":157,\"caption\":\"Tal\"},\"image\":{\"@id\":\"https:\\\/\\\/tal.ch\\\/#\\\/schema\\\/logo\\\/image\\\/\"},\"sameAs\":[\"https:\\\/\\\/www.facebook.com\\\/tal.schweiz\\\/\"]}]}<\/script>\n<!-- \/ Yoast SEO plugin. -->","yoast_head_json":{"title":"Home - Valley","robots":{"index":"index","follow":"follow","max-snippet":"max-snippet:-1","max-image-preview":"max-image-preview:large","max-video-preview":"max-video-preview:-1"},"canonical":"https:\/\/tal.ch\/en\/home-2\/","og_locale":"en_GB","og_type":"article","og_title":"Home - Tal","og_description":"Handcreme Finden Sie die passende Handcreme f\u00fcr Ihr Hautbed\u00fcrfnis.Rein, wirkungsvoll und mit nat\u00fcrlichen Schweizer Inhaltsstoffen. Weitere Infos > Fusscreme Haben Sie trockene oder rissige F\u00fcsse?Hier finden Sie die passende Fusscreme. Weitere Infos > Gesichtscreme Haben Sie trockene, unreine oder empfindliche Haut?Suchen Sie eine Gesichtspflege gegen Skin Burnout?Hier finden Sie Ihre Tagespflege, Nachtpflege und Spezialpflege. Weitere Infos > Nr. 1 in Apotheken und Drogerien Tal ist die Nummer 1 Handcreme in Schweizer Apotheken und Drogerien. Seit vielen Jahren vertrauen tausende von Kundinnen und Kunden unserer Tal Handcreme. Vertrauen auch Sie darauf! &#8230;und das aus gutem Grund. Die bew\u00e4hrte Formel hilft bei unterschiedlichen Hautbed\u00fcrfnissen. Sei es bei trockener, rissiger Haut, bei gesch\u00e4digter und gereizter Haut oder bei unreiner, empfindlicher Haut.\u00a0 Warum ist die Tal Handcreme die Nummer 1 im Fachhandel? Weil wir uns leidenschaftlich daf\u00fcr einsetzen, die Bed\u00fcrfnisse unserer Kunden zu erf\u00fcllen. Unsere speziell entwickelte Formel ist angereichert mit wertvollen Inhaltsstoffen, die Ihre Haut verw\u00f6hnen und geschmeidig machen. Dabei setzen wir auf hochwirksame, Schweizer Inhaltsstoffe, wie z.B. Edelweiss, Schachtelhalm-Extrakt, Traubenkern\u00f6l, Bergquellwasser.\u00a0 Zudem setzen wir seit vielen Jahren auf die kompetente Beratung des Fachpersonals in den Schweizer Drogerien und Apotheken. Wer, wenn nicht das Fachpersonal, weiss, welche Handcreme f\u00fcr welches Hautbed\u00fcrfnis eingesetzt werden sollte. Daher freut es uns umso mehr, dass diese Fachkr\u00e4fte unsere Handcreme lieben und ihren Kunden weiterempfehlen.\u00a0 Erleben Sie selbst, warum unsere Tal Handcreme von so vielen geliebt wird.\u00a0 Bew\u00e4hrte Schweizer Qualit\u00e4t Tal ist eine familiengef\u00fchrte Kosmetikmarke aus Graub\u00fcnden, die seit 1975 f\u00fcr qualitativ hochwertige Hautpflegeprodukte mit wissenschaftlich gepr\u00fcfter Wirksamkeit steht. Die Tal Hautpflege Produkte werden in K\u00fcblis entwickelt und in der Ostschweiz produziert.\u00a0 Die Unternehmung ist in zweiter Generation Inhabergef\u00fchrt und ist ISO\u00a09001 : 2015 zertifiziert.\u00a0 Wirksamkeit Die Hautpflege Produkte von Tal sind hochwirksam und wissenschaftlich gepr\u00fcft. Sp\u00fcren Sie den Unterschied auf Ihrer Haut. Langzeitwirkung Die einzigartige Langzeitwirkung (Multi-Moist-Complex) sorgt f\u00fcr weiche und zarte Haut &#8211; den ganzen Tag. Reinheit Sp\u00fcren Sie die Reinheit auf Ihrer Haut. Dank den nat\u00fcrlichen Inhaltsstoffen aus der Schweizer Natur. Ohne sch\u00e4dliche Inhaltsstoffe, sanft zu Ihrer Haut. Einzigartigkeit Die Hautpflege Produkte von Tal beinhalten die besten, nat\u00fcrlichen Inhaltstoffe aus der Schweizer Natur. Die in Graub\u00fcnden entwickelte Formel sorgt f\u00fcr wahre Hautwunder. Warum Tal? Graub\u00fcnden, welcher sich seit dem Jahr 1975 der Hautpflege verschrieben \u2013 und sich darauf spezialisiert hat. Wir sind der festen \u00dcberzeugung, dass eine gesunde, sch\u00f6ne Haut, zu mehr Lebensqualit\u00e4t f\u00fchrt. Wir helfen Ihnen dabei, sich wohler in Ihrer Haut zu f\u00fchlen.\u00a0 Tal Hautpflege beinhaltet viele nat\u00fcrliche Inhaltsstoffe aus der Schweizer Natur und wird in der Schweiz produziert. Daher sind die Transportwege zur Herstellung kurz, was die Umwelt schont.\u00a0 Bei der Herstellung der Produkte achten wir auf die Umwelt&shy;vertr\u00e4glichkeit.\u00a0 Tal bietet viel Hautpflege f\u00fcr unterschiedliche Hautbed\u00fcrfnisse und f\u00fcr unterschiedliche Hauttypen.\u00a0 Nachhaltigkeit Die Parsenn-Produkte AG begegnet der Umwelt stets mit gr\u00f6sstem Respekt. Seit 45 Jahren haben wir starke Kompetenz bei den Themen Sch\u00f6nheit und Gesundheit aufgebaut. Konsequent wurde der Kernbereich Hautpflege mit attraktiven Produkt&shy;entwicklungen und Erweiterungen arrondiert. Wir sind stolz, dass die hohe Qualit\u00e4t unserer innovativen Produkte seit Jahrzehnten vom Markt anerkannt werden. \u00abVon den verwendeten Substanzen und Ingredienzen, \u00fcber Verpackung hin zur Logistik und Partnerschaften vor Ort: Wir f\u00fchlen uns dem nachhaltigen Unternehmertum verpflichtet.\u00bb CEO Oliver L\u00fcscher Lorem ipsum dolor sit amet, consectetur adipiscing elit. Ut elit tellus, luctus nec ullamcorper mattis, pulvinar dapibus leo. John DoeCEO Lorem ipsum dolor sit amet, consectetur adipiscing elit. Ut elit tellus, luctus nec ullamcorper mattis, pulvinar dapibus leo. John DoeCEO Lorem ipsum dolor sit amet, consectetur adipiscing elit. Ut elit tellus, luctus nec ullamcorper mattis, pulvinar dapibus leo. John DoeCEO Voriger N\u00e4chster https:\/\/tal.ch\/wp-content\/uploads\/2024\/02\/Tal-MED-Repair-Empfehlung-von-Fiona-Heierli-Apothekerin-ETH.mp4Meinungen zu den Produkten von Tal https:\/\/tal.ch\/wp-content\/uploads\/2024\/02\/Tal-MED-Dermatopic-Empfehlung-von-Barbara-Freiermuth-Drogistin-HF.mp4https:\/\/tal.ch\/wp-content\/uploads\/2024\/02\/Tal-MED-Protect-Empfehlung-von-Angela-Winkler-Drogistin.mp4 Blog Abonniere unseren Newsletter Keine Neuigkeiten und News mehr verpassen.","og_url":"https:\/\/tal.ch\/en\/home-2\/","og_site_name":"Tal","article_publisher":"https:\/\/www.facebook.com\/tal.schweiz\/","article_modified_time":"2026-04-16T06:04:31+00:00","og_image":[{"width":1200,"height":800,"url":"https:\/\/tal.ch\/wp-content\/uploads\/2024\/05\/02.jpg","type":"image\/jpeg"}],"twitter_card":"summary_large_image","twitter_misc":{"Estimated reading time":"6 minutes"},"schema":{"@context":"https:\/\/schema.org","@graph":[{"@type":"WebPage","@id":"https:\/\/tal.ch\/home-2\/","url":"https:\/\/tal.ch\/home-2\/","name":"Home - Valley","isPartOf":{"@id":"https:\/\/tal.ch\/#website"},"primaryImageOfPage":{"@id":"https:\/\/tal.ch\/home-2\/#primaryimage"},"image":{"@id":"https:\/\/tal.ch\/home-2\/#primaryimage"},"thumbnailUrl":"https:\/\/tal.ch\/wp-content\/uploads\/2024\/05\/02-1024x683.jpg","datePublished":"2024-05-15T06:34:32+00:00","dateModified":"2026-04-16T06:04:31+00:00","breadcrumb":{"@id":"https:\/\/tal.ch\/home-2\/#breadcrumb"},"inLanguage":"en-GB","potentialAction":[{"@type":"ReadAction","target":["https:\/\/tal.ch\/home-2\/"]}]},{"@type":"ImageObject","inLanguage":"en-GB","@id":"https:\/\/tal.ch\/home-2\/#primaryimage","url":"https:\/\/tal.ch\/wp-content\/uploads\/2024\/05\/02-1024x683.jpg","contentUrl":"https:\/\/tal.ch\/wp-content\/uploads\/2024\/05\/02-1024x683.jpg"},{"@type":"BreadcrumbList","@id":"https:\/\/tal.ch\/home-2\/#breadcrumb","itemListElement":[{"@type":"ListItem","position":1,"name":"Startseite","item":"https:\/\/tal.ch\/"},{"@type":"ListItem","position":2,"name":"Home"}]},{"@type":"WebSite","@id":"https:\/\/tal.ch\/#website","url":"https:\/\/tal.ch\/","name":"Valley","description":"Plant extracts of the highest quality","publisher":{"@id":"https:\/\/tal.ch\/#organization"},"potentialAction":[{"@type":"SearchAction","target":{"@type":"EntryPoint","urlTemplate":"https:\/\/tal.ch\/?s={search_term_string}"},"query-input":{"@type":"PropertyValueSpecification","valueRequired":true,"valueName":"search_term_string"}}],"inLanguage":"en-GB"},{"@type":"Organization","@id":"https:\/\/tal.ch\/#organization","name":"Valley","url":"https:\/\/tal.ch\/","logo":{"@type":"ImageObject","inLanguage":"en-GB","@id":"https:\/\/tal.ch\/#\/schema\/logo\/image\/","url":"https:\/\/tal.ch\/wp-content\/uploads\/2024\/02\/Logo-Tal.png","contentUrl":"https:\/\/tal.ch\/wp-content\/uploads\/2024\/02\/Logo-Tal.png","width":100,"height":157,"caption":"Tal"},"image":{"@id":"https:\/\/tal.ch\/#\/schema\/logo\/image\/"},"sameAs":["https:\/\/www.facebook.com\/tal.schweiz\/"]}]}},"_links":{"self":[{"href":"https:\/\/tal.ch\/en\/wp-json\/wp\/v2\/pages\/2102","targetHints":{"allow":["GET"]}}],"collection":[{"href":"https:\/\/tal.ch\/en\/wp-json\/wp\/v2\/pages"}],"about":[{"href":"https:\/\/tal.ch\/en\/wp-json\/wp\/v2\/types\/page"}],"author":[{"embeddable":true,"href":"https:\/\/tal.ch\/en\/wp-json\/wp\/v2\/users\/1"}],"replies":[{"embeddable":true,"href":"https:\/\/tal.ch\/en\/wp-json\/wp\/v2\/comments?post=2102"}],"version-history":[{"count":34,"href":"https:\/\/tal.ch\/en\/wp-json\/wp\/v2\/pages\/2102\/revisions"}],"predecessor-version":[{"id":2211,"href":"https:\/\/tal.ch\/en\/wp-json\/wp\/v2\/pages\/2102\/revisions\/2211"}],"wp:attachment":[{"href":"https:\/\/tal.ch\/en\/wp-json\/wp\/v2\/media?parent=2102"}],"wp:term":[{"taxonomy":"post_tag","embeddable":true,"href":"https:\/\/tal.ch\/en\/wp-json\/wp\/v2\/tags?post=2102"}],"curies":[{"name":"wp","href":"https:\/\/api.w.org\/{rel}","templated":true}]}}