{"id":319,"date":"2024-03-13T12:43:39","date_gmt":"2024-03-13T12:43:39","guid":{"rendered":"https:\/\/tal.ch\/wp\/?page_id=319"},"modified":"2026-04-24T13:54:57","modified_gmt":"2026-04-24T13:54:57","slug":"trockene-haut-behandeln-ursachen-pflege-und-loesungen-mit-tal","status":"publish","type":"page","link":"https:\/\/tal.ch\/en\/trockene-haut-behandeln-ursachen-pflege-und-loesungen-mit-tal\/","title":{"rendered":"Dry skin"},"content":{"rendered":"\t\t<div data-elementor-type=\"wp-page\" data-elementor-id=\"319\" class=\"elementor elementor-319\" data-elementor-post-type=\"page\">\n\t\t\t\t<div class=\"elementor-element elementor-element-dec8dda e-con-full elementor-hidden-mobile e-flex wpr-particle-no wpr-jarallax-no wpr-parallax-no wpr-sticky-section-no wpr-equal-height-no e-con e-parent\" data-id=\"dec8dda\" data-element_type=\"container\" data-e-type=\"container\">\n\t\t\t\t<div class=\"elementor-element elementor-element-df576cd elementor-widget elementor-widget-image\" data-id=\"df576cd\" data-element_type=\"widget\" data-e-type=\"widget\" data-widget_type=\"image.default\">\n\t\t\t\t\t\t\t\t\t\t\t\t\t\t\t<img fetchpriority=\"high\" decoding=\"async\" width=\"1600\" height=\"300\" src=\"https:\/\/tal.ch\/wp-content\/uploads\/2024\/10\/Banner_Trockene_Haut.jpg\" class=\"attachment-full size-full wp-image-12629\" alt=\"\" srcset=\"https:\/\/tal.ch\/wp-content\/uploads\/2024\/10\/Banner_Trockene_Haut.jpg 1600w, https:\/\/tal.ch\/wp-content\/uploads\/2024\/10\/Banner_Trockene_Haut-300x56.jpg 300w, https:\/\/tal.ch\/wp-content\/uploads\/2024\/10\/Banner_Trockene_Haut-1024x192.jpg 1024w, https:\/\/tal.ch\/wp-content\/uploads\/2024\/10\/Banner_Trockene_Haut-768x144.jpg 768w, https:\/\/tal.ch\/wp-content\/uploads\/2024\/10\/Banner_Trockene_Haut-1536x288.jpg 1536w, https:\/\/tal.ch\/wp-content\/uploads\/2024\/10\/Banner_Trockene_Haut-600x113.jpg 600w\" sizes=\"(max-width: 1600px) 100vw, 1600px\" \/>\t\t\t\t\t\t\t\t\t\t\t\t\t\t\t<\/div>\n\t\t\t\t<\/div>\n\t\t<div class=\"elementor-element elementor-element-3b022fd elementor-hidden-desktop elementor-hidden-tablet e-flex e-con-boxed wpr-particle-no wpr-jarallax-no wpr-parallax-no wpr-sticky-section-no wpr-equal-height-no e-con e-parent\" data-id=\"3b022fd\" data-element_type=\"container\" data-e-type=\"container\">\n\t\t\t\t\t<div class=\"e-con-inner\">\n\t\t\t\t<div class=\"elementor-element elementor-element-d176e52 elementor-widget elementor-widget-image\" data-id=\"d176e52\" data-element_type=\"widget\" data-e-type=\"widget\" data-widget_type=\"image.default\">\n\t\t\t\t\t\t\t\t\t\t\t\t\t\t\t<img decoding=\"async\" width=\"800\" height=\"800\" src=\"https:\/\/tal.ch\/wp-content\/uploads\/2024\/10\/Banner-Trockene_Haut-sm.jpg\" class=\"attachment-large size-large wp-image-12632\" alt=\"\" srcset=\"https:\/\/tal.ch\/wp-content\/uploads\/2024\/10\/Banner-Trockene_Haut-sm.jpg 800w, https:\/\/tal.ch\/wp-content\/uploads\/2024\/10\/Banner-Trockene_Haut-sm-300x300.jpg 300w, https:\/\/tal.ch\/wp-content\/uploads\/2024\/10\/Banner-Trockene_Haut-sm-150x150.jpg 150w, https:\/\/tal.ch\/wp-content\/uploads\/2024\/10\/Banner-Trockene_Haut-sm-768x768.jpg 768w, https:\/\/tal.ch\/wp-content\/uploads\/2024\/10\/Banner-Trockene_Haut-sm-700x700.jpg 700w, https:\/\/tal.ch\/wp-content\/uploads\/2024\/10\/Banner-Trockene_Haut-sm-600x600.jpg 600w, https:\/\/tal.ch\/wp-content\/uploads\/2024\/10\/Banner-Trockene_Haut-sm-100x100.jpg 100w\" sizes=\"(max-width: 800px) 100vw, 800px\" \/>\t\t\t\t\t\t\t\t\t\t\t\t\t\t\t<\/div>\n\t\t\t\t\t<\/div>\n\t\t\t\t<\/div>\n\t\t<div class=\"elementor-element elementor-element-8258e99 e-flex e-con-boxed wpr-particle-no wpr-jarallax-no wpr-parallax-no wpr-sticky-section-no wpr-equal-height-no e-con e-parent\" data-id=\"8258e99\" data-element_type=\"container\" data-e-type=\"container\">\n\t\t\t\t\t<div class=\"e-con-inner\">\n\t\t\t\t<div class=\"elementor-element elementor-element-9b94958 elementor-widget elementor-widget-spacer\" data-id=\"9b94958\" data-element_type=\"widget\" data-e-type=\"widget\" data-widget_type=\"spacer.default\">\n\t\t\t\t\t\t\t<div class=\"elementor-spacer\">\n\t\t\t<div class=\"elementor-spacer-inner\"><\/div>\n\t\t<\/div>\n\t\t\t\t\t\t<\/div>\n\t\t\t\t\t<\/div>\n\t\t\t\t<\/div>\n\t\t<div class=\"elementor-element elementor-element-68bb6d5 e-con-full e-flex wpr-particle-no wpr-jarallax-no wpr-parallax-no wpr-sticky-section-no wpr-equal-height-no e-con e-parent\" data-id=\"68bb6d5\" data-element_type=\"container\" data-e-type=\"container\">\n\t\t\t\t<div class=\"elementor-element elementor-element-19e66b9 elementor-widget elementor-widget-heading\" data-id=\"19e66b9\" data-element_type=\"widget\" data-e-type=\"widget\" data-widget_type=\"heading.default\">\n\t\t\t\t\t<h1 class=\"elementor-heading-title elementor-size-default\">TROCKENE HAUT<\/h1>\t\t\t\t<\/div>\n\t\t\t\t<\/div>\n\t\t<div class=\"elementor-element elementor-element-769f3da e-con-full e-flex wpr-particle-no wpr-jarallax-no wpr-parallax-no wpr-sticky-section-no wpr-equal-height-no e-con e-parent\" data-id=\"769f3da\" data-element_type=\"container\" data-e-type=\"container\">\n\t\t\t\t<div class=\"elementor-element elementor-element-e5c9135 elementor-widget elementor-widget-text-editor\" data-id=\"e5c9135\" data-element_type=\"widget\" data-e-type=\"widget\" data-widget_type=\"text-editor.default\">\n\t\t\t\t\t\t\t\t\t<p>Trockene Haut entsteht durch fehlende Feuchtigkeit und eine geschw\u00e4chte Hautbarriere. Ursachen k\u00f6nnen kalte Temperaturen, trockene Luft, Stress, h\u00e4ufiges Duschen mit heissem Wasser oder aggressive Pflegeprodukte sein. Sie zeigt sich oft als rau, schuppig und gespannt. Regelm\u00e4ssiges Eincremen mit reichhaltigen Feuchtigkeitsspendern hilft, die Haut geschmeidig zu halten. Unsere Tal Hautpflegeprodukte helfen Ihnen dabei, dass Ihre Haut jung, gesund und geschmeidig bleibt &#8211; ohne dabei auszutrocknen.<\/p>\t\t\t\t\t\t\t\t<\/div>\n\t\t\t\t<\/div>\n\t\t<div class=\"elementor-element elementor-element-8274e31 e-flex e-con-boxed wpr-particle-no wpr-jarallax-no wpr-parallax-no wpr-sticky-section-no wpr-equal-height-no e-con e-parent\" data-id=\"8274e31\" data-element_type=\"container\" data-e-type=\"container\">\n\t\t\t\t\t<div class=\"e-con-inner\">\n\t\t\t\t<div class=\"elementor-element elementor-element-0a238c4 elementor-align-center elementor-widget elementor-widget-button\" data-id=\"0a238c4\" data-element_type=\"widget\" data-e-type=\"widget\" data-widget_type=\"button.default\">\n\t\t\t\t\t\t\t\t\t\t<a class=\"elementor-button elementor-button-link elementor-size-sm\" href=\"#Ursachen\">\n\t\t\t\t\t\t<span class=\"elementor-button-content-wrapper\">\n\t\t\t\t\t\t\t\t\t<span class=\"elementor-button-text\">Weitere Informationen zu trockener Haut<\/span>\n\t\t\t\t\t<\/span>\n\t\t\t\t\t<\/a>\n\t\t\t\t\t\t\t\t<\/div>\n\t\t\t\t<div class=\"elementor-element elementor-element-12f55a1 elementor-widget elementor-widget-spacer\" data-id=\"12f55a1\" data-element_type=\"widget\" data-e-type=\"widget\" data-widget_type=\"spacer.default\">\n\t\t\t\t\t\t\t<div class=\"elementor-spacer\">\n\t\t\t<div class=\"elementor-spacer-inner\"><\/div>\n\t\t<\/div>\n\t\t\t\t\t\t<\/div>\n\t\t\t\t\t<\/div>\n\t\t\t\t<\/div>\n\t\t<div class=\"elementor-element elementor-element-cf10c6b e-con-full e-flex wpr-particle-no wpr-jarallax-no wpr-parallax-no wpr-sticky-section-no wpr-equal-height-no e-con e-parent\" data-id=\"cf10c6b\" data-element_type=\"container\" data-e-type=\"container\">\n\t\t\t\t<div class=\"elementor-element elementor-element-53b2797 elementor-widget-mobile__width-inherit elementor-widget elementor-widget-shortcode\" data-id=\"53b2797\" data-element_type=\"widget\" data-e-type=\"widget\" data-widget_type=\"shortcode.default\">\n\t\t\t\t\t\t\t<div class=\"elementor-shortcode\"><div class=\"custom-page-grid\"><div class=\"custom-page-item\"><div class=\"custom-page-thumbnail\"><a href=\"https:\/\/tal.ch\/en\/absolue-cleansing-gel-2\/\"><img decoding=\"async\" src=\"https:\/\/tal.ch\/wp-content\/uploads\/2024\/06\/Beitragsbild-Tal-Absolue-Cleansing-Gel.jpg\" alt=\"Cleansing Gel\" \/><\/a><\/div><h3><a href=\"https:\/\/tal.ch\/en\/absolue-cleansing-gel-2\/\">Cleansing Gel<\/a><\/h3><p>Sanftes Reinigungsgel f\u00fcr Ihre Gesichtspflege<BR>\n<!DOCTYPE html>\n<html lang=\"de\">\n<head>\n    <meta charset=\"UTF-8\">\n    <meta name=\"viewport\" content=\"width=device-width, initial-scale=1.0\">\n    <title>Aufz\u00e4hlungspunkte<\/title>\n    <style>\n        .custom-list {\n            list-style: none; \/* Entfernt die Standard-Aufz\u00e4hlungszeichen *\/\n            padding-left: 0;\n        }\n        .custom-list li {\n            position: relative;\n            padding-left: 20px; \/* Platz f\u00fcr das benutzerdefinierte Aufz\u00e4hlungszeichen *\/\n        }\n        .custom-list li::before {\n            content: \"\u203a\"; \/* Setzt das Aufz\u00e4hlungszeichen *\/\n            position: absolute;\n            left: 0; \/* Positioniert das Aufz\u00e4hlungszeichen *\/\n            color: black; \/* Farbe des Aufz\u00e4hlungszeichens *\/\n        }\n    <\/style>\n<\/head>\n<body>\n    <ul class=\"custom-list\">\n        <li>Spendet sofort Feuchtigkeit<\/li>\n        <li>Milde Tiefenreinigung<\/li>\n        <li>Beruhigt die Haut<\/li>\n    <\/ul>\n<\/body>\n<\/html>\n<\/p><\/div><div class=\"custom-page-item\"><div class=\"custom-page-thumbnail\"><a href=\"https:\/\/tal.ch\/en\/balancing-toner-hydro-boost\/\"><img decoding=\"async\" src=\"https:\/\/tal.ch\/wp-content\/uploads\/2024\/08\/Beitragsbild-Absolue-Balancing-Toner-1.jpg\" alt=\"Balancing Toner\" \/><\/a><\/div><h3><a href=\"https:\/\/tal.ch\/en\/balancing-toner-hydro-boost\/\">Balancing Toner<\/a><\/h3><p>Nachreinigende Lotion f\u00fcr Ihre Gesichtspflege<BR>\n<!DOCTYPE html>\n<html lang=\"de\">\n<head>\n    <meta charset=\"UTF-8\">\n    <meta name=\"viewport\" content=\"width=device-width, initial-scale=1.0\">\n    <title>Aufz\u00e4hlungspunkte<\/title>\n    <style>\n        .custom-list {\n            list-style: none; \/* Entfernt die Standard-Aufz\u00e4hlungszeichen *\/\n            padding-left: 0;\n        }\n        .custom-list li {\n            position: relative;\n            padding-left: 20px; \/* Platz f\u00fcr das benutzerdefinierte Aufz\u00e4hlungszeichen *\/\n        }\n        .custom-list li::before {\n            content: \"\u203a\"; \/* Setzt das Aufz\u00e4hlungszeichen *\/\n            position: absolute;\n            left: 0; \/* Positioniert das Aufz\u00e4hlungszeichen *\/\n            color: black; \/* Farbe des Aufz\u00e4hlungszeichens *\/\n        }\n    <\/style>\n<\/head>\n<body>\n    <ul class=\"custom-list\">\n        <li>Nachreinigung<\/li>\n        <li>Frischekick f\u00fcr die Haut<\/li>\n        <li>Verfeinert die Hautstruktur<\/li>\n    <\/ul>\n<\/body>\n<\/html>\n<\/p><\/div><div class=\"custom-page-item\"><div class=\"custom-page-thumbnail\"><a href=\"https:\/\/tal.ch\/en\/day-cream-regular\/\"><img decoding=\"async\" src=\"https:\/\/tal.ch\/wp-content\/uploads\/2024\/08\/Beitragsbild-Absolue-Day-Cream-Regular.jpg\" alt=\"Day Cream Regular\" \/><\/a><\/div><h3><a href=\"https:\/\/tal.ch\/en\/day-cream-regular\/\">Day Cream Regular<\/a><\/h3><p>Gesichtscreme gegen Hautstress mit anti Falten Wirkung<BR>\n<!DOCTYPE html>\n<html lang=\"de\">\n<head>\n    <meta charset=\"UTF-8\">\n    <meta name=\"viewport\" content=\"width=device-width, initial-scale=1.0\">\n    <title>Aufz\u00e4hlungspunkte<\/title>\n    <style>\n        .custom-list {\n            list-style: none; \/* Entfernt die Standard-Aufz\u00e4hlungszeichen *\/\n            padding-left: 0;\n        }\n        .custom-list li {\n            position: relative;\n            padding-left: 20px; \/* Platz f\u00fcr das benutzerdefinierte Aufz\u00e4hlungszeichen *\/\n        }\n        .custom-list li::before {\n            content: \"\u203a\"; \/* Setzt das Aufz\u00e4hlungszeichen *\/\n            position: absolute;\n            left: 0; \/* Positioniert das Aufz\u00e4hlungszeichen *\/\n            color: black; \/* Farbe des Aufz\u00e4hlungszeichens *\/\n        }\n    <\/style>\n<\/head>\n<body>\n    <ul class=\"custom-list\">\n        <li>Lindert Hautstress<\/li>\n        <li>Sch\u00fctzt vor Hautalterung<\/li>\n        <li>Sch\u00fctzt vor Austrocknung der Haut<\/li>\n    <\/ul>\n<\/body>\n<\/html>\n<\/p><\/div><div class=\"custom-page-item\"><div class=\"custom-page-thumbnail\"><a href=\"https:\/\/tal.ch\/en\/handcreme-med-repair-retro-edition\/\"><img decoding=\"async\" src=\"https:\/\/tal.ch\/wp-content\/uploads\/2026\/01\/800-x-800-Pixel-Tal-MED-Handcreme-Repair-Retro-Edition.png\" alt=\"Handcreme MED Repair Retro Edition\" \/><\/a><\/div><h3><a href=\"https:\/\/tal.ch\/en\/handcreme-med-repair-retro-edition\/\">Handcreme MED Repair Retro Edition<\/a><\/h3><p>Die original Handcreme von Tal! <BR>\n<!DOCTYPE html>\n<html lang=\"de\">\n<head>\n    <meta charset=\"UTF-8\">\n    <meta name=\"viewport\" content=\"width=device-width, initial-scale=1.0\">\n    <title>Aufz\u00e4hlungspunkte<\/title>\n    <style>\n        .custom-list {\n            list-style: none; \/* Entfernt die Standard-Aufz\u00e4hlungszeichen *\/\n            padding-left: 0;\n        }\n        .custom-list li {\n            position: relative;\n            padding-left: 20px; \/* Platz f\u00fcr das benutzerdefinierte Aufz\u00e4hlungszeichen *\/\n        }\n        .custom-list li::before {\n            content: \"\u203a\"; \/* Setzt das Aufz\u00e4hlungszeichen *\/\n            position: absolute;\n            left: 0; \/* Positioniert das Aufz\u00e4hlungszeichen *\/\n            color: black; \/* Farbe des Aufz\u00e4hlungszeichens *\/\n        }\n    <\/style>\n<\/head>\n<body>\n    <ul class=\"custom-list\">\n        <li>Hilft bei Rissen und Schrunden<\/li>\n        <li>Erh\u00f6ht die Widerstandsf\u00e4higkeit gegen\u00fcber Umwelteinfl\u00fcssen<\/li>\n        <li>St\u00e4rkt die Feuchtigskeitsbarriere<\/li>\n    <\/ul>\n<\/body>\n<\/html>\n<\/p><\/div><div class=\"custom-page-item\"><div class=\"custom-page-thumbnail\"><a href=\"https:\/\/tal.ch\/en\/med-protect\/\"><img decoding=\"async\" src=\"https:\/\/tal.ch\/wp-content\/uploads\/2024\/06\/beitragsbild-med-protect.jpg\" alt=\"Handcreme MED Protect\" \/><\/a><\/div><h3><a href=\"https:\/\/tal.ch\/en\/med-protect\/\">Handcreme MED Protect<\/a><\/h3><p>Die Sch\u00fctzende Handcreme von Tal<BR>\n\n<!DOCTYPE html>\n<html lang=\"de\">\n<head>\n    <meta charset=\"UTF-8\">\n    <meta name=\"viewport\" content=\"width=device-width, initial-scale=1.0\">\n    <title>Aufz\u00e4hlungspunkte<\/title>\n    <style>\n        .custom-list {\n            list-style: none; \/* Entfernt die Standard-Aufz\u00e4hlungszeichen *\/\n            padding-left: 0;\n        }\n        .custom-list li {\n            position: relative;\n            padding-left: 20px; \/* Platz f\u00fcr das benutzerdefinierte Aufz\u00e4hlungszeichen *\/\n        }\n        .custom-list li::before {\n            content: \"\u203a\"; \/* Setzt das Aufz\u00e4hlungszeichen *\/\n            position: absolute;\n            left: 0; \/* Positioniert das Aufz\u00e4hlungszeichen *\/\n            color: black; \/* Farbe des Aufz\u00e4hlungszeichens *\/\n        }\n    <\/style>\n<\/head>\n<body>\n    <ul class=\"custom-list\">\n        <li>Schutz bei Arbeit mit Wasser<\/li>\n        <li>Schutz bei Arbeit in der K\u00e4lte<\/li>\n          <\/ul>\n<\/body>\n<\/html>\n<\/p><\/div><div class=\"custom-page-item\"><div class=\"custom-page-thumbnail\"><a href=\"https:\/\/tal.ch\/en\/beautiful-eyes-cream\/\"><img decoding=\"async\" src=\"https:\/\/tal.ch\/wp-content\/uploads\/2024\/08\/Beitragsbild-Absolue-Beautiful-Eyes-Cream.jpg\" alt=\"Beautiful Eyes Cream\" \/><\/a><\/div><h3><a href=\"https:\/\/tal.ch\/en\/beautiful-eyes-cream\/\">Beautiful Eyes Cream<\/a><\/h3><p>Gesichtscreme f\u00fcr Schwellungen, Augenschatten und anti Falten<BR>\n<!DOCTYPE html>\n<html lang=\"de\">\n<head>\n    <meta charset=\"UTF-8\">\n    <meta name=\"viewport\" content=\"width=device-width, initial-scale=1.0\">\n    <title>Aufz\u00e4hlungspunkte<\/title>\n    <style>\n        .custom-list {\n            list-style: none; \/* Entfernt die Standard-Aufz\u00e4hlungszeichen *\/\n            padding-left: 0;\n        }\n        .custom-list li {\n            position: relative;\n            padding-left: 20px; \/* Platz f\u00fcr das benutzerdefinierte Aufz\u00e4hlungszeichen *\/\n        }\n        .custom-list li::before {\n            content: \"\u203a\"; \/* Setzt das Aufz\u00e4hlungszeichen *\/\n            position: absolute;\n            left: 0; \/* Positioniert das Aufz\u00e4hlungszeichen *\/\n            color: black; \/* Farbe des Aufz\u00e4hlungszeichens *\/\n        }\n    <\/style>\n<\/head>\n<body>\n    <ul class=\"custom-list\">\n        <li>Creme f\u00fcr sensible Augenkontur<\/li>\n        <li>Reduziert F\u00e4ltchen<\/li>\n        <li>Hilft bei Schwellungen und Augenschatten<\/li>\n    <\/ul>\n<\/body>\n<\/html>\n<\/p><\/div><div class=\"custom-page-item\"><div class=\"custom-page-thumbnail\"><a href=\"https:\/\/tal.ch\/en\/med-handwash\/\"><img decoding=\"async\" src=\"https:\/\/tal.ch\/wp-content\/uploads\/2024\/06\/beitragsbild-med-handwash.jpg\" alt=\"Handwash MED\" \/><\/a><\/div><h3><a href=\"https:\/\/tal.ch\/en\/med-handwash\/\">Handwash MED<\/a><\/h3><p>Die Schonende Handw\u00e4sche<BR>\n\n<!DOCTYPE html>\n<html lang=\"de\">\n<head>\n    <meta charset=\"UTF-8\">\n    <meta name=\"viewport\" content=\"width=device-width, initial-scale=1.0\">\n    <title>Aufz\u00e4hlungspunkte<\/title>\n    <style>\n        .custom-list {\n            list-style: none; \/* Entfernt die Standard-Aufz\u00e4hlungszeichen *\/\n            padding-left: 0;\n        }\n        .custom-list li {\n            position: relative;\n            padding-left: 20px; \/* Platz f\u00fcr das benutzerdefinierte Aufz\u00e4hlungszeichen *\/\n        }\n        .custom-list li::before {\n            content: \"\u203a\"; \/* Setzt das Aufz\u00e4hlungszeichen *\/\n            position: absolute;\n            left: 0; \/* Positioniert das Aufz\u00e4hlungszeichen *\/\n            color: black; \/* Farbe des Aufz\u00e4hlungszeichens *\/\n        }\n    <\/style>\n<\/head>\n<body>\n    <ul class=\"custom-list\">\n        <li>pH-Neutral<\/li>\n        <li>Reinigt schonend sensible und gereizte Haut<\/li>\n        <li>Anti-Austrocknungsformel<\/li>\n    <\/ul>\n<\/body>\n<\/html>\n<\/p><\/div><div class=\"custom-page-item\"><div class=\"custom-page-thumbnail\"><a href=\"https:\/\/tal.ch\/en\/med-handlotion-no-2-repair\/\"><img decoding=\"async\" src=\"https:\/\/tal.ch\/wp-content\/uploads\/2024\/06\/beitragsbild-med-handlotion.jpg\" alt=\"Handlotion MED Repair\" \/><\/a><\/div><h3><a href=\"https:\/\/tal.ch\/en\/med-handlotion-no-2-repair\/\">Handlotion MED Repair<\/a><\/h3><p>Handlotion gegen rissige und spr\u00f6de Haut<BR>\n\n<!DOCTYPE html>\n<html lang=\"de\">\n<head>\n    <meta charset=\"UTF-8\">\n    <meta name=\"viewport\" content=\"width=device-width, initial-scale=1.0\">\n    <title>Aufz\u00e4hlungspunkte<\/title>\n    <style>\n        .custom-list {\n            list-style: none; \/* Entfernt die Standard-Aufz\u00e4hlungszeichen *\/\n            padding-left: 0;\n        }\n        .custom-list li {\n            position: relative;\n            padding-left: 20px; \/* Platz f\u00fcr das benutzerdefinierte Aufz\u00e4hlungszeichen *\/\n        }\n        .custom-list li::before {\n            content: \"\u203a\"; \/* Setzt das Aufz\u00e4hlungszeichen *\/\n            position: absolute;\n            left: 0; \/* Positioniert das Aufz\u00e4hlungszeichen *\/\n            color: black; \/* Farbe des Aufz\u00e4hlungszeichens *\/\n        }\n    <\/style>\n<\/head>\n<body>\n    <ul class=\"custom-list\">\n        <li>Handcreme Repair<\/li>\n        <li>Dringt tief in die Hautzelle ein<\/li>\n        <li>Kosteng\u00fcnstige Alternative zu den Tuben<\/li>\n    <\/ul>\n<\/body>\n<\/html>\n<\/p><\/div><div class=\"custom-page-item\"><div class=\"custom-page-thumbnail\"><a href=\"https:\/\/tal.ch\/en\/immediate-calming-sos-mask\/\"><img decoding=\"async\" src=\"https:\/\/tal.ch\/wp-content\/uploads\/2024\/08\/Beitragsbild-Absolue-SOS-Mask-1.jpg\" alt=\"Immediate Calming SOS Mask\" \/><\/a><\/div><h3><a href=\"https:\/\/tal.ch\/en\/immediate-calming-sos-mask\/\">Immediate Calming SOS Mask<\/a><\/h3><p>Gesichtsmaske gegen Hautirritation<BR>\n<!DOCTYPE html>\n<html lang=\"de\">\n<head>\n    <meta charset=\"UTF-8\">\n    <meta name=\"viewport\" content=\"width=device-width, initial-scale=1.0\">\n    <title>Aufz\u00e4hlungspunkte<\/title>\n    <style>\n        .custom-list {\n            list-style: none; \/* Entfernt die Standard-Aufz\u00e4hlungszeichen *\/\n            padding-left: 0;\n        }\n        .custom-list li {\n            position: relative;\n            padding-left: 20px; \/* Platz f\u00fcr das benutzerdefinierte Aufz\u00e4hlungszeichen *\/\n        }\n        .custom-list li::before {\n            content: \"\u203a\"; \/* Setzt das Aufz\u00e4hlungszeichen *\/\n            position: absolute;\n            left: 0; \/* Positioniert das Aufz\u00e4hlungszeichen *\/\n            color: black; \/* Farbe des Aufz\u00e4hlungszeichens *\/\n        }\n    <\/style>\n<\/head>\n<body>\n    <ul class=\"custom-list\">\n        <li>Hilft bei R\u00f6tungen<\/li>\n        <li>Hilft bei Hautiritation<\/li>\n        <li>Gl\u00e4ttet Linien und F\u00e4ltchen<\/li>\n    <\/ul>\n<\/body>\n<\/html>\n<\/p><\/div><div class=\"custom-page-item\"><div class=\"custom-page-thumbnail\"><a href=\"https:\/\/tal.ch\/en\/nageloel-serum\/\"><img decoding=\"async\" src=\"https:\/\/tal.ch\/wp-content\/uploads\/2024\/10\/Beitragsbild-Nageloel-Serum.jpg\" alt=\"Nagel\u00f6l Serum MED\u200b\" \/><\/a><\/div><h3><a href=\"https:\/\/tal.ch\/en\/nageloel-serum\/\">Nagel\u00f6l Serum MED\u200b<\/a><\/h3><p>Gegen br\u00fcchige und splitternde Fingern\u00e4gel <BR>\n\n<!DOCTYPE html>\n<html lang=\"de\">\n<head>\n    <meta charset=\"UTF-8\">\n    <meta name=\"viewport\" content=\"width=device-width, initial-scale=1.0\">\n    <title>Aufz\u00e4hlungspunkte<\/title>\n    <style>\n        .custom-list {\n            list-style: none; \/* Entfernt die Standard-Aufz\u00e4hlungszeichen *\/\n            padding-left: 0;\n        }\n        .custom-list li {\n            position: relative;\n            padding-left: 20px; \/* Platz f\u00fcr das benutzerdefinierte Aufz\u00e4hlungszeichen *\/\n        }\n        .custom-list li::before {\n            content: \"\u203a\"; \/* Setzt das Aufz\u00e4hlungszeichen *\/\n            position: absolute;\n            left: 0; \/* Positioniert das Aufz\u00e4hlungszeichen *\/\n            color: black; \/* Farbe des Aufz\u00e4hlungszeichens *\/\n        }\n    <\/style>\n<\/head>\n<body>\n    <ul class=\"custom-list\">\n        <li>Zweiphasen Serum<\/li>\n        <li>Zieht schnell ein<\/li>\n        <li>Unterst\u00fctzt das Wachstum und die Regeneration von Fingern\u00e4geln<\/li>\n    <\/ul>\n<\/body>\n<\/html>\n<\/p><\/div><div class=\"custom-page-item\"><div class=\"custom-page-thumbnail\"><a href=\"https:\/\/tal.ch\/en\/biocellulose-gesichtsmaske\/\"><img decoding=\"async\" src=\"https:\/\/tal.ch\/wp-content\/uploads\/2024\/08\/Beitragsbild-Absolue-Facemask-1.jpg\" alt=\"Gesichtsmaske aus Biocellulose\" \/><\/a><\/div><h3><a href=\"https:\/\/tal.ch\/en\/biocellulose-gesichtsmaske\/\">Gesichtsmaske aus Biocellulose<\/a><\/h3><p>Hochkonzentrierte Anti Age Gesichtsmaske<BR>\n<!DOCTYPE html>\n<html lang=\"de\">\n<head>\n    <meta charset=\"UTF-8\">\n    <meta name=\"viewport\" content=\"width=device-width, initial-scale=1.0\">\n    <title>Aufz\u00e4hlungspunkte<\/title>\n    <style>\n        .custom-list {\n            list-style: none; \/* Entfernt die Standard-Aufz\u00e4hlungszeichen *\/\n            padding-left: 0;\n        }\n        .custom-list li {\n            position: relative;\n            padding-left: 20px; \/* Platz f\u00fcr das benutzerdefinierte Aufz\u00e4hlungszeichen *\/\n        }\n        .custom-list li::before {\n            content: \"\u203a\"; \/* Setzt das Aufz\u00e4hlungszeichen *\/\n            position: absolute;\n            left: 0; \/* Positioniert das Aufz\u00e4hlungszeichen *\/\n            color: black; \/* Farbe des Aufz\u00e4hlungszeichens *\/\n        }\n    <\/style>\n<\/head>\n<body>\n    <ul class=\"custom-list\">\n        <li>Anti Falten<\/li>\n        <li>Schutz vor Zellalterung<\/li>\n        <li>Sch\u00fctzt vor Hautstress<\/li>\n    <\/ul>\n<\/body>\n<\/html>\n<\/p><\/div><div class=\"custom-page-item\"><div class=\"custom-page-thumbnail\"><a href=\"https:\/\/tal.ch\/en\/handmaske-repair\/\"><img decoding=\"async\" src=\"https:\/\/tal.ch\/wp-content\/uploads\/2024\/09\/Beitragsbild-Handmaske.jpg\" alt=\"Handmaske MED Repair\" \/><\/a><\/div><h3><a href=\"https:\/\/tal.ch\/en\/handmaske-repair\/\">Handmaske MED Repair<\/a><\/h3><p>Wellness f\u00fcr Ihre H\u00e4nde<BR>\n\n<!DOCTYPE html>\n<html lang=\"de\">\n<head>\n    <meta charset=\"UTF-8\">\n    <meta name=\"viewport\" content=\"width=device-width, initial-scale=1.0\">\n    <title>Aufz\u00e4hlungspunkte<\/title>\n    <style>\n        .custom-list {\n            list-style: none; \/* Entfernt die Standard-Aufz\u00e4hlungszeichen *\/\n            padding-left: 0;\n        }\n        .custom-list li {\n            position: relative;\n            padding-left: 20px; \/* Platz f\u00fcr das benutzerdefinierte Aufz\u00e4hlungszeichen *\/\n        }\n        .custom-list li::before {\n            content: \"\u203a\"; \/* Setzt das Aufz\u00e4hlungszeichen *\/\n            position: absolute;\n            left: 0; \/* Positioniert das Aufz\u00e4hlungszeichen *\/\n            color: black; \/* Farbe des Aufz\u00e4hlungszeichens *\/\n        }\n    <\/style>\n<\/head>\n<body>\n    <ul class=\"custom-list\">\n        <li>Tiefenwirksame Maske<\/li>\n        <li>Power-Cocktail f\u00fcr die H\u00e4nde<\/li>\n        <li>Soforthilfe bei trockenen H\u00e4nden<\/li>\n    <\/ul>\n<\/body>\n<\/html>\n<\/p><\/div><div class=\"custom-page-item\"><div class=\"custom-page-thumbnail\"><a href=\"https:\/\/tal.ch\/en\/handdesinfektion\/\"><img decoding=\"async\" src=\"https:\/\/tal.ch\/wp-content\/uploads\/2024\/09\/Beitragsbild-Sanitizer-100ml.jpg\" alt=\"Handdesinfektion\" \/><\/a><\/div><h3><a href=\"https:\/\/tal.ch\/en\/handdesinfektion\/\">Handdesinfektion<\/a><\/h3><p>Handdesinfektion f\u00fcr empfindliche Haut<BR>\n\n<!DOCTYPE html>\n<html lang=\"de\">\n<head>\n    <meta charset=\"UTF-8\">\n    <meta name=\"viewport\" content=\"width=device-width, initial-scale=1.0\">\n    <title>Aufz\u00e4hlungspunkte<\/title>\n    <style>\n        .custom-list {\n            list-style: none; \/* Entfernt die Standard-Aufz\u00e4hlungszeichen *\/\n            padding-left: 0;\n        }\n        .custom-list li {\n            position: relative;\n            padding-left: 20px; \/* Platz f\u00fcr das benutzerdefinierte Aufz\u00e4hlungszeichen *\/\n        }\n        .custom-list li::before {\n            content: \"\u203a\"; \/* Setzt das Aufz\u00e4hlungszeichen *\/\n            position: absolute;\n            left: 0; \/* Positioniert das Aufz\u00e4hlungszeichen *\/\n            color: black; \/* Farbe des Aufz\u00e4hlungszeichens *\/\n        }\n    <\/style>\n<\/head>\n<body>\n    <ul class=\"custom-list\">\n        <li>Eliminiert Bakterien innert Sekunden<\/li>\n        <li>Sch\u00fctzt die Hautbarriere<\/li>\n        <li>trocknet H\u00e4nde nicht aus<\/li>\n    <\/ul>\n<\/body>\n<\/html>\n<\/p><\/div><div class=\"custom-page-item\"><div class=\"custom-page-thumbnail\"><a href=\"https:\/\/tal.ch\/en\/serum-booster\/\"><img decoding=\"async\" src=\"https:\/\/tal.ch\/wp-content\/uploads\/2024\/08\/Beitragsbild-Absolue-Serum-Booster.jpg\" alt=\"Serum \/ Booster\" \/><\/a><\/div><h3><a href=\"https:\/\/tal.ch\/en\/serum-booster\/\">Serum \/ Booster<\/a><\/h3><p>Hochwirksames Anti Falten Serum f\u00fcr Ihre Gesichtspflege<BR>\n<!DOCTYPE html>\n<html lang=\"de\">\n<head>\n    <meta charset=\"UTF-8\">\n    <meta name=\"viewport\" content=\"width=device-width, initial-scale=1.0\">\n    <title>Aufz\u00e4hlungspunkte<\/title>\n    <style>\n        .custom-list {\n            list-style: none; \/* Entfernt die Standard-Aufz\u00e4hlungszeichen *\/\n            padding-left: 0;\n        }\n        .custom-list li {\n            position: relative;\n            padding-left: 20px; \/* Platz f\u00fcr das benutzerdefinierte Aufz\u00e4hlungszeichen *\/\n        }\n        .custom-list li::before {\n            content: \"\u203a\"; \/* Setzt das Aufz\u00e4hlungszeichen *\/\n            position: absolute;\n            left: 0; \/* Positioniert das Aufz\u00e4hlungszeichen *\/\n            color: black; \/* Farbe des Aufz\u00e4hlungszeichens *\/\n        }\n    <\/style>\n<\/head>\n<body>\n    <ul class=\"custom-list\">\n        <li>Anti-Falten<\/li>\n        <li>Lifting-Effekt<\/li>\n        <li>Blaulicht Filter<\/li>\n    <\/ul>\n<\/body>\n<\/html>\n<\/p><\/div><div class=\"custom-page-item\"><div class=\"custom-page-thumbnail\"><a href=\"https:\/\/tal.ch\/en\/hand-und-nagelcreme-care\/\"><img decoding=\"async\" src=\"https:\/\/tal.ch\/wp-content\/uploads\/2024\/09\/Beitragsbild-Care-Hand-und-Nagelcreme.jpg\" alt=\"Hand- und Nagelcreme Care\" \/><\/a><\/div><h3><a href=\"https:\/\/tal.ch\/en\/hand-und-nagelcreme-care\/\">Hand- und Nagelcreme Care<\/a><\/h3><p>Gegen trockene H\u00e4nde im t\u00e4glichen Einsatz<BR>\n\n<!DOCTYPE html>\n<html lang=\"de\">\n<head>\n    <meta charset=\"UTF-8\">\n    <meta name=\"viewport\" content=\"width=device-width, initial-scale=1.0\">\n    <title>Aufz\u00e4hlungspunkte<\/title>\n    <style>\n        .custom-list {\n            list-style: none; \/* Entfernt die Standard-Aufz\u00e4hlungszeichen *\/\n            padding-left: 0;\n        }\n        .custom-list li {\n            position: relative;\n            padding-left: 20px; \/* Platz f\u00fcr das benutzerdefinierte Aufz\u00e4hlungszeichen *\/\n        }\n        .custom-list li::before {\n            content: \"\u203a\"; \/* Setzt das Aufz\u00e4hlungszeichen *\/\n            position: absolute;\n            left: 0; \/* Positioniert das Aufz\u00e4hlungszeichen *\/\n            color: black; \/* Farbe des Aufz\u00e4hlungszeichens *\/\n        }\n    <\/style>\n<\/head>\n<body>\n    <ul class=\"custom-list\">\n        <li>Kurbelt Zellerneuerung an<\/li>\n        <li>Macht die Haut weich<\/li>\n        <li>Anti Falten<\/li>\n    <\/ul>\n<\/body>\n<\/html>\n<\/p><\/div><div class=\"custom-page-item\"><div class=\"custom-page-thumbnail\"><a href=\"https:\/\/tal.ch\/en\/handcreme-care-anti-age\/\"><img decoding=\"async\" src=\"https:\/\/tal.ch\/wp-content\/uploads\/2024\/09\/Beitragsbild-Care-Handcreme-Anti-Age.jpg\" alt=\"Handcreme Care Anti-Age\" \/><\/a><\/div><h3><a href=\"https:\/\/tal.ch\/en\/handcreme-care-anti-age\/\">Handcreme Care Anti-Age<\/a><\/h3><p>Gegen Falten, Altersflecken und Pigmentflecken<BR>\n\n<!DOCTYPE html>\n<html lang=\"de\">\n<head>\n    <meta charset=\"UTF-8\">\n    <meta name=\"viewport\" content=\"width=device-width, initial-scale=1.0\">\n    <title>Aufz\u00e4hlungspunkte<\/title>\n    <style>\n        .custom-list {\n            list-style: none; \/* Entfernt die Standard-Aufz\u00e4hlungszeichen *\/\n            padding-left: 0;\n        }\n        .custom-list li {\n            position: relative;\n            padding-left: 20px; \/* Platz f\u00fcr das benutzerdefinierte Aufz\u00e4hlungszeichen *\/\n        }\n        .custom-list li::before {\n            content: \"\u203a\"; \/* Setzt das Aufz\u00e4hlungszeichen *\/\n            position: absolute;\n            left: 0; \/* Positioniert das Aufz\u00e4hlungszeichen *\/\n            color: black; \/* Farbe des Aufz\u00e4hlungszeichens *\/\n        }\n    <\/style>\n<\/head>\n<body>\n    <ul class=\"custom-list\">\n <li>Anti Falten<\/li>        \n<li>Regeneriert trockene Haut<\/li>\n        <li>Sch\u00fctzt die Haut vor dem Austrocknen<\/li>\n          <\/ul>\n<\/body>\n<\/html>\n<\/p><\/div><div class=\"custom-page-item\"><div class=\"custom-page-thumbnail\"><a href=\"https:\/\/tal.ch\/en\/handserum-care-anti-age\/\"><img decoding=\"async\" src=\"https:\/\/tal.ch\/wp-content\/uploads\/2024\/09\/Beitragsbild-Care-Serum-Anti-Age.jpg\" alt=\"Handserum Care Anti-Age\" \/><\/a><\/div><h3><a href=\"https:\/\/tal.ch\/en\/handserum-care-anti-age\/\">Handserum Care Anti-Age<\/a><\/h3><p>Hochkonzentriert gegen Falten, Altersflecken und Pigmentflecken<BR>\n\n<!DOCTYPE html>\n<html lang=\"de\">\n<head>\n    <meta charset=\"UTF-8\">\n    <meta name=\"viewport\" content=\"width=device-width, initial-scale=1.0\">\n    <title>Aufz\u00e4hlungspunkte<\/title>\n    <style>\n        .custom-list {\n            list-style: none; \/* Entfernt die Standard-Aufz\u00e4hlungszeichen *\/\n            padding-left: 0;\n        }\n        .custom-list li {\n            position: relative;\n            padding-left: 20px; \/* Platz f\u00fcr das benutzerdefinierte Aufz\u00e4hlungszeichen *\/\n        }\n        .custom-list li::before {\n            content: \"\u203a\"; \/* Setzt das Aufz\u00e4hlungszeichen *\/\n            position: absolute;\n            left: 0; \/* Positioniert das Aufz\u00e4hlungszeichen *\/\n            color: black; \/* Farbe des Aufz\u00e4hlungszeichens *\/\n        }\n    <\/style>\n<\/head>\n<body>\n    <ul class=\"custom-list\">\n <li>L\u00e4sst ihr Haut wieder strahlen<\/li>        \n<li>Anti Falten<\/li>\n        <li>Sch\u00fctzt f\u00fcr Umwelteinfl\u00fcssen<\/li>\n          <\/ul>\n<\/body>\n<\/html>\n<\/p><\/div><div class=\"custom-page-item\"><div class=\"custom-page-thumbnail\"><a href=\"https:\/\/tal.ch\/en\/hand-und-nagelcreme-special-edition-i-care\/\"><img decoding=\"async\" src=\"https:\/\/tal.ch\/wp-content\/uploads\/2024\/09\/Beitragsbild-I-Care.jpg\" alt=\"Hand- und Nagelcreme Special Edition &#8222;I Care&#8220;\" \/><\/a><\/div><h3><a href=\"https:\/\/tal.ch\/en\/hand-und-nagelcreme-special-edition-i-care\/\">Hand- und Nagelcreme Special Edition &#8222;I Care&#8220;<\/a><\/h3><p>Gegen trockene H\u00e4nde im t\u00e4glichen Einsatz<BR>\n\n<!DOCTYPE html>\n<html lang=\"de\">\n<head>\n    <meta charset=\"UTF-8\">\n    <meta name=\"viewport\" content=\"width=device-width, initial-scale=1.0\">\n    <title>Aufz\u00e4hlungspunkte<\/title>\n    <style>\n        .custom-list {\n            list-style: none; \/* Entfernt die Standard-Aufz\u00e4hlungszeichen *\/\n            padding-left: 0;\n        }\n        .custom-list li {\n            position: relative;\n            padding-left: 20px; \/* Platz f\u00fcr das benutzerdefinierte Aufz\u00e4hlungszeichen *\/\n        }\n        .custom-list li::before {\n            content: \"\u203a\"; \/* Setzt das Aufz\u00e4hlungszeichen *\/\n            position: absolute;\n            left: 0; \/* Positioniert das Aufz\u00e4hlungszeichen *\/\n            color: black; \/* Farbe des Aufz\u00e4hlungszeichens *\/\n        }\n    <\/style>\n<\/head>\n<body>\n    <ul class=\"custom-list\">\n        <li>Kurbelt Zellerneuerung an<\/li>\n        <li>Macht die Haut weich<\/li>\n        <li>Anti Falten<\/li>\n    <\/ul>\n<\/body>\n<\/html>\n<\/p><\/div><div class=\"custom-page-item\"><div class=\"custom-page-thumbnail\"><a href=\"https:\/\/tal.ch\/en\/hand-und-nagelcreme-special-edition-take-care\/\"><img decoding=\"async\" src=\"https:\/\/tal.ch\/wp-content\/uploads\/2024\/09\/Beitragsbild-Take-Care.jpg\" alt=\"Hand- und Nagelcreme Special Edition &#8222;Take care&#8220;\" \/><\/a><\/div><h3><a href=\"https:\/\/tal.ch\/en\/hand-und-nagelcreme-special-edition-take-care\/\">Hand- und Nagelcreme Special Edition &#8222;Take care&#8220;<\/a><\/h3><p>Gegen trockene H\u00e4nde im t\u00e4glichen Einsatz<BR>\n\n<!DOCTYPE html>\n<html lang=\"de\">\n<head>\n    <meta charset=\"UTF-8\">\n    <meta name=\"viewport\" content=\"width=device-width, initial-scale=1.0\">\n    <title>Aufz\u00e4hlungspunkte<\/title>\n    <style>\n        .custom-list {\n            list-style: none; \/* Entfernt die Standard-Aufz\u00e4hlungszeichen *\/\n            padding-left: 0;\n        }\n        .custom-list li {\n            position: relative;\n            padding-left: 20px; \/* Platz f\u00fcr das benutzerdefinierte Aufz\u00e4hlungszeichen *\/\n        }\n        .custom-list li::before {\n            content: \"\u203a\"; \/* Setzt das Aufz\u00e4hlungszeichen *\/\n            position: absolute;\n            left: 0; \/* Positioniert das Aufz\u00e4hlungszeichen *\/\n            color: black; \/* Farbe des Aufz\u00e4hlungszeichens *\/\n        }\n    <\/style>\n<\/head>\n<body>\n    <ul class=\"custom-list\">\n        <li>Kurbelt Zellerneuerung an<\/li>\n        <li>Macht die Haut weich<\/li>\n        <li>Anti Falten<\/li>\n    <\/ul>\n<\/body>\n<\/html>\n<\/p><\/div><div class=\"custom-page-item\"><div class=\"custom-page-thumbnail\"><a href=\"https:\/\/tal.ch\/en\/hand-und-nagelcreme-special-edition-dont-care\/\"><img decoding=\"async\" src=\"https:\/\/tal.ch\/wp-content\/uploads\/2024\/09\/Beitragsbild-I-dont-Care.jpg\" alt=\"Hand- und Nagelcreme Special Edition &#8222;I don&#8217;t care&#8220;\" \/><\/a><\/div><h3><a href=\"https:\/\/tal.ch\/en\/hand-und-nagelcreme-special-edition-dont-care\/\">Hand- und Nagelcreme Special Edition &#8222;I don&#8217;t care&#8220;<\/a><\/h3><p>Gegen trockene H\u00e4nde im t\u00e4glichen Einsatz<BR>\n\n<!DOCTYPE html>\n<html lang=\"de\">\n<head>\n    <meta charset=\"UTF-8\">\n    <meta name=\"viewport\" content=\"width=device-width, initial-scale=1.0\">\n    <title>Aufz\u00e4hlungspunkte<\/title>\n    <style>\n        .custom-list {\n            list-style: none; \/* Entfernt die Standard-Aufz\u00e4hlungszeichen *\/\n            padding-left: 0;\n        }\n        .custom-list li {\n            position: relative;\n            padding-left: 20px; \/* Platz f\u00fcr das benutzerdefinierte Aufz\u00e4hlungszeichen *\/\n        }\n        .custom-list li::before {\n            content: \"\u203a\"; \/* Setzt das Aufz\u00e4hlungszeichen *\/\n            position: absolute;\n            left: 0; \/* Positioniert das Aufz\u00e4hlungszeichen *\/\n            color: black; \/* Farbe des Aufz\u00e4hlungszeichens *\/\n        }\n    <\/style>\n<\/head>\n<body>\n    <ul class=\"custom-list\">\n        <li>Kurbelt Zellerneuerung an<\/li>\n        <li>Macht die Haut weich<\/li>\n        <li>Anti Falten<\/li>\n    <\/ul>\n<\/body>\n<\/html>\n<\/p><\/div><div class=\"custom-page-item\"><div class=\"custom-page-thumbnail\"><a href=\"https:\/\/tal.ch\/en\/fusscreme-2\/\"><img decoding=\"async\" src=\"https:\/\/tal.ch\/wp-content\/uploads\/2024\/09\/Beitragsbild-Fusscreme.jpg\" alt=\"Fusscreme MED Repair\" \/><\/a><\/div><h3><a href=\"https:\/\/tal.ch\/en\/fusscreme-2\/\">Fusscreme MED Repair<\/a><\/h3><p>Pflegt trockene und rissige F\u00fcsse<BR>\n\n<!DOCTYPE html>\n<html lang=\"de\">\n<head>\n    <meta charset=\"UTF-8\">\n    <meta name=\"viewport\" content=\"width=device-width, initial-scale=1.0\">\n    <title>Aufz\u00e4hlungspunkte<\/title>\n    <style>\n        .custom-list {\n            list-style: none; \/* Entfernt die Standard-Aufz\u00e4hlungszeichen *\/\n            padding-left: 0;\n        }\n        .custom-list li {\n            position: relative;\n            padding-left: 20px; \/* Platz f\u00fcr das benutzerdefinierte Aufz\u00e4hlungszeichen *\/\n        }\n        .custom-list li::before {\n            content: \"\u203a\"; \/* Setzt das Aufz\u00e4hlungszeichen *\/\n            position: absolute;\n            left: 0; \/* Positioniert das Aufz\u00e4hlungszeichen *\/\n            color: black; \/* Farbe des Aufz\u00e4hlungszeichens *\/\n        }\n    <\/style>\n<\/head>\n<body>\n    <ul class=\"custom-list\">\n        <li>F\u00fcr trockene Haut<\/li>\n        <li>Sp\u00fcrbar geschmeidige Haut nach 7 Tagen<\/li>\n        <li>Nachhaltige Wirkung<\/li>\n    <\/ul>\n<\/body>\n<\/html>\n<\/p><\/div><div class=\"custom-page-item\"><div class=\"custom-page-thumbnail\"><a href=\"https:\/\/tal.ch\/en\/fusscreme-med-balsam\/\"><img decoding=\"async\" src=\"https:\/\/tal.ch\/wp-content\/uploads\/2024\/08\/Beitragsbild-Fuss-Balsam.jpg\" alt=\"Fussbalsam MED Intense Repair\" \/><\/a><\/div><h3><a href=\"https:\/\/tal.ch\/en\/fusscreme-med-balsam\/\">Fussbalsam MED Intense Repair<\/a><\/h3><p>Intensivpflege f\u00fcr trockene und rissige F\u00fcsse<BR>\n<!DOCTYPE html>\n<html lang=\"de\">\n<head>\n    <meta charset=\"UTF-8\">\n    <meta name=\"viewport\" content=\"width=device-width, initial-scale=1.0\">\n    <title>Aufz\u00e4hlungspunkte<\/title>\n    <style>\n        .custom-list {\n            list-style: none; \/* Entfernt die Standard-Aufz\u00e4hlungszeichen *\/\n            padding-left: 0;\n        }\n        .custom-list li {\n            position: relative;\n            padding-left: 20px; \/* Platz f\u00fcr das benutzerdefinierte Aufz\u00e4hlungszeichen *\/\n        }\n        .custom-list li::before {\n            content: \"\u203a\"; \/* Setzt das Aufz\u00e4hlungszeichen *\/\n            position: absolute;\n            left: 0; \/* Positioniert das Aufz\u00e4hlungszeichen *\/\n            color: black; \/* Farbe des Aufz\u00e4hlungszeichens *\/\n        }\n    <\/style>\n<\/head>\n<body>\n    <ul class=\"custom-list\">\n        <li>F\u00fcr samtweiche Haut<\/li>\n        <li>Spendet Feuchtigkeit<\/li>\n        <li>Nachhaltige Wirkung<\/li>\n    <\/ul>\n<\/body>\n<\/html>\n<\/p><\/div><div class=\"custom-page-item\"><div class=\"custom-page-thumbnail\"><a href=\"https:\/\/tal.ch\/en\/fussmaske-med-repair\/\"><img decoding=\"async\" src=\"https:\/\/tal.ch\/wp-content\/uploads\/2024\/09\/Beitragsbild-Fussmaske.jpg\" alt=\"Fussmaske MED Repair\" \/><\/a><\/div><h3><a href=\"https:\/\/tal.ch\/en\/fussmaske-med-repair\/\">Fussmaske MED Repair<\/a><\/h3><p>Pflegt trockene und rissige F\u00fcsse<BR>\n\n<!DOCTYPE html>\n<html lang=\"de\">\n<head>\n    <meta charset=\"UTF-8\">\n    <meta name=\"viewport\" content=\"width=device-width, initial-scale=1.0\">\n    <title>Aufz\u00e4hlungspunkte<\/title>\n    <style>\n        .custom-list {\n            list-style: none; \/* Entfernt die Standard-Aufz\u00e4hlungszeichen *\/\n            padding-left: 0;\n        }\n        .custom-list li {\n            position: relative;\n            padding-left: 20px; \/* Platz f\u00fcr das benutzerdefinierte Aufz\u00e4hlungszeichen *\/\n        }\n        .custom-list li::before {\n            content: \"\u203a\"; \/* Setzt das Aufz\u00e4hlungszeichen *\/\n            position: absolute;\n            left: 0; \/* Positioniert das Aufz\u00e4hlungszeichen *\/\n            color: black; \/* Farbe des Aufz\u00e4hlungszeichens *\/\n        }\n    <\/style>\n<\/head>\n<body>\n    <ul class=\"custom-list\">\n        <li>Tiefenwirksam<\/li>\n        <li>Power-Cocktail<\/li>\n        <li>Sichtbarer Soforteffekt<\/li>\n    <\/ul>\n<\/body>\n<\/html>\n<\/p><\/div><div class=\"custom-page-item\"><div class=\"custom-page-thumbnail\"><a href=\"https:\/\/tal.ch\/en\/fussbadesalz-med-repair\/\"><img decoding=\"async\" src=\"https:\/\/tal.ch\/wp-content\/uploads\/2024\/09\/Beitragsbild-Fuss-Badesalz-1.jpg\" alt=\"Fussbadesalz MED\" \/><\/a><\/div><h3><a href=\"https:\/\/tal.ch\/en\/fussbadesalz-med-repair\/\">Fussbadesalz MED<\/a><\/h3><p>Medizinisches Salz f\u00fcr Hautprobleme und Entz\u00fcndungen<BR>\n\n<!DOCTYPE html>\n<html lang=\"de\">\n<head>\n    <meta charset=\"UTF-8\">\n    <meta name=\"viewport\" content=\"width=device-width, initial-scale=1.0\">\n    <title>Aufz\u00e4hlungspunkte<\/title>\n    <style>\n        .custom-list {\n            list-style: none; \/* Entfernt die Standard-Aufz\u00e4hlungszeichen *\/\n            padding-left: 0;\n        }\n        .custom-list li {\n            position: relative;\n            padding-left: 20px; \/* Platz f\u00fcr das benutzerdefinierte Aufz\u00e4hlungszeichen *\/\n        }\n        .custom-list li::before {\n            content: \"\u203a\"; \/* Setzt das Aufz\u00e4hlungszeichen *\/\n            position: absolute;\n            left: 0; \/* Positioniert das Aufz\u00e4hlungszeichen *\/\n            color: black; \/* Farbe des Aufz\u00e4hlungszeichens *\/\n        }\n    <\/style>\n<\/head>\n<body>\n    <ul class=\"custom-list\">\n        <li>Hilft bei Entz\u00fcndungen<\/li>\n        <li>F\u00fcr trockene F\u00fcsse<\/li>\n        <li>F\u00fcr m\u00fcde, schwere F\u00fcsse<\/li>\n    <\/ul>\n<\/body>\n<\/html>\n<\/p><\/div><div class=\"custom-page-item\"><div class=\"custom-page-thumbnail\"><a href=\"https:\/\/tal.ch\/en\/med-dermatopic\/\"><img decoding=\"async\" src=\"https:\/\/tal.ch\/wp-content\/uploads\/2024\/06\/beitragsbild-med-dermatopic.jpg\" alt=\"Handcreme MED Dermatopic\" \/><\/a><\/div><h3><a href=\"https:\/\/tal.ch\/en\/med-dermatopic\/\">Handcreme MED Dermatopic<\/a><\/h3><p>\nDie Handcreme f\u00fcr sensible Haut <BR>\n\n<!DOCTYPE html>\n<html lang=\"de\">\n<head>\n    <meta charset=\"UTF-8\">\n    <meta name=\"viewport\" content=\"width=device-width, initial-scale=1.0\">\n    <title>Aufz\u00e4hlungspunkte<\/title>\n    <style>\n        .custom-list {\n            list-style: none; \/* Entfernt die Standard-Aufz\u00e4hlungszeichen *\/\n            padding-left: 0;\n        }\n        .custom-list li {\n            position: relative;\n            padding-left: 20px; \/* Platz f\u00fcr das benutzerdefinierte Aufz\u00e4hlungszeichen *\/\n        }\n        .custom-list li::before {\n            content: \"\u203a\"; \/* Setzt das Aufz\u00e4hlungszeichen *\/\n            position: absolute;\n            left: 0; \/* Positioniert das Aufz\u00e4hlungszeichen *\/\n            color: black; \/* Farbe des Aufz\u00e4hlungszeichens *\/\n        }\n    <\/style>\n<\/head>\n<body>\n    <ul class=\"custom-list\">\n        <li>Ohne Parfum<\/li>\n        <li>F\u00fcr Haut, die zu Allergien neigt<\/li>\n        <li>St\u00e4rkt das hauteigene Immunsystem<\/li>\n    <\/ul>\n<\/body>\n<\/html>\n<\/p><\/div><div class=\"custom-page-item\"><div class=\"custom-page-thumbnail\"><a href=\"https:\/\/tal.ch\/en\/med-repair\/\"><img decoding=\"async\" src=\"https:\/\/tal.ch\/wp-content\/uploads\/2024\/06\/beitragsbild-med-repair-1.jpg\" alt=\"Handcreme MED Repair\" \/><\/a><\/div><h3><a href=\"https:\/\/tal.ch\/en\/med-repair\/\">Handcreme MED Repair<\/a><\/h3><p>Die original Handcreme von Tal! <BR>\n<!DOCTYPE html>\n<html lang=\"de\">\n<head>\n    <meta charset=\"UTF-8\">\n    <meta name=\"viewport\" content=\"width=device-width, initial-scale=1.0\">\n    <title>Aufz\u00e4hlungspunkte<\/title>\n    <style>\n        .custom-list {\n            list-style: none; \/* Entfernt die Standard-Aufz\u00e4hlungszeichen *\/\n            padding-left: 0;\n        }\n        .custom-list li {\n            position: relative;\n            padding-left: 20px; \/* Platz f\u00fcr das benutzerdefinierte Aufz\u00e4hlungszeichen *\/\n        }\n        .custom-list li::before {\n            content: \"\u203a\"; \/* Setzt das Aufz\u00e4hlungszeichen *\/\n            position: absolute;\n            left: 0; \/* Positioniert das Aufz\u00e4hlungszeichen *\/\n            color: black; \/* Farbe des Aufz\u00e4hlungszeichens *\/\n        }\n    <\/style>\n<\/head>\n<body>\n    <ul class=\"custom-list\">\n        <li>Hilft bei Rissen und Schrunden<\/li>\n        <li>Erh\u00f6ht die Widerstandsf\u00e4higkeit gegen\u00fcber Umwelteinfl\u00fcssen<\/li>\n        <li>St\u00e4rkt die Feuchtigskeitsbarriere<\/li>\n    <\/ul>\n<\/body>\n<\/html>\n<\/p><\/div><div class=\"custom-page-item\"><div class=\"custom-page-thumbnail\"><a href=\"https:\/\/tal.ch\/en\/tal-travel-set\/\"><img decoding=\"async\" src=\"https:\/\/tal.ch\/wp-content\/uploads\/2025\/08\/Tal-Travel-set-800-x-800.png\" alt=\"Tal Travel Set\" \/><\/a><\/div><h3><a href=\"https:\/\/tal.ch\/en\/tal-travel-set\/\">Tal Travel Set<\/a><\/h3><p>Dein Begleiter auf Reisen <BR>\n<!DOCTYPE html>\n<html lang=\"de\">\n<head>\n    <meta charset=\"UTF-8\">\n    <meta name=\"viewport\" content=\"width=device-width, initial-scale=1.0\">\n    <title>Aufz\u00e4hlungspunkte<\/title>\n    <style>\n        .custom-list {\n            list-style: none; \/* Entfernt die Standard-Aufz\u00e4hlungszeichen *\/\n            padding-left: 0;\n        }\n        .custom-list li {\n            position: relative;\n            padding-left: 20px; \/* Platz f\u00fcr das benutzerdefinierte Aufz\u00e4hlungszeichen *\/\n        }\n        .custom-list li::before {\n            content: \"\u203a\"; \/* Setzt das Aufz\u00e4hlungszeichen *\/\n            position: absolute;\n            left: 0; \/* Positioniert das Aufz\u00e4hlungszeichen *\/\n            color: black; \/* Farbe des Aufz\u00e4hlungszeichens *\/\n        }\n    <\/style>\n<\/head>\n<body>\n    <ul class=\"custom-list\">\n        <li>Handcreme, Body Lotion und Duschgel<\/li>\n        <li>Praktischer Canvas-Kosmetikbeutel<\/li>\n        <li>Frische & Pflege inspiriert von den Schweizer Alpen<\/li>\n    <\/ul>\n<\/body>\n<\/html>\n<\/p><\/div><\/div><div class=\"pagination\"><\/div>\n<\/div>\n\t\t\t\t\t\t<\/div>\n\t\t\t\t<div class=\"elementor-element elementor-element-906013a elementor-widget elementor-widget-menu-anchor\" data-id=\"906013a\" data-element_type=\"widget\" data-e-type=\"widget\" data-widget_type=\"menu-anchor.default\">\n\t\t\t\t\t\t\t<div class=\"elementor-menu-anchor\" id=\"Ursachen\"><\/div>\n\t\t\t\t\t\t<\/div>\n\t\t\t\t<\/div>\n\t\t<div class=\"elementor-element elementor-element-1585a62 e-con-full e-flex wpr-particle-no wpr-jarallax-no wpr-parallax-no wpr-sticky-section-no wpr-equal-height-no e-con e-parent\" data-id=\"1585a62\" data-element_type=\"container\" data-e-type=\"container\">\n\t\t\t\t<div class=\"elementor-element elementor-element-1d0e09d elementor-widget elementor-widget-heading\" data-id=\"1d0e09d\" data-element_type=\"widget\" data-e-type=\"widget\" data-widget_type=\"heading.default\">\n\t\t\t\t\t<h3 class=\"elementor-heading-title elementor-size-default\">Ursachen<\/h3>\t\t\t\t<\/div>\n\t\t\t\t<\/div>\n\t\t<div class=\"elementor-element elementor-element-b378ce7 e-con-full e-flex wpr-particle-no wpr-jarallax-no wpr-parallax-no wpr-sticky-section-no wpr-equal-height-no e-con e-parent\" data-id=\"b378ce7\" data-element_type=\"container\" data-e-type=\"container\">\n\t\t\t\t<div class=\"elementor-element elementor-element-63c17d2 elementor-widget elementor-widget-toggle\" data-id=\"63c17d2\" data-element_type=\"widget\" data-e-type=\"widget\" data-widget_type=\"toggle.default\">\n\t\t\t\t\t\t\t<div class=\"elementor-toggle\">\n\t\t\t\t\t\t\t<div class=\"elementor-toggle-item\">\n\t\t\t\t\t<div id=\"elementor-tab-title-1041\" class=\"elementor-tab-title\" data-tab=\"1\" role=\"button\" aria-controls=\"elementor-tab-content-1041\" aria-expanded=\"false\">\n\t\t\t\t\t\t\t\t\t\t\t\t<span class=\"elementor-toggle-icon elementor-toggle-icon-left\" aria-hidden=\"true\">\n\t\t\t\t\t\t\t\t\t\t\t\t\t\t\t<span class=\"elementor-toggle-icon-closed\"><svg class=\"e-font-icon-svg e-fas-caret-right\" viewBox=\"0 0 192 512\" xmlns=\"http:\/\/www.w3.org\/2000\/svg\"><path d=\"M0 384.662V127.338c0-17.818 21.543-26.741 34.142-14.142l128.662 128.662c7.81 7.81 7.81 20.474 0 28.284L34.142 398.804C21.543 411.404 0 402.48 0 384.662z\"><\/path><\/svg><\/span>\n\t\t\t\t\t\t\t\t<span class=\"elementor-toggle-icon-opened\"><svg class=\"elementor-toggle-icon-opened e-font-icon-svg e-fas-caret-up\" viewBox=\"0 0 320 512\" xmlns=\"http:\/\/www.w3.org\/2000\/svg\"><path d=\"M288.662 352H31.338c-17.818 0-26.741-21.543-14.142-34.142l128.662-128.662c7.81-7.81 20.474-7.81 28.284 0l128.662 128.662c12.6 12.599 3.676 34.142-14.142 34.142z\"><\/path><\/svg><\/span>\n\t\t\t\t\t\t\t\t\t\t\t\t\t<\/span>\n\t\t\t\t\t\t\t\t\t\t\t\t<a class=\"elementor-toggle-title\" tabindex=\"0\">Umweltfaktoren<\/a>\n\t\t\t\t\t<\/div>\n\n\t\t\t\t\t<div id=\"elementor-tab-content-1041\" class=\"elementor-tab-content elementor-clearfix\" data-tab=\"1\" role=\"region\" aria-labelledby=\"elementor-tab-title-1041\"><p>Kalte Temperaturen, trockene Heizungsluft und UV-Strahlung entziehen der Haut Feuchtigkeit.<\/p><\/div>\n\t\t\t\t<\/div>\n\t\t\t\t\t\t\t<div class=\"elementor-toggle-item\">\n\t\t\t\t\t<div id=\"elementor-tab-title-1042\" class=\"elementor-tab-title\" data-tab=\"2\" role=\"button\" aria-controls=\"elementor-tab-content-1042\" aria-expanded=\"false\">\n\t\t\t\t\t\t\t\t\t\t\t\t<span class=\"elementor-toggle-icon elementor-toggle-icon-left\" aria-hidden=\"true\">\n\t\t\t\t\t\t\t\t\t\t\t\t\t\t\t<span class=\"elementor-toggle-icon-closed\"><svg class=\"e-font-icon-svg e-fas-caret-right\" viewBox=\"0 0 192 512\" xmlns=\"http:\/\/www.w3.org\/2000\/svg\"><path d=\"M0 384.662V127.338c0-17.818 21.543-26.741 34.142-14.142l128.662 128.662c7.81 7.81 7.81 20.474 0 28.284L34.142 398.804C21.543 411.404 0 402.48 0 384.662z\"><\/path><\/svg><\/span>\n\t\t\t\t\t\t\t\t<span class=\"elementor-toggle-icon-opened\"><svg class=\"elementor-toggle-icon-opened e-font-icon-svg e-fas-caret-up\" viewBox=\"0 0 320 512\" xmlns=\"http:\/\/www.w3.org\/2000\/svg\"><path d=\"M288.662 352H31.338c-17.818 0-26.741-21.543-14.142-34.142l128.662-128.662c7.81-7.81 20.474-7.81 28.284 0l128.662 128.662c12.6 12.599 3.676 34.142-14.142 34.142z\"><\/path><\/svg><\/span>\n\t\t\t\t\t\t\t\t\t\t\t\t\t<\/span>\n\t\t\t\t\t\t\t\t\t\t\t\t<a class=\"elementor-toggle-title\" tabindex=\"0\">Falsche Pflege<\/a>\n\t\t\t\t\t<\/div>\n\n\t\t\t\t\t<div id=\"elementor-tab-content-1042\" class=\"elementor-tab-content elementor-clearfix\" data-tab=\"2\" role=\"region\" aria-labelledby=\"elementor-tab-title-1042\"><p>Zu h\u00e4ufiges Waschen, heisses Wasser und aggressive Reinigungsmittel zerst\u00f6ren die Hautschutzbarriere.<\/p><\/div>\n\t\t\t\t<\/div>\n\t\t\t\t\t\t\t<div class=\"elementor-toggle-item\">\n\t\t\t\t\t<div id=\"elementor-tab-title-1043\" class=\"elementor-tab-title\" data-tab=\"3\" role=\"button\" aria-controls=\"elementor-tab-content-1043\" aria-expanded=\"false\">\n\t\t\t\t\t\t\t\t\t\t\t\t<span class=\"elementor-toggle-icon elementor-toggle-icon-left\" aria-hidden=\"true\">\n\t\t\t\t\t\t\t\t\t\t\t\t\t\t\t<span class=\"elementor-toggle-icon-closed\"><svg class=\"e-font-icon-svg e-fas-caret-right\" viewBox=\"0 0 192 512\" xmlns=\"http:\/\/www.w3.org\/2000\/svg\"><path d=\"M0 384.662V127.338c0-17.818 21.543-26.741 34.142-14.142l128.662 128.662c7.81 7.81 7.81 20.474 0 28.284L34.142 398.804C21.543 411.404 0 402.48 0 384.662z\"><\/path><\/svg><\/span>\n\t\t\t\t\t\t\t\t<span class=\"elementor-toggle-icon-opened\"><svg class=\"elementor-toggle-icon-opened e-font-icon-svg e-fas-caret-up\" viewBox=\"0 0 320 512\" xmlns=\"http:\/\/www.w3.org\/2000\/svg\"><path d=\"M288.662 352H31.338c-17.818 0-26.741-21.543-14.142-34.142l128.662-128.662c7.81-7.81 20.474-7.81 28.284 0l128.662 128.662c12.6 12.599 3.676 34.142-14.142 34.142z\"><\/path><\/svg><\/span>\n\t\t\t\t\t\t\t\t\t\t\t\t\t<\/span>\n\t\t\t\t\t\t\t\t\t\t\t\t<a class=\"elementor-toggle-title\" tabindex=\"0\">Medizinische Ursachen<\/a>\n\t\t\t\t\t<\/div>\n\n\t\t\t\t\t<div id=\"elementor-tab-content-1043\" class=\"elementor-tab-content elementor-clearfix\" data-tab=\"3\" role=\"region\" aria-labelledby=\"elementor-tab-title-1043\"><p>Hauterkrankungen wie Neurodermitis, hormonelle Ver\u00e4nderungen und bestimmte Medikamente.<\/p><\/div>\n\t\t\t\t<\/div>\n\t\t\t\t\t\t\t<div class=\"elementor-toggle-item\">\n\t\t\t\t\t<div id=\"elementor-tab-title-1044\" class=\"elementor-tab-title\" data-tab=\"4\" role=\"button\" aria-controls=\"elementor-tab-content-1044\" aria-expanded=\"false\">\n\t\t\t\t\t\t\t\t\t\t\t\t<span class=\"elementor-toggle-icon elementor-toggle-icon-left\" aria-hidden=\"true\">\n\t\t\t\t\t\t\t\t\t\t\t\t\t\t\t<span class=\"elementor-toggle-icon-closed\"><svg class=\"e-font-icon-svg e-fas-caret-right\" viewBox=\"0 0 192 512\" xmlns=\"http:\/\/www.w3.org\/2000\/svg\"><path d=\"M0 384.662V127.338c0-17.818 21.543-26.741 34.142-14.142l128.662 128.662c7.81 7.81 7.81 20.474 0 28.284L34.142 398.804C21.543 411.404 0 402.48 0 384.662z\"><\/path><\/svg><\/span>\n\t\t\t\t\t\t\t\t<span class=\"elementor-toggle-icon-opened\"><svg class=\"elementor-toggle-icon-opened e-font-icon-svg e-fas-caret-up\" viewBox=\"0 0 320 512\" xmlns=\"http:\/\/www.w3.org\/2000\/svg\"><path d=\"M288.662 352H31.338c-17.818 0-26.741-21.543-14.142-34.142l128.662-128.662c7.81-7.81 20.474-7.81 28.284 0l128.662 128.662c12.6 12.599 3.676 34.142-14.142 34.142z\"><\/path><\/svg><\/span>\n\t\t\t\t\t\t\t\t\t\t\t\t\t<\/span>\n\t\t\t\t\t\t\t\t\t\t\t\t<a class=\"elementor-toggle-title\" tabindex=\"0\">Alter<\/a>\n\t\t\t\t\t<\/div>\n\n\t\t\t\t\t<div id=\"elementor-tab-content-1044\" class=\"elementor-tab-content elementor-clearfix\" data-tab=\"4\" role=\"region\" aria-labelledby=\"elementor-tab-title-1044\"><p>Mit zunehmendem Alter produziert die Haut weniger Talg und verliert an Feuchtigkeit.<\/p><\/div>\n\t\t\t\t<\/div>\n\t\t\t\t\t\t\t<div class=\"elementor-toggle-item\">\n\t\t\t\t\t<div id=\"elementor-tab-title-1045\" class=\"elementor-tab-title\" data-tab=\"5\" role=\"button\" aria-controls=\"elementor-tab-content-1045\" aria-expanded=\"false\">\n\t\t\t\t\t\t\t\t\t\t\t\t<span class=\"elementor-toggle-icon elementor-toggle-icon-left\" aria-hidden=\"true\">\n\t\t\t\t\t\t\t\t\t\t\t\t\t\t\t<span class=\"elementor-toggle-icon-closed\"><svg class=\"e-font-icon-svg e-fas-caret-right\" viewBox=\"0 0 192 512\" xmlns=\"http:\/\/www.w3.org\/2000\/svg\"><path d=\"M0 384.662V127.338c0-17.818 21.543-26.741 34.142-14.142l128.662 128.662c7.81 7.81 7.81 20.474 0 28.284L34.142 398.804C21.543 411.404 0 402.48 0 384.662z\"><\/path><\/svg><\/span>\n\t\t\t\t\t\t\t\t<span class=\"elementor-toggle-icon-opened\"><svg class=\"elementor-toggle-icon-opened e-font-icon-svg e-fas-caret-up\" viewBox=\"0 0 320 512\" xmlns=\"http:\/\/www.w3.org\/2000\/svg\"><path d=\"M288.662 352H31.338c-17.818 0-26.741-21.543-14.142-34.142l128.662-128.662c7.81-7.81 20.474-7.81 28.284 0l128.662 128.662c12.6 12.599 3.676 34.142-14.142 34.142z\"><\/path><\/svg><\/span>\n\t\t\t\t\t\t\t\t\t\t\t\t\t<\/span>\n\t\t\t\t\t\t\t\t\t\t\t\t<a class=\"elementor-toggle-title\" tabindex=\"0\">Lebensstil<\/a>\n\t\t\t\t\t<\/div>\n\n\t\t\t\t\t<div id=\"elementor-tab-content-1045\" class=\"elementor-tab-content elementor-clearfix\" data-tab=\"5\" role=\"region\" aria-labelledby=\"elementor-tab-title-1045\"><p>Wassermangel und N\u00e4hrstoffdefizite (wie Omega-3-Fetts\u00e4uren) k\u00f6nnen trockene Haut verst\u00e4rken.<\/p><\/div>\n\t\t\t\t<\/div>\n\t\t\t\t\t\t\t\t<\/div>\n\t\t\t\t\t\t<\/div>\n\t\t\t\t<\/div>\n\t\t<div class=\"elementor-element elementor-element-4f60fcb e-flex e-con-boxed wpr-particle-no wpr-jarallax-no wpr-parallax-no wpr-sticky-section-no wpr-equal-height-no e-con e-parent\" data-id=\"4f60fcb\" data-element_type=\"container\" data-e-type=\"container\">\n\t\t\t\t\t<div class=\"e-con-inner\">\n\t\t\t\t<div class=\"elementor-element elementor-element-4a51d55 elementor-widget elementor-widget-spacer\" data-id=\"4a51d55\" data-element_type=\"widget\" data-e-type=\"widget\" data-widget_type=\"spacer.default\">\n\t\t\t\t\t\t\t<div class=\"elementor-spacer\">\n\t\t\t<div class=\"elementor-spacer-inner\"><\/div>\n\t\t<\/div>\n\t\t\t\t\t\t<\/div>\n\t\t\t\t\t<\/div>\n\t\t\t\t<\/div>\n\t\t<div class=\"elementor-element elementor-element-1015463 e-con-full e-flex wpr-particle-no wpr-jarallax-no wpr-parallax-no wpr-sticky-section-no wpr-equal-height-no e-con e-parent\" data-id=\"1015463\" data-element_type=\"container\" data-e-type=\"container\">\n\t\t\t\t<div class=\"elementor-element elementor-element-58b609c elementor-widget elementor-widget-heading\" data-id=\"58b609c\" data-element_type=\"widget\" data-e-type=\"widget\" data-widget_type=\"heading.default\">\n\t\t\t\t\t<h3 class=\"elementor-heading-title elementor-size-default\">Die ideale Hautpflege<\/h3>\t\t\t\t<\/div>\n\t\t\t\t<\/div>\n\t\t<div class=\"elementor-element elementor-element-0999a4f e-con-full e-flex wpr-particle-no wpr-jarallax-no wpr-parallax-no wpr-sticky-section-no wpr-equal-height-no e-con e-parent\" data-id=\"0999a4f\" data-element_type=\"container\" data-e-type=\"container\">\n\t\t\t\t<div class=\"elementor-element elementor-element-7fea544 elementor-widget elementor-widget-text-editor\" data-id=\"7fea544\" data-element_type=\"widget\" data-e-type=\"widget\" data-widget_type=\"text-editor.default\">\n\t\t\t\t\t\t\t\t\t<p>Die ideale Hautpflege beinhaltet folgende Punkte:<\/p>\t\t\t\t\t\t\t\t<\/div>\n\t\t\t\t<\/div>\n\t\t<div class=\"elementor-element elementor-element-edfa055 e-con-full e-flex wpr-particle-no wpr-jarallax-no wpr-parallax-no wpr-sticky-section-no wpr-equal-height-no e-con e-parent\" data-id=\"edfa055\" data-element_type=\"container\" data-e-type=\"container\">\n\t\t\t\t<div class=\"elementor-element elementor-element-e5f319a elementor-widget elementor-widget-toggle\" data-id=\"e5f319a\" data-element_type=\"widget\" data-e-type=\"widget\" data-widget_type=\"toggle.default\">\n\t\t\t\t\t\t\t<div class=\"elementor-toggle\">\n\t\t\t\t\t\t\t<div class=\"elementor-toggle-item\">\n\t\t\t\t\t<div id=\"elementor-tab-title-2411\" class=\"elementor-tab-title\" data-tab=\"1\" role=\"button\" aria-controls=\"elementor-tab-content-2411\" aria-expanded=\"false\">\n\t\t\t\t\t\t\t\t\t\t\t\t<span class=\"elementor-toggle-icon elementor-toggle-icon-left\" aria-hidden=\"true\">\n\t\t\t\t\t\t\t\t\t\t\t\t\t\t\t<span class=\"elementor-toggle-icon-closed\"><svg class=\"e-font-icon-svg e-fas-caret-right\" viewBox=\"0 0 192 512\" xmlns=\"http:\/\/www.w3.org\/2000\/svg\"><path d=\"M0 384.662V127.338c0-17.818 21.543-26.741 34.142-14.142l128.662 128.662c7.81 7.81 7.81 20.474 0 28.284L34.142 398.804C21.543 411.404 0 402.48 0 384.662z\"><\/path><\/svg><\/span>\n\t\t\t\t\t\t\t\t<span class=\"elementor-toggle-icon-opened\"><svg class=\"elementor-toggle-icon-opened e-font-icon-svg e-fas-caret-up\" viewBox=\"0 0 320 512\" xmlns=\"http:\/\/www.w3.org\/2000\/svg\"><path d=\"M288.662 352H31.338c-17.818 0-26.741-21.543-14.142-34.142l128.662-128.662c7.81-7.81 20.474-7.81 28.284 0l128.662 128.662c12.6 12.599 3.676 34.142-14.142 34.142z\"><\/path><\/svg><\/span>\n\t\t\t\t\t\t\t\t\t\t\t\t\t<\/span>\n\t\t\t\t\t\t\t\t\t\t\t\t<a class=\"elementor-toggle-title\" tabindex=\"0\">Sanfte Reinigung<\/a>\n\t\t\t\t\t<\/div>\n\n\t\t\t\t\t<div id=\"elementor-tab-content-2411\" class=\"elementor-tab-content elementor-clearfix\" data-tab=\"1\" role=\"region\" aria-labelledby=\"elementor-tab-title-2411\"><p>Verwenden Sie milde, r\u00fcckfettende Reinigungsprodukte, die die Hautbarriere sch\u00fctzen, und vermeiden Sie heisses Wasser.<\/p><\/div>\n\t\t\t\t<\/div>\n\t\t\t\t\t\t\t<div class=\"elementor-toggle-item\">\n\t\t\t\t\t<div id=\"elementor-tab-title-2412\" class=\"elementor-tab-title\" data-tab=\"2\" role=\"button\" aria-controls=\"elementor-tab-content-2412\" aria-expanded=\"false\">\n\t\t\t\t\t\t\t\t\t\t\t\t<span class=\"elementor-toggle-icon elementor-toggle-icon-left\" aria-hidden=\"true\">\n\t\t\t\t\t\t\t\t\t\t\t\t\t\t\t<span class=\"elementor-toggle-icon-closed\"><svg class=\"e-font-icon-svg e-fas-caret-right\" viewBox=\"0 0 192 512\" xmlns=\"http:\/\/www.w3.org\/2000\/svg\"><path d=\"M0 384.662V127.338c0-17.818 21.543-26.741 34.142-14.142l128.662 128.662c7.81 7.81 7.81 20.474 0 28.284L34.142 398.804C21.543 411.404 0 402.48 0 384.662z\"><\/path><\/svg><\/span>\n\t\t\t\t\t\t\t\t<span class=\"elementor-toggle-icon-opened\"><svg class=\"elementor-toggle-icon-opened e-font-icon-svg e-fas-caret-up\" viewBox=\"0 0 320 512\" xmlns=\"http:\/\/www.w3.org\/2000\/svg\"><path d=\"M288.662 352H31.338c-17.818 0-26.741-21.543-14.142-34.142l128.662-128.662c7.81-7.81 20.474-7.81 28.284 0l128.662 128.662c12.6 12.599 3.676 34.142-14.142 34.142z\"><\/path><\/svg><\/span>\n\t\t\t\t\t\t\t\t\t\t\t\t\t<\/span>\n\t\t\t\t\t\t\t\t\t\t\t\t<a class=\"elementor-toggle-title\" tabindex=\"0\">Feuchtigkeitsspendende Cremes<\/a>\n\t\t\t\t\t<\/div>\n\n\t\t\t\t\t<div id=\"elementor-tab-content-2412\" class=\"elementor-tab-content elementor-clearfix\" data-tab=\"2\" role=\"region\" aria-labelledby=\"elementor-tab-title-2412\"><div class=\"flex max-w-full flex-col flex-grow\"><div class=\"min-h-8 text-message flex w-full flex-col items-end gap-2 whitespace-normal break-words [.text-message+&amp;]:mt-5\" dir=\"auto\" data-message-author-role=\"assistant\" data-message-id=\"6ea0992b-bd31-4929-bfcd-13e35ded9171\"><div class=\"flex w-full flex-col gap-1 empty:hidden first:pt-[3px]\"><div class=\"markdown prose w-full break-words dark:prose-invert dark\"><p>Verwenden Sie Cremes mit Inhaltsstoffen wie Hyalurons\u00e4ure, Glycerin oder Urea, um Feuchtigkeit zu spenden und zu bewahren.<\/p><\/div><\/div><\/div><\/div><div class=\"mb-2 flex gap-3 empty:hidden -ml-2\"><div class=\"items-center justify-start rounded-xl p-1 flex\"><div class=\"flex items-center\"><div class=\"flex\">\u00a0<\/div><div class=\"flex items-center pb-0\">\u00a0<\/div><\/div><\/div><\/div><\/div>\n\t\t\t\t<\/div>\n\t\t\t\t\t\t\t<div class=\"elementor-toggle-item\">\n\t\t\t\t\t<div id=\"elementor-tab-title-2413\" class=\"elementor-tab-title\" data-tab=\"3\" role=\"button\" aria-controls=\"elementor-tab-content-2413\" aria-expanded=\"false\">\n\t\t\t\t\t\t\t\t\t\t\t\t<span class=\"elementor-toggle-icon elementor-toggle-icon-left\" aria-hidden=\"true\">\n\t\t\t\t\t\t\t\t\t\t\t\t\t\t\t<span class=\"elementor-toggle-icon-closed\"><svg class=\"e-font-icon-svg e-fas-caret-right\" viewBox=\"0 0 192 512\" xmlns=\"http:\/\/www.w3.org\/2000\/svg\"><path d=\"M0 384.662V127.338c0-17.818 21.543-26.741 34.142-14.142l128.662 128.662c7.81 7.81 7.81 20.474 0 28.284L34.142 398.804C21.543 411.404 0 402.48 0 384.662z\"><\/path><\/svg><\/span>\n\t\t\t\t\t\t\t\t<span class=\"elementor-toggle-icon-opened\"><svg class=\"elementor-toggle-icon-opened e-font-icon-svg e-fas-caret-up\" viewBox=\"0 0 320 512\" xmlns=\"http:\/\/www.w3.org\/2000\/svg\"><path d=\"M288.662 352H31.338c-17.818 0-26.741-21.543-14.142-34.142l128.662-128.662c7.81-7.81 20.474-7.81 28.284 0l128.662 128.662c12.6 12.599 3.676 34.142-14.142 34.142z\"><\/path><\/svg><\/span>\n\t\t\t\t\t\t\t\t\t\t\t\t\t<\/span>\n\t\t\t\t\t\t\t\t\t\t\t\t<a class=\"elementor-toggle-title\" tabindex=\"0\">Feuchtigkeitsbarriere sch\u00fctzen<\/a>\n\t\t\t\t\t<\/div>\n\n\t\t\t\t\t<div id=\"elementor-tab-content-2413\" class=\"elementor-tab-content elementor-clearfix\" data-tab=\"3\" role=\"region\" aria-labelledby=\"elementor-tab-title-2413\"><p>Inhaltsstoffe wie Ceramide, Shea-Butter oder \u00d6le helfen, die Hautbarriere zu st\u00e4rken.<\/p><\/div>\n\t\t\t\t<\/div>\n\t\t\t\t\t\t\t<div class=\"elementor-toggle-item\">\n\t\t\t\t\t<div id=\"elementor-tab-title-2414\" class=\"elementor-tab-title\" data-tab=\"4\" role=\"button\" aria-controls=\"elementor-tab-content-2414\" aria-expanded=\"false\">\n\t\t\t\t\t\t\t\t\t\t\t\t<span class=\"elementor-toggle-icon elementor-toggle-icon-left\" aria-hidden=\"true\">\n\t\t\t\t\t\t\t\t\t\t\t\t\t\t\t<span class=\"elementor-toggle-icon-closed\"><svg class=\"e-font-icon-svg e-fas-caret-right\" viewBox=\"0 0 192 512\" xmlns=\"http:\/\/www.w3.org\/2000\/svg\"><path d=\"M0 384.662V127.338c0-17.818 21.543-26.741 34.142-14.142l128.662 128.662c7.81 7.81 7.81 20.474 0 28.284L34.142 398.804C21.543 411.404 0 402.48 0 384.662z\"><\/path><\/svg><\/span>\n\t\t\t\t\t\t\t\t<span class=\"elementor-toggle-icon-opened\"><svg class=\"elementor-toggle-icon-opened e-font-icon-svg e-fas-caret-up\" viewBox=\"0 0 320 512\" xmlns=\"http:\/\/www.w3.org\/2000\/svg\"><path d=\"M288.662 352H31.338c-17.818 0-26.741-21.543-14.142-34.142l128.662-128.662c7.81-7.81 20.474-7.81 28.284 0l128.662 128.662c12.6 12.599 3.676 34.142-14.142 34.142z\"><\/path><\/svg><\/span>\n\t\t\t\t\t\t\t\t\t\t\t\t\t<\/span>\n\t\t\t\t\t\t\t\t\t\t\t\t<a class=\"elementor-toggle-title\" tabindex=\"0\">Schutz vor Umwelteinfl\u00fcssen<\/a>\n\t\t\t\t\t<\/div>\n\n\t\t\t\t\t<div id=\"elementor-tab-content-2414\" class=\"elementor-tab-content elementor-clearfix\" data-tab=\"4\" role=\"region\" aria-labelledby=\"elementor-tab-title-2414\"><p>Sch\u00fctzen Sie Ihre Haut vor extremen Wetterbedingungen. Im Winter sollten Sie Handschuhe und feuchtigkeitsspendende Cremes verwenden, w\u00e4hrend im Sommer Sonnenschutz unerl\u00e4sslich ist.<\/p><\/div>\n\t\t\t\t<\/div>\n\t\t\t\t\t\t\t<div class=\"elementor-toggle-item\">\n\t\t\t\t\t<div id=\"elementor-tab-title-2415\" class=\"elementor-tab-title\" data-tab=\"5\" role=\"button\" aria-controls=\"elementor-tab-content-2415\" aria-expanded=\"false\">\n\t\t\t\t\t\t\t\t\t\t\t\t<span class=\"elementor-toggle-icon elementor-toggle-icon-left\" aria-hidden=\"true\">\n\t\t\t\t\t\t\t\t\t\t\t\t\t\t\t<span class=\"elementor-toggle-icon-closed\"><svg class=\"e-font-icon-svg e-fas-caret-right\" viewBox=\"0 0 192 512\" xmlns=\"http:\/\/www.w3.org\/2000\/svg\"><path d=\"M0 384.662V127.338c0-17.818 21.543-26.741 34.142-14.142l128.662 128.662c7.81 7.81 7.81 20.474 0 28.284L34.142 398.804C21.543 411.404 0 402.48 0 384.662z\"><\/path><\/svg><\/span>\n\t\t\t\t\t\t\t\t<span class=\"elementor-toggle-icon-opened\"><svg class=\"elementor-toggle-icon-opened e-font-icon-svg e-fas-caret-up\" viewBox=\"0 0 320 512\" xmlns=\"http:\/\/www.w3.org\/2000\/svg\"><path d=\"M288.662 352H31.338c-17.818 0-26.741-21.543-14.142-34.142l128.662-128.662c7.81-7.81 20.474-7.81 28.284 0l128.662 128.662c12.6 12.599 3.676 34.142-14.142 34.142z\"><\/path><\/svg><\/span>\n\t\t\t\t\t\t\t\t\t\t\t\t\t<\/span>\n\t\t\t\t\t\t\t\t\t\t\t\t<a class=\"elementor-toggle-title\" tabindex=\"0\">Ausgewohgene Ern\u00e4hrung<\/a>\n\t\t\t\t\t<\/div>\n\n\t\t\t\t\t<div id=\"elementor-tab-content-2415\" class=\"elementor-tab-content elementor-clearfix\" data-tab=\"5\" role=\"region\" aria-labelledby=\"elementor-tab-title-2415\"><p>Eine Ern\u00e4hrung, die reich an Vitaminen und Antioxidantien ist, unterst\u00fctzt die Hautgesundheit von innen. Achten Sie auf ausreichend Wasserzufuhr, um die Hauthydration zu f\u00f6rdern.<\/p><\/div>\n\t\t\t\t<\/div>\n\t\t\t\t\t\t\t<div class=\"elementor-toggle-item\">\n\t\t\t\t\t<div id=\"elementor-tab-title-2416\" class=\"elementor-tab-title\" data-tab=\"6\" role=\"button\" aria-controls=\"elementor-tab-content-2416\" aria-expanded=\"false\">\n\t\t\t\t\t\t\t\t\t\t\t\t<span class=\"elementor-toggle-icon elementor-toggle-icon-left\" aria-hidden=\"true\">\n\t\t\t\t\t\t\t\t\t\t\t\t\t\t\t<span class=\"elementor-toggle-icon-closed\"><svg class=\"e-font-icon-svg e-fas-caret-right\" viewBox=\"0 0 192 512\" xmlns=\"http:\/\/www.w3.org\/2000\/svg\"><path d=\"M0 384.662V127.338c0-17.818 21.543-26.741 34.142-14.142l128.662 128.662c7.81 7.81 7.81 20.474 0 28.284L34.142 398.804C21.543 411.404 0 402.48 0 384.662z\"><\/path><\/svg><\/span>\n\t\t\t\t\t\t\t\t<span class=\"elementor-toggle-icon-opened\"><svg class=\"elementor-toggle-icon-opened e-font-icon-svg e-fas-caret-up\" viewBox=\"0 0 320 512\" xmlns=\"http:\/\/www.w3.org\/2000\/svg\"><path d=\"M288.662 352H31.338c-17.818 0-26.741-21.543-14.142-34.142l128.662-128.662c7.81-7.81 20.474-7.81 28.284 0l128.662 128.662c12.6 12.599 3.676 34.142-14.142 34.142z\"><\/path><\/svg><\/span>\n\t\t\t\t\t\t\t\t\t\t\t\t\t<\/span>\n\t\t\t\t\t\t\t\t\t\t\t\t<a class=\"elementor-toggle-title\" tabindex=\"0\">Warmes, nicht heisses Wasser<\/a>\n\t\t\t\t\t<\/div>\n\n\t\t\t\t\t<div id=\"elementor-tab-content-2416\" class=\"elementor-tab-content elementor-clearfix\" data-tab=\"6\" role=\"region\" aria-labelledby=\"elementor-tab-title-2416\"><p>Verwenden Sie lauwarmes Wasser beim Waschen oder Duschen, um die Haut nicht auszutrocknen.<\/p><\/div>\n\t\t\t\t<\/div>\n\t\t\t\t\t\t\t<div class=\"elementor-toggle-item\">\n\t\t\t\t\t<div id=\"elementor-tab-title-2417\" class=\"elementor-tab-title\" data-tab=\"7\" role=\"button\" aria-controls=\"elementor-tab-content-2417\" aria-expanded=\"false\">\n\t\t\t\t\t\t\t\t\t\t\t\t<span class=\"elementor-toggle-icon elementor-toggle-icon-left\" aria-hidden=\"true\">\n\t\t\t\t\t\t\t\t\t\t\t\t\t\t\t<span class=\"elementor-toggle-icon-closed\"><svg class=\"e-font-icon-svg e-fas-caret-right\" viewBox=\"0 0 192 512\" xmlns=\"http:\/\/www.w3.org\/2000\/svg\"><path d=\"M0 384.662V127.338c0-17.818 21.543-26.741 34.142-14.142l128.662 128.662c7.81 7.81 7.81 20.474 0 28.284L34.142 398.804C21.543 411.404 0 402.48 0 384.662z\"><\/path><\/svg><\/span>\n\t\t\t\t\t\t\t\t<span class=\"elementor-toggle-icon-opened\"><svg class=\"elementor-toggle-icon-opened e-font-icon-svg e-fas-caret-up\" viewBox=\"0 0 320 512\" xmlns=\"http:\/\/www.w3.org\/2000\/svg\"><path d=\"M288.662 352H31.338c-17.818 0-26.741-21.543-14.142-34.142l128.662-128.662c7.81-7.81 20.474-7.81 28.284 0l128.662 128.662c12.6 12.599 3.676 34.142-14.142 34.142z\"><\/path><\/svg><\/span>\n\t\t\t\t\t\t\t\t\t\t\t\t\t<\/span>\n\t\t\t\t\t\t\t\t\t\t\t\t<a class=\"elementor-toggle-title\" tabindex=\"0\">Schonende Reinigungsmittel<\/a>\n\t\t\t\t\t<\/div>\n\n\t\t\t\t\t<div id=\"elementor-tab-content-2417\" class=\"elementor-tab-content elementor-clearfix\" data-tab=\"7\" role=\"region\" aria-labelledby=\"elementor-tab-title-2417\"><p>Vermeide aggressive Seifen oder alkoholhaltige Produkte, die die Hautschutzbarriere angreifen.<\/p><\/div>\n\t\t\t\t<\/div>\n\t\t\t\t\t\t\t<div class=\"elementor-toggle-item\">\n\t\t\t\t\t<div id=\"elementor-tab-title-2418\" class=\"elementor-tab-title\" data-tab=\"8\" role=\"button\" aria-controls=\"elementor-tab-content-2418\" aria-expanded=\"false\">\n\t\t\t\t\t\t\t\t\t\t\t\t<span class=\"elementor-toggle-icon elementor-toggle-icon-left\" aria-hidden=\"true\">\n\t\t\t\t\t\t\t\t\t\t\t\t\t\t\t<span class=\"elementor-toggle-icon-closed\"><svg class=\"e-font-icon-svg e-fas-caret-right\" viewBox=\"0 0 192 512\" xmlns=\"http:\/\/www.w3.org\/2000\/svg\"><path d=\"M0 384.662V127.338c0-17.818 21.543-26.741 34.142-14.142l128.662 128.662c7.81 7.81 7.81 20.474 0 28.284L34.142 398.804C21.543 411.404 0 402.48 0 384.662z\"><\/path><\/svg><\/span>\n\t\t\t\t\t\t\t\t<span class=\"elementor-toggle-icon-opened\"><svg class=\"elementor-toggle-icon-opened e-font-icon-svg e-fas-caret-up\" viewBox=\"0 0 320 512\" xmlns=\"http:\/\/www.w3.org\/2000\/svg\"><path d=\"M288.662 352H31.338c-17.818 0-26.741-21.543-14.142-34.142l128.662-128.662c7.81-7.81 20.474-7.81 28.284 0l128.662 128.662c12.6 12.599 3.676 34.142-14.142 34.142z\"><\/path><\/svg><\/span>\n\t\t\t\t\t\t\t\t\t\t\t\t\t<\/span>\n\t\t\t\t\t\t\t\t\t\t\t\t<a class=\"elementor-toggle-title\" tabindex=\"0\">Raumluft befeuchten<\/a>\n\t\t\t\t\t<\/div>\n\n\t\t\t\t\t<div id=\"elementor-tab-content-2418\" class=\"elementor-tab-content elementor-clearfix\" data-tab=\"8\" role=\"region\" aria-labelledby=\"elementor-tab-title-2418\"><p>Besonders im Winter hilft ein Luftbefeuchter, die Luftfeuchtigkeit zu erh\u00f6hen und Austrocknung zu verhindern.<\/p><\/div>\n\t\t\t\t<\/div>\n\t\t\t\t\t\t\t\t<\/div>\n\t\t\t\t\t\t<\/div>\n\t\t\t\t<\/div>\n\t\t<div class=\"elementor-element elementor-element-9a37d83 e-flex e-con-boxed wpr-particle-no wpr-jarallax-no wpr-parallax-no wpr-sticky-section-no wpr-equal-height-no e-con e-parent\" data-id=\"9a37d83\" data-element_type=\"container\" data-e-type=\"container\">\n\t\t\t\t\t<div class=\"e-con-inner\">\n\t\t\t\t<div class=\"elementor-element elementor-element-1d9dc8f elementor-widget elementor-widget-spacer\" data-id=\"1d9dc8f\" data-element_type=\"widget\" data-e-type=\"widget\" data-widget_type=\"spacer.default\">\n\t\t\t\t\t\t\t<div class=\"elementor-spacer\">\n\t\t\t<div class=\"elementor-spacer-inner\"><\/div>\n\t\t<\/div>\n\t\t\t\t\t\t<\/div>\n\t\t\t\t\t<\/div>\n\t\t\t\t<\/div>\n\t\t<div class=\"elementor-element elementor-element-cf9148e e-con-full e-flex wpr-particle-no wpr-jarallax-no wpr-parallax-no wpr-sticky-section-no wpr-equal-height-no e-con e-parent\" data-id=\"cf9148e\" data-element_type=\"container\" data-e-type=\"container\">\n\t\t\t\t<div class=\"elementor-element elementor-element-b4f4178 elementor-widget elementor-widget-heading\" data-id=\"b4f4178\" data-element_type=\"widget\" data-e-type=\"widget\" data-widget_type=\"heading.default\">\n\t\t\t\t\t<h3 class=\"elementor-heading-title elementor-size-default\">Fazit<\/h3>\t\t\t\t<\/div>\n\t\t\t\t<\/div>\n\t\t<div class=\"elementor-element elementor-element-92f680d e-con-full e-flex wpr-particle-no wpr-jarallax-no wpr-parallax-no wpr-sticky-section-no wpr-equal-height-no e-con e-parent\" data-id=\"92f680d\" data-element_type=\"container\" data-e-type=\"container\">\n\t\t\t\t<div class=\"elementor-element elementor-element-94d9429 elementor-widget elementor-widget-text-editor\" data-id=\"94d9429\" data-element_type=\"widget\" data-e-type=\"widget\" data-widget_type=\"text-editor.default\">\n\t\t\t\t\t\t\t\t\t<p>Trockene Haut an den H\u00e4nden, F\u00fcssen und im Gesicht ist nicht nur unangenehm, sondern kann auch zu weiteren Hautproblemen f\u00fchren. Eine konsequente und auf die Bed\u00fcrfnisse Ihrer Haut abgestimmte Pflege ist entscheidend, um die Haut zu reparieren und vor neuen Sch\u00e4den zu sch\u00fctzen. Mit den richtigen Pflegeprodukten und Pflegegewohnheiten k\u00f6nnen Sie Ihre Haut gesund und geschmeidig halten. Investieren Sie in hochwertige Hautpflege und geniessen Sie die Vorteile einer gepflegten und widerstandsf\u00e4higen Haut.<\/p>\t\t\t\t\t\t\t\t<\/div>\n\t\t\t\t<\/div>\n\t\t<div class=\"elementor-element elementor-element-727dc25 e-flex e-con-boxed wpr-particle-no wpr-jarallax-no wpr-parallax-no wpr-sticky-section-no wpr-equal-height-no e-con e-parent\" data-id=\"727dc25\" data-element_type=\"container\" data-e-type=\"container\">\n\t\t\t\t\t<div class=\"e-con-inner\">\n\t\t\t\t<div class=\"elementor-element elementor-element-be3b21a elementor-widget elementor-widget-spacer\" data-id=\"be3b21a\" data-element_type=\"widget\" data-e-type=\"widget\" data-widget_type=\"spacer.default\">\n\t\t\t\t\t\t\t<div class=\"elementor-spacer\">\n\t\t\t<div class=\"elementor-spacer-inner\"><\/div>\n\t\t<\/div>\n\t\t\t\t\t\t<\/div>\n\t\t\t\t\t<\/div>\n\t\t\t\t<\/div>\n\t\t\t\t<\/div>\n\t\t","protected":false},"excerpt":{"rendered":"<p>DRY SKIN Dry skin is caused by a lack of moisture and a weakened skin barrier. This can be caused by cold temperatures, dry air, stress, frequent showers with hot water or aggressive skin care products. It often appears rough, flaky and tight. Regular application of rich moisturisers helps to keep the skin supple. Our Tal skin care products help you to keep your skin young, healthy and supple - without drying it out. Further information on dry skin Causes Environmental factors Cold temperatures, dry heated air and UV radiation dehydrate the skin. Incorrect care Too frequent washing, hot water and aggressive cleaning agents destroy the skin's protective barrier. Medical causes Skin diseases such as neurodermatitis, hormonal changes and certain medications. Age With increasing age, the skin produces less sebum and loses moisture. Lifestyle Lack of water and nutrient deficiencies (such as omega-3 fatty acids) can exacerbate dry skin. The ideal skin care regime The ideal skin care regime includes the following points: Gentle cleansing Use mild, moisturising cleansing products that protect the skin barrier and avoid hot water. Moisturising creams Use creams with ingredients such as hyaluronic acid, glycerine or urea to moisturise and retain moisture.    Protect the moisture barrier Ingredients such as ceramides, shea butter or oils help to strengthen the skin barrier. Protect against environmental influences Protect your skin from extreme weather conditions. In winter you should use gloves and moisturising creams, while sun protection is essential in summer. Eat a balanced diet A diet rich in vitamins and antioxidants supports skin health from within. Make sure you drink enough water to promote skin hydration. Warm, not hot water Use lukewarm water when washing or showering to avoid drying out the skin. Gentle cleansers Avoid aggressive soaps or products containing alcohol, which attack the skin's protective barrier. Humidify the room air Especially in winter, a humidifier helps to increase the humidity and prevent dehydration. Conclusion Dry skin on the hands, feet and face is not only unpleasant, but can also lead to other skin problems. Consistent care that is tailored to your skin's needs is crucial to repair the skin and protect it from new damage. With the right skincare products and habits, you can keep your skin healthy and supple. Invest in quality skincare and enjoy the benefits of nourished and resilient skin.<\/p>","protected":false},"author":1,"featured_media":0,"parent":0,"menu_order":49,"comment_status":"closed","ping_status":"closed","template":"","meta":{"footnotes":""},"tags":[],"class_list":["post-319","page","type-page","status-publish","hentry"],"yoast_head":"<!-- This site is optimized with the Yoast SEO plugin v27.4 - https:\/\/yoast.com\/product\/yoast-seo-wordpress\/ -->\n<title>Trockene Haut - Tal<\/title>\n<meta name=\"description\" content=\"Trockene Haut behandeln: Ursachen verstehen und die Hautbarriere st\u00e4rken. Entdecken Sie wirksame Pflege f\u00fcr geschmeidige Haut.\" \/>\n<meta name=\"robots\" content=\"index, follow, max-snippet:-1, max-image-preview:large, max-video-preview:-1\" \/>\n<link rel=\"canonical\" href=\"https:\/\/tal.ch\/en\/trockene-haut-behandeln-ursachen-pflege-und-loesungen-mit-tal\/\" \/>\n<meta property=\"og:locale\" content=\"en_GB\" \/>\n<meta property=\"og:type\" content=\"article\" \/>\n<meta property=\"og:title\" content=\"Trockene Haut - Tal\" \/>\n<meta property=\"og:description\" content=\"Trockene Haut behandeln: Ursachen verstehen und die Hautbarriere st\u00e4rken. Entdecken Sie wirksame Pflege f\u00fcr geschmeidige Haut.\" \/>\n<meta property=\"og:url\" content=\"https:\/\/tal.ch\/en\/trockene-haut-behandeln-ursachen-pflege-und-loesungen-mit-tal\/\" \/>\n<meta property=\"og:site_name\" content=\"Tal\" \/>\n<meta property=\"article:publisher\" content=\"https:\/\/www.facebook.com\/tal.schweiz\/\" \/>\n<meta property=\"article:modified_time\" content=\"2026-04-24T13:54:57+00:00\" \/>\n<meta property=\"og:image\" content=\"https:\/\/tal.ch\/wp-content\/uploads\/2024\/10\/Banner_Trockene_Haut.jpg\" \/>\n<meta name=\"twitter:card\" content=\"summary_large_image\" \/>\n<meta name=\"twitter:label1\" content=\"Estimated reading time\" \/>\n\t<meta name=\"twitter:data1\" content=\"3 minutes\" \/>\n<script type=\"application\/ld+json\" class=\"yoast-schema-graph\">{\"@context\":\"https:\\\/\\\/schema.org\",\"@graph\":[{\"@type\":\"WebPage\",\"@id\":\"https:\\\/\\\/tal.ch\\\/trockene-haut-behandeln-ursachen-pflege-und-loesungen-mit-tal\\\/\",\"url\":\"https:\\\/\\\/tal.ch\\\/trockene-haut-behandeln-ursachen-pflege-und-loesungen-mit-tal\\\/\",\"name\":\"Trockene Haut - Tal\",\"isPartOf\":{\"@id\":\"https:\\\/\\\/tal.ch\\\/#website\"},\"primaryImageOfPage\":{\"@id\":\"https:\\\/\\\/tal.ch\\\/trockene-haut-behandeln-ursachen-pflege-und-loesungen-mit-tal\\\/#primaryimage\"},\"image\":{\"@id\":\"https:\\\/\\\/tal.ch\\\/trockene-haut-behandeln-ursachen-pflege-und-loesungen-mit-tal\\\/#primaryimage\"},\"thumbnailUrl\":\"https:\\\/\\\/tal.ch\\\/wp-content\\\/uploads\\\/2024\\\/10\\\/Banner_Trockene_Haut.jpg\",\"datePublished\":\"2024-03-13T12:43:39+00:00\",\"dateModified\":\"2026-04-24T13:54:57+00:00\",\"description\":\"Trockene Haut behandeln: Ursachen verstehen und die Hautbarriere st\u00e4rken. Entdecken Sie wirksame Pflege f\u00fcr geschmeidige Haut.\",\"breadcrumb\":{\"@id\":\"https:\\\/\\\/tal.ch\\\/trockene-haut-behandeln-ursachen-pflege-und-loesungen-mit-tal\\\/#breadcrumb\"},\"inLanguage\":\"en-GB\",\"potentialAction\":[{\"@type\":\"ReadAction\",\"target\":[\"https:\\\/\\\/tal.ch\\\/trockene-haut-behandeln-ursachen-pflege-und-loesungen-mit-tal\\\/\"]}]},{\"@type\":\"ImageObject\",\"inLanguage\":\"en-GB\",\"@id\":\"https:\\\/\\\/tal.ch\\\/trockene-haut-behandeln-ursachen-pflege-und-loesungen-mit-tal\\\/#primaryimage\",\"url\":\"https:\\\/\\\/tal.ch\\\/wp-content\\\/uploads\\\/2024\\\/10\\\/Banner_Trockene_Haut.jpg\",\"contentUrl\":\"https:\\\/\\\/tal.ch\\\/wp-content\\\/uploads\\\/2024\\\/10\\\/Banner_Trockene_Haut.jpg\"},{\"@type\":\"BreadcrumbList\",\"@id\":\"https:\\\/\\\/tal.ch\\\/trockene-haut-behandeln-ursachen-pflege-und-loesungen-mit-tal\\\/#breadcrumb\",\"itemListElement\":[{\"@type\":\"ListItem\",\"position\":1,\"name\":\"Startseite\",\"item\":\"https:\\\/\\\/tal.ch\\\/\"},{\"@type\":\"ListItem\",\"position\":2,\"name\":\"Trockene Haut\"}]},{\"@type\":\"WebSite\",\"@id\":\"https:\\\/\\\/tal.ch\\\/#website\",\"url\":\"https:\\\/\\\/tal.ch\\\/\",\"name\":\"Tal\",\"description\":\"Pflanzenextrakte von h\u00f6chster Qualit\u00e4t\",\"publisher\":{\"@id\":\"https:\\\/\\\/tal.ch\\\/#organization\"},\"potentialAction\":[{\"@type\":\"SearchAction\",\"target\":{\"@type\":\"EntryPoint\",\"urlTemplate\":\"https:\\\/\\\/tal.ch\\\/?s={search_term_string}\"},\"query-input\":{\"@type\":\"PropertyValueSpecification\",\"valueRequired\":true,\"valueName\":\"search_term_string\"}}],\"inLanguage\":\"en-GB\"},{\"@type\":\"Organization\",\"@id\":\"https:\\\/\\\/tal.ch\\\/#organization\",\"name\":\"Tal\",\"url\":\"https:\\\/\\\/tal.ch\\\/\",\"logo\":{\"@type\":\"ImageObject\",\"inLanguage\":\"en-GB\",\"@id\":\"https:\\\/\\\/tal.ch\\\/#\\\/schema\\\/logo\\\/image\\\/\",\"url\":\"https:\\\/\\\/tal.ch\\\/wp-content\\\/uploads\\\/2024\\\/02\\\/Logo-Tal.png\",\"contentUrl\":\"https:\\\/\\\/tal.ch\\\/wp-content\\\/uploads\\\/2024\\\/02\\\/Logo-Tal.png\",\"width\":100,\"height\":157,\"caption\":\"Tal\"},\"image\":{\"@id\":\"https:\\\/\\\/tal.ch\\\/#\\\/schema\\\/logo\\\/image\\\/\"},\"sameAs\":[\"https:\\\/\\\/www.facebook.com\\\/tal.schweiz\\\/\"]}]}<\/script>\n<!-- \/ Yoast SEO plugin. -->","yoast_head_json":{"title":"Dry skin - valley","description":"Trockene Haut behandeln: Ursachen verstehen und die Hautbarriere st\u00e4rken. Entdecken Sie wirksame Pflege f\u00fcr geschmeidige Haut.","robots":{"index":"index","follow":"follow","max-snippet":"max-snippet:-1","max-image-preview":"max-image-preview:large","max-video-preview":"max-video-preview:-1"},"canonical":"https:\/\/tal.ch\/en\/trockene-haut-behandeln-ursachen-pflege-und-loesungen-mit-tal\/","og_locale":"en_GB","og_type":"article","og_title":"Trockene Haut - Tal","og_description":"Trockene Haut behandeln: Ursachen verstehen und die Hautbarriere st\u00e4rken. Entdecken Sie wirksame Pflege f\u00fcr geschmeidige Haut.","og_url":"https:\/\/tal.ch\/en\/trockene-haut-behandeln-ursachen-pflege-und-loesungen-mit-tal\/","og_site_name":"Tal","article_publisher":"https:\/\/www.facebook.com\/tal.schweiz\/","article_modified_time":"2026-04-24T13:54:57+00:00","og_image":[{"url":"https:\/\/tal.ch\/wp-content\/uploads\/2024\/10\/Banner_Trockene_Haut.jpg","type":"","width":"","height":""}],"twitter_card":"summary_large_image","twitter_misc":{"Estimated reading time":"3 minutes"},"schema":{"@context":"https:\/\/schema.org","@graph":[{"@type":"WebPage","@id":"https:\/\/tal.ch\/trockene-haut-behandeln-ursachen-pflege-und-loesungen-mit-tal\/","url":"https:\/\/tal.ch\/trockene-haut-behandeln-ursachen-pflege-und-loesungen-mit-tal\/","name":"Dry skin - valley","isPartOf":{"@id":"https:\/\/tal.ch\/#website"},"primaryImageOfPage":{"@id":"https:\/\/tal.ch\/trockene-haut-behandeln-ursachen-pflege-und-loesungen-mit-tal\/#primaryimage"},"image":{"@id":"https:\/\/tal.ch\/trockene-haut-behandeln-ursachen-pflege-und-loesungen-mit-tal\/#primaryimage"},"thumbnailUrl":"https:\/\/tal.ch\/wp-content\/uploads\/2024\/10\/Banner_Trockene_Haut.jpg","datePublished":"2024-03-13T12:43:39+00:00","dateModified":"2026-04-24T13:54:57+00:00","description":"Trockene Haut behandeln: Ursachen verstehen und die Hautbarriere st\u00e4rken. Entdecken Sie wirksame Pflege f\u00fcr geschmeidige Haut.","breadcrumb":{"@id":"https:\/\/tal.ch\/trockene-haut-behandeln-ursachen-pflege-und-loesungen-mit-tal\/#breadcrumb"},"inLanguage":"en-GB","potentialAction":[{"@type":"ReadAction","target":["https:\/\/tal.ch\/trockene-haut-behandeln-ursachen-pflege-und-loesungen-mit-tal\/"]}]},{"@type":"ImageObject","inLanguage":"en-GB","@id":"https:\/\/tal.ch\/trockene-haut-behandeln-ursachen-pflege-und-loesungen-mit-tal\/#primaryimage","url":"https:\/\/tal.ch\/wp-content\/uploads\/2024\/10\/Banner_Trockene_Haut.jpg","contentUrl":"https:\/\/tal.ch\/wp-content\/uploads\/2024\/10\/Banner_Trockene_Haut.jpg"},{"@type":"BreadcrumbList","@id":"https:\/\/tal.ch\/trockene-haut-behandeln-ursachen-pflege-und-loesungen-mit-tal\/#breadcrumb","itemListElement":[{"@type":"ListItem","position":1,"name":"Startseite","item":"https:\/\/tal.ch\/"},{"@type":"ListItem","position":2,"name":"Trockene Haut"}]},{"@type":"WebSite","@id":"https:\/\/tal.ch\/#website","url":"https:\/\/tal.ch\/","name":"Valley","description":"Plant extracts of the highest quality","publisher":{"@id":"https:\/\/tal.ch\/#organization"},"potentialAction":[{"@type":"SearchAction","target":{"@type":"EntryPoint","urlTemplate":"https:\/\/tal.ch\/?s={search_term_string}"},"query-input":{"@type":"PropertyValueSpecification","valueRequired":true,"valueName":"search_term_string"}}],"inLanguage":"en-GB"},{"@type":"Organization","@id":"https:\/\/tal.ch\/#organization","name":"Valley","url":"https:\/\/tal.ch\/","logo":{"@type":"ImageObject","inLanguage":"en-GB","@id":"https:\/\/tal.ch\/#\/schema\/logo\/image\/","url":"https:\/\/tal.ch\/wp-content\/uploads\/2024\/02\/Logo-Tal.png","contentUrl":"https:\/\/tal.ch\/wp-content\/uploads\/2024\/02\/Logo-Tal.png","width":100,"height":157,"caption":"Tal"},"image":{"@id":"https:\/\/tal.ch\/#\/schema\/logo\/image\/"},"sameAs":["https:\/\/www.facebook.com\/tal.schweiz\/"]}]}},"_links":{"self":[{"href":"https:\/\/tal.ch\/en\/wp-json\/wp\/v2\/pages\/319","targetHints":{"allow":["GET"]}}],"collection":[{"href":"https:\/\/tal.ch\/en\/wp-json\/wp\/v2\/pages"}],"about":[{"href":"https:\/\/tal.ch\/en\/wp-json\/wp\/v2\/types\/page"}],"author":[{"embeddable":true,"href":"https:\/\/tal.ch\/en\/wp-json\/wp\/v2\/users\/1"}],"replies":[{"embeddable":true,"href":"https:\/\/tal.ch\/en\/wp-json\/wp\/v2\/comments?post=319"}],"version-history":[{"count":145,"href":"https:\/\/tal.ch\/en\/wp-json\/wp\/v2\/pages\/319\/revisions"}],"predecessor-version":[{"id":13444,"href":"https:\/\/tal.ch\/en\/wp-json\/wp\/v2\/pages\/319\/revisions\/13444"}],"wp:attachment":[{"href":"https:\/\/tal.ch\/en\/wp-json\/wp\/v2\/media?parent=319"}],"wp:term":[{"taxonomy":"post_tag","embeddable":true,"href":"https:\/\/tal.ch\/en\/wp-json\/wp\/v2\/tags?post=319"}],"curies":[{"name":"wp","href":"https:\/\/api.w.org\/{rel}","templated":true}]}}