{"id":16960,"date":"2026-08-14T06:14:23","date_gmt":"2026-08-14T06:14:23","guid":{"rendered":"https:\/\/tal.ch\/?page_id=16960"},"modified":"2026-08-14T07:23:47","modified_gmt":"2026-08-14T07:23:47","slug":"irene-felix","status":"publish","type":"page","link":"https:\/\/tal.ch\/fr\/irene-felix\/","title":{"rendered":"Ir\u00e8ne Felix"},"content":{"rendered":"<div data-elementor-type=\"wp-page\" data-elementor-id=\"16960\" class=\"elementor elementor-16960\" data-elementor-post-type=\"page\">\n\t\t\t\t<div class=\"elementor-element elementor-element-5c9a351 e-ecs-flex e-flex e-con-boxed wpr-particle-no wpr-jarallax-no wpr-parallax-no wpr-sticky-section-no wpr-column-slider-no wpr-equal-height-no e-con e-parent\" data-id=\"5c9a351\" data-element_type=\"container\" data-e-type=\"container\" data-settings=\"{&quot;ecs_container_type&quot;:&quot;flex&quot;}\">\n\t\t\t\t\t<div class=\"e-con-inner\">\n\t\t\t\t<div class=\"elementor-element elementor-element-ea767c1 elementor-widget elementor-widget-spacer\" data-id=\"ea767c1\" data-element_type=\"widget\" data-e-type=\"widget\" data-widget_type=\"spacer.default\">\n\t\t\t\t\t\t\t<div class=\"elementor-spacer\">\n\t\t\t<div class=\"elementor-spacer-inner\"><\/div>\n\t\t<\/div>\n\t\t\t\t\t\t<\/div>\n\t\t\t\t\t<\/div>\n\t\t\t\t<\/div>\n\t\t<div class=\"elementor-element elementor-element-1cd01fa e-ecs-flex e-flex e-con-boxed wpr-particle-no wpr-jarallax-no wpr-parallax-no wpr-sticky-section-no wpr-column-slider-no wpr-equal-height-no e-con e-parent\" data-id=\"1cd01fa\" data-element_type=\"container\" data-e-type=\"container\" data-settings=\"{&quot;ecs_container_type&quot;:&quot;flex&quot;}\">\n\t\t\t\t\t<div class=\"e-con-inner\">\n\t\t<div class=\"elementor-element elementor-element-8f9b0ae e-con-full e-ecs-flex e-flex wpr-particle-no wpr-jarallax-no wpr-parallax-no wpr-sticky-section-no wpr-column-slider-no wpr-equal-height-no e-con e-child\" data-id=\"8f9b0ae\" data-element_type=\"container\" data-e-type=\"container\" data-settings=\"{&quot;ecs_container_type&quot;:&quot;flex&quot;}\">\n\t\t\t\t<div class=\"elementor-element elementor-element-5bb9304 elementor-widget elementor-widget-image\" data-id=\"5bb9304\" data-element_type=\"widget\" data-e-type=\"widget\" data-widget_type=\"image.default\">\n\t\t\t\t\t\t\t\t\t\t\t\t\t\t\t<img fetchpriority=\"high\" decoding=\"async\" width=\"480\" height=\"640\" src=\"https:\/\/tal.ch\/wp-content\/uploads\/2026\/08\/Irene-Felix-Tal.ch-Testimonial.jpg\" class=\"attachment-full size-full wp-image-16962\" alt=\"\" srcset=\"https:\/\/tal.ch\/wp-content\/uploads\/2026\/08\/Irene-Felix-Tal.ch-Testimonial.jpg 480w, https:\/\/tal.ch\/wp-content\/uploads\/2026\/08\/Irene-Felix-Tal.ch-Testimonial-225x300.jpg 225w, https:\/\/tal.ch\/wp-content\/uploads\/2026\/08\/Irene-Felix-Tal.ch-Testimonial-9x12.jpg 9w\" sizes=\"(max-width: 480px) 100vw, 480px\" \/>\t\t\t\t\t\t\t\t\t\t\t\t\t\t\t<\/div>\n\t\t\t\t<div class=\"elementor-element elementor-element-8c46fbd elementor-widget elementor-widget-text-editor\" data-id=\"8c46fbd\" data-element_type=\"widget\" data-e-type=\"widget\" data-widget_type=\"text-editor.default\">\n\t\t\t\t\t\t\t\t\t<p><strong>Ir\u00e8ne Felix<\/strong><\/p><p>P\u00e9dicure dipl\u00f4m\u00e9e \/ P\u00e9dicure<\/p><p><a href=\"http:\/\/www.felixfuesse.ch\/\"><span style=\"color: #000000;\"><u>Felix F\u00fcesse<\/u><\/span><\/a><\/p>\t\t\t\t\t\t\t\t<\/div>\n\t\t\t\t<\/div>\n\t\t<div class=\"elementor-element elementor-element-4908ee0 e-con-full e-ecs-flex e-flex wpr-particle-no wpr-jarallax-no wpr-parallax-no wpr-sticky-section-no wpr-column-slider-no wpr-equal-height-no e-con e-child\" data-id=\"4908ee0\" data-element_type=\"container\" data-e-type=\"container\" data-settings=\"{&quot;ecs_container_type&quot;:&quot;flex&quot;}\">\n\t\t\t\t<div class=\"elementor-element elementor-element-575dab5 elementor-widget elementor-widget-text-editor\" data-id=\"575dab5\" data-element_type=\"widget\" data-e-type=\"widget\" data-widget_type=\"text-editor.default\">\n\t\t\t\t\t\t\t\t\t<p><strong>\u00c0 votre avis, qu'est-ce qui rend la gamme de soins des pieds Tal si particuli\u00e8re ?<\/strong><\/p>\n<p>Depuis de nombreuses ann\u00e9es, je fais confiance aux produits Tal dans mon cabinet : ils sont extr\u00eamement faciles \u00e0 utiliser et tr\u00e8s efficaces. La nouvelle mousse m'a particuli\u00e8rement convaincue : gr\u00e2ce \u00e0 sa formule m\u00e9dicale, elle est d'une efficacit\u00e9 fiable, m\u00eame chez mes clientes et clients de plus de 80 ans. Qu'il s'agisse du baume, de la cr\u00e8me ou de la mousse, ces produits comptent parmi les meilleurs actuellement disponibles sur le march\u00e9.<\/p>\t\t\t\t\t\t\t\t<\/div>\n\t\t\t\t<\/div>\n\t\t\t\t\t<\/div>\n\t\t\t\t<\/div>\n\t\t<div class=\"elementor-element elementor-element-8610fe4 e-ecs-flex e-flex e-con-boxed wpr-particle-no wpr-jarallax-no wpr-parallax-no wpr-sticky-section-no wpr-column-slider-no wpr-equal-height-no e-con e-parent\" data-id=\"8610fe4\" data-element_type=\"container\" data-e-type=\"container\" data-settings=\"{&quot;ecs_container_type&quot;:&quot;flex&quot;}\">\n\t\t\t\t\t<div class=\"e-con-inner\">\n\t\t\t\t<div class=\"elementor-element elementor-element-e8aa85f elementor-widget elementor-widget-spacer\" data-id=\"e8aa85f\" data-element_type=\"widget\" data-e-type=\"widget\" data-widget_type=\"spacer.default\">\n\t\t\t\t\t\t\t<div class=\"elementor-spacer\">\n\t\t\t<div class=\"elementor-spacer-inner\"><\/div>\n\t\t<\/div>\n\t\t\t\t\t\t<\/div>\n\t\t\t\t\t<\/div>\n\t\t\t\t<\/div>\n\t\t\t\t<\/div>","protected":false},"excerpt":{"rendered":"<p>Ir\u00e8ne Felix Dipl. Fusspflegerin\/ P\u00e9diceuse Felix F\u00fcesse Was macht die Tal Fusspflege Linie Ihrer Meinung nach besonders? Seit vielen Jahren vertraue ich in meiner Praxis auf die Tal-Produkte \u2013 sie sind denkbar einfach in der Anwendung und dabei hochwirksam. Besonders der neue Schaum \u00fcberzeugt mich: Dank seiner medizinischen Basis wirkt er zuverl\u00e4ssig, auch bei meinen Kundinnen und Kunden 80+. Ob Balsam, Creme oder Schaum \u2013 diese Produkte geh\u00f6ren zu dem Besten, was der Markt aktuell zu bieten hat.<\/p>","protected":false},"author":2,"featured_media":0,"parent":0,"menu_order":36,"comment_status":"closed","ping_status":"closed","template":"elementor_header_footer","meta":{"footnotes":""},"tags":[],"class_list":["post-16960","page","type-page","status-publish","hentry"],"yoast_head":"<!-- This site is optimized with the Yoast SEO plugin v28.3 - https:\/\/yoast.com\/product\/yoast-seo-wordpress\/ -->\n<title>Ir\u00e8ne Felix - Tal<\/title>\n<meta name=\"robots\" content=\"index, follow, max-snippet:-1, max-image-preview:large, max-video-preview:-1\" \/>\n<link rel=\"canonical\" href=\"https:\/\/tal.ch\/fr\/irene-felix\/\" \/>\n<meta property=\"og:locale\" content=\"fr_FR\" \/>\n<meta property=\"og:type\" content=\"article\" \/>\n<meta property=\"og:title\" content=\"Ir\u00e8ne Felix - Tal\" \/>\n<meta property=\"og:description\" content=\"Ir\u00e8ne Felix Dipl. Fusspflegerin\/ P\u00e9diceuse Felix F\u00fcesse Was macht die Tal Fusspflege Linie Ihrer Meinung nach besonders? Seit vielen Jahren vertraue ich in meiner Praxis auf die Tal-Produkte \u2013 sie sind denkbar einfach in der Anwendung und dabei hochwirksam. Besonders der neue Schaum \u00fcberzeugt mich: Dank seiner medizinischen Basis wirkt er zuverl\u00e4ssig, auch bei meinen Kundinnen und Kunden 80+. Ob Balsam, Creme oder Schaum \u2013 diese Produkte geh\u00f6ren zu dem Besten, was der Markt aktuell zu bieten hat.\" \/>\n<meta property=\"og:url\" content=\"https:\/\/tal.ch\/fr\/irene-felix\/\" \/>\n<meta property=\"og:site_name\" content=\"Tal\" \/>\n<meta property=\"article:publisher\" content=\"https:\/\/www.facebook.com\/tal.schweiz\/\" \/>\n<meta property=\"article:modified_time\" content=\"2026-08-14T07:23:47+00:00\" \/>\n<meta property=\"og:image\" content=\"https:\/\/tal.ch\/wp-content\/uploads\/2026\/08\/Irene-Felix-Tal.ch-Testimonial.jpg\" \/>\n\t<meta property=\"og:image:width\" content=\"480\" \/>\n\t<meta property=\"og:image:height\" content=\"640\" \/>\n\t<meta property=\"og:image:type\" content=\"image\/jpeg\" \/>\n<meta name=\"twitter:card\" content=\"summary_large_image\" \/>\n<meta name=\"twitter:label1\" content=\"Dur\u00e9e de lecture estim\u00e9e\" \/>\n\t<meta name=\"twitter:data1\" content=\"1 minute\" \/>\n<script type=\"application\/ld+json\" class=\"yoast-schema-graph\">{\"@context\":\"https:\\\/\\\/schema.org\",\"@graph\":[{\"@type\":\"WebPage\",\"@id\":\"https:\\\/\\\/tal.ch\\\/irene-felix\\\/\",\"url\":\"https:\\\/\\\/tal.ch\\\/irene-felix\\\/\",\"name\":\"Ir\u00e8ne Felix - Tal\",\"isPartOf\":{\"@id\":\"https:\\\/\\\/tal.ch\\\/#website\"},\"primaryImageOfPage\":{\"@id\":\"https:\\\/\\\/tal.ch\\\/irene-felix\\\/#primaryimage\"},\"image\":{\"@id\":\"https:\\\/\\\/tal.ch\\\/irene-felix\\\/#primaryimage\"},\"thumbnailUrl\":\"https:\\\/\\\/tal.ch\\\/wp-content\\\/uploads\\\/2026\\\/08\\\/Irene-Felix-Tal.ch-Testimonial.jpg\",\"datePublished\":\"2026-08-14T06:14:23+00:00\",\"dateModified\":\"2026-08-14T07:23:47+00:00\",\"breadcrumb\":{\"@id\":\"https:\\\/\\\/tal.ch\\\/irene-felix\\\/#breadcrumb\"},\"inLanguage\":\"fr-FR\",\"potentialAction\":[{\"@type\":\"ReadAction\",\"target\":[\"https:\\\/\\\/tal.ch\\\/irene-felix\\\/\"]}]},{\"@type\":\"ImageObject\",\"inLanguage\":\"fr-FR\",\"@id\":\"https:\\\/\\\/tal.ch\\\/irene-felix\\\/#primaryimage\",\"url\":\"https:\\\/\\\/tal.ch\\\/wp-content\\\/uploads\\\/2026\\\/08\\\/Irene-Felix-Tal.ch-Testimonial.jpg\",\"contentUrl\":\"https:\\\/\\\/tal.ch\\\/wp-content\\\/uploads\\\/2026\\\/08\\\/Irene-Felix-Tal.ch-Testimonial.jpg\"},{\"@type\":\"BreadcrumbList\",\"@id\":\"https:\\\/\\\/tal.ch\\\/irene-felix\\\/#breadcrumb\",\"itemListElement\":[{\"@type\":\"ListItem\",\"position\":1,\"name\":\"Startseite\",\"item\":\"https:\\\/\\\/tal.ch\\\/\"},{\"@type\":\"ListItem\",\"position\":2,\"name\":\"Ir\u00e8ne Felix\"}]},{\"@type\":\"WebSite\",\"@id\":\"https:\\\/\\\/tal.ch\\\/#website\",\"url\":\"https:\\\/\\\/tal.ch\\\/\",\"name\":\"Tal\",\"description\":\"Pflanzenextrakte von h\u00f6chster Qualit\u00e4t\",\"publisher\":{\"@id\":\"https:\\\/\\\/tal.ch\\\/#organization\"},\"potentialAction\":[{\"@type\":\"SearchAction\",\"target\":{\"@type\":\"EntryPoint\",\"urlTemplate\":\"https:\\\/\\\/tal.ch\\\/?s={search_term_string}\"},\"query-input\":{\"@type\":\"PropertyValueSpecification\",\"valueRequired\":true,\"valueName\":\"search_term_string\"}}],\"inLanguage\":\"fr-FR\"},{\"@type\":\"Organization\",\"@id\":\"https:\\\/\\\/tal.ch\\\/#organization\",\"name\":\"Tal\",\"url\":\"https:\\\/\\\/tal.ch\\\/\",\"logo\":{\"@type\":\"ImageObject\",\"inLanguage\":\"fr-FR\",\"@id\":\"https:\\\/\\\/tal.ch\\\/#\\\/schema\\\/logo\\\/image\\\/\",\"url\":\"https:\\\/\\\/tal.ch\\\/wp-content\\\/uploads\\\/2024\\\/02\\\/Logo-Tal.png\",\"contentUrl\":\"https:\\\/\\\/tal.ch\\\/wp-content\\\/uploads\\\/2024\\\/02\\\/Logo-Tal.png\",\"width\":100,\"height\":157,\"caption\":\"Tal\"},\"image\":{\"@id\":\"https:\\\/\\\/tal.ch\\\/#\\\/schema\\\/logo\\\/image\\\/\"},\"sameAs\":[\"https:\\\/\\\/www.facebook.com\\\/tal.schweiz\\\/\"]}]}<\/script>\n<!-- \/ Yoast SEO plugin. -->","yoast_head_json":{"title":"Ir\u00e8ne Felix - Tal","robots":{"index":"index","follow":"follow","max-snippet":"max-snippet:-1","max-image-preview":"max-image-preview:large","max-video-preview":"max-video-preview:-1"},"canonical":"https:\/\/tal.ch\/fr\/irene-felix\/","og_locale":"fr_FR","og_type":"article","og_title":"Ir\u00e8ne Felix - Tal","og_description":"Ir\u00e8ne Felix Dipl. Fusspflegerin\/ P\u00e9diceuse Felix F\u00fcesse Was macht die Tal Fusspflege Linie Ihrer Meinung nach besonders? Seit vielen Jahren vertraue ich in meiner Praxis auf die Tal-Produkte \u2013 sie sind denkbar einfach in der Anwendung und dabei hochwirksam. Besonders der neue Schaum \u00fcberzeugt mich: Dank seiner medizinischen Basis wirkt er zuverl\u00e4ssig, auch bei meinen Kundinnen und Kunden 80+. Ob Balsam, Creme oder Schaum \u2013 diese Produkte geh\u00f6ren zu dem Besten, was der Markt aktuell zu bieten hat.","og_url":"https:\/\/tal.ch\/fr\/irene-felix\/","og_site_name":"Tal","article_publisher":"https:\/\/www.facebook.com\/tal.schweiz\/","article_modified_time":"2026-08-14T07:23:47+00:00","og_image":[{"width":480,"height":640,"url":"https:\/\/tal.ch\/wp-content\/uploads\/2026\/08\/Irene-Felix-Tal.ch-Testimonial.jpg","type":"image\/jpeg"}],"twitter_card":"summary_large_image","twitter_misc":{"Dur\u00e9e de lecture estim\u00e9e":"1 minute"},"schema":{"@context":"https:\/\/schema.org","@graph":[{"@type":"WebPage","@id":"https:\/\/tal.ch\/irene-felix\/","url":"https:\/\/tal.ch\/irene-felix\/","name":"Ir\u00e8ne Felix - Tal","isPartOf":{"@id":"https:\/\/tal.ch\/#website"},"primaryImageOfPage":{"@id":"https:\/\/tal.ch\/irene-felix\/#primaryimage"},"image":{"@id":"https:\/\/tal.ch\/irene-felix\/#primaryimage"},"thumbnailUrl":"https:\/\/tal.ch\/wp-content\/uploads\/2026\/08\/Irene-Felix-Tal.ch-Testimonial.jpg","datePublished":"2026-08-14T06:14:23+00:00","dateModified":"2026-08-14T07:23:47+00:00","breadcrumb":{"@id":"https:\/\/tal.ch\/irene-felix\/#breadcrumb"},"inLanguage":"fr-FR","potentialAction":[{"@type":"ReadAction","target":["https:\/\/tal.ch\/irene-felix\/"]}]},{"@type":"ImageObject","inLanguage":"fr-FR","@id":"https:\/\/tal.ch\/irene-felix\/#primaryimage","url":"https:\/\/tal.ch\/wp-content\/uploads\/2026\/08\/Irene-Felix-Tal.ch-Testimonial.jpg","contentUrl":"https:\/\/tal.ch\/wp-content\/uploads\/2026\/08\/Irene-Felix-Tal.ch-Testimonial.jpg"},{"@type":"BreadcrumbList","@id":"https:\/\/tal.ch\/irene-felix\/#breadcrumb","itemListElement":[{"@type":"ListItem","position":1,"name":"Startseite","item":"https:\/\/tal.ch\/"},{"@type":"ListItem","position":2,"name":"Ir\u00e8ne Felix"}]},{"@type":"WebSite","@id":"https:\/\/tal.ch\/#website","url":"https:\/\/tal.ch\/","name":"Vall\u00e9e","description":"Extraits de plantes de la plus haute qualit\u00e9","publisher":{"@id":"https:\/\/tal.ch\/#organization"},"potentialAction":[{"@type":"SearchAction","target":{"@type":"EntryPoint","urlTemplate":"https:\/\/tal.ch\/?s={search_term_string}"},"query-input":{"@type":"PropertyValueSpecification","valueRequired":true,"valueName":"search_term_string"}}],"inLanguage":"fr-FR"},{"@type":"Organization","@id":"https:\/\/tal.ch\/#organization","name":"Vall\u00e9e","url":"https:\/\/tal.ch\/","logo":{"@type":"ImageObject","inLanguage":"fr-FR","@id":"https:\/\/tal.ch\/#\/schema\/logo\/image\/","url":"https:\/\/tal.ch\/wp-content\/uploads\/2024\/02\/Logo-Tal.png","contentUrl":"https:\/\/tal.ch\/wp-content\/uploads\/2024\/02\/Logo-Tal.png","width":100,"height":157,"caption":"Tal"},"image":{"@id":"https:\/\/tal.ch\/#\/schema\/logo\/image\/"},"sameAs":["https:\/\/www.facebook.com\/tal.schweiz\/"]}]}},"_links":{"self":[{"href":"https:\/\/tal.ch\/fr\/wp-json\/wp\/v2\/pages\/16960","targetHints":{"allow":["GET"]}}],"collection":[{"href":"https:\/\/tal.ch\/fr\/wp-json\/wp\/v2\/pages"}],"about":[{"href":"https:\/\/tal.ch\/fr\/wp-json\/wp\/v2\/types\/page"}],"author":[{"embeddable":true,"href":"https:\/\/tal.ch\/fr\/wp-json\/wp\/v2\/users\/2"}],"replies":[{"embeddable":true,"href":"https:\/\/tal.ch\/fr\/wp-json\/wp\/v2\/comments?post=16960"}],"version-history":[{"count":13,"href":"https:\/\/tal.ch\/fr\/wp-json\/wp\/v2\/pages\/16960\/revisions"}],"predecessor-version":[{"id":16983,"href":"https:\/\/tal.ch\/fr\/wp-json\/wp\/v2\/pages\/16960\/revisions\/16983"}],"wp:attachment":[{"href":"https:\/\/tal.ch\/fr\/wp-json\/wp\/v2\/media?parent=16960"}],"wp:term":[{"taxonomy":"post_tag","embeddable":true,"href":"https:\/\/tal.ch\/fr\/wp-json\/wp\/v2\/tags?post=16960"}],"curies":[{"name":"wp","href":"https:\/\/api.w.org\/{rel}","templated":true}]}}