{"id":9175,"date":"2024-08-20T09:18:16","date_gmt":"2024-08-20T09:18:16","guid":{"rendered":"https:\/\/tal.ch\/wp\/?page_id=9175"},"modified":"2026-04-24T14:17:13","modified_gmt":"2026-04-24T14:17:13","slug":"anti-falten-hautpflege-falten-reduzieren-und-hautalterung-verlangsamen","status":"publish","type":"page","link":"https:\/\/tal.ch\/fr\/anti-falten-hautpflege-falten-reduzieren-und-hautalterung-verlangsamen\/","title":{"rendered":"Anti-rides"},"content":{"rendered":"<div data-elementor-type=\"wp-page\" data-elementor-id=\"9175\" class=\"elementor elementor-9175\" data-elementor-post-type=\"page\">\n\t\t\t\t<div class=\"elementor-element elementor-element-ea5dc06 e-con-full elementor-hidden-mobile e-flex wpr-particle-no wpr-jarallax-no wpr-parallax-no wpr-sticky-section-no wpr-equal-height-no e-con e-parent\" data-id=\"ea5dc06\" data-element_type=\"container\" data-e-type=\"container\">\n\t\t\t\t<div class=\"elementor-element elementor-element-394cee3 elementor-widget elementor-widget-image\" data-id=\"394cee3\" data-element_type=\"widget\" data-e-type=\"widget\" data-widget_type=\"image.default\">\n\t\t\t\t\t\t\t\t\t\t\t\t\t\t\t<img fetchpriority=\"high\" decoding=\"async\" width=\"800\" height=\"150\" src=\"https:\/\/tal.ch\/wp-content\/uploads\/2024\/10\/Banner-Anti-Falten-1-1024x192.jpg\" class=\"attachment-large size-large wp-image-12666\" alt=\"\" srcset=\"https:\/\/tal.ch\/wp-content\/uploads\/2024\/10\/Banner-Anti-Falten-1-1024x192.jpg 1024w, https:\/\/tal.ch\/wp-content\/uploads\/2024\/10\/Banner-Anti-Falten-1-300x56.jpg 300w, https:\/\/tal.ch\/wp-content\/uploads\/2024\/10\/Banner-Anti-Falten-1-768x144.jpg 768w, https:\/\/tal.ch\/wp-content\/uploads\/2024\/10\/Banner-Anti-Falten-1-1536x288.jpg 1536w, https:\/\/tal.ch\/wp-content\/uploads\/2024\/10\/Banner-Anti-Falten-1-600x113.jpg 600w, https:\/\/tal.ch\/wp-content\/uploads\/2024\/10\/Banner-Anti-Falten-1.jpg 1600w\" sizes=\"(max-width: 800px) 100vw, 800px\" \/>\t\t\t\t\t\t\t\t\t\t\t\t\t\t\t<\/div>\n\t\t\t\t<\/div>\n\t\t<div class=\"elementor-element elementor-element-e769c27 e-con-full elementor-hidden-desktop elementor-hidden-tablet e-flex wpr-particle-no wpr-jarallax-no wpr-parallax-no wpr-sticky-section-no wpr-equal-height-no e-con e-parent\" data-id=\"e769c27\" data-element_type=\"container\" data-e-type=\"container\">\n\t\t\t\t<div class=\"elementor-element elementor-element-a352b48 elementor-widget elementor-widget-image\" data-id=\"a352b48\" data-element_type=\"widget\" data-e-type=\"widget\" data-widget_type=\"image.default\">\n\t\t\t\t\t\t\t\t\t\t\t\t\t\t\t<img decoding=\"async\" width=\"800\" height=\"800\" src=\"https:\/\/tal.ch\/wp-content\/uploads\/2024\/10\/Anti-Falten-sm.jpg\" class=\"attachment-large size-large wp-image-12673\" alt=\"\" srcset=\"https:\/\/tal.ch\/wp-content\/uploads\/2024\/10\/Anti-Falten-sm.jpg 800w, https:\/\/tal.ch\/wp-content\/uploads\/2024\/10\/Anti-Falten-sm-300x300.jpg 300w, https:\/\/tal.ch\/wp-content\/uploads\/2024\/10\/Anti-Falten-sm-150x150.jpg 150w, https:\/\/tal.ch\/wp-content\/uploads\/2024\/10\/Anti-Falten-sm-768x768.jpg 768w, https:\/\/tal.ch\/wp-content\/uploads\/2024\/10\/Anti-Falten-sm-700x700.jpg 700w, https:\/\/tal.ch\/wp-content\/uploads\/2024\/10\/Anti-Falten-sm-600x600.jpg 600w, https:\/\/tal.ch\/wp-content\/uploads\/2024\/10\/Anti-Falten-sm-100x100.jpg 100w\" sizes=\"(max-width: 800px) 100vw, 800px\" \/>\t\t\t\t\t\t\t\t\t\t\t\t\t\t\t<\/div>\n\t\t\t\t<\/div>\n\t\t<div class=\"elementor-element elementor-element-0f8cd26 e-flex e-con-boxed wpr-particle-no wpr-jarallax-no wpr-parallax-no wpr-sticky-section-no wpr-equal-height-no e-con e-parent\" data-id=\"0f8cd26\" data-element_type=\"container\" data-e-type=\"container\">\n\t\t\t\t\t<div class=\"e-con-inner\">\n\t\t\t\t<div class=\"elementor-element elementor-element-3aa6a60 elementor-widget elementor-widget-spacer\" data-id=\"3aa6a60\" data-element_type=\"widget\" data-e-type=\"widget\" data-widget_type=\"spacer.default\">\n\t\t\t\t\t\t\t<div class=\"elementor-spacer\">\n\t\t\t<div class=\"elementor-spacer-inner\"><\/div>\n\t\t<\/div>\n\t\t\t\t\t\t<\/div>\n\t\t\t\t\t<\/div>\n\t\t\t\t<\/div>\n\t\t<div class=\"elementor-element elementor-element-68bb6d5 e-con-full e-flex wpr-particle-no wpr-jarallax-no wpr-parallax-no wpr-sticky-section-no wpr-equal-height-no e-con e-parent\" data-id=\"68bb6d5\" data-element_type=\"container\" data-e-type=\"container\">\n\t\t\t\t<div class=\"elementor-element elementor-element-19e66b9 elementor-widget elementor-widget-heading\" data-id=\"19e66b9\" data-element_type=\"widget\" data-e-type=\"widget\" data-widget_type=\"heading.default\">\n\t\t\t\t\t<h1 class=\"elementor-heading-title elementor-size-default\">ANTI-RIDES<\/h1>\t\t\t\t<\/div>\n\t\t\t\t<\/div>\n\t\t<div class=\"elementor-element elementor-element-c84fddc e-flex e-con-boxed wpr-particle-no wpr-jarallax-no wpr-parallax-no wpr-sticky-section-no wpr-equal-height-no e-con e-parent\" data-id=\"c84fddc\" data-element_type=\"container\" data-e-type=\"container\">\n\t\t\t\t\t<div class=\"e-con-inner\">\n\t\t\t\t<div class=\"elementor-element elementor-element-aa05b25 elementor-widget elementor-widget-text-editor\" data-id=\"aa05b25\" data-element_type=\"widget\" data-e-type=\"widget\" data-widget_type=\"text-editor.default\">\n\t\t\t\t\t\t\t\t\t<p>Les rides font naturellement partie du processus de vieillissement, mais de nombreuses personnes s'efforcent de conserver l'aspect jeune de leur peau aussi longtemps que possible. Nos produits anti-rides vous aident \u00e0 garder une peau ferme et souple.<\/p>\t\t\t\t\t\t\t\t<\/div>\n\t\t\t\t\t<\/div>\n\t\t\t\t<\/div>\n\t\t<div class=\"elementor-element elementor-element-8274e31 e-flex e-con-boxed wpr-particle-no wpr-jarallax-no wpr-parallax-no wpr-sticky-section-no wpr-equal-height-no e-con e-parent\" data-id=\"8274e31\" data-element_type=\"container\" data-e-type=\"container\">\n\t\t\t\t\t<div class=\"e-con-inner\">\n\t\t\t\t<div class=\"elementor-element elementor-element-0a238c4 elementor-align-center elementor-widget elementor-widget-button\" data-id=\"0a238c4\" data-element_type=\"widget\" data-e-type=\"widget\" data-widget_type=\"button.default\">\n\t\t\t\t\t\t\t\t\t\t<a class=\"elementor-button elementor-button-link elementor-size-sm\" href=\"#Ursachen\">\n\t\t\t\t\t\t<span class=\"elementor-button-content-wrapper\">\n\t\t\t\t\t\t\t\t\t<span class=\"elementor-button-text\">Plus d'informations sur la peau normale<\/span>\n\t\t\t\t\t<\/span>\n\t\t\t\t\t<\/a>\n\t\t\t\t\t\t\t\t<\/div>\n\t\t\t\t<div class=\"elementor-element elementor-element-12f55a1 elementor-widget elementor-widget-spacer\" data-id=\"12f55a1\" data-element_type=\"widget\" data-e-type=\"widget\" data-widget_type=\"spacer.default\">\n\t\t\t\t\t\t\t<div class=\"elementor-spacer\">\n\t\t\t<div class=\"elementor-spacer-inner\"><\/div>\n\t\t<\/div>\n\t\t\t\t\t\t<\/div>\n\t\t\t\t\t<\/div>\n\t\t\t\t<\/div>\n\t\t<div class=\"elementor-element elementor-element-cf10c6b e-con-full e-flex wpr-particle-no wpr-jarallax-no wpr-parallax-no wpr-sticky-section-no wpr-equal-height-no e-con e-parent\" data-id=\"cf10c6b\" data-element_type=\"container\" data-e-type=\"container\">\n\t\t\t\t<div class=\"elementor-element elementor-element-53b2797 elementor-widget-mobile__width-inherit elementor-widget elementor-widget-shortcode\" data-id=\"53b2797\" data-element_type=\"widget\" data-e-type=\"widget\" data-widget_type=\"shortcode.default\">\n\t\t\t\t\t\t\t<div class=\"elementor-shortcode\"><div class=\"custom-page-grid\"><div class=\"custom-page-item\"><div class=\"custom-page-thumbnail\"><a href=\"https:\/\/tal.ch\/fr\/handcreme-med-repair-retro-edition\/\"><img decoding=\"async\" src=\"https:\/\/tal.ch\/wp-content\/uploads\/2026\/01\/800-x-800-Pixel-Tal-MED-Handcreme-Repair-Retro-Edition.png\" alt=\"Handcreme MED Repair Retro Edition\" \/><\/a><\/div><h3><a href=\"https:\/\/tal.ch\/fr\/handcreme-med-repair-retro-edition\/\">Cr\u00e8me pour les mains MED Repair Retro Edition<\/a><\/h3><p>La cr\u00e8me pour les mains originale de Tal ! <br>\n<!DOCTYPE html>\n<html lang=\"de\">\n<head>\n    <meta charset=\"UTF-8\">\n    <meta name=\"viewport\" content=\"width=device-width, initial-scale=1.0\">\n    <title>Aufz\u00e4hlungspunkte<\/title>\n    <style>\n        .custom-list {\n            list-style: none; \/* Entfernt die Standard-Aufz\u00e4hlungszeichen *\/\n            padding-left: 0;\n        }\n        .custom-list li {\n            position: relative;\n            padding-left: 20px; \/* Platz f\u00fcr das benutzerdefinierte Aufz\u00e4hlungszeichen *\/\n        }\n        .custom-list li::before {\n            content: \"\u203a\"; \/* Setzt das Aufz\u00e4hlungszeichen *\/\n            position: absolute;\n            left: 0; \/* Positioniert das Aufz\u00e4hlungszeichen *\/\n            color: black; \/* Farbe des Aufz\u00e4hlungszeichens *\/\n        }\n    <\/style>\n<\/head>\n<body>\n    <ul class=\"custom-list\">\n        <li>Aide en cas de fissures et de crevasses<\/li>\n        <li>Augmente la r\u00e9sistance aux influences environnementales<\/li>\n        <li>renforce la barri\u00e8re contre l'humidit\u00e9<\/li>\n    <\/ul>\n<\/body>\n<\/html>\n<\/p><\/div><div class=\"custom-page-item\"><div class=\"custom-page-thumbnail\"><a href=\"https:\/\/tal.ch\/fr\/detoxifying-night-cream-regular\/\"><img decoding=\"async\" src=\"https:\/\/tal.ch\/wp-content\/uploads\/2024\/08\/Beitragsbild-Absolue-Night-Cream-Regular.jpg\" alt=\"Night Cream Regular\" \/><\/a><\/div><h3><a href=\"https:\/\/tal.ch\/fr\/detoxifying-night-cream-regular\/\">Cr\u00e8me de nuit Regular<\/a><\/h3><p>Cr\u00e8me pour le visage pour la r\u00e9g\u00e9n\u00e9ration et la r\u00e9sistance de votre peau<br>\n<!DOCTYPE html>\n<html lang=\"de\">\n<head>\n    <meta charset=\"UTF-8\">\n    <meta name=\"viewport\" content=\"width=device-width, initial-scale=1.0\">\n    <title>Aufz\u00e4hlungspunkte<\/title>\n    <style>\n        .custom-list {\n            list-style: none; \/* Entfernt die Standard-Aufz\u00e4hlungszeichen *\/\n            padding-left: 0;\n        }\n        .custom-list li {\n            position: relative;\n            padding-left: 20px; \/* Platz f\u00fcr das benutzerdefinierte Aufz\u00e4hlungszeichen *\/\n        }\n        .custom-list li::before {\n            content: \"\u203a\"; \/* Setzt das Aufz\u00e4hlungszeichen *\/\n            position: absolute;\n            left: 0; \/* Positioniert das Aufz\u00e4hlungszeichen *\/\n            color: black; \/* Farbe des Aufz\u00e4hlungszeichens *\/\n        }\n    <\/style>\n<\/head>\n<body>\n    <ul class=\"custom-list\">\n        <li>Hydratation (effet longue dur\u00e9e de 72h)<\/li>\n        <li>Soutient la r\u00e9g\u00e9n\u00e9ration<\/li>\n        <li>Effet lifting nettement visible<\/li>\n    <\/ul>\n<\/body>\n<\/html>\n<\/p><\/div><div class=\"custom-page-item\"><div class=\"custom-page-thumbnail\"><a href=\"https:\/\/tal.ch\/fr\/beautiful-eyes-cream\/\"><img decoding=\"async\" src=\"https:\/\/tal.ch\/wp-content\/uploads\/2024\/08\/Beitragsbild-Absolue-Beautiful-Eyes-Cream.jpg\" alt=\"Beautiful Eyes Cream\" \/><\/a><\/div><h3><a href=\"https:\/\/tal.ch\/fr\/beautiful-eyes-cream\/\">Cr\u00e8me pour les beaux yeux<\/a><\/h3><p>Cr\u00e8me pour le visage contre les gonflements, les cernes et les rides<br>\n<!DOCTYPE html>\n<html lang=\"de\">\n<head>\n    <meta charset=\"UTF-8\">\n    <meta name=\"viewport\" content=\"width=device-width, initial-scale=1.0\">\n    <title>Aufz\u00e4hlungspunkte<\/title>\n    <style>\n        .custom-list {\n            list-style: none; \/* Entfernt die Standard-Aufz\u00e4hlungszeichen *\/\n            padding-left: 0;\n        }\n        .custom-list li {\n            position: relative;\n            padding-left: 20px; \/* Platz f\u00fcr das benutzerdefinierte Aufz\u00e4hlungszeichen *\/\n        }\n        .custom-list li::before {\n            content: \"\u203a\"; \/* Setzt das Aufz\u00e4hlungszeichen *\/\n            position: absolute;\n            left: 0; \/* Positioniert das Aufz\u00e4hlungszeichen *\/\n            color: black; \/* Farbe des Aufz\u00e4hlungszeichens *\/\n        }\n    <\/style>\n<\/head>\n<body>\n    <ul class=\"custom-list\">\n        <li>Cr\u00e8me pour le contour sensible des yeux<\/li>\n        <li>R\u00e9duit les ridules<\/li>\n        <li>Aide \u00e0 r\u00e9duire les gonflements et les cernes<\/li>\n    <\/ul>\n<\/body>\n<\/html>\n<\/p><\/div><div class=\"custom-page-item\"><div class=\"custom-page-thumbnail\"><a href=\"https:\/\/tal.ch\/fr\/biocellulose-gesichtsmaske\/\"><img decoding=\"async\" src=\"https:\/\/tal.ch\/wp-content\/uploads\/2024\/08\/Beitragsbild-Absolue-Facemask-1.jpg\" alt=\"Gesichtsmaske aus Biocellulose\" \/><\/a><\/div><h3><a href=\"https:\/\/tal.ch\/fr\/biocellulose-gesichtsmaske\/\">Masque facial \u00e0 base de biocellulose<\/a><\/h3><p>Masque visage anti-\u00e2ge hautement concentr\u00e9<br>\n<!DOCTYPE html>\n<html lang=\"de\">\n<head>\n    <meta charset=\"UTF-8\">\n    <meta name=\"viewport\" content=\"width=device-width, initial-scale=1.0\">\n    <title>Aufz\u00e4hlungspunkte<\/title>\n    <style>\n        .custom-list {\n            list-style: none; \/* Entfernt die Standard-Aufz\u00e4hlungszeichen *\/\n            padding-left: 0;\n        }\n        .custom-list li {\n            position: relative;\n            padding-left: 20px; \/* Platz f\u00fcr das benutzerdefinierte Aufz\u00e4hlungszeichen *\/\n        }\n        .custom-list li::before {\n            content: \"\u203a\"; \/* Setzt das Aufz\u00e4hlungszeichen *\/\n            position: absolute;\n            left: 0; \/* Positioniert das Aufz\u00e4hlungszeichen *\/\n            color: black; \/* Farbe des Aufz\u00e4hlungszeichens *\/\n        }\n    <\/style>\n<\/head>\n<body>\n    <ul class=\"custom-list\">\n        <li>Anti-rides<\/li>\n        <li>Protection contre le vieillissement cellulaire<\/li>\n        <li>Prot\u00e8ge contre le stress cutan\u00e9<\/li>\n    <\/ul>\n<\/body>\n<\/html>\n<\/p><\/div><div class=\"custom-page-item\"><div class=\"custom-page-thumbnail\"><a href=\"https:\/\/tal.ch\/fr\/handmaske-repair\/\"><img decoding=\"async\" src=\"https:\/\/tal.ch\/wp-content\/uploads\/2024\/09\/Beitragsbild-Handmaske.jpg\" alt=\"Handmaske MED Repair\" \/><\/a><\/div><h3><a href=\"https:\/\/tal.ch\/fr\/handmaske-repair\/\">Masque pour les mains MED Repair<\/a><\/h3><p>Bien-\u00eatre pour vos mains<br>\n\n<!DOCTYPE html>\n<html lang=\"de\">\n<head>\n    <meta charset=\"UTF-8\">\n    <meta name=\"viewport\" content=\"width=device-width, initial-scale=1.0\">\n    <title>Aufz\u00e4hlungspunkte<\/title>\n    <style>\n        .custom-list {\n            list-style: none; \/* Entfernt die Standard-Aufz\u00e4hlungszeichen *\/\n            padding-left: 0;\n        }\n        .custom-list li {\n            position: relative;\n            padding-left: 20px; \/* Platz f\u00fcr das benutzerdefinierte Aufz\u00e4hlungszeichen *\/\n        }\n        .custom-list li::before {\n            content: \"\u203a\"; \/* Setzt das Aufz\u00e4hlungszeichen *\/\n            position: absolute;\n            left: 0; \/* Positioniert das Aufz\u00e4hlungszeichen *\/\n            color: black; \/* Farbe des Aufz\u00e4hlungszeichens *\/\n        }\n    <\/style>\n<\/head>\n<body>\n    <ul class=\"custom-list\">\n        <li>Masque agissant en profondeur<\/li>\n        <li>Un cocktail de puissance pour les mains<\/li>\n        <li>Aide imm\u00e9diate en cas de mains s\u00e8ches<\/li>\n    <\/ul>\n<\/body>\n<\/html>\n<\/p><\/div><div class=\"custom-page-item\"><div class=\"custom-page-thumbnail\"><a href=\"https:\/\/tal.ch\/fr\/serum-booster\/\"><img decoding=\"async\" src=\"https:\/\/tal.ch\/wp-content\/uploads\/2024\/08\/Beitragsbild-Absolue-Serum-Booster.jpg\" alt=\"Serum \/ Booster\" \/><\/a><\/div><h3><a href=\"https:\/\/tal.ch\/fr\/serum-booster\/\">S\u00e9rum \/ Booster<\/a><\/h3><p>S\u00e9rum anti-rides hautement efficace pour vos soins du visage<br>\n<!DOCTYPE html>\n<html lang=\"de\">\n<head>\n    <meta charset=\"UTF-8\">\n    <meta name=\"viewport\" content=\"width=device-width, initial-scale=1.0\">\n    <title>Aufz\u00e4hlungspunkte<\/title>\n    <style>\n        .custom-list {\n            list-style: none; \/* Entfernt die Standard-Aufz\u00e4hlungszeichen *\/\n            padding-left: 0;\n        }\n        .custom-list li {\n            position: relative;\n            padding-left: 20px; \/* Platz f\u00fcr das benutzerdefinierte Aufz\u00e4hlungszeichen *\/\n        }\n        .custom-list li::before {\n            content: \"\u203a\"; \/* Setzt das Aufz\u00e4hlungszeichen *\/\n            position: absolute;\n            left: 0; \/* Positioniert das Aufz\u00e4hlungszeichen *\/\n            color: black; \/* Farbe des Aufz\u00e4hlungszeichens *\/\n        }\n    <\/style>\n<\/head>\n<body>\n    <ul class=\"custom-list\">\n        <li>Anti-rides<\/li>\n        <li>Effet lifting<\/li>\n        <li>Filtre \u00e0 lumi\u00e8re bleue<\/li>\n    <\/ul>\n<\/body>\n<\/html>\n<\/p><\/div><div class=\"custom-page-item\"><div class=\"custom-page-thumbnail\"><a href=\"https:\/\/tal.ch\/fr\/hand-und-nagelcreme-care\/\"><img decoding=\"async\" src=\"https:\/\/tal.ch\/wp-content\/uploads\/2024\/09\/Beitragsbild-Care-Hand-und-Nagelcreme.jpg\" alt=\"Hand- und Nagelcreme Care\" \/><\/a><\/div><h3><a href=\"https:\/\/tal.ch\/fr\/hand-und-nagelcreme-care\/\">Cr\u00e8me pour les mains et les ongles Care<\/a><\/h3><p>Contre les mains s\u00e8ches au quotidien<br>\n\n<!DOCTYPE html>\n<html lang=\"de\">\n<head>\n    <meta charset=\"UTF-8\">\n    <meta name=\"viewport\" content=\"width=device-width, initial-scale=1.0\">\n    <title>Aufz\u00e4hlungspunkte<\/title>\n    <style>\n        .custom-list {\n            list-style: none; \/* Entfernt die Standard-Aufz\u00e4hlungszeichen *\/\n            padding-left: 0;\n        }\n        .custom-list li {\n            position: relative;\n            padding-left: 20px; \/* Platz f\u00fcr das benutzerdefinierte Aufz\u00e4hlungszeichen *\/\n        }\n        .custom-list li::before {\n            content: \"\u203a\"; \/* Setzt das Aufz\u00e4hlungszeichen *\/\n            position: absolute;\n            left: 0; \/* Positioniert das Aufz\u00e4hlungszeichen *\/\n            color: black; \/* Farbe des Aufz\u00e4hlungszeichens *\/\n        }\n    <\/style>\n<\/head>\n<body>\n    <ul class=\"custom-list\">\n        <li>Stimule le renouvellement des cellules<\/li>\n        <li>Adoucit la peau<\/li>\n        <li>Anti-rides<\/li>\n    <\/ul>\n<\/body>\n<\/html>\n<\/p><\/div><div class=\"custom-page-item\"><div class=\"custom-page-thumbnail\"><a href=\"https:\/\/tal.ch\/fr\/handcreme-care-anti-age\/\"><img decoding=\"async\" src=\"https:\/\/tal.ch\/wp-content\/uploads\/2024\/09\/Beitragsbild-Care-Handcreme-Anti-Age.jpg\" alt=\"Handcreme Care Anti-Age\" \/><\/a><\/div><h3><a href=\"https:\/\/tal.ch\/fr\/handcreme-care-anti-age\/\">Cr\u00e8me pour les mains Care Anti-Age<\/a><\/h3><p>Contre les rides, les taches de vieillesse et les taches pigmentaires<br>\n\n<!DOCTYPE html>\n<html lang=\"de\">\n<head>\n    <meta charset=\"UTF-8\">\n    <meta name=\"viewport\" content=\"width=device-width, initial-scale=1.0\">\n    <title>Aufz\u00e4hlungspunkte<\/title>\n    <style>\n        .custom-list {\n            list-style: none; \/* Entfernt die Standard-Aufz\u00e4hlungszeichen *\/\n            padding-left: 0;\n        }\n        .custom-list li {\n            position: relative;\n            padding-left: 20px; \/* Platz f\u00fcr das benutzerdefinierte Aufz\u00e4hlungszeichen *\/\n        }\n        .custom-list li::before {\n            content: \"\u203a\"; \/* Setzt das Aufz\u00e4hlungszeichen *\/\n            position: absolute;\n            left: 0; \/* Positioniert das Aufz\u00e4hlungszeichen *\/\n            color: black; \/* Farbe des Aufz\u00e4hlungszeichens *\/\n        }\n    <\/style>\n<\/head>\n<body>\n    <ul class=\"custom-list\">\n <li>Anti-rides<\/li>        \n<li>R\u00e9g\u00e9n\u00e8re la peau s\u00e8che<\/li>\n        <li>Prot\u00e8ge la peau contre le dess\u00e8chement<\/li>\n          <\/ul>\n<\/body>\n<\/html>\n<\/p><\/div><div class=\"custom-page-item\"><div class=\"custom-page-thumbnail\"><a href=\"https:\/\/tal.ch\/fr\/handserum-care-anti-age\/\"><img decoding=\"async\" src=\"https:\/\/tal.ch\/wp-content\/uploads\/2024\/09\/Beitragsbild-Care-Serum-Anti-Age.jpg\" alt=\"Handserum Care Anti-Age\" \/><\/a><\/div><h3><a href=\"https:\/\/tal.ch\/fr\/handserum-care-anti-age\/\">S\u00e9rum pour les mains Care Anti-Age<\/a><\/h3><p>Hautement concentr\u00e9 contre les rides, les taches de vieillesse et les taches pigmentaires<br>\n\n<!DOCTYPE html>\n<html lang=\"de\">\n<head>\n    <meta charset=\"UTF-8\">\n    <meta name=\"viewport\" content=\"width=device-width, initial-scale=1.0\">\n    <title>Aufz\u00e4hlungspunkte<\/title>\n    <style>\n        .custom-list {\n            list-style: none; \/* Entfernt die Standard-Aufz\u00e4hlungszeichen *\/\n            padding-left: 0;\n        }\n        .custom-list li {\n            position: relative;\n            padding-left: 20px; \/* Platz f\u00fcr das benutzerdefinierte Aufz\u00e4hlungszeichen *\/\n        }\n        .custom-list li::before {\n            content: \"\u203a\"; \/* Setzt das Aufz\u00e4hlungszeichen *\/\n            position: absolute;\n            left: 0; \/* Positioniert das Aufz\u00e4hlungszeichen *\/\n            color: black; \/* Farbe des Aufz\u00e4hlungszeichens *\/\n        }\n    <\/style>\n<\/head>\n<body>\n    <ul class=\"custom-list\">\n <li>Redonne de l'\u00e9clat \u00e0 votre peau<\/li>        \n<li>Anti-rides<\/li>\n        <li>Prot\u00e8ge contre les influences environnementales<\/li>\n          <\/ul>\n<\/body>\n<\/html>\n<\/p><\/div><div class=\"custom-page-item\"><div class=\"custom-page-thumbnail\"><a href=\"https:\/\/tal.ch\/fr\/handmaske-care\/\"><img decoding=\"async\" src=\"https:\/\/tal.ch\/wp-content\/uploads\/2024\/09\/Beitragsbild-Care-Handmaske.jpg\" alt=\"Handmaske Care\" \/><\/a><\/div><h3><a href=\"https:\/\/tal.ch\/fr\/handmaske-care\/\">Masque pour les mains Care<\/a><\/h3><p>Masque anti-\u00e2ge pour des mains soign\u00e9es<br>\n\n<!DOCTYPE html>\n<html lang=\"de\">\n<head>\n    <meta charset=\"UTF-8\">\n    <meta name=\"viewport\" content=\"width=device-width, initial-scale=1.0\">\n    <title>Aufz\u00e4hlungspunkte<\/title>\n    <style>\n        .custom-list {\n            list-style: none; \/* Entfernt die Standard-Aufz\u00e4hlungszeichen *\/\n            padding-left: 0;\n        }\n        .custom-list li {\n            position: relative;\n            padding-left: 20px; \/* Platz f\u00fcr das benutzerdefinierte Aufz\u00e4hlungszeichen *\/\n        }\n        .custom-list li::before {\n            content: \"\u203a\"; \/* Setzt das Aufz\u00e4hlungszeichen *\/\n            position: absolute;\n            left: 0; \/* Positioniert das Aufz\u00e4hlungszeichen *\/\n            color: black; \/* Farbe des Aufz\u00e4hlungszeichens *\/\n        }\n    <\/style>\n<\/head>\n<body>\n    <ul class=\"custom-list\">\n <li>Hydrate la peau<\/li>        \n<li>Prot\u00e8ge contre le vieillissement de la peau<\/li>\n        <li>Effet imm\u00e9diat<\/li>\n          <\/ul>\n<\/body>\n<\/html>\n<\/p><\/div><div class=\"custom-page-item\"><div class=\"custom-page-thumbnail\"><a href=\"https:\/\/tal.ch\/fr\/hand-und-nagelcreme-special-edition-i-care\/\"><img decoding=\"async\" src=\"https:\/\/tal.ch\/wp-content\/uploads\/2024\/09\/Beitragsbild-I-Care.jpg\" alt=\"Hand- und Nagelcreme Special Edition &#8222;I Care&#8220;\" \/><\/a><\/div><h3><a href=\"https:\/\/tal.ch\/fr\/hand-und-nagelcreme-special-edition-i-care\/\">Cr\u00e8me pour les mains et les ongles Special Edition \"I Care<\/a><\/h3><p>Contre les mains s\u00e8ches au quotidien<br>\n\n<!DOCTYPE html>\n<html lang=\"de\">\n<head>\n    <meta charset=\"UTF-8\">\n    <meta name=\"viewport\" content=\"width=device-width, initial-scale=1.0\">\n    <title>Aufz\u00e4hlungspunkte<\/title>\n    <style>\n        .custom-list {\n            list-style: none; \/* Entfernt die Standard-Aufz\u00e4hlungszeichen *\/\n            padding-left: 0;\n        }\n        .custom-list li {\n            position: relative;\n            padding-left: 20px; \/* Platz f\u00fcr das benutzerdefinierte Aufz\u00e4hlungszeichen *\/\n        }\n        .custom-list li::before {\n            content: \"\u203a\"; \/* Setzt das Aufz\u00e4hlungszeichen *\/\n            position: absolute;\n            left: 0; \/* Positioniert das Aufz\u00e4hlungszeichen *\/\n            color: black; \/* Farbe des Aufz\u00e4hlungszeichens *\/\n        }\n    <\/style>\n<\/head>\n<body>\n    <ul class=\"custom-list\">\n        <li>Stimule le renouvellement des cellules<\/li>\n        <li>Adoucit la peau<\/li>\n        <li>Anti-rides<\/li>\n    <\/ul>\n<\/body>\n<\/html>\n<\/p><\/div><div class=\"custom-page-item\"><div class=\"custom-page-thumbnail\"><a href=\"https:\/\/tal.ch\/fr\/hand-und-nagelcreme-special-edition-take-care\/\"><img decoding=\"async\" src=\"https:\/\/tal.ch\/wp-content\/uploads\/2024\/09\/Beitragsbild-Take-Care.jpg\" alt=\"Hand- und Nagelcreme Special Edition &#8222;Take care&#8220;\" \/><\/a><\/div><h3><a href=\"https:\/\/tal.ch\/fr\/hand-und-nagelcreme-special-edition-take-care\/\">Cr\u00e8me pour les mains et les ongles, \u00e9dition sp\u00e9ciale \"Take care\".<\/a><\/h3><p>Contre les mains s\u00e8ches au quotidien<br>\n\n<!DOCTYPE html>\n<html lang=\"de\">\n<head>\n    <meta charset=\"UTF-8\">\n    <meta name=\"viewport\" content=\"width=device-width, initial-scale=1.0\">\n    <title>Aufz\u00e4hlungspunkte<\/title>\n    <style>\n        .custom-list {\n            list-style: none; \/* Entfernt die Standard-Aufz\u00e4hlungszeichen *\/\n            padding-left: 0;\n        }\n        .custom-list li {\n            position: relative;\n            padding-left: 20px; \/* Platz f\u00fcr das benutzerdefinierte Aufz\u00e4hlungszeichen *\/\n        }\n        .custom-list li::before {\n            content: \"\u203a\"; \/* Setzt das Aufz\u00e4hlungszeichen *\/\n            position: absolute;\n            left: 0; \/* Positioniert das Aufz\u00e4hlungszeichen *\/\n            color: black; \/* Farbe des Aufz\u00e4hlungszeichens *\/\n        }\n    <\/style>\n<\/head>\n<body>\n    <ul class=\"custom-list\">\n        <li>Stimule le renouvellement des cellules<\/li>\n        <li>Adoucit la peau<\/li>\n        <li>Anti-rides<\/li>\n    <\/ul>\n<\/body>\n<\/html>\n<\/p><\/div><div class=\"custom-page-item\"><div class=\"custom-page-thumbnail\"><a href=\"https:\/\/tal.ch\/fr\/hand-und-nagelcreme-special-edition-dont-care\/\"><img decoding=\"async\" src=\"https:\/\/tal.ch\/wp-content\/uploads\/2024\/09\/Beitragsbild-I-dont-Care.jpg\" alt=\"Hand- und Nagelcreme Special Edition &#8222;I don&#8217;t care&#8220;\" \/><\/a><\/div><h3><a href=\"https:\/\/tal.ch\/fr\/hand-und-nagelcreme-special-edition-dont-care\/\">Cr\u00e8me pour les mains et les ongles, \u00e9dition sp\u00e9ciale \"I don't care\".<\/a><\/h3><p>Contre les mains s\u00e8ches au quotidien<br>\n\n<!DOCTYPE html>\n<html lang=\"de\">\n<head>\n    <meta charset=\"UTF-8\">\n    <meta name=\"viewport\" content=\"width=device-width, initial-scale=1.0\">\n    <title>Aufz\u00e4hlungspunkte<\/title>\n    <style>\n        .custom-list {\n            list-style: none; \/* Entfernt die Standard-Aufz\u00e4hlungszeichen *\/\n            padding-left: 0;\n        }\n        .custom-list li {\n            position: relative;\n            padding-left: 20px; \/* Platz f\u00fcr das benutzerdefinierte Aufz\u00e4hlungszeichen *\/\n        }\n        .custom-list li::before {\n            content: \"\u203a\"; \/* Setzt das Aufz\u00e4hlungszeichen *\/\n            position: absolute;\n            left: 0; \/* Positioniert das Aufz\u00e4hlungszeichen *\/\n            color: black; \/* Farbe des Aufz\u00e4hlungszeichens *\/\n        }\n    <\/style>\n<\/head>\n<body>\n    <ul class=\"custom-list\">\n        <li>Stimule le renouvellement des cellules<\/li>\n        <li>Adoucit la peau<\/li>\n        <li>Anti-rides<\/li>\n    <\/ul>\n<\/body>\n<\/html>\n<\/p><\/div><div class=\"custom-page-item\"><div class=\"custom-page-thumbnail\"><a href=\"https:\/\/tal.ch\/fr\/med-repair\/\"><img decoding=\"async\" src=\"https:\/\/tal.ch\/wp-content\/uploads\/2024\/06\/beitragsbild-med-repair-1.jpg\" alt=\"Handcreme MED Repair\" \/><\/a><\/div><h3><a href=\"https:\/\/tal.ch\/fr\/med-repair\/\">Cr\u00e8me pour les mains MED Repair<\/a><\/h3><p>La cr\u00e8me pour les mains originale de Tal ! <br>\n<!DOCTYPE html>\n<html lang=\"de\">\n<head>\n    <meta charset=\"UTF-8\">\n    <meta name=\"viewport\" content=\"width=device-width, initial-scale=1.0\">\n    <title>Aufz\u00e4hlungspunkte<\/title>\n    <style>\n        .custom-list {\n            list-style: none; \/* Entfernt die Standard-Aufz\u00e4hlungszeichen *\/\n            padding-left: 0;\n        }\n        .custom-list li {\n            position: relative;\n            padding-left: 20px; \/* Platz f\u00fcr das benutzerdefinierte Aufz\u00e4hlungszeichen *\/\n        }\n        .custom-list li::before {\n            content: \"\u203a\"; \/* Setzt das Aufz\u00e4hlungszeichen *\/\n            position: absolute;\n            left: 0; \/* Positioniert das Aufz\u00e4hlungszeichen *\/\n            color: black; \/* Farbe des Aufz\u00e4hlungszeichens *\/\n        }\n    <\/style>\n<\/head>\n<body>\n    <ul class=\"custom-list\">\n        <li>Aide en cas de fissures et de crevasses<\/li>\n        <li>Augmente la r\u00e9sistance aux influences environnementales<\/li>\n        <li>renforce la barri\u00e8re contre l'humidit\u00e9<\/li>\n    <\/ul>\n<\/body>\n<\/html>\n<\/p><\/div><div class=\"custom-page-item\"><div class=\"custom-page-thumbnail\"><a href=\"https:\/\/tal.ch\/fr\/tal-travel-set\/\"><img decoding=\"async\" src=\"https:\/\/tal.ch\/wp-content\/uploads\/2025\/08\/Tal-Travel-set-800-x-800.png\" alt=\"Tal Travel Set\" \/><\/a><\/div><h3><a href=\"https:\/\/tal.ch\/fr\/tal-travel-set\/\">Set de voyage Tal<\/a><\/h3><p>Ton compagnon de voyage <br>\n<!DOCTYPE html>\n<html lang=\"de\">\n<head>\n    <meta charset=\"UTF-8\">\n    <meta name=\"viewport\" content=\"width=device-width, initial-scale=1.0\">\n    <title>Aufz\u00e4hlungspunkte<\/title>\n    <style>\n        .custom-list {\n            list-style: none; \/* Entfernt die Standard-Aufz\u00e4hlungszeichen *\/\n            padding-left: 0;\n        }\n        .custom-list li {\n            position: relative;\n            padding-left: 20px; \/* Platz f\u00fcr das benutzerdefinierte Aufz\u00e4hlungszeichen *\/\n        }\n        .custom-list li::before {\n            content: \"\u203a\"; \/* Setzt das Aufz\u00e4hlungszeichen *\/\n            position: absolute;\n            left: 0; \/* Positioniert das Aufz\u00e4hlungszeichen *\/\n            color: black; \/* Farbe des Aufz\u00e4hlungszeichens *\/\n        }\n    <\/style>\n<\/head>\n<body>\n    <ul class=\"custom-list\">\n        <li>Cr\u00e8me pour les mains, lotion pour le corps et gel douche<\/li>\n        <li>Sac cosm\u00e9tique pratique en toile<\/li>\n        <li>Fra\u00eecheur &amp; soins inspir\u00e9s des Alpes suisses<\/li>\n    <\/ul>\n<\/body>\n<\/html>\n<\/p><\/div><\/div><div class=\"pagination\"><\/div>\n<\/div>\n\t\t\t\t\t\t<\/div>\n\t\t\t\t<\/div>\n\t\t<div class=\"elementor-element elementor-element-80bb2a0 e-con-full e-flex wpr-particle-no wpr-jarallax-no wpr-parallax-no wpr-sticky-section-no wpr-equal-height-no e-con e-parent\" data-id=\"80bb2a0\" data-element_type=\"container\" data-e-type=\"container\">\n\t\t\t\t<div class=\"elementor-element elementor-element-d134848 elementor-widget elementor-widget-menu-anchor\" data-id=\"d134848\" data-element_type=\"widget\" data-e-type=\"widget\" data-widget_type=\"menu-anchor.default\">\n\t\t\t\t\t\t\t<div class=\"elementor-menu-anchor\" id=\"Ursachen\"><\/div>\n\t\t\t\t\t\t<\/div>\n\t\t\t\t<div class=\"elementor-element elementor-element-394ca2e elementor-widget elementor-widget-heading\" data-id=\"394ca2e\" data-element_type=\"widget\" data-e-type=\"widget\" data-widget_type=\"heading.default\">\n\t\t\t\t\t<h3 class=\"elementor-heading-title elementor-size-default\">Causes<\/h3>\t\t\t\t<\/div>\n\t\t\t\t<\/div>\n\t\t<div class=\"elementor-element elementor-element-118ac70 e-con-full e-flex wpr-particle-no wpr-jarallax-no wpr-parallax-no wpr-sticky-section-no wpr-equal-height-no e-con e-parent\" data-id=\"118ac70\" data-element_type=\"container\" data-e-type=\"container\">\n\t\t\t\t<div class=\"elementor-element elementor-element-843c3dc elementor-widget elementor-widget-toggle\" data-id=\"843c3dc\" data-element_type=\"widget\" data-e-type=\"widget\" data-widget_type=\"toggle.default\">\n\t\t\t\t\t\t\t<div class=\"elementor-toggle\">\n\t\t\t\t\t\t\t<div class=\"elementor-toggle-item\">\n\t\t\t\t\t<div id=\"elementor-tab-title-1381\" class=\"elementor-tab-title\" data-tab=\"1\" role=\"button\" aria-controls=\"elementor-tab-content-1381\" aria-expanded=\"false\">\n\t\t\t\t\t\t\t\t\t\t\t\t<span class=\"elementor-toggle-icon elementor-toggle-icon-left\" aria-hidden=\"true\">\n\t\t\t\t\t\t\t\t\t\t\t\t\t\t\t<span class=\"elementor-toggle-icon-closed\"><svg class=\"e-font-icon-svg e-fas-caret-right\" viewbox=\"0 0 192 512\" xmlns=\"http:\/\/www.w3.org\/2000\/svg\"><path d=\"M0 384.662V127.338c0-17.818 21.543-26.741 34.142-14.142l128.662 128.662c7.81 7.81 7.81 20.474 0 28.284L34.142 398.804C21.543 411.404 0 402.48 0 384.662z\"><\/path><\/svg><\/span>\n\t\t\t\t\t\t\t\t<span class=\"elementor-toggle-icon-opened\"><svg class=\"elementor-toggle-icon-opened e-font-icon-svg e-fas-caret-up\" viewbox=\"0 0 320 512\" xmlns=\"http:\/\/www.w3.org\/2000\/svg\"><path d=\"M288.662 352H31.338c-17.818 0-26.741-21.543-14.142-34.142l128.662-128.662c7.81-7.81 20.474-7.81 28.284 0l128.662 128.662c12.6 12.599 3.676 34.142-14.142 34.142z\"><\/path><\/svg><\/span>\n\t\t\t\t\t\t\t\t\t\t\t\t\t<\/span>\n\t\t\t\t\t\t\t\t\t\t\t\t<a class=\"elementor-toggle-title\" tabindex=\"0\">Vieillissement<\/a>\n\t\t\t\t\t<\/div>\n\n\t\t\t\t\t<div id=\"elementor-tab-content-1381\" class=\"elementor-tab-content elementor-clearfix\" data-tab=\"1\" role=\"region\" aria-labelledby=\"elementor-tab-title-1381\"><p>Avec l'\u00e2ge, la production de collag\u00e8ne et d'\u00e9lastine dans la peau diminue, ce qui entra\u00eene une baisse de la fermet\u00e9 et de l'\u00e9lasticit\u00e9.<\/p><\/div>\n\t\t\t\t<\/div>\n\t\t\t\t\t\t\t<div class=\"elementor-toggle-item\">\n\t\t\t\t\t<div id=\"elementor-tab-title-1382\" class=\"elementor-tab-title\" data-tab=\"2\" role=\"button\" aria-controls=\"elementor-tab-content-1382\" aria-expanded=\"false\">\n\t\t\t\t\t\t\t\t\t\t\t\t<span class=\"elementor-toggle-icon elementor-toggle-icon-left\" aria-hidden=\"true\">\n\t\t\t\t\t\t\t\t\t\t\t\t\t\t\t<span class=\"elementor-toggle-icon-closed\"><svg class=\"e-font-icon-svg e-fas-caret-right\" viewbox=\"0 0 192 512\" xmlns=\"http:\/\/www.w3.org\/2000\/svg\"><path d=\"M0 384.662V127.338c0-17.818 21.543-26.741 34.142-14.142l128.662 128.662c7.81 7.81 7.81 20.474 0 28.284L34.142 398.804C21.543 411.404 0 402.48 0 384.662z\"><\/path><\/svg><\/span>\n\t\t\t\t\t\t\t\t<span class=\"elementor-toggle-icon-opened\"><svg class=\"elementor-toggle-icon-opened e-font-icon-svg e-fas-caret-up\" viewbox=\"0 0 320 512\" xmlns=\"http:\/\/www.w3.org\/2000\/svg\"><path d=\"M288.662 352H31.338c-17.818 0-26.741-21.543-14.142-34.142l128.662-128.662c7.81-7.81 20.474-7.81 28.284 0l128.662 128.662c12.6 12.599 3.676 34.142-14.142 34.142z\"><\/path><\/svg><\/span>\n\t\t\t\t\t\t\t\t\t\t\t\t\t<\/span>\n\t\t\t\t\t\t\t\t\t\t\t\t<a class=\"elementor-toggle-title\" tabindex=\"0\">Rayonnement UV<\/a>\n\t\t\t\t\t<\/div>\n\n\t\t\t\t\t<div id=\"elementor-tab-content-1382\" class=\"elementor-tab-content elementor-clearfix\" data-tab=\"2\" role=\"region\" aria-labelledby=\"elementor-tab-title-1382\"><p>Une exposition excessive au soleil endommage les cellules cutan\u00e9es et entra\u00eene un vieillissement pr\u00e9matur\u00e9 de la peau. Les rayons UV peuvent d\u00e9grader le collag\u00e8ne et endommager la structure de la peau.<\/p><\/div>\n\t\t\t\t<\/div>\n\t\t\t\t\t\t\t<div class=\"elementor-toggle-item\">\n\t\t\t\t\t<div id=\"elementor-tab-title-1383\" class=\"elementor-tab-title\" data-tab=\"3\" role=\"button\" aria-controls=\"elementor-tab-content-1383\" aria-expanded=\"false\">\n\t\t\t\t\t\t\t\t\t\t\t\t<span class=\"elementor-toggle-icon elementor-toggle-icon-left\" aria-hidden=\"true\">\n\t\t\t\t\t\t\t\t\t\t\t\t\t\t\t<span class=\"elementor-toggle-icon-closed\"><svg class=\"e-font-icon-svg e-fas-caret-right\" viewbox=\"0 0 192 512\" xmlns=\"http:\/\/www.w3.org\/2000\/svg\"><path d=\"M0 384.662V127.338c0-17.818 21.543-26.741 34.142-14.142l128.662 128.662c7.81 7.81 7.81 20.474 0 28.284L34.142 398.804C21.543 411.404 0 402.48 0 384.662z\"><\/path><\/svg><\/span>\n\t\t\t\t\t\t\t\t<span class=\"elementor-toggle-icon-opened\"><svg class=\"elementor-toggle-icon-opened e-font-icon-svg e-fas-caret-up\" viewbox=\"0 0 320 512\" xmlns=\"http:\/\/www.w3.org\/2000\/svg\"><path d=\"M288.662 352H31.338c-17.818 0-26.741-21.543-14.142-34.142l128.662-128.662c7.81-7.81 20.474-7.81 28.284 0l128.662 128.662c12.6 12.599 3.676 34.142-14.142 34.142z\"><\/path><\/svg><\/span>\n\t\t\t\t\t\t\t\t\t\t\t\t\t<\/span>\n\t\t\t\t\t\t\t\t\t\t\t\t<a class=\"elementor-toggle-title\" tabindex=\"0\">Facteurs environnementaux<\/a>\n\t\t\t\t\t<\/div>\n\n\t\t\t\t\t<div id=\"elementor-tab-content-1383\" class=\"elementor-tab-content elementor-clearfix\" data-tab=\"3\" role=\"region\" aria-labelledby=\"elementor-tab-title-1383\"><p>Les polluants dans l'air, la fum\u00e9e de cigarette et d'autres pollutions environnementales peuvent endommager la peau et acc\u00e9l\u00e9rer le processus de vieillissement.<\/p><\/div>\n\t\t\t\t<\/div>\n\t\t\t\t\t\t\t<div class=\"elementor-toggle-item\">\n\t\t\t\t\t<div id=\"elementor-tab-title-1384\" class=\"elementor-tab-title\" data-tab=\"4\" role=\"button\" aria-controls=\"elementor-tab-content-1384\" aria-expanded=\"false\">\n\t\t\t\t\t\t\t\t\t\t\t\t<span class=\"elementor-toggle-icon elementor-toggle-icon-left\" aria-hidden=\"true\">\n\t\t\t\t\t\t\t\t\t\t\t\t\t\t\t<span class=\"elementor-toggle-icon-closed\"><svg class=\"e-font-icon-svg e-fas-caret-right\" viewbox=\"0 0 192 512\" xmlns=\"http:\/\/www.w3.org\/2000\/svg\"><path d=\"M0 384.662V127.338c0-17.818 21.543-26.741 34.142-14.142l128.662 128.662c7.81 7.81 7.81 20.474 0 28.284L34.142 398.804C21.543 411.404 0 402.48 0 384.662z\"><\/path><\/svg><\/span>\n\t\t\t\t\t\t\t\t<span class=\"elementor-toggle-icon-opened\"><svg class=\"elementor-toggle-icon-opened e-font-icon-svg e-fas-caret-up\" viewbox=\"0 0 320 512\" xmlns=\"http:\/\/www.w3.org\/2000\/svg\"><path d=\"M288.662 352H31.338c-17.818 0-26.741-21.543-14.142-34.142l128.662-128.662c7.81-7.81 20.474-7.81 28.284 0l128.662 128.662c12.6 12.599 3.676 34.142-14.142 34.142z\"><\/path><\/svg><\/span>\n\t\t\t\t\t\t\t\t\t\t\t\t\t<\/span>\n\t\t\t\t\t\t\t\t\t\t\t\t<a class=\"elementor-toggle-title\" tabindex=\"0\">Alimentation<\/a>\n\t\t\t\t\t<\/div>\n\n\t\t\t\t\t<div id=\"elementor-tab-content-1384\" class=\"elementor-tab-content elementor-clearfix\" data-tab=\"4\" role=\"region\" aria-labelledby=\"elementor-tab-title-1384\"><p>Une alimentation malsaine, pauvre en antioxydants et en vitamines, peut favoriser le vieillissement de la peau. Le manque de vitamines C et E et de graisses saines a notamment un effet n\u00e9gatif.<\/p><\/div>\n\t\t\t\t<\/div>\n\t\t\t\t\t\t\t<div class=\"elementor-toggle-item\">\n\t\t\t\t\t<div id=\"elementor-tab-title-1385\" class=\"elementor-tab-title\" data-tab=\"5\" role=\"button\" aria-controls=\"elementor-tab-content-1385\" aria-expanded=\"false\">\n\t\t\t\t\t\t\t\t\t\t\t\t<span class=\"elementor-toggle-icon elementor-toggle-icon-left\" aria-hidden=\"true\">\n\t\t\t\t\t\t\t\t\t\t\t\t\t\t\t<span class=\"elementor-toggle-icon-closed\"><svg class=\"e-font-icon-svg e-fas-caret-right\" viewbox=\"0 0 192 512\" xmlns=\"http:\/\/www.w3.org\/2000\/svg\"><path d=\"M0 384.662V127.338c0-17.818 21.543-26.741 34.142-14.142l128.662 128.662c7.81 7.81 7.81 20.474 0 28.284L34.142 398.804C21.543 411.404 0 402.48 0 384.662z\"><\/path><\/svg><\/span>\n\t\t\t\t\t\t\t\t<span class=\"elementor-toggle-icon-opened\"><svg class=\"elementor-toggle-icon-opened e-font-icon-svg e-fas-caret-up\" viewbox=\"0 0 320 512\" xmlns=\"http:\/\/www.w3.org\/2000\/svg\"><path d=\"M288.662 352H31.338c-17.818 0-26.741-21.543-14.142-34.142l128.662-128.662c7.81-7.81 20.474-7.81 28.284 0l128.662 128.662c12.6 12.599 3.676 34.142-14.142 34.142z\"><\/path><\/svg><\/span>\n\t\t\t\t\t\t\t\t\t\t\t\t\t<\/span>\n\t\t\t\t\t\t\t\t\t\t\t\t<a class=\"elementor-toggle-title\" tabindex=\"0\">D\u00e9shydratation<\/a>\n\t\t\t\t\t<\/div>\n\n\t\t\t\t\t<div id=\"elementor-tab-content-1385\" class=\"elementor-tab-content elementor-clearfix\" data-tab=\"5\" role=\"region\" aria-labelledby=\"elementor-tab-title-1385\"><p>Une consommation insuffisante de liquide peut ass\u00e9cher la peau et favoriser l'apparition de rides.<\/p><\/div>\n\t\t\t\t<\/div>\n\t\t\t\t\t\t\t<div class=\"elementor-toggle-item\">\n\t\t\t\t\t<div id=\"elementor-tab-title-1386\" class=\"elementor-tab-title\" data-tab=\"6\" role=\"button\" aria-controls=\"elementor-tab-content-1386\" aria-expanded=\"false\">\n\t\t\t\t\t\t\t\t\t\t\t\t<span class=\"elementor-toggle-icon elementor-toggle-icon-left\" aria-hidden=\"true\">\n\t\t\t\t\t\t\t\t\t\t\t\t\t\t\t<span class=\"elementor-toggle-icon-closed\"><svg class=\"e-font-icon-svg e-fas-caret-right\" viewbox=\"0 0 192 512\" xmlns=\"http:\/\/www.w3.org\/2000\/svg\"><path d=\"M0 384.662V127.338c0-17.818 21.543-26.741 34.142-14.142l128.662 128.662c7.81 7.81 7.81 20.474 0 28.284L34.142 398.804C21.543 411.404 0 402.48 0 384.662z\"><\/path><\/svg><\/span>\n\t\t\t\t\t\t\t\t<span class=\"elementor-toggle-icon-opened\"><svg class=\"elementor-toggle-icon-opened e-font-icon-svg e-fas-caret-up\" viewbox=\"0 0 320 512\" xmlns=\"http:\/\/www.w3.org\/2000\/svg\"><path d=\"M288.662 352H31.338c-17.818 0-26.741-21.543-14.142-34.142l128.662-128.662c7.81-7.81 20.474-7.81 28.284 0l128.662 128.662c12.6 12.599 3.676 34.142-14.142 34.142z\"><\/path><\/svg><\/span>\n\t\t\t\t\t\t\t\t\t\t\t\t\t<\/span>\n\t\t\t\t\t\t\t\t\t\t\t\t<a class=\"elementor-toggle-title\" tabindex=\"0\">Manque de sommeil<\/a>\n\t\t\t\t\t<\/div>\n\n\t\t\t\t\t<div id=\"elementor-tab-content-1386\" class=\"elementor-tab-content elementor-clearfix\" data-tab=\"6\" role=\"region\" aria-labelledby=\"elementor-tab-title-1386\"><p>Le sommeil est important pour la r\u00e9g\u00e9n\u00e9ration de la peau. Un manque de sommeil chronique peut entra\u00eener un teint terne et une formation accrue de rides.<\/p><\/div>\n\t\t\t\t<\/div>\n\t\t\t\t\t\t\t<div class=\"elementor-toggle-item\">\n\t\t\t\t\t<div id=\"elementor-tab-title-1387\" class=\"elementor-tab-title\" data-tab=\"7\" role=\"button\" aria-controls=\"elementor-tab-content-1387\" aria-expanded=\"false\">\n\t\t\t\t\t\t\t\t\t\t\t\t<span class=\"elementor-toggle-icon elementor-toggle-icon-left\" aria-hidden=\"true\">\n\t\t\t\t\t\t\t\t\t\t\t\t\t\t\t<span class=\"elementor-toggle-icon-closed\"><svg class=\"e-font-icon-svg e-fas-caret-right\" viewbox=\"0 0 192 512\" xmlns=\"http:\/\/www.w3.org\/2000\/svg\"><path d=\"M0 384.662V127.338c0-17.818 21.543-26.741 34.142-14.142l128.662 128.662c7.81 7.81 7.81 20.474 0 28.284L34.142 398.804C21.543 411.404 0 402.48 0 384.662z\"><\/path><\/svg><\/span>\n\t\t\t\t\t\t\t\t<span class=\"elementor-toggle-icon-opened\"><svg class=\"elementor-toggle-icon-opened e-font-icon-svg e-fas-caret-up\" viewbox=\"0 0 320 512\" xmlns=\"http:\/\/www.w3.org\/2000\/svg\"><path d=\"M288.662 352H31.338c-17.818 0-26.741-21.543-14.142-34.142l128.662-128.662c7.81-7.81 20.474-7.81 28.284 0l128.662 128.662c12.6 12.599 3.676 34.142-14.142 34.142z\"><\/path><\/svg><\/span>\n\t\t\t\t\t\t\t\t\t\t\t\t\t<\/span>\n\t\t\t\t\t\t\t\t\t\t\t\t<a class=\"elementor-toggle-title\" tabindex=\"0\">G\u00e9n\u00e9tique<\/a>\n\t\t\t\t\t<\/div>\n\n\t\t\t\t\t<div id=\"elementor-tab-content-1387\" class=\"elementor-tab-content elementor-clearfix\" data-tab=\"7\" role=\"region\" aria-labelledby=\"elementor-tab-title-1387\"><p>La pr\u00e9disposition g\u00e9n\u00e9tique joue un r\u00f4le important dans la rapidit\u00e9 et l'ampleur du vieillissement de la peau.<\/p><\/div>\n\t\t\t\t<\/div>\n\t\t\t\t\t\t\t\t<\/div>\n\t\t\t\t\t\t<\/div>\n\t\t\t\t<\/div>\n\t\t<div class=\"elementor-element elementor-element-f656f6d e-flex e-con-boxed wpr-particle-no wpr-jarallax-no wpr-parallax-no wpr-sticky-section-no wpr-equal-height-no e-con e-parent\" data-id=\"f656f6d\" data-element_type=\"container\" data-e-type=\"container\">\n\t\t\t\t\t<div class=\"e-con-inner\">\n\t\t\t\t<div class=\"elementor-element elementor-element-40d07b3 elementor-widget elementor-widget-spacer\" data-id=\"40d07b3\" data-element_type=\"widget\" data-e-type=\"widget\" data-widget_type=\"spacer.default\">\n\t\t\t\t\t\t\t<div class=\"elementor-spacer\">\n\t\t\t<div class=\"elementor-spacer-inner\"><\/div>\n\t\t<\/div>\n\t\t\t\t\t\t<\/div>\n\t\t\t\t\t<\/div>\n\t\t\t\t<\/div>\n\t\t<div class=\"elementor-element elementor-element-ec458d3 e-con-full e-flex wpr-particle-no wpr-jarallax-no wpr-parallax-no wpr-sticky-section-no wpr-equal-height-no e-con e-parent\" data-id=\"ec458d3\" data-element_type=\"container\" data-e-type=\"container\">\n\t\t\t\t<div class=\"elementor-element elementor-element-937fadd elementor-widget elementor-widget-heading\" data-id=\"937fadd\" data-element_type=\"widget\" data-e-type=\"widget\" data-widget_type=\"heading.default\">\n\t\t\t\t\t<h3 class=\"elementor-heading-title elementor-size-default\">Soin de la peau anti-rides<\/h3>\t\t\t\t<\/div>\n\t\t\t\t<\/div>\n\t\t<div class=\"elementor-element elementor-element-6337dfd e-con-full e-flex wpr-particle-no wpr-jarallax-no wpr-parallax-no wpr-sticky-section-no wpr-equal-height-no e-con e-parent\" data-id=\"6337dfd\" data-element_type=\"container\" data-e-type=\"container\">\n\t\t\t\t<div class=\"elementor-element elementor-element-9b24a90 elementor-widget elementor-widget-text-editor\" data-id=\"9b24a90\" data-element_type=\"widget\" data-e-type=\"widget\" data-widget_type=\"text-editor.default\">\n\t\t\t\t\t\t\t\t\t<p>Un bon soin de la peau anti-rides comprend ces points :<\/p>\t\t\t\t\t\t\t\t<\/div>\n\t\t\t\t<\/div>\n\t\t<div class=\"elementor-element elementor-element-03f059d e-con-full e-flex wpr-particle-no wpr-jarallax-no wpr-parallax-no wpr-sticky-section-no wpr-equal-height-no e-con e-parent\" data-id=\"03f059d\" data-element_type=\"container\" data-e-type=\"container\">\n\t\t\t\t<div class=\"elementor-element elementor-element-acfb715 elementor-widget elementor-widget-toggle\" data-id=\"acfb715\" data-element_type=\"widget\" data-e-type=\"widget\" data-widget_type=\"toggle.default\">\n\t\t\t\t\t\t\t<div class=\"elementor-toggle\">\n\t\t\t\t\t\t\t<div class=\"elementor-toggle-item\">\n\t\t\t\t\t<div id=\"elementor-tab-title-1811\" class=\"elementor-tab-title\" data-tab=\"1\" role=\"button\" aria-controls=\"elementor-tab-content-1811\" aria-expanded=\"false\">\n\t\t\t\t\t\t\t\t\t\t\t\t<span class=\"elementor-toggle-icon elementor-toggle-icon-left\" aria-hidden=\"true\">\n\t\t\t\t\t\t\t\t\t\t\t\t\t\t\t<span class=\"elementor-toggle-icon-closed\"><svg class=\"e-font-icon-svg e-fas-caret-right\" viewbox=\"0 0 192 512\" xmlns=\"http:\/\/www.w3.org\/2000\/svg\"><path d=\"M0 384.662V127.338c0-17.818 21.543-26.741 34.142-14.142l128.662 128.662c7.81 7.81 7.81 20.474 0 28.284L34.142 398.804C21.543 411.404 0 402.48 0 384.662z\"><\/path><\/svg><\/span>\n\t\t\t\t\t\t\t\t<span class=\"elementor-toggle-icon-opened\"><svg class=\"elementor-toggle-icon-opened e-font-icon-svg e-fas-caret-up\" viewbox=\"0 0 320 512\" xmlns=\"http:\/\/www.w3.org\/2000\/svg\"><path d=\"M288.662 352H31.338c-17.818 0-26.741-21.543-14.142-34.142l128.662-128.662c7.81-7.81 20.474-7.81 28.284 0l128.662 128.662c12.6 12.599 3.676 34.142-14.142 34.142z\"><\/path><\/svg><\/span>\n\t\t\t\t\t\t\t\t\t\t\t\t\t<\/span>\n\t\t\t\t\t\t\t\t\t\t\t\t<a class=\"elementor-toggle-title\" tabindex=\"0\">Soin hydratant<\/a>\n\t\t\t\t\t<\/div>\n\n\t\t\t\t\t<div id=\"elementor-tab-content-1811\" class=\"elementor-tab-content elementor-clearfix\" data-tab=\"1\" role=\"region\" aria-labelledby=\"elementor-tab-title-1811\"><p>L'utilisation r\u00e9guli\u00e8re de cr\u00e8mes ou de s\u00e9rums hydratants aide \u00e0 maintenir la peau hydrat\u00e9e. Des ingr\u00e9dients tels que l'acide hyaluronique, la glyc\u00e9rine et l'aloe vera sont particuli\u00e8rement efficaces.<\/p><\/div>\n\t\t\t\t<\/div>\n\t\t\t\t\t\t\t<div class=\"elementor-toggle-item\">\n\t\t\t\t\t<div id=\"elementor-tab-title-1812\" class=\"elementor-tab-title\" data-tab=\"2\" role=\"button\" aria-controls=\"elementor-tab-content-1812\" aria-expanded=\"false\">\n\t\t\t\t\t\t\t\t\t\t\t\t<span class=\"elementor-toggle-icon elementor-toggle-icon-left\" aria-hidden=\"true\">\n\t\t\t\t\t\t\t\t\t\t\t\t\t\t\t<span class=\"elementor-toggle-icon-closed\"><svg class=\"e-font-icon-svg e-fas-caret-right\" viewbox=\"0 0 192 512\" xmlns=\"http:\/\/www.w3.org\/2000\/svg\"><path d=\"M0 384.662V127.338c0-17.818 21.543-26.741 34.142-14.142l128.662 128.662c7.81 7.81 7.81 20.474 0 28.284L34.142 398.804C21.543 411.404 0 402.48 0 384.662z\"><\/path><\/svg><\/span>\n\t\t\t\t\t\t\t\t<span class=\"elementor-toggle-icon-opened\"><svg class=\"elementor-toggle-icon-opened e-font-icon-svg e-fas-caret-up\" viewbox=\"0 0 320 512\" xmlns=\"http:\/\/www.w3.org\/2000\/svg\"><path d=\"M288.662 352H31.338c-17.818 0-26.741-21.543-14.142-34.142l128.662-128.662c7.81-7.81 20.474-7.81 28.284 0l128.662 128.662c12.6 12.599 3.676 34.142-14.142 34.142z\"><\/path><\/svg><\/span>\n\t\t\t\t\t\t\t\t\t\t\t\t\t<\/span>\n\t\t\t\t\t\t\t\t\t\t\t\t<a class=\"elementor-toggle-title\" tabindex=\"0\">Protection solaire<\/a>\n\t\t\t\t\t<\/div>\n\n\t\t\t\t\t<div id=\"elementor-tab-content-1812\" class=\"elementor-tab-content elementor-clearfix\" data-tab=\"2\" role=\"region\" aria-labelledby=\"elementor-tab-title-1812\"><p>Le rayonnement UV est l'une des principales causes du vieillissement pr\u00e9matur\u00e9 de la peau. Un produit solaire \u00e0 large spectre avec un FPS d'au moins 30 devrait \u00eatre appliqu\u00e9 quotidiennement, m\u00eame par temps nuageux.<\/p><\/div>\n\t\t\t\t<\/div>\n\t\t\t\t\t\t\t<div class=\"elementor-toggle-item\">\n\t\t\t\t\t<div id=\"elementor-tab-title-1813\" class=\"elementor-tab-title\" data-tab=\"3\" role=\"button\" aria-controls=\"elementor-tab-content-1813\" aria-expanded=\"false\">\n\t\t\t\t\t\t\t\t\t\t\t\t<span class=\"elementor-toggle-icon elementor-toggle-icon-left\" aria-hidden=\"true\">\n\t\t\t\t\t\t\t\t\t\t\t\t\t\t\t<span class=\"elementor-toggle-icon-closed\"><svg class=\"e-font-icon-svg e-fas-caret-right\" viewbox=\"0 0 192 512\" xmlns=\"http:\/\/www.w3.org\/2000\/svg\"><path d=\"M0 384.662V127.338c0-17.818 21.543-26.741 34.142-14.142l128.662 128.662c7.81 7.81 7.81 20.474 0 28.284L34.142 398.804C21.543 411.404 0 402.48 0 384.662z\"><\/path><\/svg><\/span>\n\t\t\t\t\t\t\t\t<span class=\"elementor-toggle-icon-opened\"><svg class=\"elementor-toggle-icon-opened e-font-icon-svg e-fas-caret-up\" viewbox=\"0 0 320 512\" xmlns=\"http:\/\/www.w3.org\/2000\/svg\"><path d=\"M288.662 352H31.338c-17.818 0-26.741-21.543-14.142-34.142l128.662-128.662c7.81-7.81 20.474-7.81 28.284 0l128.662 128.662c12.6 12.599 3.676 34.142-14.142 34.142z\"><\/path><\/svg><\/span>\n\t\t\t\t\t\t\t\t\t\t\t\t\t<\/span>\n\t\t\t\t\t\t\t\t\t\t\t\t<a class=\"elementor-toggle-title\" tabindex=\"0\">Ingr\u00e9dients actifs<\/a>\n\t\t\t\t\t<\/div>\n\n\t\t\t\t\t<div id=\"elementor-tab-content-1813\" class=\"elementor-tab-content elementor-clearfix\" data-tab=\"3\" role=\"region\" aria-labelledby=\"elementor-tab-title-1813\"><p>Les produits contenant du r\u00e9tinol, des peptides, de la vitamine C et des antioxydants peuvent stimuler la production de collag\u00e8ne et am\u00e9liorer la structure de la peau. Le r\u00e9tinol est particuli\u00e8rement connu pour sa capacit\u00e9 \u00e0 r\u00e9duire les ridules et les rides.<\/p><\/div>\n\t\t\t\t<\/div>\n\t\t\t\t\t\t\t<div class=\"elementor-toggle-item\">\n\t\t\t\t\t<div id=\"elementor-tab-title-1814\" class=\"elementor-tab-title\" data-tab=\"4\" role=\"button\" aria-controls=\"elementor-tab-content-1814\" aria-expanded=\"false\">\n\t\t\t\t\t\t\t\t\t\t\t\t<span class=\"elementor-toggle-icon elementor-toggle-icon-left\" aria-hidden=\"true\">\n\t\t\t\t\t\t\t\t\t\t\t\t\t\t\t<span class=\"elementor-toggle-icon-closed\"><svg class=\"e-font-icon-svg e-fas-caret-right\" viewbox=\"0 0 192 512\" xmlns=\"http:\/\/www.w3.org\/2000\/svg\"><path d=\"M0 384.662V127.338c0-17.818 21.543-26.741 34.142-14.142l128.662 128.662c7.81 7.81 7.81 20.474 0 28.284L34.142 398.804C21.543 411.404 0 402.48 0 384.662z\"><\/path><\/svg><\/span>\n\t\t\t\t\t\t\t\t<span class=\"elementor-toggle-icon-opened\"><svg class=\"elementor-toggle-icon-opened e-font-icon-svg e-fas-caret-up\" viewbox=\"0 0 320 512\" xmlns=\"http:\/\/www.w3.org\/2000\/svg\"><path d=\"M288.662 352H31.338c-17.818 0-26.741-21.543-14.142-34.142l128.662-128.662c7.81-7.81 20.474-7.81 28.284 0l128.662 128.662c12.6 12.599 3.676 34.142-14.142 34.142z\"><\/path><\/svg><\/span>\n\t\t\t\t\t\t\t\t\t\t\t\t\t<\/span>\n\t\t\t\t\t\t\t\t\t\t\t\t<a class=\"elementor-toggle-title\" tabindex=\"0\">Nettoyage r\u00e9gulier<\/a>\n\t\t\t\t\t<\/div>\n\n\t\t\t\t\t<div id=\"elementor-tab-content-1814\" class=\"elementor-tab-content elementor-clearfix\" data-tab=\"4\" role=\"region\" aria-labelledby=\"elementor-tab-title-1814\"><p>Un nettoyage doux mais en profondeur \u00e9limine la salet\u00e9, l'huile et les cellules mortes de la peau, ce qui am\u00e9liore l'absorption des produits de soin.<\/p><\/div>\n\t\t\t\t<\/div>\n\t\t\t\t\t\t\t<div class=\"elementor-toggle-item\">\n\t\t\t\t\t<div id=\"elementor-tab-title-1815\" class=\"elementor-tab-title\" data-tab=\"5\" role=\"button\" aria-controls=\"elementor-tab-content-1815\" aria-expanded=\"false\">\n\t\t\t\t\t\t\t\t\t\t\t\t<span class=\"elementor-toggle-icon elementor-toggle-icon-left\" aria-hidden=\"true\">\n\t\t\t\t\t\t\t\t\t\t\t\t\t\t\t<span class=\"elementor-toggle-icon-closed\"><svg class=\"e-font-icon-svg e-fas-caret-right\" viewbox=\"0 0 192 512\" xmlns=\"http:\/\/www.w3.org\/2000\/svg\"><path d=\"M0 384.662V127.338c0-17.818 21.543-26.741 34.142-14.142l128.662 128.662c7.81 7.81 7.81 20.474 0 28.284L34.142 398.804C21.543 411.404 0 402.48 0 384.662z\"><\/path><\/svg><\/span>\n\t\t\t\t\t\t\t\t<span class=\"elementor-toggle-icon-opened\"><svg class=\"elementor-toggle-icon-opened e-font-icon-svg e-fas-caret-up\" viewbox=\"0 0 320 512\" xmlns=\"http:\/\/www.w3.org\/2000\/svg\"><path d=\"M288.662 352H31.338c-17.818 0-26.741-21.543-14.142-34.142l128.662-128.662c7.81-7.81 20.474-7.81 28.284 0l128.662 128.662c12.6 12.599 3.676 34.142-14.142 34.142z\"><\/path><\/svg><\/span>\n\t\t\t\t\t\t\t\t\t\t\t\t\t<\/span>\n\t\t\t\t\t\t\t\t\t\t\t\t<a class=\"elementor-toggle-title\" tabindex=\"0\">Alimentation<\/a>\n\t\t\t\t\t<\/div>\n\n\t\t\t\t\t<div id=\"elementor-tab-content-1815\" class=\"elementor-tab-content elementor-clearfix\" data-tab=\"5\" role=\"region\" aria-labelledby=\"elementor-tab-title-1815\"><p>Une alimentation \u00e9quilibr\u00e9e, riche en antioxydants (comme les vitamines C et E), en graisses saines (par exemple les acides gras om\u00e9ga-3) et en eau en quantit\u00e9 suffisante, soutient la peau de l'int\u00e9rieur.<\/p><\/div>\n\t\t\t\t<\/div>\n\t\t\t\t\t\t\t<div class=\"elementor-toggle-item\">\n\t\t\t\t\t<div id=\"elementor-tab-title-1816\" class=\"elementor-tab-title\" data-tab=\"6\" role=\"button\" aria-controls=\"elementor-tab-content-1816\" aria-expanded=\"false\">\n\t\t\t\t\t\t\t\t\t\t\t\t<span class=\"elementor-toggle-icon elementor-toggle-icon-left\" aria-hidden=\"true\">\n\t\t\t\t\t\t\t\t\t\t\t\t\t\t\t<span class=\"elementor-toggle-icon-closed\"><svg class=\"e-font-icon-svg e-fas-caret-right\" viewbox=\"0 0 192 512\" xmlns=\"http:\/\/www.w3.org\/2000\/svg\"><path d=\"M0 384.662V127.338c0-17.818 21.543-26.741 34.142-14.142l128.662 128.662c7.81 7.81 7.81 20.474 0 28.284L34.142 398.804C21.543 411.404 0 402.48 0 384.662z\"><\/path><\/svg><\/span>\n\t\t\t\t\t\t\t\t<span class=\"elementor-toggle-icon-opened\"><svg class=\"elementor-toggle-icon-opened e-font-icon-svg e-fas-caret-up\" viewbox=\"0 0 320 512\" xmlns=\"http:\/\/www.w3.org\/2000\/svg\"><path d=\"M288.662 352H31.338c-17.818 0-26.741-21.543-14.142-34.142l128.662-128.662c7.81-7.81 20.474-7.81 28.284 0l128.662 128.662c12.6 12.599 3.676 34.142-14.142 34.142z\"><\/path><\/svg><\/span>\n\t\t\t\t\t\t\t\t\t\t\t\t\t<\/span>\n\t\t\t\t\t\t\t\t\t\t\t\t<a class=\"elementor-toggle-title\" tabindex=\"0\">Sommeil<\/a>\n\t\t\t\t\t<\/div>\n\n\t\t\t\t\t<div id=\"elementor-tab-content-1816\" class=\"elementor-tab-content elementor-clearfix\" data-tab=\"6\" role=\"region\" aria-labelledby=\"elementor-tab-title-1816\"><p>Un sommeil suffisant est essentiel pour la r\u00e9g\u00e9n\u00e9ration de la peau. La peau se r\u00e9pare pendant le sommeil, d'o\u00f9 l'importance d'une bonne nuit de sommeil.<\/p><\/div>\n\t\t\t\t<\/div>\n\t\t\t\t\t\t\t<div class=\"elementor-toggle-item\">\n\t\t\t\t\t<div id=\"elementor-tab-title-1817\" class=\"elementor-tab-title\" data-tab=\"7\" role=\"button\" aria-controls=\"elementor-tab-content-1817\" aria-expanded=\"false\">\n\t\t\t\t\t\t\t\t\t\t\t\t<span class=\"elementor-toggle-icon elementor-toggle-icon-left\" aria-hidden=\"true\">\n\t\t\t\t\t\t\t\t\t\t\t\t\t\t\t<span class=\"elementor-toggle-icon-closed\"><svg class=\"e-font-icon-svg e-fas-caret-right\" viewbox=\"0 0 192 512\" xmlns=\"http:\/\/www.w3.org\/2000\/svg\"><path d=\"M0 384.662V127.338c0-17.818 21.543-26.741 34.142-14.142l128.662 128.662c7.81 7.81 7.81 20.474 0 28.284L34.142 398.804C21.543 411.404 0 402.48 0 384.662z\"><\/path><\/svg><\/span>\n\t\t\t\t\t\t\t\t<span class=\"elementor-toggle-icon-opened\"><svg class=\"elementor-toggle-icon-opened e-font-icon-svg e-fas-caret-up\" viewbox=\"0 0 320 512\" xmlns=\"http:\/\/www.w3.org\/2000\/svg\"><path d=\"M288.662 352H31.338c-17.818 0-26.741-21.543-14.142-34.142l128.662-128.662c7.81-7.81 20.474-7.81 28.284 0l128.662 128.662c12.6 12.599 3.676 34.142-14.142 34.142z\"><\/path><\/svg><\/span>\n\t\t\t\t\t\t\t\t\t\t\t\t\t<\/span>\n\t\t\t\t\t\t\t\t\t\t\t\t<a class=\"elementor-toggle-title\" tabindex=\"0\">Massages du visage<\/a>\n\t\t\t\t\t<\/div>\n\n\t\t\t\t\t<div id=\"elementor-tab-content-1817\" class=\"elementor-tab-content elementor-clearfix\" data-tab=\"7\" role=\"region\" aria-labelledby=\"elementor-tab-title-1817\"><p>Les massages doux peuvent stimuler la circulation sanguine et raffermir la peau. Des techniques telles que les tapotements ou les effleurements doux peuvent aider \u00e0 d\u00e9tendre les muscles et \u00e0 tonifier la peau.<\/p><\/div>\n\t\t\t\t<\/div>\n\t\t\t\t\t\t\t<div class=\"elementor-toggle-item\">\n\t\t\t\t\t<div id=\"elementor-tab-title-1818\" class=\"elementor-tab-title\" data-tab=\"8\" role=\"button\" aria-controls=\"elementor-tab-content-1818\" aria-expanded=\"false\">\n\t\t\t\t\t\t\t\t\t\t\t\t<span class=\"elementor-toggle-icon elementor-toggle-icon-left\" aria-hidden=\"true\">\n\t\t\t\t\t\t\t\t\t\t\t\t\t\t\t<span class=\"elementor-toggle-icon-closed\"><svg class=\"e-font-icon-svg e-fas-caret-right\" viewbox=\"0 0 192 512\" xmlns=\"http:\/\/www.w3.org\/2000\/svg\"><path d=\"M0 384.662V127.338c0-17.818 21.543-26.741 34.142-14.142l128.662 128.662c7.81 7.81 7.81 20.474 0 28.284L34.142 398.804C21.543 411.404 0 402.48 0 384.662z\"><\/path><\/svg><\/span>\n\t\t\t\t\t\t\t\t<span class=\"elementor-toggle-icon-opened\"><svg class=\"elementor-toggle-icon-opened e-font-icon-svg e-fas-caret-up\" viewbox=\"0 0 320 512\" xmlns=\"http:\/\/www.w3.org\/2000\/svg\"><path d=\"M288.662 352H31.338c-17.818 0-26.741-21.543-14.142-34.142l128.662-128.662c7.81-7.81 20.474-7.81 28.284 0l128.662 128.662c12.6 12.599 3.676 34.142-14.142 34.142z\"><\/path><\/svg><\/span>\n\t\t\t\t\t\t\t\t\t\t\t\t\t<\/span>\n\t\t\t\t\t\t\t\t\t\t\t\t<a class=\"elementor-toggle-title\" tabindex=\"0\">\u00c9viter le stress<\/a>\n\t\t\t\t\t<\/div>\n\n\t\t\t\t\t<div id=\"elementor-tab-content-1818\" class=\"elementor-tab-content elementor-clearfix\" data-tab=\"8\" role=\"region\" aria-labelledby=\"elementor-tab-title-1818\"><p>Le stress peut avoir un effet n\u00e9gatif sur la peau. Des techniques de relaxation telles que le yoga, la m\u00e9ditation ou l'exercice r\u00e9gulier peuvent aider \u00e0 r\u00e9duire le niveau de stress.<\/p><\/div>\n\t\t\t\t<\/div>\n\t\t\t\t\t\t\t<div class=\"elementor-toggle-item\">\n\t\t\t\t\t<div id=\"elementor-tab-title-1819\" class=\"elementor-tab-title\" data-tab=\"9\" role=\"button\" aria-controls=\"elementor-tab-content-1819\" aria-expanded=\"false\">\n\t\t\t\t\t\t\t\t\t\t\t\t<span class=\"elementor-toggle-icon elementor-toggle-icon-left\" aria-hidden=\"true\">\n\t\t\t\t\t\t\t\t\t\t\t\t\t\t\t<span class=\"elementor-toggle-icon-closed\"><svg class=\"e-font-icon-svg e-fas-caret-right\" viewbox=\"0 0 192 512\" xmlns=\"http:\/\/www.w3.org\/2000\/svg\"><path d=\"M0 384.662V127.338c0-17.818 21.543-26.741 34.142-14.142l128.662 128.662c7.81 7.81 7.81 20.474 0 28.284L34.142 398.804C21.543 411.404 0 402.48 0 384.662z\"><\/path><\/svg><\/span>\n\t\t\t\t\t\t\t\t<span class=\"elementor-toggle-icon-opened\"><svg class=\"elementor-toggle-icon-opened e-font-icon-svg e-fas-caret-up\" viewbox=\"0 0 320 512\" xmlns=\"http:\/\/www.w3.org\/2000\/svg\"><path d=\"M288.662 352H31.338c-17.818 0-26.741-21.543-14.142-34.142l128.662-128.662c7.81-7.81 20.474-7.81 28.284 0l128.662 128.662c12.6 12.599 3.676 34.142-14.142 34.142z\"><\/path><\/svg><\/span>\n\t\t\t\t\t\t\t\t\t\t\t\t\t<\/span>\n\t\t\t\t\t\t\t\t\t\t\t\t<a class=\"elementor-toggle-title\" tabindex=\"0\">Personnalisation<\/a>\n\t\t\t\t\t<\/div>\n\n\t\t\t\t\t<div id=\"elementor-tab-content-1819\" class=\"elementor-tab-content elementor-clearfix\" data-tab=\"9\" role=\"region\" aria-labelledby=\"elementor-tab-title-1819\"><p>Chaque type de peau est diff\u00e9rent. Il est important d'adapter les soins de la peau aux besoins individuels et, si n\u00e9cessaire, de consulter un dermatologue ou un m\u00e9decin.<\/p><\/div>\n\t\t\t\t<\/div>\n\t\t\t\t\t\t\t\t<\/div>\n\t\t\t\t\t\t<\/div>\n\t\t\t\t<\/div>\n\t\t<div class=\"elementor-element elementor-element-04013d2 e-flex e-con-boxed wpr-particle-no wpr-jarallax-no wpr-parallax-no wpr-sticky-section-no wpr-equal-height-no e-con e-parent\" data-id=\"04013d2\" data-element_type=\"container\" data-e-type=\"container\">\n\t\t\t\t\t<div class=\"e-con-inner\">\n\t\t\t\t<div class=\"elementor-element elementor-element-ac21e66 elementor-widget elementor-widget-spacer\" data-id=\"ac21e66\" data-element_type=\"widget\" data-e-type=\"widget\" data-widget_type=\"spacer.default\">\n\t\t\t\t\t\t\t<div class=\"elementor-spacer\">\n\t\t\t<div class=\"elementor-spacer-inner\"><\/div>\n\t\t<\/div>\n\t\t\t\t\t\t<\/div>\n\t\t\t\t\t<\/div>\n\t\t\t\t<\/div>\n\t\t<div class=\"elementor-element elementor-element-58479c4 e-con-full e-flex wpr-particle-no wpr-jarallax-no wpr-parallax-no wpr-sticky-section-no wpr-equal-height-no e-con e-parent\" data-id=\"58479c4\" data-element_type=\"container\" data-e-type=\"container\">\n\t\t\t\t<div class=\"elementor-element elementor-element-92adc08 elementor-widget elementor-widget-heading\" data-id=\"92adc08\" data-element_type=\"widget\" data-e-type=\"widget\" data-widget_type=\"heading.default\">\n\t\t\t\t\t<h3 class=\"elementor-heading-title elementor-size-default\">Conclusion<\/h3>\t\t\t\t<\/div>\n\t\t\t\t<\/div>\n\t\t<div class=\"elementor-element elementor-element-149124d e-con-full e-flex wpr-particle-no wpr-jarallax-no wpr-parallax-no wpr-sticky-section-no wpr-equal-height-no e-con e-parent\" data-id=\"149124d\" data-element_type=\"container\" data-e-type=\"container\">\n\t\t\t\t<div class=\"elementor-element elementor-element-258a5cf elementor-widget elementor-widget-text-editor\" data-id=\"258a5cf\" data-element_type=\"widget\" data-e-type=\"widget\" data-widget_type=\"text-editor.default\">\n\t\t\t\t\t\t\t\t\t<p>Un soin de la peau antirides efficace n\u00e9cessite une approche globale, qui comprend \u00e0 la fois l'utilisation de produits de qualit\u00e9 et un mode de vie sain. Les \u00e9l\u00e9ments essentiels sont une hydratation r\u00e9guli\u00e8re, la protection contre les rayons UV et l'int\u00e9gration d'ingr\u00e9dients actifs tels que le r\u00e9tinol et les antioxydants. En outre, l'alimentation joue un r\u00f4le d\u00e9cisif : une alimentation \u00e9quilibr\u00e9e, riche en vitamines et en min\u00e9raux, soutient la peau de l'int\u00e9rieur. Une bonne hygi\u00e8ne de sommeil et l'abandon d'habitudes nocives comme le tabac sont tout aussi importants. Les soins et la pr\u00e9vention \u00e0 long terme sont la cl\u00e9 pour am\u00e9liorer l'aspect de la peau et ralentir l'apparition des rides. En adoptant la bonne strat\u00e9gie, nous pouvons pr\u00e9server la jeunesse de notre peau et lui donner un aspect \u00e9clatant et frais.<\/p>\t\t\t\t\t\t\t\t<\/div>\n\t\t\t\t<\/div>\n\t\t<div class=\"elementor-element elementor-element-59fa36e e-flex e-con-boxed wpr-particle-no wpr-jarallax-no wpr-parallax-no wpr-sticky-section-no wpr-equal-height-no e-con e-parent\" data-id=\"59fa36e\" data-element_type=\"container\" data-e-type=\"container\">\n\t\t\t\t\t<div class=\"e-con-inner\">\n\t\t\t\t<div class=\"elementor-element elementor-element-712d6df elementor-widget elementor-widget-spacer\" data-id=\"712d6df\" data-element_type=\"widget\" data-e-type=\"widget\" data-widget_type=\"spacer.default\">\n\t\t\t\t\t\t\t<div class=\"elementor-spacer\">\n\t\t\t<div class=\"elementor-spacer-inner\"><\/div>\n\t\t<\/div>\n\t\t\t\t\t\t<\/div>\n\t\t\t\t\t<\/div>\n\t\t\t\t<\/div>\n\t\t\t\t<\/div>","protected":false},"excerpt":{"rendered":"<p>ANTI-RIDES Les rides sont une composante naturelle du processus de vieillissement, mais de nombreuses personnes s'efforcent de conserver l'apparence de leur peau jeune aussi longtemps que possible. Nos produits anti-rides vous aident \u00e0 garder une peau ferme et souple. Plus d'informations sur la peau normale Causes du vieillissement Avec l'\u00e2ge, la production de collag\u00e8ne et d'\u00e9lastine dans la peau diminue, ce qui entra\u00eene une baisse de la fermet\u00e9 et de l'\u00e9lasticit\u00e9. Rayonnement UV L'exposition excessive au soleil endommage les cellules cutan\u00e9es et entra\u00eene un vieillissement pr\u00e9matur\u00e9 de la peau. Les rayons UV peuvent d\u00e9grader le collag\u00e8ne et endommager la structure de la peau. Facteurs environnementaux Les polluants dans l'air, la fum\u00e9e de cigarette et d'autres pollutions peuvent endommager la peau et acc\u00e9l\u00e9rer le processus de vieillissement. Alimentation Une alimentation malsaine, pauvre en antioxydants et en vitamines, peut favoriser le vieillissement de la peau. Le manque de vitamines C et E et de graisses saines a notamment un effet n\u00e9gatif. D\u00e9shydratation Une consommation insuffisante de liquide peut ass\u00e9cher la peau et favoriser la formation de rides. Manque de sommeil Le sommeil est important pour la r\u00e9g\u00e9n\u00e9ration de la peau. Un manque de sommeil chronique peut entra\u00eener un teint terne et une formation accrue de rides. G\u00e9n\u00e9tique La pr\u00e9disposition g\u00e9n\u00e9tique joue un r\u00f4le important dans la rapidit\u00e9 et l'ampleur du vieillissement de la peau. Soin de la peau anti-rides Un bon soin de la peau anti-rides comprend ces points : Hydratation L'utilisation r\u00e9guli\u00e8re de cr\u00e8mes ou de s\u00e9rums hydratants aide \u00e0 maintenir la peau hydrat\u00e9e. Des ingr\u00e9dients tels que l'acide hyaluronique, la glyc\u00e9rine et l'aloe vera sont particuli\u00e8rement efficaces. Protection solaire Le rayonnement UV est l'une des principales causes du vieillissement pr\u00e9matur\u00e9 de la peau. Un \u00e9cran solaire \u00e0 large spectre avec un FPS d'au moins 30 devrait \u00eatre appliqu\u00e9 quotidiennement, m\u00eame par temps nuageux. Ingr\u00e9dients actifs Les produits contenant du r\u00e9tinol, des peptides, de la vitamine C et des antioxydants peuvent stimuler la production de collag\u00e8ne et am\u00e9liorer la structure de la peau. Le r\u00e9tinol est particuli\u00e8rement connu pour sa capacit\u00e9 \u00e0 r\u00e9duire les ridules et les rides. Nettoyage r\u00e9gulier Un nettoyage doux mais en profondeur permet d'\u00e9liminer la salet\u00e9, l'huile et les cellules mortes de la peau, ce qui am\u00e9liore l'absorption des produits de soin. Alimentation Une alimentation \u00e9quilibr\u00e9e, riche en antioxydants (comme les vitamines C et E), en graisses saines (par exemple les acides gras om\u00e9ga-3) et en eau en quantit\u00e9 suffisante, soutient la peau de l'int\u00e9rieur. Sommeil Un sommeil suffisant est essentiel pour la r\u00e9g\u00e9n\u00e9ration de la peau. La peau se r\u00e9pare pendant le sommeil, d'o\u00f9 l'importance d'une bonne nuit de sommeil. Massages du visage Les massages doux peuvent stimuler la circulation sanguine et raffermir la peau. Des techniques telles que les tapotements ou les effleurements doux peuvent aider \u00e0 d\u00e9tendre les muscles et \u00e0 tonifier la peau. \u00c9viter le stress Le stress peut avoir un effet n\u00e9gatif sur la peau. Des techniques de relaxation telles que le yoga, la m\u00e9ditation ou l'exercice r\u00e9gulier peuvent aider \u00e0 r\u00e9duire le niveau de stress. Adaptation individuelle Chaque type de peau est diff\u00e9rent. Il est important d'adapter les soins de la peau aux besoins individuels et, si n\u00e9cessaire, de consulter un dermatologue ou un m\u00e9decin dermatologue Conclusion Des soins de la peau antirides efficaces n\u00e9cessitent une approche globale, qui comprend \u00e0 la fois l'utilisation de produits de qualit\u00e9 et un mode de vie sain. Les \u00e9l\u00e9ments essentiels sont l'hydratation r\u00e9guli\u00e8re, la protection contre les rayons UV et l'int\u00e9gration d'ingr\u00e9dients actifs comme le r\u00e9tinol et les antioxydants. En outre, l'alimentation joue un r\u00f4le d\u00e9cisif : une alimentation \u00e9quilibr\u00e9e, riche en vitamines et en min\u00e9raux, soutient la peau de l'int\u00e9rieur. Une bonne hygi\u00e8ne de sommeil et l'abandon d'habitudes nocives comme le tabac sont tout aussi importants. Les soins et la pr\u00e9vention \u00e0 long terme sont la cl\u00e9 pour am\u00e9liorer l'aspect de la peau et ralentir l'apparition des rides. En adoptant la bonne strat\u00e9gie, nous pouvons pr\u00e9server la jeunesse de notre peau et lui donner un aspect \u00e9clatant et frais.<\/p>","protected":false},"author":1,"featured_media":0,"parent":0,"menu_order":46,"comment_status":"closed","ping_status":"closed","template":"","meta":{"footnotes":""},"tags":[204,207,211,209,206,213,205,210,84,208,101,212],"class_list":["post-9175","page","type-page","status-publish","hentry","tag-anti-aging-hautpflege","tag-anti-aging-wirkstoffe","tag-anti-falten-hautpflege","tag-falten-reduzieren","tag-falten-ursachen","tag-gesichtspflege-anti-falten","tag-hautalterung-verlangsamen","tag-hautalterung-vorbeugen","tag-hautbarriere-staerken","tag-hautpflege-gegen-falten","tag-hautpflege-schweiz","tag-retinol-peptide-vitamin-c"],"yoast_head":"<!-- This site is optimized with the Yoast SEO plugin v27.4 - https:\/\/yoast.com\/product\/yoast-seo-wordpress\/ -->\n<title>Anti Falten - Tal<\/title>\n<meta name=\"description\" content=\"Anti Falten Hautpflege: Erfahren Sie, wie Sie Falten reduzieren, die Hautbarriere st\u00e4rken und Ihre Haut langfristig vor Alterung sch\u00fctzen.\" \/>\n<meta name=\"robots\" content=\"index, follow, max-snippet:-1, max-image-preview:large, max-video-preview:-1\" \/>\n<link rel=\"canonical\" href=\"https:\/\/tal.ch\/fr\/anti-falten-hautpflege-falten-reduzieren-und-hautalterung-verlangsamen\/\" \/>\n<meta property=\"og:locale\" content=\"fr_FR\" \/>\n<meta property=\"og:type\" content=\"article\" \/>\n<meta property=\"og:title\" content=\"Anti Falten - Tal\" \/>\n<meta property=\"og:description\" content=\"Anti Falten Hautpflege: Erfahren Sie, wie Sie Falten reduzieren, die Hautbarriere st\u00e4rken und Ihre Haut langfristig vor Alterung sch\u00fctzen.\" \/>\n<meta property=\"og:url\" content=\"https:\/\/tal.ch\/fr\/anti-falten-hautpflege-falten-reduzieren-und-hautalterung-verlangsamen\/\" \/>\n<meta property=\"og:site_name\" content=\"Tal\" \/>\n<meta property=\"article:publisher\" content=\"https:\/\/www.facebook.com\/tal.schweiz\/\" \/>\n<meta property=\"article:modified_time\" content=\"2026-04-24T14:17:13+00:00\" \/>\n<meta property=\"og:image\" content=\"https:\/\/tal.ch\/wp-content\/uploads\/2024\/10\/Banner-Anti-Falten-1-1024x192.jpg\" \/>\n<meta name=\"twitter:card\" content=\"summary_large_image\" \/>\n<meta name=\"twitter:label1\" content=\"Dur\u00e9e de lecture estim\u00e9e\" \/>\n\t<meta name=\"twitter:data1\" content=\"4 minutes\" \/>\n<script type=\"application\/ld+json\" class=\"yoast-schema-graph\">{\"@context\":\"https:\\\/\\\/schema.org\",\"@graph\":[{\"@type\":\"WebPage\",\"@id\":\"https:\\\/\\\/tal.ch\\\/anti-falten-hautpflege-falten-reduzieren-und-hautalterung-verlangsamen\\\/\",\"url\":\"https:\\\/\\\/tal.ch\\\/anti-falten-hautpflege-falten-reduzieren-und-hautalterung-verlangsamen\\\/\",\"name\":\"Anti Falten - Tal\",\"isPartOf\":{\"@id\":\"https:\\\/\\\/tal.ch\\\/#website\"},\"primaryImageOfPage\":{\"@id\":\"https:\\\/\\\/tal.ch\\\/anti-falten-hautpflege-falten-reduzieren-und-hautalterung-verlangsamen\\\/#primaryimage\"},\"image\":{\"@id\":\"https:\\\/\\\/tal.ch\\\/anti-falten-hautpflege-falten-reduzieren-und-hautalterung-verlangsamen\\\/#primaryimage\"},\"thumbnailUrl\":\"https:\\\/\\\/tal.ch\\\/wp-content\\\/uploads\\\/2024\\\/10\\\/Banner-Anti-Falten-1-1024x192.jpg\",\"datePublished\":\"2024-08-20T09:18:16+00:00\",\"dateModified\":\"2026-04-24T14:17:13+00:00\",\"description\":\"Anti Falten Hautpflege: Erfahren Sie, wie Sie Falten reduzieren, die Hautbarriere st\u00e4rken und Ihre Haut langfristig vor Alterung sch\u00fctzen.\",\"breadcrumb\":{\"@id\":\"https:\\\/\\\/tal.ch\\\/anti-falten-hautpflege-falten-reduzieren-und-hautalterung-verlangsamen\\\/#breadcrumb\"},\"inLanguage\":\"fr-FR\",\"potentialAction\":[{\"@type\":\"ReadAction\",\"target\":[\"https:\\\/\\\/tal.ch\\\/anti-falten-hautpflege-falten-reduzieren-und-hautalterung-verlangsamen\\\/\"]}]},{\"@type\":\"ImageObject\",\"inLanguage\":\"fr-FR\",\"@id\":\"https:\\\/\\\/tal.ch\\\/anti-falten-hautpflege-falten-reduzieren-und-hautalterung-verlangsamen\\\/#primaryimage\",\"url\":\"https:\\\/\\\/tal.ch\\\/wp-content\\\/uploads\\\/2024\\\/10\\\/Banner-Anti-Falten-1-1024x192.jpg\",\"contentUrl\":\"https:\\\/\\\/tal.ch\\\/wp-content\\\/uploads\\\/2024\\\/10\\\/Banner-Anti-Falten-1-1024x192.jpg\"},{\"@type\":\"BreadcrumbList\",\"@id\":\"https:\\\/\\\/tal.ch\\\/anti-falten-hautpflege-falten-reduzieren-und-hautalterung-verlangsamen\\\/#breadcrumb\",\"itemListElement\":[{\"@type\":\"ListItem\",\"position\":1,\"name\":\"Startseite\",\"item\":\"https:\\\/\\\/tal.ch\\\/\"},{\"@type\":\"ListItem\",\"position\":2,\"name\":\"Anti Falten\"}]},{\"@type\":\"WebSite\",\"@id\":\"https:\\\/\\\/tal.ch\\\/#website\",\"url\":\"https:\\\/\\\/tal.ch\\\/\",\"name\":\"Tal\",\"description\":\"Pflanzenextrakte von h\u00f6chster Qualit\u00e4t\",\"publisher\":{\"@id\":\"https:\\\/\\\/tal.ch\\\/#organization\"},\"potentialAction\":[{\"@type\":\"SearchAction\",\"target\":{\"@type\":\"EntryPoint\",\"urlTemplate\":\"https:\\\/\\\/tal.ch\\\/?s={search_term_string}\"},\"query-input\":{\"@type\":\"PropertyValueSpecification\",\"valueRequired\":true,\"valueName\":\"search_term_string\"}}],\"inLanguage\":\"fr-FR\"},{\"@type\":\"Organization\",\"@id\":\"https:\\\/\\\/tal.ch\\\/#organization\",\"name\":\"Tal\",\"url\":\"https:\\\/\\\/tal.ch\\\/\",\"logo\":{\"@type\":\"ImageObject\",\"inLanguage\":\"fr-FR\",\"@id\":\"https:\\\/\\\/tal.ch\\\/#\\\/schema\\\/logo\\\/image\\\/\",\"url\":\"https:\\\/\\\/tal.ch\\\/wp-content\\\/uploads\\\/2024\\\/02\\\/Logo-Tal.png\",\"contentUrl\":\"https:\\\/\\\/tal.ch\\\/wp-content\\\/uploads\\\/2024\\\/02\\\/Logo-Tal.png\",\"width\":100,\"height\":157,\"caption\":\"Tal\"},\"image\":{\"@id\":\"https:\\\/\\\/tal.ch\\\/#\\\/schema\\\/logo\\\/image\\\/\"},\"sameAs\":[\"https:\\\/\\\/www.facebook.com\\\/tal.schweiz\\\/\"]}]}<\/script>\n<!-- \/ Yoast SEO plugin. -->","yoast_head_json":{"title":"Anti-rides - Vall\u00e9e","description":"Anti Falten Hautpflege: Erfahren Sie, wie Sie Falten reduzieren, die Hautbarriere st\u00e4rken und Ihre Haut langfristig vor Alterung sch\u00fctzen.","robots":{"index":"index","follow":"follow","max-snippet":"max-snippet:-1","max-image-preview":"max-image-preview:large","max-video-preview":"max-video-preview:-1"},"canonical":"https:\/\/tal.ch\/fr\/anti-falten-hautpflege-falten-reduzieren-und-hautalterung-verlangsamen\/","og_locale":"fr_FR","og_type":"article","og_title":"Anti Falten - Tal","og_description":"Anti Falten Hautpflege: Erfahren Sie, wie Sie Falten reduzieren, die Hautbarriere st\u00e4rken und Ihre Haut langfristig vor Alterung sch\u00fctzen.","og_url":"https:\/\/tal.ch\/fr\/anti-falten-hautpflege-falten-reduzieren-und-hautalterung-verlangsamen\/","og_site_name":"Tal","article_publisher":"https:\/\/www.facebook.com\/tal.schweiz\/","article_modified_time":"2026-04-24T14:17:13+00:00","og_image":[{"url":"https:\/\/tal.ch\/wp-content\/uploads\/2024\/10\/Banner-Anti-Falten-1-1024x192.jpg","type":"","width":"","height":""}],"twitter_card":"summary_large_image","twitter_misc":{"Dur\u00e9e de lecture estim\u00e9e":"4 minutes"},"schema":{"@context":"https:\/\/schema.org","@graph":[{"@type":"WebPage","@id":"https:\/\/tal.ch\/anti-falten-hautpflege-falten-reduzieren-und-hautalterung-verlangsamen\/","url":"https:\/\/tal.ch\/anti-falten-hautpflege-falten-reduzieren-und-hautalterung-verlangsamen\/","name":"Anti-rides - Vall\u00e9e","isPartOf":{"@id":"https:\/\/tal.ch\/#website"},"primaryImageOfPage":{"@id":"https:\/\/tal.ch\/anti-falten-hautpflege-falten-reduzieren-und-hautalterung-verlangsamen\/#primaryimage"},"image":{"@id":"https:\/\/tal.ch\/anti-falten-hautpflege-falten-reduzieren-und-hautalterung-verlangsamen\/#primaryimage"},"thumbnailUrl":"https:\/\/tal.ch\/wp-content\/uploads\/2024\/10\/Banner-Anti-Falten-1-1024x192.jpg","datePublished":"2024-08-20T09:18:16+00:00","dateModified":"2026-04-24T14:17:13+00:00","description":"Anti Falten Hautpflege: Erfahren Sie, wie Sie Falten reduzieren, die Hautbarriere st\u00e4rken und Ihre Haut langfristig vor Alterung sch\u00fctzen.","breadcrumb":{"@id":"https:\/\/tal.ch\/anti-falten-hautpflege-falten-reduzieren-und-hautalterung-verlangsamen\/#breadcrumb"},"inLanguage":"fr-FR","potentialAction":[{"@type":"ReadAction","target":["https:\/\/tal.ch\/anti-falten-hautpflege-falten-reduzieren-und-hautalterung-verlangsamen\/"]}]},{"@type":"ImageObject","inLanguage":"fr-FR","@id":"https:\/\/tal.ch\/anti-falten-hautpflege-falten-reduzieren-und-hautalterung-verlangsamen\/#primaryimage","url":"https:\/\/tal.ch\/wp-content\/uploads\/2024\/10\/Banner-Anti-Falten-1-1024x192.jpg","contentUrl":"https:\/\/tal.ch\/wp-content\/uploads\/2024\/10\/Banner-Anti-Falten-1-1024x192.jpg"},{"@type":"BreadcrumbList","@id":"https:\/\/tal.ch\/anti-falten-hautpflege-falten-reduzieren-und-hautalterung-verlangsamen\/#breadcrumb","itemListElement":[{"@type":"ListItem","position":1,"name":"Startseite","item":"https:\/\/tal.ch\/"},{"@type":"ListItem","position":2,"name":"Anti Falten"}]},{"@type":"WebSite","@id":"https:\/\/tal.ch\/#website","url":"https:\/\/tal.ch\/","name":"Vall\u00e9e","description":"Extraits de plantes de la plus haute qualit\u00e9","publisher":{"@id":"https:\/\/tal.ch\/#organization"},"potentialAction":[{"@type":"SearchAction","target":{"@type":"EntryPoint","urlTemplate":"https:\/\/tal.ch\/?s={search_term_string}"},"query-input":{"@type":"PropertyValueSpecification","valueRequired":true,"valueName":"search_term_string"}}],"inLanguage":"fr-FR"},{"@type":"Organization","@id":"https:\/\/tal.ch\/#organization","name":"Vall\u00e9e","url":"https:\/\/tal.ch\/","logo":{"@type":"ImageObject","inLanguage":"fr-FR","@id":"https:\/\/tal.ch\/#\/schema\/logo\/image\/","url":"https:\/\/tal.ch\/wp-content\/uploads\/2024\/02\/Logo-Tal.png","contentUrl":"https:\/\/tal.ch\/wp-content\/uploads\/2024\/02\/Logo-Tal.png","width":100,"height":157,"caption":"Tal"},"image":{"@id":"https:\/\/tal.ch\/#\/schema\/logo\/image\/"},"sameAs":["https:\/\/www.facebook.com\/tal.schweiz\/"]}]}},"_links":{"self":[{"href":"https:\/\/tal.ch\/fr\/wp-json\/wp\/v2\/pages\/9175","targetHints":{"allow":["GET"]}}],"collection":[{"href":"https:\/\/tal.ch\/fr\/wp-json\/wp\/v2\/pages"}],"about":[{"href":"https:\/\/tal.ch\/fr\/wp-json\/wp\/v2\/types\/page"}],"author":[{"embeddable":true,"href":"https:\/\/tal.ch\/fr\/wp-json\/wp\/v2\/users\/1"}],"replies":[{"embeddable":true,"href":"https:\/\/tal.ch\/fr\/wp-json\/wp\/v2\/comments?post=9175"}],"version-history":[{"count":106,"href":"https:\/\/tal.ch\/fr\/wp-json\/wp\/v2\/pages\/9175\/revisions"}],"predecessor-version":[{"id":14414,"href":"https:\/\/tal.ch\/fr\/wp-json\/wp\/v2\/pages\/9175\/revisions\/14414"}],"wp:attachment":[{"href":"https:\/\/tal.ch\/fr\/wp-json\/wp\/v2\/media?parent=9175"}],"wp:term":[{"taxonomy":"post_tag","embeddable":true,"href":"https:\/\/tal.ch\/fr\/wp-json\/wp\/v2\/tags?post=9175"}],"curies":[{"name":"wp","href":"https:\/\/api.w.org\/{rel}","templated":true}]}}